{"id":62669,"date":"2018-02-10T15:14:12","date_gmt":"2018-02-10T20:14:12","guid":{"rendered":"https:\/\/www.myvacaya.com\/vart-lag\/"},"modified":"2026-02-06T18:18:52","modified_gmt":"2026-02-06T23:18:52","slug":"vart-lag","status":"publish","type":"page","link":"https:\/\/www.myvacaya.com\/sv\/om-vacaya\/vart-lag\/","title":{"rendered":"V\u00e5rt lag"},"content":{"rendered":"<p>[et_pb_section fb_built=&#8221;1&#8243; fullwidth=&#8221;on&#8221; admin_label=&#8221;Slider&#8221; module_id=&#8221;slider-sektion-inredning&#8221; _builder_version=&#8221;4.17.6&#8243; _module_preset=&#8221;default&#8221; background_enable_image=&#8221;off&#8221; global_colors_info=&#8221;{}&#8221;][et_pb_fullwidth_code admin_label=&#8221;Slider Overlay&#8221; module_class=&#8221;interior-page-overlay&#8221; _builder_version=&#8221;4.17.6&#8243; _module_preset=&#8221;default&#8221; positioning=&#8221;absolute&#8221; position_origin_a=&#8221;top_right&#8221; position_origin_f=&#8221;top_right&#8221; z_index=&#8221;100&#8243; width=&#8221;50%&#8221; width_tablet=&#8221;50%&#8221; width_phone=&#8221;100%&#8221; width_last_edited=&#8221;on|phone&#8221; height=&#8221;100vh&#8221; global_colors_info=&#8221;{}&#8221;]<div class=\"trip-overlay\"><div class=\"trip-title\"><h1>V\u00e5rt lag<\/h1><\/div><\/div>[\/et_pb_fullwidth_code][et_pb_fullwidth_slider show_arrows=&#8221;off&#8221; admin_label=&#8221;Slider Images&#8221; module_id=&#8221;slider-images&#8221; _builder_version=&#8221;4.17.6&#8243; _module_preset=&#8221;default&#8221; height=&#8221;100vh&#8221; auto=&#8221;on&#8221; global_colors_info=&#8221;{}&#8221;][et_pb_slide _builder_version=&#8221;4.17.6&#8243; _module_preset=&#8221;default&#8221; background_color=&#8221;RGBA(255,255,255,0)&#8221; background_enable_color=&#8221;on&#8221; background_image=&#8221;https:\/\/www.myvacaya.com\/wp-content\/uploads\/2022\/09\/staff-hangars-v1a.png&#8221; background_enable_image=&#8221;on&#8221; background_last_edited=&#8221;on|desktop&#8221; background_image_phone=&#8221;https:\/\/www.myvacaya.com\/wp-content\/uploads\/2022\/11\/vacaya-founders-mobile-414&#215;500-1.jpg&#8221; background_enable_image_phone=&#8221;on&#8221; global_colors_info=&#8221;{}&#8221; sticky_transition=&#8221;on&#8221;][\/et_pb_slide][\/et_pb_fullwidth_slider][\/et_pb_section][et_pb_section fb_built=&#8221;1&#8243; custom_padding_last_edited=&#8221;on|desktop&#8221; _builder_version=&#8221;4.17.6&#8243; _module_preset=&#8221;default&#8221; custom_padding=&#8221;||0%||false|false&#8221; custom_padding_tablet=&#8221;||||false|false&#8221; custom_padding_phone=&#8221;||40px||false|false&#8221; global_colors_info=&#8221;{}&#8221;][et_pb_row custom_padding_last_edited=&#8221;on|desktop&#8221; _builder_version=&#8221;4.17.6&#8243; _module_preset=&#8221;default&#8221; custom_padding=&#8221;||||false|false&#8221; custom_padding_tablet=&#8221;||||false|false&#8221; custom_padding_phone=&#8221;||0%||false|false&#8221; global_colors_info=&#8221;{}&#8221;][et_pb_column type=&#8221;4_4&#8243; _builder_version=&#8221;4.17.6&#8243; _module_preset=&#8221;default&#8221; global_colors_info=&#8221;{}&#8221;][et_pb_text _builder_version=&#8221;4.23.4&#8243; _module_preset=&#8221;default&#8221; custom_margin=&#8221;||||false|false&#8221; custom_margin_tablet=&#8221;||||false|false&#8221; custom_margin_phone=&#8221;||||false|false&#8221; custom_margin_last_edited=&#8221;on|phone&#8221; global_colors_info=&#8221;{}&#8221;]<\/p>\n<p style=\"font-weight: 400;\">F\u00f6r att bygga ett verkligt transformativt f\u00f6retag kr\u00e4vs ett unikt och dedikerat team som \u00e4r villiga att skriva om spelboken ist\u00e4llet f\u00f6r att bara f\u00f6lja reglerna. Varje V Team-medlem \u00e4r fascinerad av kultur, historia och mat, med rese-bucket lists som drivs av nyfikenhet, hopp om en b\u00e4ttre morgondag och tron \u200b\u200bp\u00e5 att vi alla kan komma till en djupare f\u00f6rst\u00e5else av en plats och dess m\u00e4nniskor.<\/p>\n<p style=\"font-weight: 400;\">Den beg\u00e5vade stammen av individer som bl\u00e5ser liv i VACAYA dagligen med sin kreativitet, konstn\u00e4rlighet och kunnande inkluderar v\u00e5ra semesterplanerare, kreativa team, produktionsteam, finansteam och ledarskap. Deras gemensamma anstr\u00e4ngningar \u00e5terspeglar verkligen VACAYAs vision om m\u00e5ngfald, inkludering och n\u00f6je.<\/p>\n<p style=\"font-weight: 400;\">Dessutom st\u00f6ds varje VACAYA-resa av en grupp betalda &#8221;l\u00e4gerr\u00e5dgivare&#8221;, d\u00e4r f\u00f6r att s\u00e4kerst\u00e4lla att varje \u00f6gonblick av din semester \u00f6vertr\u00e4ffar f\u00f6rv\u00e4ntningarna. Vi kommer att presentera dina resespecifika V Team-medlemmar online strax innan vi \u00e5ker \u2013 vilket ger dig en chans att f\u00e5 kontakt med dem i f\u00f6rv\u00e4g. Du kommer sedan att m\u00f6ta dem ansikte mot ansikte den f\u00f6rsta dagen av din resa.<\/p>\n<p style=\"font-weight: 400;\">V-teamet kommer alltid att vara n\u00e4rvarande under hela din resa med oss \u200b\u200b\u2013 redo att hj\u00e4lpa till i ett \u00f6gonblick av n\u00f6d, k\u00e4nna och svara p\u00e5 allt som h\u00e4nder runt omkring dig, och l\u00e4gga till den allm\u00e4nna gl\u00e4dje som \u00e4r VACAYA n\u00e4r de f\u00f6renar oss alla, \u00f6ppna v\u00e5ra sinnen och f\u00f6rena v\u00e5r rytm.<\/p>\n<p style=\"font-weight: 400;\">F\u00f6r att f\u00e5 en djupare k\u00e4nsla av v\u00e5rt teams v\u00e4rderingar och perspektiv uppmuntrar vi dig att bes\u00f6ka v\u00e5r <strong><a href=\"https:\/\/www.myvacaya.com\/sv\/blogg\/\" target=\"_blank\" rel=\"noopener\">bloggsida<\/a><\/strong> .<\/p>\n<p>F\u00f6r marknadsf\u00f6ring, sponsring, press eller filantropiska partnerskapsm\u00f6jligheter, v\u00e4nligen kontakta VACAYA CMO Patrick Gunn p\u00e5 <strong><a href=\"mailto:patrick@myvacaya.com\">patrick@myvacaya.com<\/a><\/strong> .<\/p>\n<p>F\u00f6r underh\u00e5llningsbidrag, v\u00e4nligen skicka in allt relevant material till VACAYA:s bitr\u00e4dande producent David Plunkett p\u00e5 <strong><a href=\"mailto:david@myvacaya.com\">david@myvacaya.com<\/a><\/strong> .<\/p>\n<p>F\u00f6r allm\u00e4nna f\u00f6rfr\u00e5gningar om g\u00e4stservice kan du n\u00e5 v\u00e5ra V Team semesterplanerare p\u00e5 <a href=\"mailto:info@myvacaya.com\"><strong>info@myvacaya.com<\/strong><\/a> .<\/p>\n<p>&nbsp;<\/p>\n<p>Nu, l\u00e5t oss tr\u00e4ffa <strong>V-TEAM<\/strong> &#8230;<\/p>\n<p>[\/et_pb_text][\/et_pb_column][\/et_pb_row][\/et_pb_section][et_pb_section fb_built=&#8221;1&#8243; _builder_version=&#8221;4.17.6&#8243; _module_preset=&#8221;default&#8221; collapsed=&#8221;off&#8221; global_colors_info=&#8221;{}&#8221;][et_pb_row _builder_version=&#8221;4.17.6&#8243; _module_preset=&#8221;default&#8221; global_colors_info=&#8221;{}&#8221;][et_pb_column type=&#8221;4_4&#8243; _builder_version=&#8221;4.17.6&#8243; _module_preset=&#8221;default&#8221; global_colors_info=&#8221;{}&#8221;][et_pb_divider color=&#8221;#000000&#8243; divider_position=&#8221;center&#8221; _builder_version=&#8221;4.17.6&#8243; _module_preset=&#8221;default&#8221; global_colors_info=&#8221;{}&#8221;][\/et_pb_divider][\/et_pb_column][\/et_pb_row][\/et_pb_section][et_pb_section fb_built=&#8221;1&#8243; admin_label=&#8221;Aaron Kuehnert&#8221; _builder_version=&#8221;4.17.6&#8243; _module_preset=&#8221;default&#8221; custom_padding=&#8221;0%||||false|false&#8221; collapsed=&#8221;on&#8221; global_colors_info=&#8221;{}&#8221;][et_pb_row _builder_version=&#8221;4.17.6&#8243; _module_preset=&#8221;default&#8221; custom_padding=&#8221;0%||||false|false&#8221; global_colors_info=&#8221;{}&#8221;][et_pb_column type=&#8221;4_4&#8243; _builder_version=&#8221;4.17.6&#8243; _module_preset=&#8221;default&#8221; global_colors_info=&#8221;{}&#8221;][et_pb_text admin_label=&#8221;Section Title &#8211; H3&#8243; _builder_version=&#8221;4.17.6&#8243; _module_preset=&#8221;default&#8221; header_3_font=&#8221;Futura Bold|||on|||||&#8221; header_3_text_align=&#8221;left&#8221; header_3_text_color=&#8221;#000000&#8243; header_3_font_size=&#8221;18px&#8221; header_3_letter_spacing=&#8221;1.8px&#8221; header_3_line_height=&#8221;24px&#8221; custom_margin=&#8221;||2%||false|false&#8221; custom_margin_tablet=&#8221;||||false|false&#8221; custom_margin_phone=&#8221;||||false|false&#8221; custom_margin_last_edited=&#8221;on|desktop&#8221; custom_padding=&#8221;||||false|false&#8221; global_colors_info=&#8221;{}&#8221;]<\/p>\n<h3>Aaron Kuehnert (han\/honom) &#8211; Event Team Member<\/h3>\n<p>[\/et_pb_text][et_pb_text _builder_version=&#8221;4.17.6&#8243; _module_preset=&#8221;default&#8221; custom_padding=&#8221;||||false|false&#8221; custom_padding_tablet=&#8221;||||false|false&#8221; custom_padding_phone=&#8221;||||false|false&#8221; custom_padding_last_edited=&#8221;on|phone&#8221; global_colors_info=&#8221;{}&#8221;]<\/p>\n<p>M\u00f6t Aaron, eller som vi vill kalla honom, <em>pappa Delta<\/em> . Mellan sin tid p\u00e5 Disney College-programmet och att sjaga ner p\u00e5 landningsbanan med Delta airlines \u00e4r Aaron en erfaren seglare p\u00e5 gayhaven och kan inte v\u00e4nta med att ut\u00f6ka sina HBT+-horisonter! Med \u00e5ratal av n\u00f6je under solen, \u00e4r Aaron superglad \u00f6ver att kunna leverera en del av den f\u00f6rstklassiga servicen som V Team-medlem. Om du inte k\u00e4nner Aaron, d\u00e5 vet du \u00e4nnu inte att om det \u00e4r roligt och flirtigt s\u00e5 M\u00c5STE det st\u00e5 hans namn p\u00e5 det&#8230; ungef\u00e4r som hans man, Kevin (ocks\u00e5 p\u00e5 The V Team)! Det \u00e4r alltid en bra tid n\u00e4r The Kuehnerts \u00e4r i n\u00e4rheten. Fr\u00e5n t\u00e4vlingsyxkastning till att leka med elefanter i Thailand, dessa pojkar har alltid p\u00e5 sig n\u00e5got. Aaron \u00e4r mer \u00e4n redo att sl\u00e4ppa f\u00f6rkl\u00e4det, damma av den gamla speedon och ge dig en semesterupplevelse som du aldrig har haft f\u00f6rut! F\u00f6lj Aaron p\u00e5 Insta @ <strong><a href=\"https:\/\/www.instagram.com\/akuehnert\/\" target=\"_blank\" rel=\"noopener\">akuehnert<\/a><\/strong> .<\/p>\n<p>[\/et_pb_text][dmpro_masonry_gallery images=&#8221;29045,29044,29043,29042,29041,29040&#8243; columns=&#8221;6&#8243; columns_tablet=&#8221;6&#8243; columns_phone=&#8221;3&#8243; columns_last_edited=&#8221;on|desktop&#8221; _builder_version=&#8221;4.17.6&#8243; _module_preset=&#8221;default&#8221; global_colors_info=&#8221;{}&#8221;][\/dmpro_masonry_gallery][\/et_pb_column][\/et_pb_row][\/et_pb_section][et_pb_section fb_built=&#8221;1&#8243; admin_label=&#8221;Adam Klesh&#8221; _builder_version=&#8221;4.27.4&#8243; _module_preset=&#8221;default&#8221; custom_padding=&#8221;0%||||false|false&#8221; collapsed=&#8221;on&#8221; global_colors_info=&#8221;{}&#8221;][et_pb_row _builder_version=&#8221;4.17.6&#8243; _module_preset=&#8221;default&#8221; custom_padding=&#8221;0%||||false|false&#8221; global_colors_info=&#8221;{}&#8221;][et_pb_column type=&#8221;4_4&#8243; _builder_version=&#8221;4.17.6&#8243; _module_preset=&#8221;default&#8221; global_colors_info=&#8221;{}&#8221;][et_pb_text admin_label=&#8221;Section Title &#8211; H3&#8243; _builder_version=&#8221;4.27.4&#8243; _module_preset=&#8221;default&#8221; header_3_font=&#8221;Futura Bold|||on|||||&#8221; header_3_text_align=&#8221;left&#8221; header_3_text_color=&#8221;#000000&#8243; header_3_font_size=&#8221;18px&#8221; header_3_letter_spacing=&#8221;1.8px&#8221; header_3_line_height=&#8221;24px&#8221; custom_margin=&#8221;||2%||false|false&#8221; custom_margin_tablet=&#8221;||||false|false&#8221; custom_margin_phone=&#8221;||||false|false&#8221; custom_margin_last_edited=&#8221;on|desktop&#8221; custom_padding=&#8221;||||false|false&#8221; global_colors_info=&#8221;{}&#8221;]<\/p>\n<h3>Adam Klesh (han\/honom) &#8211; Event Team Member<\/h3>\n<p>[\/et_pb_text][et_pb_text _builder_version=&#8221;4.27.4&#8243; _module_preset=&#8221;default&#8221; custom_padding=&#8221;||||false|false&#8221; custom_padding_tablet=&#8221;||||false|false&#8221; custom_padding_phone=&#8221;||||false|false&#8221; custom_padding_last_edited=&#8221;on|phone&#8221; global_colors_info=&#8221;{}&#8221;]<\/p>\n<p>Adam \u00e4r glad att f\u00e5 vara med i VACAYA igen f\u00f6r ytterligare en seglats i produktionsteamet. N\u00e4r han inte seglar med denna underbara alfabetsgemenskap kan han hittas designa och bygga queera trygga platser och producera evenemang. Adam \u00e4r bosatt i Berlin, New York och Mexiko, och gillar att r\u00f6ra sig runt denna snurrande bl\u00e5 marmor. Adams favorithobbys inkluderar l\u00e5nga promenader p\u00e5 stranden&#8230; pi\u00f1a coladas, att bli \u00f6verraskad av regn, han gillar inte yoga men han dricker champagne, att \u00e4lska p\u00e5 sanddynerna vid The Cape \u00e4r ett plus. I verkligheten hittar du Adam troligtvis p\u00e5 Berghains dansgolv, i underkl\u00e4der p\u00e5 fredagskv\u00e4llar p\u00e5 hans Fire Island-klubb, The Ice Palace, eller \u00f6vervintra i Zipolit\u00e9, Mexiko, d\u00e4r han bygger sitt nyaste gayparadis Casa Oasis och Casitas. Han har njutit av teknisk regi och produktion av shower fr\u00e5n Patti LuPone och Bernadette Peters till Sheena Easton och Ana Gasteyer. F\u00f6lj Adam p\u00e5 Insta <a href=\"https:\/\/www.instagram.com\/adampapabear\/\" target=\"_blank\" rel=\"noopener\">@adampapabear<\/a> .      <\/p>\n<p>[\/et_pb_text][dmpro_masonry_gallery images=&#8221;192856,192847,192838,192829,192820,192811&#8243; columns=&#8221;6&#8243; columns_tablet=&#8221;6&#8243; columns_phone=&#8221;3&#8243; columns_last_edited=&#8221;on|desktop&#8221; _builder_version=&#8221;4.27.4&#8243; _module_preset=&#8221;default&#8221; global_colors_info=&#8221;{}&#8221;][\/dmpro_masonry_gallery][\/et_pb_column][\/et_pb_row][\/et_pb_section][et_pb_section fb_built=&#8221;1&#8243; admin_label=&#8221;Alex Bermea&#8221; _builder_version=&#8221;4.17.6&#8243; _module_preset=&#8221;default&#8221; custom_padding=&#8221;0%||||false|false&#8221; collapsed=&#8221;on&#8221; global_colors_info=&#8221;{}&#8221;][et_pb_row _builder_version=&#8221;4.17.6&#8243; _module_preset=&#8221;default&#8221; custom_padding=&#8221;0%||||false|false&#8221; global_colors_info=&#8221;{}&#8221;][et_pb_column type=&#8221;4_4&#8243; _builder_version=&#8221;4.17.6&#8243; _module_preset=&#8221;default&#8221; global_colors_info=&#8221;{}&#8221;][et_pb_text admin_label=&#8221;Section Title &#8211; H3&#8243; _builder_version=&#8221;4.17.6&#8243; _module_preset=&#8221;default&#8221; header_3_font=&#8221;Futura Bold|||on|||||&#8221; header_3_text_align=&#8221;left&#8221; header_3_text_color=&#8221;#000000&#8243; header_3_font_size=&#8221;18px&#8221; header_3_letter_spacing=&#8221;1.8px&#8221; header_3_line_height=&#8221;24px&#8221; custom_margin=&#8221;||2%||false|false&#8221; custom_margin_tablet=&#8221;||||false|false&#8221; custom_margin_phone=&#8221;||||false|false&#8221; custom_margin_last_edited=&#8221;on|desktop&#8221; custom_padding=&#8221;||||false|false&#8221; global_colors_info=&#8221;{}&#8221;]<\/p>\n<h3>Alex Bermea (han\/hon\/de) &#8211; Event Team Member<\/h3>\n<p>[\/et_pb_text][et_pb_text _builder_version=&#8221;4.17.6&#8243; _module_preset=&#8221;default&#8221; custom_padding=&#8221;||||false|false&#8221; custom_padding_tablet=&#8221;||||false|false&#8221; custom_padding_phone=&#8221;||||false|false&#8221; custom_padding_last_edited=&#8221;on|desktop&#8221; global_colors_info=&#8221;{}&#8221;]<\/p>\n<p>N\u00e4r en klassiskt utbildad musikl\u00e4rare p\u00e5 dagen och en f\u00f6rstklassig dragqueen i San Antonio, TX p\u00e5 natten har f\u00f6r mycket k\u00e4nsla f\u00f6r \u00e4ventyr f\u00f6r att vara inst\u00e4ngd, vad ska en kille g\u00f6ra? F\u00f6r Alex var beslutet enkelt: sl\u00e4pp allt, flytta till South Beach, Miami och sluka v\u00e4rlden som flygv\u00e4rdinna f\u00f6r American Airlines! \u00c4nda sedan 2016 har Alex delat 100-tals upplevelser med v\u00e4nner i \u00f6ver 40 l\u00e4nder &#8211; och han slutar inte n\u00e4r som helst snart! Denna dragdrottning med kronan, k\u00e4nd som Penelope Devereaux, har siktet inst\u00e4llt p\u00e5 v\u00e4rlden och kommer att leda v\u00e4gen till of\u00f6rgl\u00f6mliga \u00e4ventyr. F\u00f6lj Alex p\u00e5 Insta @ <strong><a href=\"https:\/\/www.instagram.com\/pdevtravels\/\" target=\"_blank\" rel=\"noopener\">pdevtravels<\/a><\/strong> .<\/p>\n<p>[\/et_pb_text][dmpro_masonry_gallery images=&#8221;28967,28963,28966,28964,28965,28962&#8243; columns=&#8221;6&#8243; columns_tablet=&#8221;6&#8243; columns_phone=&#8221;3&#8243; columns_last_edited=&#8221;on|desktop&#8221; _builder_version=&#8221;4.17.6&#8243; _module_preset=&#8221;default&#8221; global_colors_info=&#8221;{}&#8221;][\/dmpro_masonry_gallery][\/et_pb_column][\/et_pb_row][\/et_pb_section][et_pb_section fb_built=&#8221;1&#8243; admin_label=&#8221;Alysse Dalessandro&#8221; _builder_version=&#8221;4.17.6&#8243; _module_preset=&#8221;default&#8221; custom_padding=&#8221;0%||||false|false&#8221; collapsed=&#8221;on&#8221; global_colors_info=&#8221;{}&#8221;][et_pb_row _builder_version=&#8221;4.17.6&#8243; _module_preset=&#8221;default&#8221; custom_padding=&#8221;0%||||false|false&#8221; global_colors_info=&#8221;{}&#8221;][et_pb_column type=&#8221;4_4&#8243; _builder_version=&#8221;4.17.6&#8243; _module_preset=&#8221;default&#8221; global_colors_info=&#8221;{}&#8221;][et_pb_text admin_label=&#8221;Section Title &#8211; H3&#8243; _builder_version=&#8221;4.17.6&#8243; _module_preset=&#8221;default&#8221; header_3_font=&#8221;Futura Bold|||on|||||&#8221; header_3_text_align=&#8221;left&#8221; header_3_text_color=&#8221;#000000&#8243; header_3_font_size=&#8221;18px&#8221; header_3_letter_spacing=&#8221;1.8px&#8221; header_3_line_height=&#8221;24px&#8221; custom_margin=&#8221;||2%||false|false&#8221; custom_margin_tablet=&#8221;||||false|false&#8221; custom_margin_phone=&#8221;||||false|false&#8221; custom_margin_last_edited=&#8221;on|desktop&#8221; custom_padding=&#8221;||||false|false&#8221; global_colors_info=&#8221;{}&#8221;]<\/p>\n<h3>Alysse Dalessandro (hon\/hon) &#8211; specialist p\u00e5 m\u00e5ngfald och inkludering och medlem i evenemangsteam<\/h3>\n<p>[\/et_pb_text][et_pb_text _builder_version=&#8221;4.17.6&#8243; _module_preset=&#8221;default&#8221; custom_padding=&#8221;||||false|false&#8221; custom_padding_tablet=&#8221;||||false|false&#8221; custom_padding_phone=&#8221;||||false|false&#8221; custom_padding_last_edited=&#8221;on|phone&#8221; global_colors_info=&#8221;{}&#8221;]<\/p>\n<p>Alysse Dalessandro \u00e4r en queer plus size mode- och resebloggare och influencer f\u00f6r varum\u00e4rket Ready to Stare. Alysse har \u00e4lskat att resa sedan hennes f\u00f6r\u00e4ldrar sp\u00e4nde fast henne f\u00f6r hennes f\u00f6rsta roadtrip p\u00e5 l\u00e4ngden som bebis. Fr\u00e5n sommarstranddestinationer till historiska turer, Alysse v\u00e4xte upp med att resa \u00f6ver hela USA. Som college-junior korsade Alysse dammen f\u00f6r f\u00f6rsta g\u00e5ngen f\u00f6r att studera utomlands i Rom d\u00e4r hon anv\u00e4nde sin tid klokt f\u00f6r att bes\u00f6ka 15 nya st\u00e4der och 9 l\u00e4nder. Hon har sedan dess uppn\u00e5tt sitt f\u00f6rsta stora resem\u00e5l att bes\u00f6ka sina gamla farf\u00f6r\u00e4ldrars \u00e5tta hemst\u00e4der \u00f6ver Italien och Sicilien. D\u00e4refter vill hon bes\u00f6ka alla delstater i USA innan hon fyller 40. Vid 40 bes\u00f6kta stater har hon bara tio kvar att g\u00e5! \u00c4ven om hennes arbete som bloggare och influencer b\u00f6rjade med fokus p\u00e5 mode, ins\u00e5g Alysse behovet av fler queera kvinnliga r\u00f6ster i resor och hon b\u00f6rjade skriva om sin erfarenhet av att resa i korsv\u00e4gen mellan dessa identiteter. Hon \u00e4r glad \u00f6ver att ta med passionen f\u00f6r att g\u00f6ra resor mer inkluderande till V Team. Och oroa dig inte &#8211; Alysse \u00c4LSKAR fortfarande mode och du kan f\u00e5nga henne som ger pojkarna en chans att f\u00e5 pengarna p\u00e5 vilken kostymkv\u00e4ll som helst. Du kan n\u00e5 Alysse via hennes hemsida <strong><a href=\"http:\/\/www.readytostare.com\/\" target=\"_blank\" rel=\"noopener\">www.readytostare.com<\/a><\/strong> eller hitta henne p\u00e5 Insta @ <strong><a href=\"https:\/\/www.instagram.com\/readytostare\/\" target=\"_blank\" rel=\"noopener\">ReadyToStare<\/a><\/strong> .<\/p>\n<p>[\/et_pb_text][dmpro_masonry_gallery images=&#8221;28975,28974,28973,28972,28971,28970&#8243; columns=&#8221;6&#8243; columns_tablet=&#8221;6&#8243; columns_phone=&#8221;3&#8243; columns_last_edited=&#8221;on|desktop&#8221; _builder_version=&#8221;4.17.6&#8243; _module_preset=&#8221;default&#8221; global_colors_info=&#8221;{}&#8221;][\/dmpro_masonry_gallery][\/et_pb_column][\/et_pb_row][\/et_pb_section][et_pb_section fb_built=&#8221;1&#8243; admin_label=&#8221;Angel Hernandez&#8221; _builder_version=&#8221;4.27.4&#8243; _module_preset=&#8221;default&#8221; custom_padding=&#8221;0%||||false|false&#8221; collapsed=&#8221;on&#8221; global_colors_info=&#8221;{}&#8221;][et_pb_row _builder_version=&#8221;4.17.6&#8243; _module_preset=&#8221;default&#8221; custom_padding=&#8221;0%||||false|false&#8221; global_colors_info=&#8221;{}&#8221;][et_pb_column type=&#8221;4_4&#8243; _builder_version=&#8221;4.17.6&#8243; _module_preset=&#8221;default&#8221; global_colors_info=&#8221;{}&#8221;][et_pb_text admin_label=&#8221;Section Title &#8211; H3&#8243; _builder_version=&#8221;4.27.4&#8243; _module_preset=&#8221;default&#8221; header_3_font=&#8221;Futura Bold|||on|||||&#8221; header_3_text_align=&#8221;left&#8221; header_3_text_color=&#8221;#000000&#8243; header_3_font_size=&#8221;18px&#8221; header_3_letter_spacing=&#8221;1.8px&#8221; header_3_line_height=&#8221;24px&#8221; custom_margin=&#8221;||2%||false|false&#8221; custom_margin_tablet=&#8221;||||false|false&#8221; custom_margin_phone=&#8221;||||false|false&#8221; custom_margin_last_edited=&#8221;on|desktop&#8221; custom_padding=&#8221;||||false|false&#8221; global_colors_info=&#8221;{}&#8221;]<\/p>\n<h3>Angel Hernandez (han\/honom) &#8211; Medlem i evenemangsteamet<\/h3>\n<p>[\/et_pb_text][et_pb_text _builder_version=&#8221;4.27.4&#8243; _module_preset=&#8221;default&#8221; custom_padding=&#8221;||||false|false&#8221; custom_padding_tablet=&#8221;||||false|false&#8221; custom_padding_phone=&#8221;||||false|false&#8221; custom_padding_last_edited=&#8221;on|phone&#8221; global_colors_info=&#8221;{}&#8221;]<\/p>\n<p class=\"xmsonormal\"><span lang=\"EN\">Angel \u00e4r en strand\u00e4lskare, n\u00f6rdig optimist och h\u00f6gskoleexpert som har byggt en karri\u00e4r kring att uppmuntra andra. Han \u00e4r f\u00f6dd och uppvuxen i New Jersey, men har bott i Pennsylvania, Georgia och nu soliga Dallas, Texas. Han \u00e4r en h\u00e4ngiven hundpappa, ett lojalt <span class=\"outlook-search-highlight\" data-markjs=\"true\">Jennifer<\/span> Lopez-fan, en Housewives of Atlanta and Potomac-entusiast, och n\u00e5gon som sprider smittsam energi vart han \u00e4n g\u00e5r. Med en doktorsexamen i pedagogiskt ledarskap fr\u00e5n Rowan University blandar Angel hj\u00e4rta, humor och en genuin passion f\u00f6r m\u00e4nniskor i allt han g\u00f6r. Och hans favoritdragqueen? Penelope Devereaux, f\u00f6rst\u00e5s. F\u00f6lj Angel p\u00e5 Insta <a href=\"https:\/\/www.instagram.com\/AngelBeLike\/\" target=\"_blank\" rel=\"noopener\">@AngelBeLike<\/a> .      <\/span><\/p>\n<p>[\/et_pb_text][dmpro_masonry_gallery images=&#8221;192748,192739,192730,192721,192712,192703&#8243; columns=&#8221;6&#8243; columns_tablet=&#8221;6&#8243; columns_phone=&#8221;3&#8243; columns_last_edited=&#8221;on|desktop&#8221; _builder_version=&#8221;4.27.4&#8243; _module_preset=&#8221;default&#8221; global_colors_info=&#8221;{}&#8221;][\/dmpro_masonry_gallery][\/et_pb_column][\/et_pb_row][\/et_pb_section][et_pb_section fb_built=&#8221;1&#8243; admin_label=&#8221;Annette Lewis&#8221; _builder_version=&#8221;4.17.6&#8243; _module_preset=&#8221;default&#8221; custom_padding=&#8221;0%||||false|false&#8221; collapsed=&#8221;on&#8221; global_colors_info=&#8221;{}&#8221;][et_pb_row _builder_version=&#8221;4.17.6&#8243; _module_preset=&#8221;default&#8221; custom_padding=&#8221;0%||||false|false&#8221; global_colors_info=&#8221;{}&#8221;][et_pb_column type=&#8221;4_4&#8243; _builder_version=&#8221;4.17.6&#8243; _module_preset=&#8221;default&#8221; global_colors_info=&#8221;{}&#8221;][et_pb_text admin_label=&#8221;Section Title &#8211; H3&#8243; _builder_version=&#8221;4.17.6&#8243; _module_preset=&#8221;default&#8221; header_3_font=&#8221;Futura Bold|||on|||||&#8221; header_3_text_align=&#8221;left&#8221; header_3_text_color=&#8221;#000000&#8243; header_3_font_size=&#8221;18px&#8221; header_3_letter_spacing=&#8221;1.8px&#8221; header_3_line_height=&#8221;24px&#8221; custom_margin=&#8221;||2%||false|false&#8221; custom_margin_tablet=&#8221;||||false|false&#8221; custom_margin_phone=&#8221;||||false|false&#8221; custom_margin_last_edited=&#8221;on|desktop&#8221; custom_padding=&#8221;||||false|false&#8221; global_colors_info=&#8221;{}&#8221;]<\/p>\n<h3>Annette Lewis (hon\/hon) &#8211; Event Team Member<\/h3>\n<p>[\/et_pb_text][et_pb_text _builder_version=&#8221;4.17.6&#8243; _module_preset=&#8221;default&#8221; custom_padding=&#8221;||||false|false&#8221; custom_padding_tablet=&#8221;||||false|false&#8221; custom_padding_phone=&#8221;||||false|false&#8221; custom_padding_last_edited=&#8221;on|phone&#8221; global_colors_info=&#8221;{}&#8221;]<\/p>\n<p class=\"xmsonormal\"><span lang=\"EN\">F\u00f6r Annette handlar resor om kontakter och relationer. Hon \u00e4lskar att l\u00e4ra k\u00e4nna alla omkring sig och hj\u00e4lpa dem att knyta an till nya m\u00e4nniskor och nya upplevelser. Det \u00e4r ett l\u00f6pande sk\u00e4mt med hennes lesbiska v\u00e4nner att Annettes f\u00f6rsta reseupplevelser var att campa med hennes kvinnliga gymnasiel\u00e4rare! Detta b\u00f6rjade ett livsl\u00e5ngt s\u00f6kande efter inkluderande milj\u00f6er d\u00e4r alla k\u00e4nner sig v\u00e4lkomna att komma som sitt sanna jag och utforska sp\u00e4nnande \u00e4ventyr och relationer. Annette och hennes man Evan \u00e4r b\u00e5da nyligen pensionerade l\u00e4rare och administrat\u00f6rer p\u00e5 Interlochen Arts Camp i norra Michigan. P\u00e5 Interlochen betj\u00e4nade de en m\u00e5ngfaldig befolkning p\u00e5 \u00f6ver 3 000 konststuderande och 200 l\u00e4gerr\u00e5dgivare. Annette ser fram emot att ta med sin erfarenhet som b\u00e5de organisatorisk m\u00e4stare och Director of Fun till VACAYA Team!<\/span><\/p>\n<p>[\/et_pb_text][dmpro_masonry_gallery images=&#8221;35535,35536,35537,35538,35539,35540&#8243; columns=&#8221;6&#8243; columns_tablet=&#8221;6&#8243; columns_phone=&#8221;3&#8243; columns_last_edited=&#8221;on|desktop&#8221; _builder_version=&#8221;4.17.6&#8243; _module_preset=&#8221;default&#8221; global_colors_info=&#8221;{}&#8221;][\/dmpro_masonry_gallery][\/et_pb_column][\/et_pb_row][\/et_pb_section][et_pb_section fb_built=&#8221;1&#8243; admin_label=&#8221;Billy Gall&#8221; _builder_version=&#8221;4.23.4&#8243; _module_preset=&#8221;default&#8221; custom_padding=&#8221;0%||||false|false&#8221; collapsed=&#8221;on&#8221; global_colors_info=&#8221;{}&#8221;][et_pb_row _builder_version=&#8221;4.17.6&#8243; _module_preset=&#8221;default&#8221; custom_padding=&#8221;0%||||false|false&#8221; global_colors_info=&#8221;{}&#8221;][et_pb_column type=&#8221;4_4&#8243; _builder_version=&#8221;4.17.6&#8243; _module_preset=&#8221;default&#8221; global_colors_info=&#8221;{}&#8221;][et_pb_text admin_label=&#8221;Section Title &#8211; H3&#8243; _builder_version=&#8221;4.23.4&#8243; _module_preset=&#8221;default&#8221; header_3_font=&#8221;Futura Bold|||on|||||&#8221; header_3_text_align=&#8221;left&#8221; header_3_text_color=&#8221;#000000&#8243; header_3_font_size=&#8221;18px&#8221; header_3_letter_spacing=&#8221;1.8px&#8221; header_3_line_height=&#8221;24px&#8221; custom_margin=&#8221;||2%||false|false&#8221; custom_margin_tablet=&#8221;||||false|false&#8221; custom_margin_phone=&#8221;||||false|false&#8221; custom_margin_last_edited=&#8221;on|desktop&#8221; custom_padding=&#8221;||||false|false&#8221; global_colors_info=&#8221;{}&#8221;]<\/p>\n<h3>Billy Gall (han\/honom) &#8211; Medlem i evenemangsteamet<\/h3>\n<p>[\/et_pb_text][et_pb_text _builder_version=&#8221;4.23.4&#8243; _module_preset=&#8221;default&#8221; custom_padding=&#8221;||||false|false&#8221; custom_padding_tablet=&#8221;||||false|false&#8221; custom_padding_phone=&#8221;||||false|false&#8221; custom_padding_last_edited=&#8221;on|phone&#8221; global_colors_info=&#8221;{}&#8221;]<\/p>\n<p>Billy \u00e4r en superv\u00e4nlig, sn\u00e4ll och organiserad person. Han f\u00e5r alltid nya v\u00e4nner vart han \u00e4n g\u00e5r. Hans k\u00e4rlek till resor \u00e4r djupt bel\u00e4gen, cementerad av resor till flygplatsen med sin mormor n\u00e4r han var liten och undrade vart alla m\u00e4nniskor som gick till deras grindar var p\u00e5 v\u00e4g (p\u00e5 den tiden kunde man se flygplan lyfta p\u00e5 flygplatsen utan biljett, kan du fatta det?). Efter att ha arbetat som flygv\u00e4rdinna, inom lyxdetaljhandel och slutligen inom folkh\u00e4lsa har Billy en fallenhet f\u00f6r att hj\u00e4lpa m\u00e4nniskor och f\u00e5 kontakt med var och en av dem. Billy \u00e4r exalterad \u00f6ver att vara en del av V Team och kan inte v\u00e4nta med att tr\u00e4ffa var och en av er n\u00e4r vi alla skapar minnen tillsammans!      <\/p>\n<p>[\/et_pb_text][dmpro_masonry_gallery images=&#8221;185068,185059,185050,185041,185032,185023&#8243; columns=&#8221;6&#8243; columns_tablet=&#8221;6&#8243; columns_phone=&#8221;3&#8243; columns_last_edited=&#8221;on|desktop&#8221; _builder_version=&#8221;4.23.4&#8243; _module_preset=&#8221;default&#8221; global_colors_info=&#8221;{}&#8221;][\/dmpro_masonry_gallery][\/et_pb_column][\/et_pb_row][\/et_pb_section][et_pb_section fb_built=&#8221;1&#8243; admin_label=&#8221;Brandon Johnson&#8221; _builder_version=&#8221;4.17.6&#8243; _module_preset=&#8221;default&#8221; custom_padding=&#8221;0%||||false|false&#8221; collapsed=&#8221;on&#8221; global_colors_info=&#8221;{}&#8221;][et_pb_row _builder_version=&#8221;4.17.6&#8243; _module_preset=&#8221;default&#8221; custom_padding=&#8221;0%||||false|false&#8221; global_colors_info=&#8221;{}&#8221;][et_pb_column type=&#8221;4_4&#8243; _builder_version=&#8221;4.17.6&#8243; _module_preset=&#8221;default&#8221; global_colors_info=&#8221;{}&#8221;][et_pb_text admin_label=&#8221;Section Title &#8211; H3&#8243; _builder_version=&#8221;4.17.6&#8243; _module_preset=&#8221;default&#8221; header_3_font=&#8221;Futura Bold|||on|||||&#8221; header_3_text_align=&#8221;left&#8221; header_3_text_color=&#8221;#000000&#8243; header_3_font_size=&#8221;18px&#8221; header_3_letter_spacing=&#8221;1.8px&#8221; header_3_line_height=&#8221;24px&#8221; custom_margin=&#8221;||2%||false|false&#8221; custom_margin_tablet=&#8221;||||false|false&#8221; custom_margin_phone=&#8221;||||false|false&#8221; custom_margin_last_edited=&#8221;on|desktop&#8221; custom_padding=&#8221;||||false|false&#8221; global_colors_info=&#8221;{}&#8221;]<\/p>\n<h3>Brandon Johnson (han\/honom) &#8211; Event Team Member<\/h3>\n<p>[\/et_pb_text][et_pb_text _builder_version=&#8221;4.23.4&#8243; _module_preset=&#8221;default&#8221; custom_padding=&#8221;||||false|false&#8221; custom_padding_tablet=&#8221;||||false|false&#8221; custom_padding_phone=&#8221;||||false|false&#8221; custom_padding_last_edited=&#8221;on|phone&#8221; global_colors_info=&#8221;{}&#8221;]<\/p>\n<p><span class=\"xs1\">Denna hawaiianska pojke kommer ursprungligen fr\u00e5n Honolulu och har arbetat inom kundservice, g\u00e4stfrihet och resebranschen i \u00f6ver tre decennier. Brandon b\u00f6rjade upptr\u00e4da i drag p\u00e5 Hawaii 1993 under artistnamnet Diva DelaFuente.  <\/span><span class=\"xs1\">Han flyttade till Las Vegas i september 2001 d\u00e4r hans dragkarri\u00e4r fortsatte inom gay nattklubbsbranschen. Under den tiden tog han examen fr\u00e5n kosmetologskolan. Brandon<\/span><span class=\"xs1\">  bott i Sin City i 15 \u00e5r. I Vegas, Brandon<\/span> <span class=\"xs1\">kr\u00f6ntes till Miss Las Vegas Pride 2010, men drog sig tillbaka fr\u00e5n dragkonsten 2014.<\/span> <span class=\"xapple-converted-space\">Brandon har<\/span> <span class=\"xs1\">fortsatt att producera, regissera, scenstyra och d\u00f6ma f\u00f6rberedelser f\u00f6r Miss Continental, USofA, America och America&#8217;s Bearded Queen-system, samt olika pride royalty-t\u00e4vlingar.<\/span> <span class=\"xs1\">Han har fortsatt till MC-shower, parader och evenemang genom \u00e5ren. Brandon  <\/span><span class=\"xs1\">flyttade till Austin, Texas i slutet av 2016 f\u00f6r k\u00e4rlek och han och hans man har kallat Dallas hem sedan 2020.<\/span><span class=\"xapple-converted-space\"> <\/span><span class=\"xs1\">Brandon hade en livsl\u00e5ng k\u00e4rleksrelation med resor och kommersiellt flyg.  <\/span><span class=\"xs1\">F\u00f6r n\u00e4rvarande arbetar han i sitt dr\u00f6mjobb som flygv\u00e4rdinna! P\u00e5 fritiden \u00e4r han det  <\/span><span class=\"xs1\">\u00e4ven kostymdesignern f\u00f6r Dallas Purple Party. Brandon<\/span><span class=\"xs1\">  \u00e4r extremt lojal mot sin v\u00e4ngrupp och njuter av tiden han f\u00e5r tillbringa med dem.  <\/span>Hans motto \u00e4r &#8221;K\u00e4nn ditt v\u00e4rde och l\u00e4gg sedan till skatt!!&#8221; F\u00f6lj Brandon p\u00e5 Instagram <strong><a href=\"https:\/\/www.instagram.com\/txgymdaddy\/\" target=\"_blank\" rel=\"noopener\">@txgymdaddy<\/a><\/strong> .<\/p>\n<p>[\/et_pb_text][dmpro_masonry_gallery images=&#8221;142270,142258,142236,142224,142196,142173&#8243; columns=&#8221;6&#8243; columns_tablet=&#8221;6&#8243; columns_phone=&#8221;3&#8243; columns_last_edited=&#8221;on|desktop&#8221; _builder_version=&#8221;4.17.6&#8243; _module_preset=&#8221;default&#8221; global_colors_info=&#8221;{}&#8221;][\/dmpro_masonry_gallery][\/et_pb_column][\/et_pb_row][\/et_pb_section][et_pb_section fb_built=&#8221;1&#8243; admin_label=&#8221;Chase McCall&#8221; _builder_version=&#8221;4.17.6&#8243; _module_preset=&#8221;default&#8221; custom_padding=&#8221;0%||||false|false&#8221; collapsed=&#8221;on&#8221; global_colors_info=&#8221;{}&#8221;][et_pb_row _builder_version=&#8221;4.17.6&#8243; _module_preset=&#8221;default&#8221; custom_padding=&#8221;0%||||false|false&#8221; global_colors_info=&#8221;{}&#8221;][et_pb_column type=&#8221;4_4&#8243; _builder_version=&#8221;4.17.6&#8243; _module_preset=&#8221;default&#8221; global_colors_info=&#8221;{}&#8221;][et_pb_text admin_label=&#8221;Section Title &#8211; H3&#8243; _builder_version=&#8221;4.17.6&#8243; _module_preset=&#8221;default&#8221; header_3_font=&#8221;Futura Bold|||on|||||&#8221; header_3_text_align=&#8221;left&#8221; header_3_text_color=&#8221;#000000&#8243; header_3_font_size=&#8221;18px&#8221; header_3_letter_spacing=&#8221;1.8px&#8221; header_3_line_height=&#8221;24px&#8221; custom_margin=&#8221;||2%||false|false&#8221; custom_margin_tablet=&#8221;||||false|false&#8221; custom_margin_phone=&#8221;||||false|false&#8221; custom_margin_last_edited=&#8221;on|desktop&#8221; custom_padding=&#8221;||||false|false&#8221; global_colors_info=&#8221;{}&#8221;]<\/p>\n<h3>Chase McCall (han\/honom) &#8211; Event Team Member<\/h3>\n<p>[\/et_pb_text][et_pb_text _builder_version=&#8221;4.17.6&#8243; _module_preset=&#8221;default&#8221; custom_padding=&#8221;||||false|false&#8221; custom_padding_tablet=&#8221;||||false|false&#8221; custom_padding_phone=&#8221;||||false|false&#8221; custom_padding_last_edited=&#8221;on|phone&#8221; global_colors_info=&#8221;{}&#8221;]<\/p>\n<p>Chase \u00e4r s\u00e5 exalterad \u00f6ver att vara en del av VACAYA! Han har turen att ha valt en karri\u00e4r som har gjort det m\u00f6jligt f\u00f6r honom att resa ganska mycket \u00f6ver hela v\u00e4rlden. En nuvarande inv\u00e5nare i New York, han har precis avslutat 20-\u00e5rsjubileet f\u00f6r internationell turn\u00e9produktion av <em><strong>RENT<\/strong><\/em> . F\u00f6rra sommaren tog showen honom till Fj\u00e4rran \u00d6stern d\u00e4r han fick tillbringa gott om tid i Kina, Tokyo och Thailand. Den b\u00e4sta veckan i hans liv var ett veckol\u00e5ngt volont\u00e4rprogram p\u00e5 ett elefantreservat i Chiang Mai. Chase arbetade ocks\u00e5 ett par \u00e5r p\u00e5 kryssningsfartyg som s\u00e5ngare som gjorde resplaner f\u00f6r Karibien, Medelhavet, New England och Alaska. Chase \u00e4r s\u00e5 redo att skaffa nya v\u00e4nner och skapa minnen som varar livet ut med VACAYA! F\u00f6lj Chase p\u00e5 Insta @ <strong><a href=\"https:\/\/www.instagram.com\/chase.mccall\/\" target=\"_blank\" rel=\"noopener\">chase.mccall<\/a><\/strong> .<\/p>\n<p>[\/et_pb_text][dmpro_masonry_gallery images=&#8221;34796,29059,29058,29057,34797,29055&#8243; columns=&#8221;6&#8243; columns_tablet=&#8221;6&#8243; columns_phone=&#8221;3&#8243; columns_last_edited=&#8221;on|desktop&#8221; _builder_version=&#8221;4.17.6&#8243; _module_preset=&#8221;default&#8221; global_colors_info=&#8221;{}&#8221;][\/dmpro_masonry_gallery][\/et_pb_column][\/et_pb_row][\/et_pb_section][et_pb_section fb_built=&#8221;1&#8243; admin_label=&#8221;Cullen Balinski&#8221; _builder_version=&#8221;4.27.4&#8243; _module_preset=&#8221;default&#8221; custom_padding=&#8221;0%||||false|false&#8221; collapsed=&#8221;on&#8221; global_colors_info=&#8221;{}&#8221;][et_pb_row _builder_version=&#8221;4.17.6&#8243; _module_preset=&#8221;default&#8221; custom_padding=&#8221;0%||||false|false&#8221; global_colors_info=&#8221;{}&#8221;][et_pb_column type=&#8221;4_4&#8243; _builder_version=&#8221;4.17.6&#8243; _module_preset=&#8221;default&#8221; global_colors_info=&#8221;{}&#8221;][et_pb_text admin_label=&#8221;Section Title &#8211; H3&#8243; _builder_version=&#8221;4.27.4&#8243; _module_preset=&#8221;default&#8221; header_3_font=&#8221;Futura Bold|||on|||||&#8221; header_3_text_align=&#8221;left&#8221; header_3_text_color=&#8221;#000000&#8243; header_3_font_size=&#8221;18px&#8221; header_3_letter_spacing=&#8221;1.8px&#8221; header_3_line_height=&#8221;24px&#8221; custom_margin=&#8221;||2%||false|false&#8221; custom_margin_tablet=&#8221;||||false|false&#8221; custom_margin_phone=&#8221;||||false|false&#8221; custom_margin_last_edited=&#8221;on|desktop&#8221; custom_padding=&#8221;||||false|false&#8221; global_colors_info=&#8221;{}&#8221;]<\/p>\n<h3>Cullen Balinski (han\/honom) &#8211; Finans- och f\u00f6rs\u00e4ljningschef<\/h3>\n<p>[\/et_pb_text][et_pb_text _builder_version=&#8221;4.27.4&#8243; _module_preset=&#8221;default&#8221; custom_padding=&#8221;||||false|false&#8221; custom_padding_tablet=&#8221;||||false|false&#8221; custom_padding_phone=&#8221;||||false|false&#8221; custom_padding_last_edited=&#8221;on|phone&#8221; global_colors_info=&#8221;{}&#8221;]<\/p>\n<p>Om du ser Cullen, s\u00e4g hej snabbt, f\u00f6r han \u00e4r f\u00f6rmodligen p\u00e5 v\u00e4g n\u00e5gonstans nytt. En utforskare rakt igenom, Cullen tillbringar sitt liv med att jaga \u00e4ventyr, fr\u00e5n att \u00e5ka skidor \u00f6ver kontinenter, bocka av varje amerikansk stat eller hitta en otroligt minnesv\u00e4rd men \u00e4nd\u00e5 budgetv\u00e4nlig vistelse i en stad n\u00e4ra dig. Efter att i mer \u00e4n ett decennium ha st\u00e4rkt utforskningsandan genom m\u00e4nskliga rymdf\u00e4rder p\u00e5 NASA, bidrog han med samma energi till VACAYA f\u00f6r att bygga en gemenskap f\u00f6r likasinnade uppt\u00e4cktsresande som du. Oavsett om det \u00e4r rymdskepp eller kryssningsfartyg, vet Cullen att de b\u00e4sta skeppen \u00e4r v\u00e4nskap. \ud83d\ude09 S\u00e5 se till att f\u00e5 kontakt med Cullen, dela ett \u00f6gonblick och hj\u00e4lp honom att sprida lite gl\u00e4dje. F\u00f6lj Cullen p\u00e5 Insta @ <a href=\"https:\/\/www.instagram.com\/Culley.Wulley\/\" target=\"_blank\" rel=\"noopener\">Culley.Wulley<\/a> .     <\/p>\n<p>[\/et_pb_text][dmpro_masonry_gallery images=&#8221;192964,192955,192946,192937,192928,192919&#8243; columns=&#8221;6&#8243; columns_tablet=&#8221;6&#8243; columns_phone=&#8221;3&#8243; columns_last_edited=&#8221;on|desktop&#8221; _builder_version=&#8221;4.27.4&#8243; _module_preset=&#8221;default&#8221; global_colors_info=&#8221;{}&#8221;][\/dmpro_masonry_gallery][\/et_pb_column][\/et_pb_row][\/et_pb_section][et_pb_section fb_built=&#8221;1&#8243; admin_label=&#8221;Danny Lee Cabrera&#8221; _builder_version=&#8221;4.17.6&#8243; _module_preset=&#8221;default&#8221; custom_padding=&#8221;0%||||false|false&#8221; collapsed=&#8221;on&#8221; global_colors_info=&#8221;{}&#8221;][et_pb_row _builder_version=&#8221;4.17.6&#8243; _module_preset=&#8221;default&#8221; custom_padding=&#8221;0%||||false|false&#8221; global_colors_info=&#8221;{}&#8221;][et_pb_column type=&#8221;4_4&#8243; _builder_version=&#8221;4.17.6&#8243; _module_preset=&#8221;default&#8221; global_colors_info=&#8221;{}&#8221;][et_pb_text admin_label=&#8221;Section Title &#8211; H3&#8243; _builder_version=&#8221;4.23.4&#8243; _module_preset=&#8221;default&#8221; header_3_font=&#8221;Futura Bold|||on|||||&#8221; header_3_text_align=&#8221;left&#8221; header_3_text_color=&#8221;#000000&#8243; header_3_font_size=&#8221;18px&#8221; header_3_letter_spacing=&#8221;1.8px&#8221; header_3_line_height=&#8221;24px&#8221; custom_margin=&#8221;||2%||false|false&#8221; custom_margin_tablet=&#8221;||||false|false&#8221; custom_margin_phone=&#8221;||||false|false&#8221; custom_margin_last_edited=&#8221;on|desktop&#8221; custom_padding=&#8221;||||false|false&#8221; global_colors_info=&#8221;{}&#8221;]<\/p>\n<h3>Danny Lee Cabrera (han\/honom eller hon\/henne i drag) &#8211; Medlem i evenemangsteamet och VACAYA Resort &amp; Tour Director<\/h3>\n<p>[\/et_pb_text][et_pb_text _builder_version=&#8221;4.17.6&#8243; _module_preset=&#8221;default&#8221; custom_padding=&#8221;||||false|false&#8221; custom_padding_tablet=&#8221;||||false|false&#8221; custom_padding_phone=&#8221;||||false|false&#8221; custom_padding_last_edited=&#8221;on|phone&#8221; global_colors_info=&#8221;{}&#8221;]<\/p>\n<p>Danny Lee Cabrera aka &#8221;Liquor Mini&#8221; \u00e4r en av de hetaste underh\u00e5llarna i Drag World. Ursprungligen fr\u00e5n Galesburg, Illinois, v\u00e4xte Danny upp i teatern och har upptr\u00e4tt som dragartist i \u00f6ver 20 \u00e5r. Han \u00e4r f\u00f6r n\u00e4rvarande bosatt i Dallas, Texas d\u00e4r han \u00e4r flygv\u00e4rdinna f\u00f6r American Airlines. Efter att ha varit runt om i v\u00e4rlden och tillbaka, \u00e4r Danny mycket resist. Han \u00e4r aktiv i HBTQ-gemenskapen i Dallas, d\u00e4r han har haft \u00e4ran att vara Grand Marshal f\u00f6r Dallas Pride 2020\/2021. Han har representerat American Airlines p\u00e5 Capital Pride DC, Dallas Gay Pride 2018 och 2019, World Pride NYC 2019, och arbetade med Pride Flight in Drag som lanserade World Pride i juni 2019. Danny \u00e4r ocks\u00e5 Lead Drag Flight Crew f\u00f6r FabStayz (ett HBTQ-semesteruthyrningsf\u00f6retag). Danny har gjort Cameo Drag-upptr\u00e4danden i Dallas Summer Musicals <em><strong>Winter&#8217;s Tale;<\/strong><\/em> varit med i rollerna f\u00f6r <em><strong>ICON the Show<\/strong><\/em> ; representanten f\u00f6r Prides avslutningsfest 2 \u00e5r i rad i St. Croix USVI; och ceremonim\u00e4stare f\u00f6r St. Croix&#8217;s Weezy Awards 2019 och 2020. Danny \u00e4r en av de roligaste, v\u00e4nligaste och sn\u00e4llaste m\u00e4nniskorna du n\u00e5gonsin kommer att tr\u00e4ffa &#8211; en naturlig underh\u00e5llare som \u00e4lskar att f\u00e5 folk att skratta. Han tilldelades nyligen utm\u00e4rkelsen Readers Voice Awards 2023 f\u00f6r &#8221;B\u00e4sta Drag Queen i Dallas&#8221;. Han har ocks\u00e5 tagit rollen som Show Director och Operations Director p\u00e5 Hamburger Mary&#8217;s Dallas. S\u00e5, om du \u00e4r i Big D, sv\u00e4ng f\u00f6rbi! Du kan f\u00f6lja Danny p\u00e5 Insta @ <strong><a href=\"https:\/\/www.instagram.com\/theliquormini\/\" target=\"_blank\" rel=\"noopener\">theliquormini<\/a><\/strong> .<\/p>\n<p>[\/et_pb_text][dmpro_masonry_gallery images=&#8221;142737,142728,142719,142709,142700,142691&#8243; columns=&#8221;6&#8243; columns_tablet=&#8221;6&#8243; columns_phone=&#8221;3&#8243; columns_last_edited=&#8221;on|desktop&#8221; _builder_version=&#8221;4.17.6&#8243; _module_preset=&#8221;default&#8221; global_colors_info=&#8221;{}&#8221;][\/dmpro_masonry_gallery][\/et_pb_column][\/et_pb_row][\/et_pb_section][et_pb_section fb_built=&#8221;1&#8243; admin_label=&#8221;David Plunkett&#8221; _builder_version=&#8221;4.23.4&#8243; _module_preset=&#8221;default&#8221; custom_padding=&#8221;0%||||false|false&#8221; collapsed=&#8221;on&#8221; global_colors_info=&#8221;{}&#8221;][et_pb_row _builder_version=&#8221;4.17.6&#8243; _module_preset=&#8221;default&#8221; custom_padding=&#8221;0%||||false|false&#8221; global_colors_info=&#8221;{}&#8221;][et_pb_column type=&#8221;4_4&#8243; _builder_version=&#8221;4.17.6&#8243; _module_preset=&#8221;default&#8221; global_colors_info=&#8221;{}&#8221;][et_pb_text admin_label=&#8221;Section Title &#8211; H3&#8243; _builder_version=&#8221;4.23.4&#8243; _module_preset=&#8221;default&#8221; header_3_font=&#8221;Futura Bold|||on|||||&#8221; header_3_text_align=&#8221;left&#8221; header_3_text_color=&#8221;#000000&#8243; header_3_font_size=&#8221;18px&#8221; header_3_letter_spacing=&#8221;1.8px&#8221; header_3_line_height=&#8221;24px&#8221; custom_margin=&#8221;||2%||false|false&#8221; custom_margin_tablet=&#8221;||||false|false&#8221; custom_margin_phone=&#8221;||||false|false&#8221; custom_margin_last_edited=&#8221;on|desktop&#8221; custom_padding=&#8221;||||false|false&#8221; global_colors_info=&#8221;{}&#8221;]<\/p>\n<h3>David Plunkett (han\/honom) &#8211; Associerad producent<\/h3>\n<p>[\/et_pb_text][et_pb_text _builder_version=&#8221;4.23.4&#8243; _module_preset=&#8221;default&#8221; custom_padding=&#8221;||||false|false&#8221; custom_padding_tablet=&#8221;||||false|false&#8221; custom_padding_phone=&#8221;||||false|false&#8221; custom_padding_last_edited=&#8221;on|phone&#8221; global_colors_info=&#8221;{}&#8221;]<\/p>\n<p style=\"font-weight: 400;\">David sp\u00e5rar sin k\u00e4rlek till resor till den stora bl\u00e5 kombi som hans familj (mamma, pappa, tre \u00e4ldre br\u00f6der, en yngre syster) brukade resa till Chicago varje sommar. \u00c4ven om han f\u00f6redrar andra transports\u00e4tt nuf\u00f6rtiden, \u00e4lskar han fortfarande att resa till platser vars namn han inte kan uttala. (Hej, han var sju!) David \u00e4r tacksam mot sin l\u00e5ngvariga v\u00e4n Randle f\u00f6r att han v\u00e4ckte resel\u00e4ngtans l\u00e5gor genom att bjuda in honom att g\u00e5 med i teamen p\u00e5 Atlantis, RSVP och nu VACAYA. David \u00e4r en och annan sk\u00e5despelare och f\u00f6re detta professionell dansare, och du kanske har sett honom i en liten roll i filmen <em><strong>The Best of Enemies,<\/strong><\/em> med Taraji P. Henson och Sam Rockwell i huvudrollerna. N\u00e4r han inte reser med VACAYA njuter David av god mat och vin med v\u00e4nner, g\u00e5r p\u00e5 teater, l\u00e4ser och lyssnar p\u00e5 b\u00f6cker och reser med sin man Michael. F\u00f6lj David p\u00e5 Insta @ <strong><a href=\"https:\/\/www.instagram.com\/dbillyp\/\" target=\"_blank\" rel=\"noopener\">DBillyP<\/a><\/strong> (ett smeknamn fr\u00e5n college, som du \u00e4r v\u00e4lkommen att kalla honom!)<\/p>\n<p>[\/et_pb_text][dmpro_masonry_gallery images=&#8221;29003,29002,29001,29000,28999,28998&#8243; columns=&#8221;6&#8243; columns_tablet=&#8221;6&#8243; columns_phone=&#8221;3&#8243; columns_last_edited=&#8221;on|desktop&#8221; _builder_version=&#8221;4.17.6&#8243; _module_preset=&#8221;default&#8221; global_colors_info=&#8221;{}&#8221;][\/dmpro_masonry_gallery][\/et_pb_column][\/et_pb_row][\/et_pb_section][et_pb_section fb_built=&#8221;1&#8243; admin_label=&#8221;David Sexton&#8221; _builder_version=&#8221;4.23.4&#8243; _module_preset=&#8221;default&#8221; custom_padding=&#8221;0%||||false|false&#8221; collapsed=&#8221;on&#8221; global_colors_info=&#8221;{}&#8221;][et_pb_row _builder_version=&#8221;4.17.6&#8243; _module_preset=&#8221;default&#8221; custom_padding=&#8221;0%||||false|false&#8221; global_colors_info=&#8221;{}&#8221;][et_pb_column type=&#8221;4_4&#8243; _builder_version=&#8221;4.17.6&#8243; _module_preset=&#8221;default&#8221; global_colors_info=&#8221;{}&#8221;][et_pb_text admin_label=&#8221;Section Title &#8211; H3&#8243; _builder_version=&#8221;4.23.4&#8243; _module_preset=&#8221;default&#8221; header_3_font=&#8221;Futura Bold|||on|||||&#8221; header_3_text_align=&#8221;left&#8221; header_3_text_color=&#8221;#000000&#8243; header_3_font_size=&#8221;18px&#8221; header_3_letter_spacing=&#8221;1.8px&#8221; header_3_line_height=&#8221;24px&#8221; custom_margin=&#8221;||2%||false|false&#8221; custom_margin_tablet=&#8221;||||false|false&#8221; custom_margin_phone=&#8221;||||false|false&#8221; custom_margin_last_edited=&#8221;on|desktop&#8221; custom_padding=&#8221;||||false|false&#8221; global_colors_info=&#8221;{}&#8221;]<\/p>\n<h3>David Sexton (han\/honom) &#8211; Medlem i evenemangsteamet<\/h3>\n<p>[\/et_pb_text][et_pb_text _builder_version=&#8221;4.23.4&#8243; _module_preset=&#8221;default&#8221; custom_padding=&#8221;||||false|false&#8221; custom_padding_tablet=&#8221;||||false|false&#8221; custom_padding_phone=&#8221;||||false|false&#8221; custom_padding_last_edited=&#8221;on|phone&#8221; global_colors_info=&#8221;{}&#8221;]<\/p>\n<p style=\"font-weight: 400;\">David bor i Miami Beach d\u00e4r han producerar evenemang f\u00f6r organisationer och \u00e4ndam\u00e5l han \u00e4lskar. Han \u00e4r en stark f\u00f6respr\u00e5kare f\u00f6r konst, kultur och gemenskap och \u00f6ppnade 2024 sin egen kabar\u00e9klubb som heter La Poubelle. La Poubelle \u00e4r en charmig, intim kabar\u00e9- och pianobar i North Beach. Inb\u00e4ddad bakom Silver Lake Bistro via en diskret gr\u00e4nding\u00e5ng (d\u00e4rav namnet, franska f\u00f6r &#8221;soptunna&#8221;), \u00e4r den v\u00e4rd f\u00f6r livliga torsdagskv\u00e4llsf\u00f6rest\u00e4llningar med s\u00e5ngare, komiker och livemusik. F\u00f6lj David p\u00e5 Insta @ <strong><a href=\"https:\/\/www.instagram.com\/davidleesexton\" target=\"_blank\" rel=\"noopener\">DavidLeeSexton<\/a><\/strong> och La Poubelle @ <strong><a href=\"https:\/\/www.instagram.com\/LaPoubelle_Theater\" target=\"_blank\" rel=\"noopener\">LaPoubelle_Theater<\/a><\/strong> .    <\/p>\n<p>[\/et_pb_text][dmpro_masonry_gallery images=&#8221;182104,182113,182122,182131,182140,182149&#8243; columns=&#8221;6&#8243; columns_tablet=&#8221;6&#8243; columns_phone=&#8221;3&#8243; columns_last_edited=&#8221;on|desktop&#8221; _builder_version=&#8221;4.23.4&#8243; _module_preset=&#8221;default&#8221; global_colors_info=&#8221;{}&#8221;][\/dmpro_masonry_gallery][\/et_pb_column][\/et_pb_row][\/et_pb_section][et_pb_section fb_built=&#8221;1&#8243; admin_label=&#8221;David Wright&#8221; _builder_version=&#8221;4.23.4&#8243; _module_preset=&#8221;default&#8221; custom_padding=&#8221;0%||||false|false&#8221; collapsed=&#8221;on&#8221; global_colors_info=&#8221;{}&#8221;][et_pb_row _builder_version=&#8221;4.17.6&#8243; _module_preset=&#8221;default&#8221; custom_padding=&#8221;0%||||false|false&#8221; global_colors_info=&#8221;{}&#8221;][et_pb_column type=&#8221;4_4&#8243; _builder_version=&#8221;4.17.6&#8243; _module_preset=&#8221;default&#8221; global_colors_info=&#8221;{}&#8221;][et_pb_text admin_label=&#8221;Section Title &#8211; H3&#8243; _builder_version=&#8221;4.23.4&#8243; _module_preset=&#8221;default&#8221; header_3_font=&#8221;Futura Bold|||on|||||&#8221; header_3_text_align=&#8221;left&#8221; header_3_text_color=&#8221;#000000&#8243; header_3_font_size=&#8221;18px&#8221; header_3_letter_spacing=&#8221;1.8px&#8221; header_3_line_height=&#8221;24px&#8221; custom_margin=&#8221;||2%||false|false&#8221; custom_margin_tablet=&#8221;||||false|false&#8221; custom_margin_phone=&#8221;||||false|false&#8221; custom_margin_last_edited=&#8221;on|desktop&#8221; custom_padding=&#8221;||||false|false&#8221; global_colors_info=&#8221;{}&#8221;]<\/p>\n<h3>David Wright (han\/honom) &#8211; Teknisk chef<\/h3>\n<p>[\/et_pb_text][et_pb_text _builder_version=&#8221;4.23.4&#8243; _module_preset=&#8221;default&#8221; custom_padding=&#8221;||||false|false&#8221; custom_padding_tablet=&#8221;||||false|false&#8221; custom_padding_phone=&#8221;||||false|false&#8221; custom_padding_last_edited=&#8221;on|phone&#8221; global_colors_info=&#8221;{}&#8221;]<\/p>\n<p style=\"font-weight: 400;\"><span class=\"outlook-search-highlight\" data-markjs=\"true\">David<\/span> \u00e4r med dig ombord som teknisk chef. Men vad betyder det? Det betyder att han \u00e4r ytterst ansvarig f\u00f6r utf\u00f6randet av all ljud-, video- och ljushantering ombord, vilket s\u00e4kerst\u00e4ller ett smidigt genomf\u00f6rande av VACAYAs underh\u00e5llnings- och evenemangsupps\u00e4ttningar. <span class=\"outlook-search-highlight\" data-markjs=\"true\">David<\/span> har en examen i teater fr\u00e5n University of Florida och har bott och arbetat i New York i 25 \u00e5r. Han \u00e4lskar att vara en del av det pulserande nattlivet, musik-, teater- och konstscenen i staden. Han \u00e4r en stolt hundpappa till Scruffles och brinner f\u00f6r resor. David \u00e4r ocks\u00e5 en PADI Rescue Diver och tar varje tillf\u00e4lle i akt att komma i havet! Han \u00e4r glad \u00f6ver att vara en del av VACAYA-teamet som g\u00f6r din semester of\u00f6rgl\u00f6mlig. F\u00f6lj David p\u00e5 Insta <strong><a href=\"https:\/\/www.instagram.com\/scrufflesdad\" target=\"_blank\" rel=\"noopener\">@scrufflesdad<\/a><\/strong> .       <\/p>\n<p>[\/et_pb_text][dmpro_masonry_gallery images=&#8221;182328,182319,182310,182301,182292,182283&#8243; columns=&#8221;6&#8243; columns_tablet=&#8221;6&#8243; columns_phone=&#8221;3&#8243; columns_last_edited=&#8221;on|desktop&#8221; _builder_version=&#8221;4.23.4&#8243; _module_preset=&#8221;default&#8221; global_colors_info=&#8221;{}&#8221;][\/dmpro_masonry_gallery][\/et_pb_column][\/et_pb_row][\/et_pb_section][et_pb_section fb_built=&#8221;1&#8243; admin_label=&#8221;Dawn Vago&#8221; _builder_version=&#8221;4.17.6&#8243; _module_preset=&#8221;default&#8221; custom_padding=&#8221;0%||||false|false&#8221; collapsed=&#8221;on&#8221; global_colors_info=&#8221;{}&#8221;][et_pb_row _builder_version=&#8221;4.17.6&#8243; _module_preset=&#8221;default&#8221; custom_padding=&#8221;0%||||false|false&#8221; global_colors_info=&#8221;{}&#8221;][et_pb_column type=&#8221;4_4&#8243; _builder_version=&#8221;4.17.6&#8243; _module_preset=&#8221;default&#8221; global_colors_info=&#8221;{}&#8221;][et_pb_text admin_label=&#8221;Section Title &#8211; H3&#8243; _builder_version=&#8221;4.17.6&#8243; _module_preset=&#8221;default&#8221; header_3_font=&#8221;Futura Bold|||on|||||&#8221; header_3_text_align=&#8221;left&#8221; header_3_text_color=&#8221;#000000&#8243; header_3_font_size=&#8221;18px&#8221; header_3_letter_spacing=&#8221;1.8px&#8221; header_3_line_height=&#8221;24px&#8221; custom_margin=&#8221;||2%||false|false&#8221; custom_margin_tablet=&#8221;||||false|false&#8221; custom_margin_phone=&#8221;||||false|false&#8221; custom_margin_last_edited=&#8221;on|desktop&#8221; custom_padding=&#8221;||||false|false&#8221; global_colors_info=&#8221;{}&#8221;]<\/p>\n<h3>Dawn Vago (hon\/hon) &#8211; Event Team Member<\/h3>\n<p>[\/et_pb_text][et_pb_text _builder_version=&#8221;4.23.4&#8243; _module_preset=&#8221;default&#8221; custom_padding=&#8221;||||false|false&#8221; custom_padding_tablet=&#8221;||||false|false&#8221; custom_padding_phone=&#8221;||||false|false&#8221; custom_padding_last_edited=&#8221;on|phone&#8221; global_colors_info=&#8221;{}&#8221;]<\/p>\n<p>Dawn \u00e4r besatt av resor och musik. Hon b\u00f6rjade sin karri\u00e4r som s\u00e5ngerska p\u00e5 turn\u00e9 i Storbritannien under den b\u00e4sta delen av ett decennium. F\u00f6r 20 \u00e5r sedan hoppade hon sedan fr\u00e5n teatrarna p\u00e5 land till teatrarna till sj\u00f6ss som s\u00e5ngare i shower i Broadway-stil p\u00e5 fartyg. Det \u00e4r d\u00e4r Dawn utvecklade sin passion f\u00f6r att resa och tr\u00e4ffa nya m\u00e4nniskor. Hon blev sedan kryssningsdirekt\u00f6r, den b\u00e4sta delen av det hon s\u00e4ger, &#8221;\u00e4r att se underverket i andras \u00f6gon n\u00e4r de upplever n\u00e5got magiskt. Att vara en del av det g\u00f6r livet v\u00e4ldigt speciellt.&#8221; Dawn bor i Storbritannien och \u00e4r stolt intersex. Hon har varit talesman i Storbritannien f\u00f6r Intersex Community, och \u00e4r mycket glad \u00f6ver att vara den f\u00f6rsta Intersex-medlemmen i The V Team. K\u00f6r h\u00e5rt!!!! F\u00f6lj Dawn p\u00e5 Insta <strong><a href=\"https:\/\/www.instagram.com\/dawnvago\/\" target=\"_blank\" rel=\"noopener\">@dawnvago<\/a><\/strong> .<\/p>\n<p>[\/et_pb_text][dmpro_masonry_gallery images=&#8221;142411,142402,142393,142384,142375,142366&#8243; columns=&#8221;6&#8243; columns_tablet=&#8221;6&#8243; columns_phone=&#8221;3&#8243; columns_last_edited=&#8221;on|desktop&#8221; _builder_version=&#8221;4.17.6&#8243; _module_preset=&#8221;default&#8221; global_colors_info=&#8221;{}&#8221;][\/dmpro_masonry_gallery][\/et_pb_column][\/et_pb_row][\/et_pb_section][et_pb_section fb_built=&#8221;1&#8243; admin_label=&#8221;Drew Reed&#8221; _builder_version=&#8221;4.23.4&#8243; _module_preset=&#8221;default&#8221; custom_padding=&#8221;0%||||false|false&#8221; collapsed=&#8221;on&#8221; global_colors_info=&#8221;{}&#8221;][et_pb_row _builder_version=&#8221;4.17.6&#8243; _module_preset=&#8221;default&#8221; custom_padding=&#8221;0%||||false|false&#8221; global_colors_info=&#8221;{}&#8221;][et_pb_column type=&#8221;4_4&#8243; _builder_version=&#8221;4.17.6&#8243; _module_preset=&#8221;default&#8221; global_colors_info=&#8221;{}&#8221;][et_pb_text admin_label=&#8221;Section Title &#8211; H3&#8243; _builder_version=&#8221;4.23.4&#8243; _module_preset=&#8221;default&#8221; header_3_font=&#8221;Futura Bold|||on|||||&#8221; header_3_text_align=&#8221;left&#8221; header_3_text_color=&#8221;#000000&#8243; header_3_font_size=&#8221;18px&#8221; header_3_letter_spacing=&#8221;1.8px&#8221; header_3_line_height=&#8221;24px&#8221; custom_margin=&#8221;||2%||false|false&#8221; custom_margin_tablet=&#8221;||||false|false&#8221; custom_margin_phone=&#8221;||||false|false&#8221; custom_margin_last_edited=&#8221;on|desktop&#8221; custom_padding=&#8221;||||false|false&#8221; global_colors_info=&#8221;{}&#8221;]<\/p>\n<h3>Drew Reed (han\/honom) &#8211; Medlem i evenemangsteamet<\/h3>\n<p>[\/et_pb_text][et_pb_text _builder_version=&#8221;4.23.4&#8243; _module_preset=&#8221;default&#8221; custom_padding=&#8221;||||false|false&#8221; custom_padding_tablet=&#8221;||||false|false&#8221; custom_padding_phone=&#8221;||||false|false&#8221; custom_padding_last_edited=&#8221;on|phone&#8221; global_colors_info=&#8221;{}&#8221;]<\/p>\n<p>Drew v\u00e4xte upp i en liten stad i \u00f6stra Texas, men bor nu i Chicago med sin vackra make som han gifte sig med 2023. Drew \u00e4r flygv\u00e4rdinna f\u00f6r v\u00e4rldens st\u00f6rsta flygbolag och reser non-stop f\u00f6r sport och fritid, vilket g\u00f6r honom till en erfaren resen\u00e4r. Han spelar pickleball f\u00f6r homosexuella, volleyboll och har spelat i ett resande softballlag sedan 2019. Du kommer f\u00f6rmodligen att se honom i n\u00e5gon slumpm\u00e4ssig stad och tr\u00e4ffa s\u00e5 m\u00e5nga nya m\u00e4nniskor som m\u00f6jligt. Trots alla evenemang han \u00e4r involverad i skulle du s\u00e4llan se Drew hemma. Han \u00e4r ocks\u00e5 lite n\u00f6rdig och \u00e4lskar allt som har med sci-fi eller anime att g\u00f6ra. S\u00e5 om du vill prata aff\u00e4rer kan Drew prata med dig. Han s\u00e5g \u00f6ver 72 olika titlar f\u00f6rra \u00e5ret! F\u00f6lj Drew p\u00e5 Insta <strong><a href=\"https:\/\/www.instagram.com\/drewskireed\" target=\"_blank\" rel=\"noopener\">@drewskireed<\/a><\/strong> .        <\/p>\n<p>[\/et_pb_text][dmpro_masonry_gallery images=&#8221;182203,182194,182185,182176,182167,182158&#8243; columns=&#8221;6&#8243; columns_tablet=&#8221;6&#8243; columns_phone=&#8221;3&#8243; columns_last_edited=&#8221;on|desktop&#8221; _builder_version=&#8221;4.23.4&#8243; _module_preset=&#8221;default&#8221; global_colors_info=&#8221;{}&#8221;][\/dmpro_masonry_gallery][\/et_pb_column][\/et_pb_row][\/et_pb_section][et_pb_section fb_built=&#8221;1&#8243; admin_label=&#8221;Dylan Smith&#8221; _builder_version=&#8221;4.27.4&#8243; _module_preset=&#8221;default&#8221; custom_padding=&#8221;0%||||false|false&#8221; collapsed=&#8221;off&#8221; global_colors_info=&#8221;{}&#8221;][et_pb_row _builder_version=&#8221;4.17.6&#8243; _module_preset=&#8221;default&#8221; custom_padding=&#8221;0%||||false|false&#8221; global_colors_info=&#8221;{}&#8221;][et_pb_column type=&#8221;4_4&#8243; _builder_version=&#8221;4.17.6&#8243; _module_preset=&#8221;default&#8221; global_colors_info=&#8221;{}&#8221;][et_pb_text admin_label=&#8221;Section Title &#8211; H3&#8243; _builder_version=&#8221;4.27.4&#8243; _module_preset=&#8221;default&#8221; header_3_font=&#8221;Futura Bold|||on|||||&#8221; header_3_text_align=&#8221;left&#8221; header_3_text_color=&#8221;#000000&#8243; header_3_font_size=&#8221;18px&#8221; header_3_letter_spacing=&#8221;1.8px&#8221; header_3_line_height=&#8221;24px&#8221; custom_margin=&#8221;||2%||false|false&#8221; custom_margin_tablet=&#8221;||||false|false&#8221; custom_margin_phone=&#8221;||||false|false&#8221; custom_margin_last_edited=&#8221;on|desktop&#8221; custom_padding=&#8221;||||false|false&#8221; global_colors_info=&#8221;{}&#8221;]<\/p>\n<h3>Dylan Smith (han\/honom) &#8211; Medlem i evenemangsteamet<\/h3>\n<p>[\/et_pb_text][et_pb_text _builder_version=&#8221;4.27.4&#8243; _module_preset=&#8221;default&#8221; custom_padding=&#8221;||||false|false&#8221; custom_padding_tablet=&#8221;||||false|false&#8221; custom_padding_phone=&#8221;||||false|false&#8221; custom_padding_last_edited=&#8221;on|phone&#8221; hover_enabled=&#8221;0&#8243; global_colors_info=&#8221;{}&#8221; sticky_enabled=&#8221;0&#8243;]<\/p>\n<p style=\"font-weight: 400;\">Dylan kommer fr\u00e5n East Lansing, Michigan, hem f\u00f6r MSU Spartans (Go Green!), d\u00e4r han bor med sina tre fantastiska barn. Dylan bidrar med massor av energi och \u00e4nnu st\u00f6rre leenden till kryssningen. P\u00e5 dagen \u00e4r han organisatorisk aff\u00e4rskonsult och hj\u00e4lper f\u00f6retag att f\u00e5 ordning p\u00e5 sina saker, och han \u00e4r stolt styrelseordf\u00f6rande f\u00f6r den ideella organisationen The MARK Advocacy Group. P\u00e5 natten? En professionell \u00e4ventyrare som s\u00f6ker fantastiska ber\u00e4ttelser och \u00e4nnu b\u00e4ttre s\u00e4llskap. N\u00e4r han inte kryssar p\u00e5 \u00f6ppet hav hittar du Dylan utomhus springande, mountainbike\u00e5kande, skid\u00e5kande, snowboard\u00e5kande, kajakpaddling eller fotbollsspelande. I grund och botten, om det handlar om frisk luft och lite adrenalin, s\u00e5 \u00e4r han med. Som en livemusikentusiast som tycker om att uppt\u00e4cka nya artister, jobbar han ocks\u00e5 extra som en g\u00f6r-det-sj\u00e4lv-trollkarl: snickeri, kakel, gips och stickning. Stickning r\u00e4knas som g\u00f6r-det-sj\u00e4lv, eller hur? Med allt fr\u00e5n 2 till 15 projekt p\u00e5 g\u00e5ng samtidigt har tristess ingen chans. Se Dylan p\u00e5 d\u00e4ck med en kaffe i ena handen och en vild id\u00e9 till hans n\u00e4sta projekt i den andra. Bonuspo\u00e4ng om du tar med dig en bra spellista och ett eller tv\u00e5 danssteg! F\u00f6lj Dylan p\u00e5 Insta @ <a href=\"https:\/\/www.instagram.com\/dylansmith5805\/\" target=\"_blank\" rel=\"noopener\">dylansmith5805<\/a> .            <\/p>\n<p>[\/et_pb_text][dmpro_masonry_gallery images=&#8221;192910,192901,192892,192883,192874,192865&#8243; columns=&#8221;6&#8243; columns_tablet=&#8221;6&#8243; columns_phone=&#8221;3&#8243; columns_last_edited=&#8221;on|desktop&#8221; _builder_version=&#8221;4.27.4&#8243; _module_preset=&#8221;default&#8221; global_colors_info=&#8221;{}&#8221;][\/dmpro_masonry_gallery][\/et_pb_column][\/et_pb_row][\/et_pb_section][et_pb_section fb_built=&#8221;1&#8243; admin_label=&#8221;Evan Lewis&#8221; _builder_version=&#8221;4.17.6&#8243; _module_preset=&#8221;default&#8221; custom_padding=&#8221;0%||||false|false&#8221; collapsed=&#8221;on&#8221; global_colors_info=&#8221;{}&#8221;][et_pb_row _builder_version=&#8221;4.17.6&#8243; _module_preset=&#8221;default&#8221; custom_padding=&#8221;0%||||false|false&#8221; global_colors_info=&#8221;{}&#8221;][et_pb_column type=&#8221;4_4&#8243; _builder_version=&#8221;4.17.6&#8243; _module_preset=&#8221;default&#8221; global_colors_info=&#8221;{}&#8221;][et_pb_text admin_label=&#8221;Section Title &#8211; H3&#8243; _builder_version=&#8221;4.17.6&#8243; _module_preset=&#8221;default&#8221; header_3_font=&#8221;Futura Bold|||on|||||&#8221; header_3_text_align=&#8221;left&#8221; header_3_text_color=&#8221;#000000&#8243; header_3_font_size=&#8221;18px&#8221; header_3_letter_spacing=&#8221;1.8px&#8221; header_3_line_height=&#8221;24px&#8221; custom_margin=&#8221;||2%||false|false&#8221; custom_margin_tablet=&#8221;||||false|false&#8221; custom_margin_phone=&#8221;||||false|false&#8221; custom_margin_last_edited=&#8221;on|desktop&#8221; custom_padding=&#8221;||||false|false&#8221; global_colors_info=&#8221;{}&#8221;]<\/p>\n<h3>Evan Lewis (han\/honom) &#8211; Event Team Member<\/h3>\n<p>[\/et_pb_text][et_pb_text admin_label=&#8221;Text&#8221; _builder_version=&#8221;4.23.4&#8243; _module_preset=&#8221;default&#8221; custom_padding=&#8221;||||false|false&#8221; custom_padding_tablet=&#8221;||||false|false&#8221; custom_padding_phone=&#8221;||||false|false&#8221; custom_padding_last_edited=&#8221;on|phone&#8221; global_colors_info=&#8221;{}&#8221;]<\/p>\n<p>Evan \u00e4r en musiker fr\u00e5n som \u00e4lskar att f\u00e5 kontakt med LGBTQIA+-communityt och \u00e4r superglad \u00f6ver att resa med VACAYA. Evan gick nyligen i pension fr\u00e5n sin l\u00e4rarkarri\u00e4r, d\u00e4r han var den f\u00f6rsta folkskolel\u00e4raren i Michigan som \u00f6ppet k\u00f6ns\u00f6verg\u00e5ng p\u00e5 jobbet. Han och hans fru Annette \u00e4r dedikerade till att tj\u00e4na det trans- och genusavvikande samh\u00e4llet och skapa inkluderande milj\u00f6er f\u00f6r alla. Evan uppmanas ofta att tala med organisationer, grupper och enskilda familjer om de unika problem som denna gemenskap st\u00e5r inf\u00f6r. Han \u00e4r ocks\u00e5 medlem i sitt kyrkliga pastorala\/f\u00f6rsamlingsrelationsteam och var ledare f\u00f6r Open and Affirming Team. Han har en passion f\u00f6r att st\u00f6dja livsberikande upplevelser f\u00f6r andra genom resor, musik och gemenskap. Evan och hans fru Annette har uppfostrat fem fantastiska barn tillsammans och \u00e4r glada \u00f6ver att snart bli nyblivna morf\u00f6r\u00e4ldrar!<\/p>\n<p>[\/et_pb_text][dmpro_masonry_gallery images=&#8221;35541,35542,35543,35544,35545,35546&#8243; columns=&#8221;6&#8243; columns_tablet=&#8221;6&#8243; columns_phone=&#8221;3&#8243; columns_last_edited=&#8221;on|desktop&#8221; _builder_version=&#8221;4.17.6&#8243; _module_preset=&#8221;default&#8221; global_colors_info=&#8221;{}&#8221;][\/dmpro_masonry_gallery][\/et_pb_column][\/et_pb_row][\/et_pb_section][et_pb_section fb_built=&#8221;1&#8243; admin_label=&#8221;Evan Stenger&#8221; _builder_version=&#8221;4.17.6&#8243; _module_preset=&#8221;default&#8221; custom_padding=&#8221;0%||||false|false&#8221; collapsed=&#8221;on&#8221; global_colors_info=&#8221;{}&#8221;][et_pb_row _builder_version=&#8221;4.17.6&#8243; _module_preset=&#8221;default&#8221; custom_padding=&#8221;0%||||false|false&#8221; global_colors_info=&#8221;{}&#8221;][et_pb_column type=&#8221;4_4&#8243; _builder_version=&#8221;4.17.6&#8243; _module_preset=&#8221;default&#8221; global_colors_info=&#8221;{}&#8221;][et_pb_text admin_label=&#8221;Section Title &#8211; H3&#8243; _builder_version=&#8221;4.17.6&#8243; _module_preset=&#8221;default&#8221; header_3_font=&#8221;Futura Bold|||on|||||&#8221; header_3_text_align=&#8221;left&#8221; header_3_text_color=&#8221;#000000&#8243; header_3_font_size=&#8221;18px&#8221; header_3_letter_spacing=&#8221;1.8px&#8221; header_3_line_height=&#8221;24px&#8221; custom_margin=&#8221;||2%||false|false&#8221; custom_margin_tablet=&#8221;||||false|false&#8221; custom_margin_phone=&#8221;||||false|false&#8221; custom_margin_last_edited=&#8221;on|desktop&#8221; custom_padding=&#8221;||||false|false&#8221; global_colors_info=&#8221;{}&#8221;]<\/p>\n<h3>Evan Stenger (han\/honom) &#8211; Event Team Member<\/h3>\n<p>[\/et_pb_text][et_pb_text admin_label=&#8221;Text&#8221; _builder_version=&#8221;4.23.4&#8243; _module_preset=&#8221;default&#8221; custom_padding=&#8221;||||false|false&#8221; custom_padding_tablet=&#8221;||||false|false&#8221; custom_padding_phone=&#8221;||||false|false&#8221; custom_padding_last_edited=&#8221;on|phone&#8221; global_colors_info=&#8221;{}&#8221;]<\/p>\n<p>Evan kommer fr\u00e5n soliga Austin, Texas, och h\u00e5ller de flesta av sina dagar sysselsatta med bakning, tr\u00e4dg\u00e5rdsarbete, gay-dodgeball-ligor, vandring, paddleboard och att g\u00e5 vilse i olika konstprojekt. Han \u00e4lskar ocks\u00e5 att resa och att bes\u00f6ka nya platser. Hans t\u00f6rst efter att resa b\u00f6rjade efter college n\u00e4r han tillbringade en sommar i Barcelona, \u200b\u200bSpanien som au pair till en underbar familj, som han fortfarande har kontakt med \u00e4n i dag. N\u00e5gra av Evans mest minnesv\u00e4rda upplevelser \u00e4r att backpacka runt Medelhavet p\u00e5 en d\u00e5lig universitetsstudentbudget, tillbringa en helg i ett elefantreservat i Thailand och ha ett matkrig p\u00e5 ett t\u00e5g i Vietnam! N\u00e4r Evan inte flyger jorden runt gillar han att koppla av hemma med sina p\u00e4lsbebisar: tv\u00e5 hundar som heter Pudgers och Talia, en katt som heter Rocky och en fennecr\u00e4v som heter Milo! F\u00f6lj Evan p\u00e5 Instagram <strong><a href=\"https:\/\/www.instagram.com\/lakeside_fox\/\" target=\"_blank\" rel=\"noopener\">@lakeside_fox<\/a><\/strong> .<\/p>\n<p>[\/et_pb_text][dmpro_masonry_gallery images=&#8221;35529,35530,35531,35532,35533,35534&#8243; columns=&#8221;6&#8243; columns_tablet=&#8221;6&#8243; columns_phone=&#8221;3&#8243; columns_last_edited=&#8221;on|desktop&#8221; _builder_version=&#8221;4.17.6&#8243; _module_preset=&#8221;default&#8221; global_colors_info=&#8221;{}&#8221;][\/dmpro_masonry_gallery][\/et_pb_column][\/et_pb_row][\/et_pb_section][et_pb_section fb_built=&#8221;1&#8243; admin_label=&#8221;Gabriel Goldberg&#8221; _builder_version=&#8221;4.17.6&#8243; _module_preset=&#8221;default&#8221; custom_padding=&#8221;0%||||false|false&#8221; collapsed=&#8221;on&#8221; global_colors_info=&#8221;{}&#8221;][et_pb_row _builder_version=&#8221;4.17.6&#8243; _module_preset=&#8221;default&#8221; custom_padding=&#8221;0%||||false|false&#8221; global_colors_info=&#8221;{}&#8221;][et_pb_column type=&#8221;4_4&#8243; _builder_version=&#8221;4.17.6&#8243; _module_preset=&#8221;default&#8221; global_colors_info=&#8221;{}&#8221;][et_pb_text admin_label=&#8221;Section Title &#8211; H3&#8243; _builder_version=&#8221;4.17.6&#8243; _module_preset=&#8221;default&#8221; header_3_font=&#8221;Futura Bold|||on|||||&#8221; header_3_text_align=&#8221;left&#8221; header_3_text_color=&#8221;#000000&#8243; header_3_font_size=&#8221;18px&#8221; header_3_letter_spacing=&#8221;1.8px&#8221; header_3_line_height=&#8221;24px&#8221; custom_margin=&#8221;||2%||false|false&#8221; custom_margin_tablet=&#8221;||||false|false&#8221; custom_margin_phone=&#8221;||||false|false&#8221; custom_margin_last_edited=&#8221;on|desktop&#8221; custom_padding=&#8221;||||false|false&#8221; global_colors_info=&#8221;{}&#8221;]<\/p>\n<h3>Gabriel Goldberg (han\/honom) &#8211; Fotograf<\/h3>\n<p>[\/et_pb_text][et_pb_text _builder_version=&#8221;4.17.6&#8243; _module_preset=&#8221;default&#8221; custom_padding=&#8221;||||false|false&#8221; custom_padding_tablet=&#8221;||||false|false&#8221; custom_padding_phone=&#8221;||||false|false&#8221; custom_padding_last_edited=&#8221;on|phone&#8221; global_colors_info=&#8221;{}&#8221;]<\/p>\n<p>Gabriel \u00e4r en frilansfotograf baserad i Los Angeles. Han filmar reklam, ledare och k\u00e4ndisar och s\u00e4ger hela tiden till sina motiv &#8221;Bara en till!&#8221; innan du tar minst tio bilder till. Innan han b\u00f6rjade fotografera var Gabriel grundande redakt\u00f6r f\u00f6r Instinct magazine (kommer du ih\u00e5g tidningar?!), men han kommer bara att korrigera din grammatik om du fr\u00e5gar sn\u00e4llt. Att fotografera f\u00f6r VACAYA \u00e4r en dr\u00f6m eftersom det blandar hans k\u00e4rlek till att resa med att tr\u00e4ffa fantastiska nya m\u00e4nniskor fr\u00e5n hela v\u00e4rlden, och kameran ger honom en urs\u00e4kt att tr\u00e4ffa och interagera med varje g\u00e4st ombord p\u00e5 fartyget eller p\u00e5 resorten. Han \u00e4lskar den inkluderande gemenskapen som VACAYA st\u00e5r f\u00f6r och kan inte v\u00e4nta med att trycka linsen i ansiktet p\u00e5 dig p\u00e5 n\u00e4sta resa. Om du vill se hans arbete, bes\u00f6k hans webbplats p\u00e5 <strong><a href=\"http:\/\/www.GabrielGoldberg.com\">www.GabrielGoldberg.com<\/a><\/strong> eller f\u00f6lj honom p\u00e5 Insta p\u00e5 @ <strong><a href=\"https:\/\/www.instagram.com\/g2fotog\/\" target=\"_blank\" rel=\"noopener\">g2fotog<\/a><\/strong> (familjev\u00e4nligt) eller @ <strong><a href=\"https:\/\/www.instagram.com\/hollywood_bruisers\/\" target=\"_blank\" rel=\"noopener\">hollywood_bruisers<\/a><\/strong> (de saker du f\u00f6rmodligen <em>vill<\/em> titta p\u00e5).<\/p>\n<p>[\/et_pb_text][dmpro_masonry_gallery images=&#8221;28893,28891,28894,28890,28892,28889&#8243; columns=&#8221;6&#8243; columns_tablet=&#8221;6&#8243; columns_phone=&#8221;3&#8243; columns_last_edited=&#8221;on|desktop&#8221; _builder_version=&#8221;4.17.6&#8243; _module_preset=&#8221;default&#8221; global_colors_info=&#8221;{}&#8221;][\/dmpro_masonry_gallery][\/et_pb_column][\/et_pb_row][\/et_pb_section][et_pb_section fb_built=&#8221;1&#8243; admin_label=&#8221;Gabrielle Dorsey&#8221; _builder_version=&#8221;4.17.6&#8243; _module_preset=&#8221;default&#8221; custom_padding=&#8221;0%||||false|false&#8221; collapsed=&#8221;on&#8221; global_colors_info=&#8221;{}&#8221;][et_pb_row _builder_version=&#8221;4.17.6&#8243; _module_preset=&#8221;default&#8221; custom_padding=&#8221;0%||||false|false&#8221; global_colors_info=&#8221;{}&#8221;][et_pb_column type=&#8221;4_4&#8243; _builder_version=&#8221;4.17.6&#8243; _module_preset=&#8221;default&#8221; global_colors_info=&#8221;{}&#8221;][et_pb_text admin_label=&#8221;Section Title &#8211; H3&#8243; _builder_version=&#8221;4.17.6&#8243; _module_preset=&#8221;default&#8221; header_3_font=&#8221;Futura Bold|||on|||||&#8221; header_3_text_align=&#8221;left&#8221; header_3_text_color=&#8221;#000000&#8243; header_3_font_size=&#8221;18px&#8221; header_3_letter_spacing=&#8221;1.8px&#8221; header_3_line_height=&#8221;24px&#8221; custom_margin=&#8221;||2%||false|false&#8221; custom_margin_tablet=&#8221;||||false|false&#8221; custom_margin_phone=&#8221;||||false|false&#8221; custom_margin_last_edited=&#8221;on|desktop&#8221; custom_padding=&#8221;||||false|false&#8221; global_colors_info=&#8221;{}&#8221;]<\/p>\n<h3>Gabrielle Dorsey (hon\/de) &#8211; Event Team Member<\/h3>\n<p>[\/et_pb_text][et_pb_text _builder_version=&#8221;4.17.6&#8243; _module_preset=&#8221;default&#8221; custom_padding=&#8221;||||false|false&#8221; custom_padding_tablet=&#8221;||||false|false&#8221; custom_padding_phone=&#8221;||||false|false&#8221; custom_padding_last_edited=&#8221;on|phone&#8221; global_colors_info=&#8221;{}&#8221;]<\/p>\n<p>K\u00e4nd av b\u00e5de Gabrielle Dorsey och &#8221;Mercury Rising-Cox&#8221;, Gabbys pronomen \u00e4r hon\/de. Hon \u00e4r en nykter transkvinna med m\u00e5nga talanger: en flygv\u00e4rdinna, en ivrig softbollspelare och HELT dragunderh\u00e5llare. Att arbeta f\u00f6r ett flygbolag har gett Gabby den fantastiska m\u00f6jligheten att bes\u00f6ka m\u00e5nga platser runt om i v\u00e4rlden. Hennes internationella favoritdestination \u00e4r Irland, och hennes favoritplats i USA \u00e4r Portland. Gabby b\u00f6rjade spela softball n\u00e4r hon var 22 och hennes lag spelade nyligen i Gay Softball World Series i Dallas, TX! Softboll och drag h\u00e5ller henne aktiv och i form. Hon \u00e4r veckovis med i rollerna i <em><strong>The Stilettos Show<\/strong><\/em> p\u00e5 The Pub on the Drive i Wilton Manors. Hon b\u00f6rjade dra f\u00f6r \u00f6ver ett decennium sedan och var nyligen i Floridas Imperial Sun Court, en 501(c)3 ideell organisation som samlar in pengar till olika v\u00e4lg\u00f6renhetsorganisationer\/icke-vinstdrivande organisationer i HBTQIA-gemenskapen. F\u00f6lj Gabbys Instas @ <strong><a href=\"https:\/\/www.instagram.com\/mercuryrisingcox\" target=\"_blank\" rel=\"noopener\">mercuryrisingcox<\/a><\/strong> och <strong><a href=\"https:\/\/www.instagram.com\/enby_queer\">enby_queer<\/a><\/strong> .<\/p>\n<p>[\/et_pb_text][dmpro_masonry_gallery images=&#8221;35475,35476,35477,35478,35479,35480&#8243; columns=&#8221;6&#8243; columns_tablet=&#8221;6&#8243; columns_phone=&#8221;3&#8243; columns_last_edited=&#8221;on|desktop&#8221; _builder_version=&#8221;4.17.6&#8243; _module_preset=&#8221;default&#8221; global_colors_info=&#8221;{}&#8221;][\/dmpro_masonry_gallery][\/et_pb_column][\/et_pb_row][\/et_pb_section][et_pb_section fb_built=&#8221;1&#8243; admin_label=&#8221;Hector Stephenson&#8221; _builder_version=&#8221;4.23.4&#8243; _module_preset=&#8221;default&#8221; custom_padding=&#8221;0%||||false|false&#8221; collapsed=&#8221;on&#8221; global_colors_info=&#8221;{}&#8221;][et_pb_row _builder_version=&#8221;4.17.6&#8243; _module_preset=&#8221;default&#8221; custom_padding=&#8221;0%||||false|false&#8221; global_colors_info=&#8221;{}&#8221;][et_pb_column type=&#8221;4_4&#8243; _builder_version=&#8221;4.17.6&#8243; _module_preset=&#8221;default&#8221; global_colors_info=&#8221;{}&#8221;][et_pb_text admin_label=&#8221;Section Title &#8211; H3&#8243; _builder_version=&#8221;4.23.4&#8243; _module_preset=&#8221;default&#8221; header_3_font=&#8221;Futura Bold|||on|||||&#8221; header_3_text_align=&#8221;left&#8221; header_3_text_color=&#8221;#000000&#8243; header_3_font_size=&#8221;18px&#8221; header_3_letter_spacing=&#8221;1.8px&#8221; header_3_line_height=&#8221;24px&#8221; custom_margin=&#8221;||2%||false|false&#8221; custom_margin_tablet=&#8221;||||false|false&#8221; custom_margin_phone=&#8221;||||false|false&#8221; custom_margin_last_edited=&#8221;on|desktop&#8221; custom_padding=&#8221;||||false|false&#8221; global_colors_info=&#8221;{}&#8221;]<\/p>\n<h3>Hector Stephenson (han\/honom) &#8211; Medlem i evenemangsteamet<\/h3>\n<p>[\/et_pb_text][et_pb_text _builder_version=&#8221;4.23.4&#8243; _module_preset=&#8221;default&#8221; custom_padding=&#8221;||||false|false&#8221; custom_padding_tablet=&#8221;||||false|false&#8221; custom_padding_phone=&#8221;||||false|false&#8221; custom_padding_last_edited=&#8221;on|phone&#8221; global_colors_info=&#8221;{}&#8221;]<\/p>\n<p style=\"font-weight: 400;\">Hector tycker om att resa och tar varje tillf\u00e4lle i akt att g\u00f6ra det. Efter att ha blivit introducerad till VACAYA-teamet visste han direkt att han skulle resa med oss \u200b\u200bs\u00e5 l\u00e4nge som m\u00f6jligt. Han njuter av den familjek\u00e4nsla som fr\u00e4mjas under varje VACAYA-\u00e4ventyr, att f\u00e5 chansen att tr\u00e4ffa gamla v\u00e4nner fr\u00e5n tidigare resor, att f\u00e5 nya v\u00e4nner p\u00e5 den nuvarande resan och att planera att \u00e5terknyta kontakten i framtiden. N\u00e4r Hector inte reser spenderar han sin tid med att arbeta med cancerpatienter n\u00e4r de navigerar sv\u00e5righeterna med diagnos och behandlingsalternativ, s\u00e5v\u00e4l som utmaningarna med att \u00f6verleva. Han tycker om att spendera kvalitetstid med v\u00e4nner och familj fr\u00e5n alla samh\u00e4llsskikt. Att leva ett liv med tro ger honom m\u00f6jlighet att leva ett liv med k\u00e4rlek och gl\u00e4dje, vilket han delar med sin omgivning.     <\/p>\n<p>[\/et_pb_text][dmpro_masonry_gallery images=&#8221;172973,172964,172955,172946,172937,172928,173083,173074,173065,173056,173047,173038&#8243; columns=&#8221;6&#8243; columns_tablet=&#8221;6&#8243; columns_phone=&#8221;3&#8243; columns_last_edited=&#8221;on|desktop&#8221; _builder_version=&#8221;4.23.4&#8243; _module_preset=&#8221;default&#8221; global_colors_info=&#8221;{}&#8221;][\/dmpro_masonry_gallery][\/et_pb_column][\/et_pb_row][\/et_pb_section][et_pb_section fb_built=&#8221;1&#8243; admin_label=&#8221;Ian Alejandro&#8221; _builder_version=&#8221;4.17.6&#8243; _module_preset=&#8221;default&#8221; custom_padding=&#8221;0%||||false|false&#8221; collapsed=&#8221;on&#8221; global_colors_info=&#8221;{}&#8221;][et_pb_row _builder_version=&#8221;4.17.6&#8243; _module_preset=&#8221;default&#8221; custom_padding=&#8221;0%||||false|false&#8221; global_colors_info=&#8221;{}&#8221;][et_pb_column type=&#8221;4_4&#8243; _builder_version=&#8221;4.17.6&#8243; _module_preset=&#8221;default&#8221; global_colors_info=&#8221;{}&#8221;][et_pb_text admin_label=&#8221;Section Title &#8211; H3&#8243; _builder_version=&#8221;4.17.6&#8243; _module_preset=&#8221;default&#8221; header_3_font=&#8221;Futura Bold|||on|||||&#8221; header_3_text_align=&#8221;left&#8221; header_3_text_color=&#8221;#000000&#8243; header_3_font_size=&#8221;18px&#8221; header_3_letter_spacing=&#8221;1.8px&#8221; header_3_line_height=&#8221;24px&#8221; custom_margin=&#8221;||2%||false|false&#8221; custom_margin_tablet=&#8221;||||false|false&#8221; custom_margin_phone=&#8221;||||false|false&#8221; custom_margin_last_edited=&#8221;on|desktop&#8221; custom_padding=&#8221;||||false|false&#8221; global_colors_info=&#8221;{}&#8221;]<\/p>\n<h3>Ian Alejandro (han\/honom) &#8211; Event Team Member<\/h3>\n<p>[\/et_pb_text][et_pb_text _builder_version=&#8221;4.23.4&#8243; _module_preset=&#8221;default&#8221; custom_padding=&#8221;||||false|false&#8221; custom_padding_tablet=&#8221;||||false|false&#8221; custom_padding_phone=&#8221;||||false|false&#8221; custom_padding_last_edited=&#8221;on|phone&#8221; global_colors_info=&#8221;{}&#8221;]<\/p>\n<p>Ian kommer ursprungligen fr\u00e5n den vackra \u00f6n Puerto Rico, men v\u00e4xte upp i sm\u00e5staden Texas \u2013 Boricua med en cowboy-twist! Bara en kort tid efter sin flytt till USA diagnostiserades Ian med typ 1-diabetes. Men trots att han lever de dagliga utmaningarna med kronisk sjukdom har Ian aldrig l\u00e5tit det hindra honom fr\u00e5n att fullf\u00f6lja sina passioner och dr\u00f6mmar. Han skulle ber\u00e4tta f\u00f6r dig att det bara f\u00e5r honom att uppskatta varje \u00f6gonblick djupare. Det var det f\u00f6rsta flyget han tog som ensamkommande som \u00f6ppnade hans \u00f6gon f\u00f6r att resa. Han ins\u00e5g hur stor v\u00e4rlden var utanf\u00f6r hans \u00e4lskade \u00f6 och till och med det st\u00f6rre Texas. Detta \u00f6gonblick skulle leda till hans beslut att bli flygv\u00e4rdinna n\u00e4stan 24 \u00e5r senare. Ian flyger regelbundet \u00f6ver hela v\u00e4rlden. Med DFW som nav har han sett mycket av v\u00e4rlden. Han lever f\u00f6r att h\u00f6ra m\u00e4nniskors ber\u00e4ttelser och finner tillfredsst\u00e4llelse i att erbjuda sina passagerare sm\u00e5 handlingar av godhet p\u00e5 v\u00e4gen. Ian \u00e4lskar mat \u2013 s\u00e4rskilt s\u00f6tsaker (med r\u00e4tt dos insulin!). Ian har en Chaweenie, en drake, och en parakit, en trollkarl.  Ians livsmotto har alltid varit \u201dDu f\u00e5r ett liv. Lev det p\u00e5 ett s\u00e4tt som inspirerar andra.\u201d Ian \u00e4lskar att dela skratt och minnesv\u00e4rda upplevelser med v\u00e4nnerna han tr\u00e4ffar p\u00e5 varje resa! F\u00f6lj Ian p\u00e5 Insta @ <strong><a href=\"https:\/\/www.instagram.com\/ianmalj\/\" target=\"_blank\" rel=\"noopener\">iamlamj<\/a><\/strong> .<\/p>\n<p>[\/et_pb_text][dmpro_masonry_gallery images=&#8221;28932,28935,28936,28931,28934,172446&#8243; columns=&#8221;6&#8243; columns_tablet=&#8221;6&#8243; columns_phone=&#8221;3&#8243; columns_last_edited=&#8221;on|desktop&#8221; _builder_version=&#8221;4.23.4&#8243; _module_preset=&#8221;default&#8221; global_colors_info=&#8221;{}&#8221;][\/dmpro_masonry_gallery][\/et_pb_column][\/et_pb_row][\/et_pb_section][et_pb_section fb_built=&#8221;1&#8243; admin_label=&#8221;Jared Young&#8221; _builder_version=&#8221;4.23.4&#8243; _module_preset=&#8221;default&#8221; custom_padding=&#8221;0%||||false|false&#8221; collapsed=&#8221;on&#8221; global_colors_info=&#8221;{}&#8221;][et_pb_row _builder_version=&#8221;4.17.6&#8243; _module_preset=&#8221;default&#8221; custom_padding=&#8221;0%||||false|false&#8221; global_colors_info=&#8221;{}&#8221;][et_pb_column type=&#8221;4_4&#8243; _builder_version=&#8221;4.17.6&#8243; _module_preset=&#8221;default&#8221; global_colors_info=&#8221;{}&#8221;][et_pb_text admin_label=&#8221;Section Title &#8211; H3&#8243; _builder_version=&#8221;4.23.4&#8243; _module_preset=&#8221;default&#8221; header_3_font=&#8221;Futura Bold|||on|||||&#8221; header_3_text_align=&#8221;left&#8221; header_3_text_color=&#8221;#000000&#8243; header_3_font_size=&#8221;18px&#8221; header_3_letter_spacing=&#8221;1.8px&#8221; header_3_line_height=&#8221;24px&#8221; custom_margin=&#8221;||2%||false|false&#8221; custom_margin_tablet=&#8221;||||false|false&#8221; custom_margin_phone=&#8221;||||false|false&#8221; custom_margin_last_edited=&#8221;on|desktop&#8221; custom_padding=&#8221;||||false|false&#8221; global_colors_info=&#8221;{}&#8221;]<\/p>\n<h3>Jared Young (han\/de) &#8211; Medlem i evenemangsteamet<\/h3>\n<p>[\/et_pb_text][et_pb_text _builder_version=&#8221;4.23.4&#8243; _module_preset=&#8221;default&#8221; custom_padding=&#8221;||||false|false&#8221; custom_padding_tablet=&#8221;||||false|false&#8221; custom_padding_phone=&#8221;||||false|false&#8221; custom_padding_last_edited=&#8221;on|phone&#8221; global_colors_info=&#8221;{}&#8221;]<\/p>\n<p>Jared har l\u00e4nge \u00e4lskat att resa och se v\u00e4rlden. Som skotte som flyttade till soliga Kalifornien har han f\u00e5tt uppleva flera kulturer. Han har ocks\u00e5 turen att hans jobb som forskare g\u00f6r det m\u00f6jligt f\u00f6r honom att resa v\u00e4rlden runt, bes\u00f6ka universitet och tala p\u00e5 konferenser. Av den anledningen har Jared m\u00e5nga v\u00e4nner runt om i v\u00e4rlden och tycker om att h\u00e5lla kontakten och tr\u00e4ffa dem alla! Efter att ha startat ett flertal HBTQ+-sociala evenemang p\u00e5 olika konferenser tycker han om att sammanf\u00f6ra olika grupper. N\u00e4r Jared inte reser \u00e4lskar han att \u00e4ta och dricka gott i Hillcrest med sin partner Sophie och v\u00e4nner och att ta med sina tv\u00e5 hundar, Azzy och Coco, p\u00e5 promenader\/pubrunda. F\u00f6lj Jared p\u00e5 BlueSky <strong><a href=\"https:\/\/bsky.app\/profile\/jaredwyoung.bsky.social\" target=\"_blank\" rel=\"noopener\">@jaredwyoung.bsky.social<\/a><\/strong> .      <\/p>\n<p>[\/et_pb_text][dmpro_masonry_gallery images=&#8221;173227,173218,173209,173200,173191,173182&#8243; columns=&#8221;6&#8243; columns_tablet=&#8221;6&#8243; columns_phone=&#8221;3&#8243; columns_last_edited=&#8221;on|desktop&#8221; _builder_version=&#8221;4.23.4&#8243; _module_preset=&#8221;default&#8221; global_colors_info=&#8221;{}&#8221;][\/dmpro_masonry_gallery][\/et_pb_column][\/et_pb_row][\/et_pb_section][et_pb_section fb_built=&#8221;1&#8243; admin_label=&#8221;Jeff Drewno&#8221; _builder_version=&#8221;4.17.6&#8243; _module_preset=&#8221;default&#8221; custom_padding=&#8221;0%||||false|false&#8221; collapsed=&#8221;on&#8221; global_colors_info=&#8221;{}&#8221;][et_pb_row _builder_version=&#8221;4.17.6&#8243; _module_preset=&#8221;default&#8221; custom_padding=&#8221;0%||||false|false&#8221; global_colors_info=&#8221;{}&#8221;][et_pb_column type=&#8221;4_4&#8243; _builder_version=&#8221;4.17.6&#8243; _module_preset=&#8221;default&#8221; global_colors_info=&#8221;{}&#8221;][et_pb_text admin_label=&#8221;Section Title &#8211; H3&#8243; _builder_version=&#8221;4.17.6&#8243; _module_preset=&#8221;default&#8221; header_3_font=&#8221;Futura Bold|||on|||||&#8221; header_3_text_align=&#8221;left&#8221; header_3_text_color=&#8221;#000000&#8243; header_3_font_size=&#8221;18px&#8221; header_3_letter_spacing=&#8221;1.8px&#8221; header_3_line_height=&#8221;24px&#8221; custom_margin=&#8221;||2%||false|false&#8221; custom_margin_tablet=&#8221;||||false|false&#8221; custom_margin_phone=&#8221;||||false|false&#8221; custom_margin_last_edited=&#8221;on|desktop&#8221; custom_padding=&#8221;||||false|false&#8221; global_colors_info=&#8221;{}&#8221;]<\/p>\n<h3>Jeff Drewno (han\/honom) &#8211; Event Team Member<\/h3>\n<p>[\/et_pb_text][et_pb_text _builder_version=&#8221;4.17.6&#8243; _module_preset=&#8221;default&#8221; custom_padding=&#8221;||||false|false&#8221; custom_padding_tablet=&#8221;||||false|false&#8221; custom_padding_phone=&#8221;||||false|false&#8221; custom_padding_last_edited=&#8221;on|phone&#8221; global_colors_info=&#8221;{}&#8221;]<\/p>\n<p>Jeff \u00e4r en nyligen pensionerad grundskoll\u00e4rare och rektor sedan \u00f6ver 33 \u00e5r och kallar Michigan hem. Det \u00e4r Jeffs passion f\u00f6r resor som f\u00f6rde honom till VACAYA. Han \u00e4r REDO f\u00f6r de nya \u00e4ventyren! N\u00e5gra av hans favoritdestinationer inkluderar Palm Springs, Toronto, Dominikanska republiken, Italien, Sedona, Las Vegas och Puerto Vallarta. Som s\u00e5ngare har han upptr\u00e4tt i kabar\u00e9- och scenproduktioner i Michigan, Chicago och New York och \u00e4r k\u00e4nd f\u00f6r att ha en l\u00e5t fr\u00e5n Broadway-showen helt enkelt! Jeff \u00e4r en ivrig l\u00f6pare och \u00e4lskar sin tid p\u00e5 gymmet och i volleybollligan f\u00f6r homosexuella m\u00e4n i Michigan. Resor, s\u00e5ng och volleyboll \u00e4r s\u00e5klart fantastiska, men inget sl\u00e5r hans k\u00e4rlek till sin p\u00e4lsbebis Murphy! F\u00f6lj Jeff p\u00e5 Facebook p\u00e5 <strong><a href=\"https:\/\/www.facebook.com\/profile.php?id=100018395923772\" target=\"_blank\" rel=\"noopener\">@jeffreydrewno<\/a><\/strong> .<\/p>\n<p>[\/et_pb_text][dmpro_masonry_gallery images=&#8221;28866,28862,28861,28864,28865,28863&#8243; columns=&#8221;6&#8243; columns_tablet=&#8221;6&#8243; columns_phone=&#8221;3&#8243; columns_last_edited=&#8221;on|phone&#8221; _builder_version=&#8221;4.17.6&#8243; _module_preset=&#8221;default&#8221; global_colors_info=&#8221;{}&#8221;][\/dmpro_masonry_gallery][\/et_pb_column][\/et_pb_row][\/et_pb_section][et_pb_section fb_built=&#8221;1&#8243; admin_label=&#8221;Jelani Remy&#8221; _builder_version=&#8221;4.23.4&#8243; _module_preset=&#8221;default&#8221; custom_padding=&#8221;0%||||false|false&#8221; collapsed=&#8221;on&#8221; global_colors_info=&#8221;{}&#8221;][et_pb_row _builder_version=&#8221;4.17.6&#8243; _module_preset=&#8221;default&#8221; custom_padding=&#8221;0%||||false|false&#8221; global_colors_info=&#8221;{}&#8221;][et_pb_column type=&#8221;4_4&#8243; _builder_version=&#8221;4.17.6&#8243; _module_preset=&#8221;default&#8221; global_colors_info=&#8221;{}&#8221;][et_pb_text admin_label=&#8221;Section Title &#8211; H3&#8243; _builder_version=&#8221;4.23.4&#8243; _module_preset=&#8221;default&#8221; header_3_font=&#8221;Futura Bold|||on|||||&#8221; header_3_text_align=&#8221;left&#8221; header_3_text_color=&#8221;#000000&#8243; header_3_font_size=&#8221;18px&#8221; header_3_letter_spacing=&#8221;1.8px&#8221; header_3_line_height=&#8221;24px&#8221; custom_margin=&#8221;||2%||false|false&#8221; custom_margin_tablet=&#8221;||||false|false&#8221; custom_margin_phone=&#8221;||||false|false&#8221; custom_margin_last_edited=&#8221;on|desktop&#8221; custom_padding=&#8221;||||false|false&#8221; global_colors_info=&#8221;{}&#8221;]<\/p>\n<h3>Jelani Remy (han\/honom) &#8211; VACAYA Big-Ship kryssningschef<\/h3>\n<p>[\/et_pb_text][et_pb_text _builder_version=&#8221;4.23.4&#8243; _module_preset=&#8221;default&#8221; custom_padding=&#8221;||||false|false&#8221; custom_padding_tablet=&#8221;||||false|false&#8221; custom_padding_phone=&#8221;||||false|false&#8221; custom_padding_last_edited=&#8221;on|desktop&#8221; global_colors_info=&#8221;{}&#8221;]<\/p>\n<p style=\"font-weight: 400;\">Tillbaka och redo f\u00f6r tj\u00e4nstg\u00f6ring! Detta \u00e4r er kryssningschef Jelani Remy och jag kan inte v\u00e4nta med att skapa otroliga VACAYA-minnen med ER! Jag kommer till er fr\u00e5n Broadways ljus ( <em><strong>Back to the Future: The Musical<\/strong><\/em> , <em><strong>Lejonkungen<\/strong><\/em> , <em><strong>Ain&#8217;t Too Proud<\/strong><\/em> , <em><strong>Smokey Joe&#8217;s Caf\u00e9<\/strong><\/em> ), och jag kommer att leda ert fantastiska V-team med stil, gl\u00e4dje och viktigast av allt, k\u00e4rlek! ?? Vi ses ombord! F\u00f6lj Jelani p\u00e5 Instagram <strong><a href=\"https:\/\/www.instagram.com\/itsjelaniremy\/\" target=\"_blank\" rel=\"noopener\" data-outlook-id=\"15bdd7c3-3781-4cec-b7df-3fecd4ba7e48\">@itsjelaniremy<\/a><\/strong> .    <\/p>\n<p>[\/et_pb_text][dmpro_masonry_gallery images=&#8221;177616,177625,177634,177643,177652,177661&#8243; columns=&#8221;6&#8243; columns_tablet=&#8221;6&#8243; columns_phone=&#8221;3&#8243; columns_last_edited=&#8221;on|desktop&#8221; _builder_version=&#8221;4.23.4&#8243; _module_preset=&#8221;default&#8221; global_colors_info=&#8221;{}&#8221;][\/dmpro_masonry_gallery][\/et_pb_column][\/et_pb_row][\/et_pb_section][et_pb_section fb_built=&#8221;1&#8243; admin_label=&#8221;Jennifer Eaglin&#8221; _builder_version=&#8221;4.17.6&#8243; _module_preset=&#8221;default&#8221; custom_padding=&#8221;0%||||false|false&#8221; collapsed=&#8221;on&#8221; global_colors_info=&#8221;{}&#8221;][et_pb_row _builder_version=&#8221;4.17.6&#8243; _module_preset=&#8221;default&#8221; custom_padding=&#8221;0%||||false|false&#8221; global_colors_info=&#8221;{}&#8221;][et_pb_column type=&#8221;4_4&#8243; _builder_version=&#8221;4.17.6&#8243; _module_preset=&#8221;default&#8221; global_colors_info=&#8221;{}&#8221;][et_pb_text admin_label=&#8221;Section Title &#8211; H3&#8243; _builder_version=&#8221;4.23.4&#8243; _module_preset=&#8221;default&#8221; header_3_font=&#8221;Futura Bold|||on|||||&#8221; header_3_text_align=&#8221;left&#8221; header_3_text_color=&#8221;#000000&#8243; header_3_font_size=&#8221;18px&#8221; header_3_letter_spacing=&#8221;1.8px&#8221; header_3_line_height=&#8221;24px&#8221; custom_margin=&#8221;||2%||false|false&#8221; custom_margin_tablet=&#8221;||||false|false&#8221; custom_margin_phone=&#8221;||||false|false&#8221; custom_margin_last_edited=&#8221;on|desktop&#8221; custom_padding=&#8221;||||false|false&#8221; global_colors_info=&#8221;{}&#8221;]<\/p>\n<h3>Jennifer Eaglin (hon\/henne) &#8211; Specialist p\u00e5 g\u00e4stupplevelser<\/h3>\n<p>[\/et_pb_text][et_pb_text _builder_version=&#8221;4.23.4&#8243; _module_preset=&#8221;default&#8221; custom_padding=&#8221;||||false|false&#8221; custom_padding_tablet=&#8221;||||false|false&#8221; custom_padding_phone=&#8221;||||false|false&#8221; custom_padding_last_edited=&#8221;on|desktop&#8221; global_colors_info=&#8221;{}&#8221;]<\/p>\n<p style=\"font-weight: 400;\">Jennifer \u00e4r f\u00f6dd och uppvuxen i Michigan och har alltid tyckt om att utforska naturen och l\u00e4ra sig om v\u00e4rlden omkring sig. Hennes f\u00f6rsta inspiration till resor kom fr\u00e5n program som <em><strong>The Love Boat<\/strong><\/em> och <em><strong>Lifestyles of the Rich and Famous<\/strong><\/em> . F\u00f6r att f\u00f6rverkliga sin resedr\u00f6m tog hon vid 18 \u00e5rs \u00e5lder ett litet l\u00e5n f\u00f6r att k\u00f6pa sitt f\u00f6rsta \u00e4ventyr, en 7-n\u00e4tters kryssning till Karibien. Denna upplevelse fick henne att vilja resa mer, men det skulle dr\u00f6ja \u00e5rtionden innan hon l\u00e4mnade landet igen. Under den h\u00e4r tiden gifte hon sig med en &amp;quot;trevlig kille&amp;quot; och v\u00e4lsignades med en vacker dotter fr\u00e5n f\u00f6rh\u00e5llandet. Hon tog sin magisterexamen, undervisade grundskoleelever och vuxna i \u00f6ver 30 \u00e5r, skilde sig fr\u00e5n den &amp;quot;trevliga killen&amp;quot;, tr\u00e4ffade sitt livs k\u00e4rlek, &amp;quot;en kvinna som heter Johanna&amp;quot;, och uppt\u00e4ckte sedan HBTQ+-resor! BOOM! Livsf\u00f6r\u00e4ndrande!       <\/p>\n<p style=\"font-weight: 400;\">Jen har varit medlem i V-teamet sedan den f\u00f6rsta kryssningen och har rest till alla sju kontinenter med VACAYA. F\u00f6r er som inte k\u00e4nner Jen \u00e4n kommer ni snart att l\u00e4ra er att hon bidrar med positivitet, energi och enorm k\u00e4rlek till hela VACAYA-familjen till varje \u00e4ventyr. <\/p>\n<p style=\"font-weight: 400;\">Denna fl\u00f6rtiga, roliga, spontana Tvilling ser fram emot att tr\u00e4ffa dig, och f\u00f6rhoppningsvis dansa med dig till sm\u00e5timmarna! F\u00f6lj Jennifer p\u00e5 Facebook @ <strong><a href=\"https:\/\/www.facebook.com\/jennifereaglin\" target=\"_blank\" rel=\"noopener\" data-outlook-id=\"15bdd7c3-3781-4cec-b7df-3fecd4ba7e48\" data-wplink-edit=\"true\">jennifereaglin<\/a><\/strong> .<\/p>\n<p>[\/et_pb_text][dmpro_masonry_gallery images=&#8221;28899,28897,28900,28898,28901,28902&#8243; columns=&#8221;6&#8243; columns_tablet=&#8221;6&#8243; columns_phone=&#8221;3&#8243; columns_last_edited=&#8221;on|desktop&#8221; _builder_version=&#8221;4.17.6&#8243; _module_preset=&#8221;default&#8221; global_colors_info=&#8221;{}&#8221;][\/dmpro_masonry_gallery][\/et_pb_column][\/et_pb_row][\/et_pb_section][et_pb_section fb_built=&#8221;1&#8243; admin_label=&#8221;Jessa Heroux-Croy&#8221; _builder_version=&#8221;4.23.4&#8243; _module_preset=&#8221;default&#8221; custom_padding=&#8221;0%||||false|false&#8221; collapsed=&#8221;on&#8221; global_colors_info=&#8221;{}&#8221;][et_pb_row _builder_version=&#8221;4.17.6&#8243; _module_preset=&#8221;default&#8221; custom_padding=&#8221;0%||||false|false&#8221; global_colors_info=&#8221;{}&#8221;][et_pb_column type=&#8221;4_4&#8243; _builder_version=&#8221;4.17.6&#8243; _module_preset=&#8221;default&#8221; global_colors_info=&#8221;{}&#8221;][et_pb_text admin_label=&#8221;Section Title &#8211; H3&#8243; _builder_version=&#8221;4.23.4&#8243; _module_preset=&#8221;default&#8221; header_3_font=&#8221;Futura Bold|||on|||||&#8221; header_3_text_align=&#8221;left&#8221; header_3_text_color=&#8221;#000000&#8243; header_3_font_size=&#8221;18px&#8221; header_3_letter_spacing=&#8221;1.8px&#8221; header_3_line_height=&#8221;24px&#8221; custom_margin=&#8221;||2%||false|false&#8221; custom_margin_tablet=&#8221;||||false|false&#8221; custom_margin_phone=&#8221;||||false|false&#8221; custom_margin_last_edited=&#8221;on|desktop&#8221; custom_padding=&#8221;||||false|false&#8221; global_colors_info=&#8221;{}&#8221;]<\/p>\n<h3>Jessa Heroux-Croy (hon\/henne) &#8211; Medlem i evenemangsteamet<\/h3>\n<p>[\/et_pb_text][et_pb_text _builder_version=&#8221;4.23.4&#8243; _module_preset=&#8221;default&#8221; custom_padding=&#8221;||||false|false&#8221; custom_padding_tablet=&#8221;||||false|false&#8221; custom_padding_phone=&#8221;||||false|false&#8221; custom_padding_last_edited=&#8221;on|desktop&#8221; global_colors_info=&#8221;{}&#8221;]<\/p>\n<p>Jessa \u00e4r en queer Michigan-inf\u00f6dd med en havremj\u00f6lkslatte i ena handen och en bok eller Broadway-affisch i den andra! Hon \u00e4r en h\u00e4ngiven f\u00f6respr\u00e5kare f\u00f6r funktionsneds\u00e4ttningar som brinner f\u00f6r att bygga en v\u00e4rld d\u00e4r tillg\u00e4nglighet inte \u00e4r en eftertanke, utan en sj\u00e4lvklarhet. Jessa l\u00e4r sig livet ut och tycker mycket om att arbeta inom h\u00f6gre utbildning. N\u00e4r hon inte \u00e4r f\u00f6rsjunken i en bok eller sjunger Taylor Swifts senaste l\u00e5tar planerar Jessa sitt n\u00e4sta \u00e4ventyr &#8211; helst n\u00e5gonstans med livemusik, kultur och massor av shopping! Fr\u00e5n att studera utomlands i Sydafrika till att bo i London, hennes pass \u00e4r alltid redo f\u00f6r hennes n\u00e4sta \u00e4ventyr. F\u00f6r Jessa handlar livet om att l\u00e4ra sig, spendera tid med sina v\u00e4nner och sina tv\u00e5 mammor, \u00e4lska och smutta p\u00e5 den perfekta koppen kaffe med sin katt, Cleo. F\u00f6lj Jessa p\u00e5 Insta @ <strong><a href=\"https:\/\/www.instagram.com\/jessa.pauline\/\" target=\"_blank\" rel=\"noopener\">jessa.pauline<\/a><\/strong> .      <\/p>\n<p>[\/et_pb_text][dmpro_masonry_gallery images=&#8221;172772,172763,172754,172745,172736,172727&#8243; columns=&#8221;6&#8243; columns_tablet=&#8221;6&#8243; columns_phone=&#8221;3&#8243; columns_last_edited=&#8221;on|desktop&#8221; _builder_version=&#8221;4.23.4&#8243; _module_preset=&#8221;default&#8221; global_colors_info=&#8221;{}&#8221;][\/dmpro_masonry_gallery][\/et_pb_column][\/et_pb_row][\/et_pb_section][et_pb_section fb_built=&#8221;1&#8243; admin_label=&#8221;Joey Yawn&#8221; _builder_version=&#8221;4.17.6&#8243; _module_preset=&#8221;default&#8221; custom_padding=&#8221;0%||||false|false&#8221; collapsed=&#8221;on&#8221; global_colors_info=&#8221;{}&#8221;][et_pb_row _builder_version=&#8221;4.17.6&#8243; _module_preset=&#8221;default&#8221; custom_padding=&#8221;0%||||false|false&#8221; global_colors_info=&#8221;{}&#8221;][et_pb_column type=&#8221;4_4&#8243; _builder_version=&#8221;4.17.6&#8243; _module_preset=&#8221;default&#8221; global_colors_info=&#8221;{}&#8221;][et_pb_text admin_label=&#8221;Section Title &#8211; H3&#8243; _builder_version=&#8221;4.17.6&#8243; _module_preset=&#8221;default&#8221; header_3_font=&#8221;Futura Bold|||on|||||&#8221; header_3_text_align=&#8221;left&#8221; header_3_text_color=&#8221;#000000&#8243; header_3_font_size=&#8221;18px&#8221; header_3_letter_spacing=&#8221;1.8px&#8221; header_3_line_height=&#8221;24px&#8221; custom_margin=&#8221;||2%||false|false&#8221; custom_margin_tablet=&#8221;||||false|false&#8221; custom_margin_phone=&#8221;||||false|false&#8221; custom_margin_last_edited=&#8221;on|desktop&#8221; custom_padding=&#8221;||||false|false&#8221; global_colors_info=&#8221;{}&#8221;]<\/p>\n<h3>Joey Yawn (han\/honom) &#8211; Event Team Member<\/h3>\n<p>[\/et_pb_text][et_pb_text _builder_version=&#8221;4.17.6&#8243; _module_preset=&#8221;default&#8221; custom_padding=&#8221;||||false|false&#8221; custom_padding_tablet=&#8221;||||false|false&#8221; custom_padding_phone=&#8221;||||false|false&#8221; custom_padding_last_edited=&#8221;on|desktop&#8221; global_colors_info=&#8221;{}&#8221;]<\/p>\n<p>Full av liv och en passion f\u00f6r skoj, \u00e4r Joey b\u00e5de \u00f6dmjuk och extatisk \u00f6ver att vara med i VACAYA-teamet. N\u00e4r han v\u00e4xte upp i en liten stad i Florida d\u00e4r de flesta av dess inv\u00e5nare \u00e4r n\u00f6jda med en l\u00e5ngsam livsstil, var Joeys \u00f6nskan att utforska v\u00e4rlden alltid i fr\u00e4msta rummet. S\u00e5 sm\u00e5ningom slog han sig in i en karri\u00e4r inom Retail Management, som han \u00e4lskade, men det gav honom inte tid att markera m\u00e5nga av destinationerna p\u00e5 sin bucket list. Joey arbetar f\u00f6r n\u00e4rvarande som fastighetsm\u00e4klare och kan nu fokusera p\u00e5 sin passion f\u00f6r resor. Hans favoritplatser str\u00e4cker sig fr\u00e5n NYC till Vegas, Boston till Savannah och Ptown till vilket kryssningsfartyg som helst p\u00e5 v\u00e4g till exotiska destinationer. Joey tar med sin dynamiska personlighet och k\u00e4rlek till livet till varje VACAYA-g\u00e4st; hans milda s\u00e4tt och Southern Charm kommer alltid att l\u00e4mna dig med ett leende p\u00e5 l\u00e4pparna och skratt p\u00e5 dina l\u00e4ppar. F\u00f6lj Joey p\u00e5 Insta @ <a href=\"https:\/\/www.instagram.com\/jyawn76\/\" target=\"_blank\" rel=\"noopener\"><strong>jyawn76<\/strong><\/a> .<\/p>\n<p>[\/et_pb_text][dmpro_masonry_gallery images=&#8221;28989,28988,28987,28986,28985,28984&#8243; columns=&#8221;6&#8243; columns_tablet=&#8221;6&#8243; columns_phone=&#8221;3&#8243; columns_last_edited=&#8221;on|desktop&#8221; _builder_version=&#8221;4.17.6&#8243; _module_preset=&#8221;default&#8221; global_colors_info=&#8221;{}&#8221;][\/dmpro_masonry_gallery][\/et_pb_column][\/et_pb_row][\/et_pb_section][et_pb_section fb_built=&#8221;1&#8243; admin_label=&#8221;Johanna Pscodna&#8221; _builder_version=&#8221;4.17.6&#8243; _module_preset=&#8221;default&#8221; custom_padding=&#8221;0%||||false|false&#8221; collapsed=&#8221;on&#8221; global_colors_info=&#8221;{}&#8221;][et_pb_row _builder_version=&#8221;4.17.6&#8243; _module_preset=&#8221;default&#8221; custom_padding=&#8221;0%||||false|false&#8221; global_colors_info=&#8221;{}&#8221;][et_pb_column type=&#8221;4_4&#8243; _builder_version=&#8221;4.17.6&#8243; _module_preset=&#8221;default&#8221; global_colors_info=&#8221;{}&#8221;][et_pb_text admin_label=&#8221;Section Title &#8211; H3&#8243; _builder_version=&#8221;4.23.4&#8243; _module_preset=&#8221;default&#8221; header_3_font=&#8221;Futura Bold|||on|||||&#8221; header_3_text_align=&#8221;left&#8221; header_3_text_color=&#8221;#000000&#8243; header_3_font_size=&#8221;18px&#8221; header_3_letter_spacing=&#8221;1.8px&#8221; header_3_line_height=&#8221;24px&#8221; custom_margin=&#8221;||2%||false|false&#8221; custom_margin_tablet=&#8221;||||false|false&#8221; custom_margin_phone=&#8221;||||false|false&#8221; custom_margin_last_edited=&#8221;on|desktop&#8221; custom_padding=&#8221;||||false|false&#8221; global_colors_info=&#8221;{}&#8221;]<\/p>\n<h3>Johanna Pscodna (hon\/henne) &#8211; Specialist p\u00e5 g\u00e4stupplevelser<\/h3>\n<p>[\/et_pb_text][et_pb_text _builder_version=&#8221;4.17.6&#8243; _module_preset=&#8221;default&#8221; custom_padding=&#8221;||||false|false&#8221; custom_padding_tablet=&#8221;||||false|false&#8221; custom_padding_phone=&#8221;||||false|false&#8221; custom_padding_last_edited=&#8221;on|phone&#8221; global_colors_info=&#8221;{}&#8221;]<\/p>\n<p style=\"font-weight: 400;\">&#8221;Resa &#8230; var \u00e4ventyrlig och upplev ALLT!!&#8221; \u00e4r Johannas mantra p\u00e5 v\u00e4g in i hennes n\u00e4sta fas i livet som pensionerad grundskolerektor. Hon v\u00e4xte upp i Michigan med en atletisk och \u00e4ventyrlig familj som reste runt i USA till olika turneringar, sportevenemang och familjesemester i deras 32-fots Cruise Air husbil. Hon har rest till 25 olika l\u00e4nder och l\u00e4gger till fler varje m\u00e5nad. VACAYA-resor till Antarktis och en afrikansk safari var resor som kommer att finnas p\u00e5 hennes ALL TIME favoritresor lista. Johanna tycker s\u00e4rskilt mycket om att resa med familj och v\u00e4nner och ta ledningen som den inofficiella &#8221;reseguiden&#8221;. Nu n\u00e4r hon \u00e4r pensionerad ser de fram emot att resa \u00e4nnu mer&#8230; oavsett om det \u00e4r med kajak, jetski, kryssningsfartyg, flyg eller sin framtida husbil.<\/p>\n<p style=\"font-weight: 400;\">Jo trivs med att underh\u00e5lla andra genom sin livliga, karismatiska och roliga personlighet. Hon g\u00f6r ofta l\u00e4tt \u00e5t sig sj\u00e4lv och har dr\u00f6mt om att st\u00e5 i rampljuset som professionell underh\u00e5llare. Men bristen p\u00e5 s\u00e5ngtalang g\u00f6r det till en utmaning, men du f\u00e5r bed\u00f6ma sj\u00e4lv i v\u00e5r karaoke. Jo har ett smittsamt leende som kommer att dra in dig och en personlighet som lyser upp varje rum. Hon kommer s\u00e4kert att f\u00f6rgylla din dag! F\u00f6lj Jo p\u00e5 Facebook @ <a href=\"https:\/\/www.facebook.com\/johanna.pscodna\"><strong>johanna.pscodna<\/strong><\/a> .<\/p>\n<p>[\/et_pb_text][dmpro_masonry_gallery images=&#8221;28858,28856,28855,28857,28853,28854&#8243; columns=&#8221;6&#8243; columns_tablet=&#8221;6&#8243; columns_phone=&#8221;3&#8243; columns_last_edited=&#8221;on|desktop&#8221; _builder_version=&#8221;4.17.6&#8243; _module_preset=&#8221;default&#8221; global_colors_info=&#8221;{}&#8221;][\/dmpro_masonry_gallery][\/et_pb_column][\/et_pb_row][\/et_pb_section][et_pb_section fb_built=&#8221;1&#8243; admin_label=&#8221;Joseph Love&#8221; _builder_version=&#8221;4.17.6&#8243; _module_preset=&#8221;default&#8221; custom_padding=&#8221;0%||||false|false&#8221; collapsed=&#8221;on&#8221; global_colors_info=&#8221;{}&#8221;][et_pb_row _builder_version=&#8221;4.17.6&#8243; _module_preset=&#8221;default&#8221; custom_padding=&#8221;0%||||false|false&#8221; global_colors_info=&#8221;{}&#8221;][et_pb_column type=&#8221;4_4&#8243; _builder_version=&#8221;4.17.6&#8243; _module_preset=&#8221;default&#8221; global_colors_info=&#8221;{}&#8221;][et_pb_text admin_label=&#8221;Section Title &#8211; H3&#8243; _builder_version=&#8221;4.17.6&#8243; _module_preset=&#8221;default&#8221; header_3_font=&#8221;Futura Bold|||on|||||&#8221; header_3_text_align=&#8221;left&#8221; header_3_text_color=&#8221;#000000&#8243; header_3_font_size=&#8221;18px&#8221; header_3_letter_spacing=&#8221;1.8px&#8221; header_3_line_height=&#8221;24px&#8221; custom_margin=&#8221;||2%||false|false&#8221; custom_margin_tablet=&#8221;||||false|false&#8221; custom_margin_phone=&#8221;||||false|false&#8221; custom_margin_last_edited=&#8221;on|desktop&#8221; custom_padding=&#8221;||||false|false&#8221; global_colors_info=&#8221;{}&#8221;]<\/p>\n<h3>Joseph Love (han\/honom) &#8211; Event Team Member<\/h3>\n<p>[\/et_pb_text][et_pb_text _builder_version=&#8221;4.23.4&#8243; _module_preset=&#8221;default&#8221; custom_padding=&#8221;||||false|false&#8221; custom_padding_tablet=&#8221;||||false|false&#8221; custom_padding_phone=&#8221;||||false|false&#8221; custom_padding_last_edited=&#8221;on|desktop&#8221; global_colors_info=&#8221;{}&#8221;]<\/p>\n<p>Joseph finner sig sj\u00e4lv som lyckligast n\u00e4r han g\u00f6r det han \u00e4lskar att g\u00f6ra mest: DANSA! Genom sitt arbete p\u00e5 scen, bakom kameran och genom att spela in musikvideor har han f\u00f6r\u00e4lskat sig i scenkonsten. Han har dansat sedan han kunde g\u00e5, prydt scenerna f\u00f6r America&#8217;s Best Dance Crew, vunnit 7 g\u00e5nger i rad av Showtime p\u00e5 Apollo Theatre i New York, och har varit f\u00f6rband f\u00f6r olika artister. Josephs kreativa passioner inkluderar inredning, modellering, mode och naturligtvis&#8230; att resa v\u00e4rlden runt. Den rena surrealistiska gl\u00e4djen han upplevde p\u00e5 sin f\u00f6rsta resa med VACAYA var inte alls vad han hade f\u00f6rest\u00e4llt sig.     &#8221;Euforisk&#8221; \u00e4r det enda ord han kan komma p\u00e5 f\u00f6r att beskriva sin fantastiska och vackra upplevelse. Och vi \u00e4r glada \u00f6ver att nu ha honom med oss \u200b\u200bregelbundet f\u00f6r v\u00e5ra evenemang. Joseph kallar Dallas, Texas, sitt hem och han \u00e4r kock p\u00e5 heltid d\u00e4r samt stolt styrelseledamot f\u00f6r den HBTQ+-v\u00e4nliga ideella organisationen &#8221;Legacy Cares&#8221;. P\u00e5 sin fritid (vad \u00e4r det?) \u00e4r han en lovande skodesigner med sitt alldeles egna m\u00e4rke, <span class=\"apple-converted-space\"> <\/span><a title=\"https:\/\/www.aliveshoes.com\/lux-w-luv-4\" href=\"https:\/\/www.aliveshoes.com\/lux-w-luv-4\" target=\"_blank\" rel=\"noopener\" data-outlook-id=\"e1c3ac1e-9166-44f2-b5cb-33d4bb8b55f4\"><b>Lux med k\u00e4rlek<\/b><\/a> . F\u00f6lj Josef p\u00e5 Insta @<span class=\"apple-converted-space\"> <\/span><a title=\"https:\/\/www.instagram.com\/the_josephlove\/\" href=\"https:\/\/www.instagram.com\/the_josephlove\/\" target=\"_blank\" rel=\"noopener\" data-outlook-id=\"a84e0f21-2db8-40de-9a52-ccd17b91515c\"><b>the_josephlove<\/b><\/a> .<\/p>\n<p>[\/et_pb_text][dmpro_masonry_gallery images=&#8221;172664,172655,172646,172637,172628,28993&#8243; columns=&#8221;6&#8243; columns_tablet=&#8221;6&#8243; columns_phone=&#8221;3&#8243; columns_last_edited=&#8221;on|desktop&#8221; _builder_version=&#8221;4.23.4&#8243; _module_preset=&#8221;default&#8221; global_colors_info=&#8221;{}&#8221;][\/dmpro_masonry_gallery][\/et_pb_column][\/et_pb_row][\/et_pb_section][et_pb_section fb_built=&#8221;1&#8243; admin_label=&#8221;Julie Croy&#8221; _builder_version=&#8221;4.17.6&#8243; _module_preset=&#8221;default&#8221; custom_padding=&#8221;0%||||false|false&#8221; collapsed=&#8221;on&#8221; global_colors_info=&#8221;{}&#8221;][et_pb_row _builder_version=&#8221;4.17.6&#8243; _module_preset=&#8221;default&#8221; custom_padding=&#8221;0%||||false|false&#8221; global_colors_info=&#8221;{}&#8221;][et_pb_column type=&#8221;4_4&#8243; _builder_version=&#8221;4.17.6&#8243; _module_preset=&#8221;default&#8221; global_colors_info=&#8221;{}&#8221;][et_pb_text admin_label=&#8221;Section Title &#8211; H3&#8243; _builder_version=&#8221;4.17.6&#8243; _module_preset=&#8221;default&#8221; header_3_font=&#8221;Futura Bold|||on|||||&#8221; header_3_text_align=&#8221;left&#8221; header_3_text_color=&#8221;#000000&#8243; header_3_font_size=&#8221;18px&#8221; header_3_letter_spacing=&#8221;1.8px&#8221; header_3_line_height=&#8221;24px&#8221; custom_margin=&#8221;||2%||false|false&#8221; custom_margin_tablet=&#8221;||||false|false&#8221; custom_margin_phone=&#8221;||||false|false&#8221; custom_margin_last_edited=&#8221;on|desktop&#8221; custom_padding=&#8221;||||false|false&#8221; global_colors_info=&#8221;{}&#8221;]<\/p>\n<h3>Julie Croy (hon\/hon) &#8211; Event Team Member<\/h3>\n<p>[\/et_pb_text][et_pb_text _builder_version=&#8221;4.17.6&#8243; _module_preset=&#8221;default&#8221; custom_padding=&#8221;||||false|false&#8221; custom_padding_tablet=&#8221;||||false|false&#8221; custom_padding_phone=&#8221;||||false|false&#8221; custom_padding_last_edited=&#8221;on|desktop&#8221; global_colors_info=&#8221;{}&#8221;]<\/p>\n<p>Julie tillbringade st\u00f6rre delen av sitt vuxna liv som utbildare, coach och mentor. N\u00e4r hon gick i pension f\u00f6r bara tre korta \u00e5r sedan, forts\u00e4tter hon att l\u00e4ra sig, coacha och handleda. Kanske \u00e4r det sant att om du \u00e4lskar det du g\u00f6r s\u00e5 jobbar du aldrig en dag i ditt liv. Julie ger energi och skratt till allt hon g\u00f6r och \u00e4lskar att sprida gl\u00e4dje vart hon \u00e4n g\u00e5r. P\u00e5 fr\u00e5gan om var hennes favoritsemesterplats \u00e4r s\u00e4ger hon var som helst &#8221;p\u00e5, i eller n\u00e4ra vatten&#8221; (sn\u00f6 r\u00e4knas ocks\u00e5!). Som en livstid Michigander, hennes hj\u00e4rta tillh\u00f6r de stora sj\u00f6arna. N\u00e5gra av hennes favoritminnen \u00e4r att campa, vandra, \u00e5ka skidor, \u00e5ka b\u00e5t, njuta av solnedg\u00e5ngar \u00f6ver Lake Michigan och se norrskenet p\u00e5 Lake Superior. Medan hennes v\u00e4rld kretsar kring hennes fyrbenta, hennes fru och hennes dotter, kommer hon att flytta himmel och jord f\u00f6r att tillbringa lite kvalitetstid med sin \u00e4lskade Cher! Du kan vara s\u00e4ker p\u00e5 att hitta Julie varhelst det finns sol, vatten, bra musik och goda v\u00e4nner.<\/p>\n<p>[\/et_pb_text][dmpro_masonry_gallery images=&#8221;28959,28955,28954,28957,28958,28956&#8243; columns=&#8221;6&#8243; columns_tablet=&#8221;6&#8243; columns_phone=&#8221;3&#8243; columns_last_edited=&#8221;on|desktop&#8221; _builder_version=&#8221;4.17.6&#8243; _module_preset=&#8221;default&#8221; global_colors_info=&#8221;{}&#8221;][\/dmpro_masonry_gallery][\/et_pb_column][\/et_pb_row][\/et_pb_section][et_pb_section fb_built=&#8221;1&#8243; admin_label=&#8221;Justice Simmons&#8221; _builder_version=&#8221;4.17.6&#8243; _module_preset=&#8221;default&#8221; custom_padding=&#8221;0%||||false|false&#8221; collapsed=&#8221;on&#8221; global_colors_info=&#8221;{}&#8221;][et_pb_row _builder_version=&#8221;4.17.6&#8243; _module_preset=&#8221;default&#8221; custom_padding=&#8221;0%||||false|false&#8221; global_colors_info=&#8221;{}&#8221;][et_pb_column type=&#8221;4_4&#8243; _builder_version=&#8221;4.17.6&#8243; _module_preset=&#8221;default&#8221; global_colors_info=&#8221;{}&#8221;][et_pb_text admin_label=&#8221;Section Title &#8211; H3&#8243; _builder_version=&#8221;4.17.6&#8243; _module_preset=&#8221;default&#8221; header_3_font=&#8221;Futura Bold|||on|||||&#8221; header_3_text_align=&#8221;left&#8221; header_3_text_color=&#8221;#000000&#8243; header_3_font_size=&#8221;18px&#8221; header_3_letter_spacing=&#8221;1.8px&#8221; header_3_line_height=&#8221;24px&#8221; custom_margin=&#8221;||2%||false|false&#8221; custom_margin_tablet=&#8221;||||false|false&#8221; custom_margin_phone=&#8221;||||false|false&#8221; custom_margin_last_edited=&#8221;on|desktop&#8221; custom_padding=&#8221;||||false|false&#8221; global_colors_info=&#8221;{}&#8221;]<\/p>\n<h3>Justice Simmons (han\/hon\/de) &#8211; Event Team Member<\/h3>\n<p>[\/et_pb_text][et_pb_text _builder_version=&#8221;4.23.4&#8243; _module_preset=&#8221;default&#8221; custom_padding=&#8221;||||false|false&#8221; custom_padding_tablet=&#8221;||||false|false&#8221; custom_padding_phone=&#8221;||||false|false&#8221; custom_padding_last_edited=&#8221;on|desktop&#8221; global_colors_info=&#8221;{}&#8221;]<\/p>\n<p>Justice har varit en livfull del av VACAYA-familjen sedan 2021 och bidrar med passion, engagemang och en djup k\u00e4nsla av mening i varje resa. Som en erfaren \u00e5terh\u00e4mtningsexpert och f\u00f6respr\u00e5kare \u00e4r Justice engagerad i att v\u00e4gleda individer mot l\u00e4kning och tillv\u00e4xt, samtidigt som hon \u00f6kar medvetenheten om psykisk h\u00e4lsa. Deras roll som dragartister visar inte bara upp deras kreativa anda utan ger ocks\u00e5 gl\u00e4dje och inspiration till m\u00e4nniskorna omkring dem. Ut\u00f6ver sitt arbete med VACAYA \u00e4r Justice styrelseledamot f\u00f6r San Antonio AIDS Foundation, d\u00e4r deras ledarskap och medk\u00e4nsla bidrar till att driva meningsfull f\u00f6r\u00e4ndring i samh\u00e4llet. Genom alla sina anstr\u00e4ngningar exemplifierar Justice ett djupt engagemang f\u00f6r att lyfta andra och g\u00f6ra en positiv skillnad. F\u00f6lj Justice @ <strong><a href=\"https:\/\/www.instagram.com\/justice.simmons.507\/\" target=\"_blank\" rel=\"noopener\">Justice.Simmons.507<\/a><\/strong> och <strong><a href=\"https:\/\/www.instagram.com\/jazminediamondfillups\/\" target=\"_blank\" rel=\"noopener\">jazminediamondfillups<\/a><\/strong> .     <\/p>\n<p>[\/et_pb_text][dmpro_masonry_gallery images=&#8221;172554,172545,172536,172527,172518,172509&#8243; columns=&#8221;6&#8243; columns_tablet=&#8221;6&#8243; columns_phone=&#8221;3&#8243; columns_last_edited=&#8221;on|desktop&#8221; _builder_version=&#8221;4.23.4&#8243; _module_preset=&#8221;default&#8221; global_colors_info=&#8221;{}&#8221;][\/dmpro_masonry_gallery][\/et_pb_column][\/et_pb_row][\/et_pb_section][et_pb_section fb_built=&#8221;1&#8243; admin_label=&#8221;Justin Derry&#8221; _builder_version=&#8221;4.17.6&#8243; _module_preset=&#8221;default&#8221; custom_padding=&#8221;0%||||false|false&#8221; collapsed=&#8221;on&#8221; global_colors_info=&#8221;{}&#8221;][et_pb_row _builder_version=&#8221;4.17.6&#8243; _module_preset=&#8221;default&#8221; custom_padding=&#8221;0%||||false|false&#8221; global_colors_info=&#8221;{}&#8221;][et_pb_column type=&#8221;4_4&#8243; _builder_version=&#8221;4.17.6&#8243; _module_preset=&#8221;default&#8221; global_colors_info=&#8221;{}&#8221;][et_pb_text admin_label=&#8221;Section Title &#8211; H3&#8243; _builder_version=&#8221;4.17.6&#8243; _module_preset=&#8221;default&#8221; header_3_font=&#8221;Futura Bold|||on|||||&#8221; header_3_text_align=&#8221;left&#8221; header_3_text_color=&#8221;#000000&#8243; header_3_font_size=&#8221;18px&#8221; header_3_letter_spacing=&#8221;1.8px&#8221; header_3_line_height=&#8221;24px&#8221; custom_margin=&#8221;||2%||false|false&#8221; custom_margin_tablet=&#8221;||||false|false&#8221; custom_margin_phone=&#8221;||||false|false&#8221; custom_margin_last_edited=&#8221;on|desktop&#8221; custom_padding=&#8221;||||false|false&#8221; global_colors_info=&#8221;{}&#8221;]<\/p>\n<h3>Justin Derry (han\/honom) &#8211; Event Team Member<\/h3>\n<p>[\/et_pb_text][et_pb_text _builder_version=&#8221;4.23.4&#8243; _module_preset=&#8221;default&#8221; custom_padding=&#8221;||||false|false&#8221; custom_padding_tablet=&#8221;||||false|false&#8221; custom_padding_phone=&#8221;||||false|false&#8221; custom_padding_last_edited=&#8221;on|desktop&#8221; global_colors_info=&#8221;{}&#8221;]<\/p>\n<p class=\"x_x_MsoNormal\">Justin Derry \u00e4r en artist, s\u00e5ngare och sjuksk\u00f6terska fr\u00e5n Bucks County, Pennsylvania. Han har arbetat inom h\u00e4lso- och sjukv\u00e5rden i \u00f6ver ett decennium och specialiserat sig p\u00e5 hematologi\/onkologisk infusion inom \u00f6ppenv\u00e5rd. N\u00e4r det kommer till att betj\u00e4na sina patienter fokuserar Justin p\u00e5 att f\u00f6rst\u00e5 deras behov, k\u00e4nna empati med dem och f\u00e5 ett leende p\u00e5 l\u00e4pparna vid varje tillf\u00e4lle. P\u00e5 fritiden upptr\u00e4der Justin med ett antal teaters\u00e4llskap i Philadelphias f\u00f6rorter och \u00e4r en bosatt truppmedlem p\u00e5 Music Mountain Theatre i Lambertville, New Jersey. Han tycker om att tillbringa tid i Walt Disney World varje chans han f\u00e5r, och han ser fram emot att forts\u00e4tta sina resor med VACAYA efter att ha varit g\u00e4st p\u00e5 4 resortresor. Justins m\u00e5l \u00e4r att resa jorden runt, s\u00e5 att han kan uppleva olika kulturer, smaka p\u00e5 olika k\u00f6k&#8230; och bes\u00f6ka varje Disney-park! F\u00f6lj Justin p\u00e5 Instagram <strong><a href=\"https:\/\/www.instagram.com\/jd_rn\/\" target=\"_blank\" rel=\"noopener\">@jd_rn<\/a><\/strong> .<\/p>\n<p>[\/et_pb_text][dmpro_masonry_gallery images=&#8221;35522,35523,35524,35526,35527,35528&#8243; columns=&#8221;6&#8243; columns_tablet=&#8221;6&#8243; columns_phone=&#8221;3&#8243; columns_last_edited=&#8221;on|desktop&#8221; _builder_version=&#8221;4.17.6&#8243; _module_preset=&#8221;default&#8221; global_colors_info=&#8221;{}&#8221;][\/dmpro_masonry_gallery][\/et_pb_column][\/et_pb_row][\/et_pb_section][et_pb_section fb_built=&#8221;1&#8243; admin_label=&#8221;Justin Gagaring&#8221; _builder_version=&#8221;4.17.6&#8243; _module_preset=&#8221;default&#8221; custom_padding=&#8221;0%||||false|false&#8221; collapsed=&#8221;on&#8221; global_colors_info=&#8221;{}&#8221;][et_pb_row _builder_version=&#8221;4.17.6&#8243; _module_preset=&#8221;default&#8221; custom_padding=&#8221;0%||||false|false&#8221; global_colors_info=&#8221;{}&#8221;][et_pb_column type=&#8221;4_4&#8243; _builder_version=&#8221;4.17.6&#8243; _module_preset=&#8221;default&#8221; global_colors_info=&#8221;{}&#8221;][et_pb_text admin_label=&#8221;Section Title &#8211; H3&#8243; _builder_version=&#8221;4.17.6&#8243; _module_preset=&#8221;default&#8221; header_3_font=&#8221;Futura Bold|||on|||||&#8221; header_3_text_align=&#8221;left&#8221; header_3_text_color=&#8221;#000000&#8243; header_3_font_size=&#8221;18px&#8221; header_3_letter_spacing=&#8221;1.8px&#8221; header_3_line_height=&#8221;24px&#8221; custom_margin=&#8221;||2%||false|false&#8221; custom_margin_tablet=&#8221;||||false|false&#8221; custom_margin_phone=&#8221;||||false|false&#8221; custom_margin_last_edited=&#8221;on|desktop&#8221; custom_padding=&#8221;||||false|false&#8221; global_colors_info=&#8221;{}&#8221;]<\/p>\n<h3>Justin Gagaring (han\/honom) &#8211; Event Team Member<\/h3>\n<p>[\/et_pb_text][et_pb_text _builder_version=&#8221;4.23.4&#8243; _module_preset=&#8221;default&#8221; custom_padding=&#8221;||||false|false&#8221; custom_padding_tablet=&#8221;||||false|false&#8221; custom_padding_phone=&#8221;||||false|false&#8221; custom_padding_last_edited=&#8221;on|desktop&#8221; global_colors_info=&#8221;{}&#8221;]<\/p>\n<p class=\"x_x_MsoNormal\">Justin har en speciell typ av k\u00e4rlek till resor och det var d\u00e4rf\u00f6r han valde att bli flygv\u00e4rdinna. Han \u00e4lskar att prova ny mat och l\u00e4ra sig om olika kulturer och se hur mycket olika eller verkligen lika vi \u00e4r p\u00e5 s\u00e5 m\u00e5nga s\u00e4tt. Justin \u00e4lskar att dansa, och att anv\u00e4nda det som ett av sina tr\u00e4ningspass \u00e4r de absolut b\u00e4sta k\u00e4nslorna. Han \u00e4r en ivrig \u00e4lskare av v\u00e4xter och tycker om att bo i sin egen djungel. Justin har en enorm v\u00e4xtsamling och \u00e4r en del av en v\u00e4xtgemenskap i DFW-omr\u00e5det. Han leder med k\u00e4rlek och medk\u00e4nsla i allt han g\u00f6r varje dag, och det har gjort det m\u00f6jligt f\u00f6r Justin att tr\u00e4ffa andra i ett aldrig sinande ljus av positivitet. H har en fantastisk partner som \u00e4r s\u00e5 st\u00f6djande och alltid finns d\u00e4r f\u00f6r att p\u00e5minna Justin om hans &#8221;varf\u00f6r&#8221; och hur \u00e4lskad han \u00e4r. Justins familj \u00e4r k\u00e4rnan i hans v\u00e4sen och de \u00e4r med honom i allt han g\u00f6r, och motiverar Justin p\u00e5 s\u00e4tt som han aldrig f\u00f6rv\u00e4ntat sig som de st\u00f6rsta hejarklackarna i sitt liv. Justins specialitet \u00e4r att sl\u00e4ppa loss och ha det bra. P\u00e5 sina resor s\u00f6ker han sig till trygga utrymmen d\u00e4r han kan vara sig sj\u00e4lv \u2013 utan urs\u00e4kt. Justins l\u00f6fte till Vacayans \u00e4r att om du befinner dig runt honom kommer du att f\u00e5 en v\u00e4n, en ny familjemedlem och en festpartner i ett! Du hittar Justin p\u00e5 Insta <strong><a href=\"https:\/\/www.instagram.com\/justiinlovve\/\" target=\"_blank\" rel=\"noopener\">@justiinlovve<\/a><\/strong> .<\/p>\n<p>[\/et_pb_text][dmpro_masonry_gallery images=&#8221;142504,142485,142461,142444,142431,142422&#8243; columns=&#8221;6&#8243; columns_tablet=&#8221;6&#8243; columns_phone=&#8221;3&#8243; columns_last_edited=&#8221;on|desktop&#8221; _builder_version=&#8221;4.17.6&#8243; _module_preset=&#8221;default&#8221; global_colors_info=&#8221;{}&#8221;][\/dmpro_masonry_gallery][\/et_pb_column][\/et_pb_row][\/et_pb_section][et_pb_section fb_built=&#8221;1&#8243; admin_label=&#8221;Justin Haisma&#8221; _builder_version=&#8221;4.23.4&#8243; _module_preset=&#8221;default&#8221; custom_padding=&#8221;0%||||false|false&#8221; collapsed=&#8221;on&#8221; global_colors_info=&#8221;{}&#8221;][et_pb_row _builder_version=&#8221;4.17.6&#8243; _module_preset=&#8221;default&#8221; custom_padding=&#8221;0%||||false|false&#8221; global_colors_info=&#8221;{}&#8221;][et_pb_column type=&#8221;4_4&#8243; _builder_version=&#8221;4.17.6&#8243; _module_preset=&#8221;default&#8221; global_colors_info=&#8221;{}&#8221;][et_pb_text admin_label=&#8221;Section Title &#8211; H3&#8243; _builder_version=&#8221;4.23.4&#8243; _module_preset=&#8221;default&#8221; header_3_font=&#8221;Futura Bold|||on|||||&#8221; header_3_text_align=&#8221;left&#8221; header_3_text_color=&#8221;#000000&#8243; header_3_font_size=&#8221;18px&#8221; header_3_letter_spacing=&#8221;1.8px&#8221; header_3_line_height=&#8221;24px&#8221; custom_margin=&#8221;||2%||false|false&#8221; custom_margin_tablet=&#8221;||||false|false&#8221; custom_margin_phone=&#8221;||||false|false&#8221; custom_margin_last_edited=&#8221;on|desktop&#8221; custom_padding=&#8221;||||false|false&#8221; global_colors_info=&#8221;{}&#8221;]<\/p>\n<h3>Justin Haisma (han\/honom) &#8211; Medlem i evenemangsteamet<\/h3>\n<p>[\/et_pb_text][et_pb_text _builder_version=&#8221;4.23.4&#8243; _module_preset=&#8221;default&#8221; custom_padding=&#8221;||||false|false&#8221; custom_padding_tablet=&#8221;||||false|false&#8221; custom_padding_phone=&#8221;||||false|false&#8221; custom_padding_last_edited=&#8221;on|desktop&#8221; global_colors_info=&#8221;{}&#8221;]<\/p>\n<p style=\"font-weight: 400;\">Justin \u00e4r f\u00f6dd och uppvuxen i Grand Rapids, Michigan. Hans k\u00e4rlek till tj\u00e4nstg\u00f6ring och resor b\u00f6rjade med en resa till Australien 1998 i ett utbytesprogram mellan systerst\u00e4der. N\u00e4r resebaggen v\u00e4l bitit fast fanns det ingen \u00e5terv\u00e4ndo och efter examen tog han v\u00e4rvning i marink\u00e5ren. Sedan dess har Justin bott och rest \u00f6ver hela USA och v\u00e4rlden. Nu kallar han Phoenix, Arizona, sitt hem. Hur stor och vacker v\u00e5r v\u00e4rld \u00e4n \u00e4r och hur mycket Justin \u00e4n \u00e4lskar att resa, \u00e4r han \u00e4nnu mer passionerad f\u00f6r m\u00e4nniskor och att skapa minnen. Oavsett om det \u00e4r med familj eller v\u00e4nner \u2013 allt \u00e4r detsamma i Justins \u00f6gon \u2013 ger ingenting honom mer gl\u00e4dje \u00e4n att se kontakter skapas, upplevelser uppst\u00e5 och skratt och minnen delas. Justin \u00e4r inte en blyg person, utan \u00e4lskar att ta med sig m\u00e4nniskor fr\u00e5n sidlinjen och dra in dem i kampen (s\u00e4g bara &#8221;Ja, pappa!&#8221;). N\u00e4r han inte njuter av sin st\u00e4ndiga reslust arbetar Justin som inredningsarkitekt och holistisk wellnesscoach. Han sjunger och dansar ocks\u00e5 med lokala teatrar, vandrar i bergen i Phoenix och Sedona med sin sidekick Juno och tittar p\u00e5 PBS- och BBC-dokument\u00e4rer om vetenskap, historia, natur och naturligtvis resor. F\u00f6lj Justin p\u00e5 Insta <strong><a href=\"https:\/\/www.instagram.com\/onefurrydaddy\/\" target=\"_blank\" rel=\"noopener\">@onefurrydaddy<\/a><\/strong> .          <\/p>\n<p>[\/et_pb_text][dmpro_masonry_gallery images=&#8221;184990,184985,184982,184969,184966,185012&#8243; columns=&#8221;6&#8243; columns_tablet=&#8221;6&#8243; columns_phone=&#8221;3&#8243; columns_last_edited=&#8221;on|desktop&#8221; _builder_version=&#8221;4.23.4&#8243; _module_preset=&#8221;default&#8221; global_colors_info=&#8221;{}&#8221;][\/dmpro_masonry_gallery][\/et_pb_column][\/et_pb_row][\/et_pb_section][et_pb_section fb_built=&#8221;1&#8243; admin_label=&#8221;Ken Nice&#8221; _builder_version=&#8221;4.23.4&#8243; _module_preset=&#8221;default&#8221; custom_padding=&#8221;0%||||false|false&#8221; collapsed=&#8221;on&#8221; global_colors_info=&#8221;{}&#8221;][et_pb_row _builder_version=&#8221;4.17.6&#8243; _module_preset=&#8221;default&#8221; custom_padding=&#8221;0%||||false|false&#8221; global_colors_info=&#8221;{}&#8221;][et_pb_column type=&#8221;4_4&#8243; _builder_version=&#8221;4.17.6&#8243; _module_preset=&#8221;default&#8221; global_colors_info=&#8221;{}&#8221;][et_pb_text admin_label=&#8221;Section Title &#8211; H3&#8243; _builder_version=&#8221;4.23.4&#8243; _module_preset=&#8221;default&#8221; header_3_font=&#8221;Futura Bold|||on|||||&#8221; header_3_text_align=&#8221;left&#8221; header_3_text_color=&#8221;#000000&#8243; header_3_font_size=&#8221;18px&#8221; header_3_letter_spacing=&#8221;1.8px&#8221; header_3_line_height=&#8221;24px&#8221; custom_margin=&#8221;||2%||false|false&#8221; custom_margin_tablet=&#8221;||||false|false&#8221; custom_margin_phone=&#8221;||||false|false&#8221; custom_margin_last_edited=&#8221;on|desktop&#8221; custom_padding=&#8221;||||false|false&#8221; global_colors_info=&#8221;{}&#8221;]<\/p>\n<h3>Ken Nice (han\/honom) &#8211; Medlem i evenemangsteamet<\/h3>\n<p>[\/et_pb_text][et_pb_text _builder_version=&#8221;4.23.4&#8243; _module_preset=&#8221;default&#8221; custom_padding=&#8221;||||false|false&#8221; custom_padding_tablet=&#8221;||||false|false&#8221; custom_padding_phone=&#8221;||||false|false&#8221; custom_padding_last_edited=&#8221;on|phone&#8221; global_colors_info=&#8221;{}&#8221;]<\/p>\n<p>Ken \u00e4r f\u00f6dd och uppvuxen i Buffalo, New York, och \u00e4r v\u00e4ldigt exalterad \u00f6ver att vara en del av The V Team. Som medlem i teamet delar Ken sitt v\u00e4lkomnande leende, sin k\u00e4rlek till resor och sin passion f\u00f6r \u00e4ventyr med sina medresen\u00e4rer. Han l\u00e4mnade Buffalo f\u00f6r att studera vid University of Maryland och tillbringade st\u00f6rre delen av sina vuxna \u00e5r i Washington, DC (med en period \u00e4ven i Los Angeles). Ken gick nyligen i pension fr\u00e5n en heltidsanst\u00e4llning inom mediebemanningsbranschen d\u00e4r han fick chansen att arbeta med kunder p\u00e5 bland annat NBC, Discovery och National Geographic. Sedan dess har Ken h\u00e4nge sig \u00e5t sin passion f\u00f6r resor genom att g\u00f6ra flera resor, inklusive en 28-dagarskryssning fr\u00e5n Singapore till Kapstaden. N\u00e4r Ken inte reser \u00e4lskar han att l\u00e5tsas vara fotograf (&#8221;saker som f\u00e5ngade min uppm\u00e4rksamhet&#8221;), umg\u00e5s med sin familj och titta p\u00e5\/f\u00f6lja tennis. Ken flyttade tillbaka till Buffalo 2022 (och saknar DC oerh\u00f6rt mycket) f\u00f6r att skaka om saker och ting lite och vara n\u00e4rmare sin familj. F\u00f6lj Ken p\u00e5 IG @ <strong><a href=\"https:\/\/www.instagram.com\/niceken10\/\" target=\"_blank\" rel=\"noopener\">niceken10<\/a><\/strong> . Trevlig reseresa till er alla!        <\/p>\n<p>[\/et_pb_text][dmpro_masonry_gallery images=&#8221;172718,172709,172700,172691,172682,172673&#8243; columns=&#8221;6&#8243; columns_tablet=&#8221;6&#8243; columns_phone=&#8221;3&#8243; columns_last_edited=&#8221;on|desktop&#8221; _builder_version=&#8221;4.23.4&#8243; _module_preset=&#8221;default&#8221; global_colors_info=&#8221;{}&#8221;][\/dmpro_masonry_gallery][\/et_pb_column][\/et_pb_row][\/et_pb_section][et_pb_section fb_built=&#8221;1&#8243; admin_label=&#8221;Kevin Dekimpe&#8221; _builder_version=&#8221;4.17.6&#8243; _module_preset=&#8221;default&#8221; custom_padding=&#8221;0%||||false|false&#8221; collapsed=&#8221;on&#8221; global_colors_info=&#8221;{}&#8221;][et_pb_row _builder_version=&#8221;4.17.6&#8243; _module_preset=&#8221;default&#8221; custom_padding=&#8221;0%||||false|false&#8221; global_colors_info=&#8221;{}&#8221;][et_pb_column type=&#8221;4_4&#8243; _builder_version=&#8221;4.17.6&#8243; _module_preset=&#8221;default&#8221; global_colors_info=&#8221;{}&#8221;][et_pb_text admin_label=&#8221;Section Title &#8211; H3&#8243; _builder_version=&#8221;4.17.6&#8243; _module_preset=&#8221;default&#8221; header_3_font=&#8221;Futura Bold|||on|||||&#8221; header_3_text_align=&#8221;left&#8221; header_3_text_color=&#8221;#000000&#8243; header_3_font_size=&#8221;18px&#8221; header_3_letter_spacing=&#8221;1.8px&#8221; header_3_line_height=&#8221;24px&#8221; custom_margin=&#8221;||2%||false|false&#8221; custom_margin_tablet=&#8221;||||false|false&#8221; custom_margin_phone=&#8221;||||false|false&#8221; custom_margin_last_edited=&#8221;on|desktop&#8221; custom_padding=&#8221;||||false|false&#8221; global_colors_info=&#8221;{}&#8221;]<\/p>\n<h3>Kevin DeKimpe (han\/honom) &#8211; Videograf<\/h3>\n<p>[\/et_pb_text][et_pb_text _builder_version=&#8221;4.17.6&#8243; _module_preset=&#8221;default&#8221; custom_padding=&#8221;||||false|false&#8221; custom_padding_tablet=&#8221;||||false|false&#8221; custom_padding_phone=&#8221;||||false|false&#8221; custom_padding_last_edited=&#8221;on|phone&#8221; global_colors_info=&#8221;{}&#8221;]<\/p>\n<p>Kevin \u00e4r artist, komposit\u00f6r och bildkonstn\u00e4r i olika medier. Han gillar att s\u00e4ga att han &#8221;h\u00e4mtade VACAYA-videofacklan fr\u00e5n Matt Palazzolo och hoppas kunna g\u00f6ra honom stolt i VACAYA-videoteamet.&#8221; Och det har han gjort. Kevin \u00e4lskar att arbeta f\u00f6r att visa upp Vacayans p\u00e5 dessa underbara tillflyktsorter genom video. Han v\u00e4xte upp i Detroit, Michigan och sprang sedan till \u00f6stra Los Angeles (som han nu anser vara hemma) f\u00f6r att f\u00f6rdjupas i LA:s konstscener. I Kalifornien arrangerade han och hans glada kompisg\u00e4ng queer interaktiva konstutst\u00e4llningar runt Los Angeles. F\u00f6r att l\u00e4ra dig mer om Kevin, bes\u00f6k hans hemsida p\u00e5  <strong><a href=\"http:\/\/www.kevindekimpe.com\">www.kevindekimpe.com<\/a><\/strong> och f\u00f6lj honom p\u00e5 Insta @ <strong><a href=\"https:\/\/www.instagram.com\/fatrubberducky\/\" target=\"_blank\" rel=\"noopener\">fatrubberducky<\/a><\/strong> .<\/p>\n<p>[\/et_pb_text][dmpro_masonry_gallery images=&#8221;193072,193054,193045,193036,193027,193095&#8243; columns=&#8221;6&#8243; columns_tablet=&#8221;6&#8243; columns_phone=&#8221;3&#8243; columns_last_edited=&#8221;on|desktop&#8221; _builder_version=&#8221;4.27.4&#8243; _module_preset=&#8221;default&#8221; hover_enabled=&#8221;0&#8243; global_colors_info=&#8221;{}&#8221; sticky_enabled=&#8221;0&#8243;][\/dmpro_masonry_gallery][\/et_pb_column][\/et_pb_row][\/et_pb_section][et_pb_section fb_built=&#8221;1&#8243; admin_label=&#8221;Kevin Kuehnert&#8221; _builder_version=&#8221;4.17.6&#8243; _module_preset=&#8221;default&#8221; custom_padding=&#8221;0%||||false|false&#8221; collapsed=&#8221;on&#8221; global_colors_info=&#8221;{}&#8221;][et_pb_row _builder_version=&#8221;4.17.6&#8243; _module_preset=&#8221;default&#8221; custom_padding=&#8221;0%||||false|false&#8221; global_colors_info=&#8221;{}&#8221;][et_pb_column type=&#8221;4_4&#8243; _builder_version=&#8221;4.17.6&#8243; _module_preset=&#8221;default&#8221; global_colors_info=&#8221;{}&#8221;][et_pb_text admin_label=&#8221;Section Title &#8211; H3&#8243; _builder_version=&#8221;4.17.6&#8243; _module_preset=&#8221;default&#8221; header_3_font=&#8221;Futura Bold|||on|||||&#8221; header_3_text_align=&#8221;left&#8221; header_3_text_color=&#8221;#000000&#8243; header_3_font_size=&#8221;18px&#8221; header_3_letter_spacing=&#8221;1.8px&#8221; header_3_line_height=&#8221;24px&#8221; custom_margin=&#8221;||2%||false|false&#8221; custom_margin_tablet=&#8221;||||false|false&#8221; custom_margin_phone=&#8221;||||false|false&#8221; custom_margin_last_edited=&#8221;on|desktop&#8221; custom_padding=&#8221;||||false|false&#8221; global_colors_info=&#8221;{}&#8221;]<\/p>\n<h3>Kevin Kuehnert (han\/honom) &#8211; Event Team Member<\/h3>\n<p>[\/et_pb_text][et_pb_text _builder_version=&#8221;4.23.4&#8243; _module_preset=&#8221;default&#8221; custom_padding=&#8221;||||false|false&#8221; custom_padding_tablet=&#8221;||||false|false&#8221; custom_padding_phone=&#8221;||||false|false&#8221; custom_padding_last_edited=&#8221;on|phone&#8221; global_colors_info=&#8221;{}&#8221;]<\/p>\n<p>Kevin \u00e4r en ung och utbildad flygproffs som besegrar f\u00f6retagsamerika med sina fascinerande bl\u00e5 \u00f6gon. Han \u00e4r ocks\u00e5 en erfaren v\u00e4rldsresen\u00e4r och m\u00f6jligen din favorit Tvilling. Hans make sedan n\u00e4stan ett decennium, Aaron, \u00e4r ocks\u00e5 en av v\u00e5ra V-teamveteraner. Tillsammans med Aaron har Kevin utforskat m\u00e5nga h\u00f6rn av v\u00e4rlden och varit p\u00e5 m\u00e5nga \u00e4ventyr, men dessa tv\u00e5 \u00e4r ocks\u00e5 med p\u00e5 \u00e4ventyret att f\u00f6ra in tv\u00e5 sm\u00e5 Vacayaner i familjen. En dag snart kanske du bara kallar dem pappa!     F\u00f6lj Kevin p\u00e5 Insta @ <strong><a href=\"https:\/\/www.instagram.com\/thekuehnerts\/\" target=\"_blank\" rel=\"noopener\">thekuehnerts<\/a><\/strong> .<\/p>\n<p>[\/et_pb_text][dmpro_masonry_gallery images=&#8221;172609,172600,172582,172591,172573,172564&#8243; columns=&#8221;6&#8243; columns_tablet=&#8221;6&#8243; columns_phone=&#8221;3&#8243; columns_last_edited=&#8221;on|desktop&#8221; _builder_version=&#8221;4.23.4&#8243; _module_preset=&#8221;default&#8221; global_colors_info=&#8221;{}&#8221;][\/dmpro_masonry_gallery][\/et_pb_column][\/et_pb_row][\/et_pb_section][et_pb_section fb_built=&#8221;1&#8243; admin_label=&#8221;Kim Wilson&#8221; _builder_version=&#8221;4.23.4&#8243; _module_preset=&#8221;default&#8221; custom_padding=&#8221;0%||||false|false&#8221; collapsed=&#8221;on&#8221; global_colors_info=&#8221;{}&#8221;][et_pb_row _builder_version=&#8221;4.17.6&#8243; _module_preset=&#8221;default&#8221; custom_padding=&#8221;0%||||false|false&#8221; global_colors_info=&#8221;{}&#8221;][et_pb_column type=&#8221;4_4&#8243; _builder_version=&#8221;4.17.6&#8243; _module_preset=&#8221;default&#8221; global_colors_info=&#8221;{}&#8221;][et_pb_text admin_label=&#8221;Section Title &#8211; H3&#8243; _builder_version=&#8221;4.23.4&#8243; _module_preset=&#8221;default&#8221; header_3_font=&#8221;Futura Bold|||on|||||&#8221; header_3_text_align=&#8221;left&#8221; header_3_text_color=&#8221;#000000&#8243; header_3_font_size=&#8221;18px&#8221; header_3_letter_spacing=&#8221;1.8px&#8221; header_3_line_height=&#8221;24px&#8221; custom_margin=&#8221;||2%||false|false&#8221; custom_margin_tablet=&#8221;||||false|false&#8221; custom_margin_phone=&#8221;||||false|false&#8221; custom_margin_last_edited=&#8221;on|desktop&#8221; custom_padding=&#8221;||||false|false&#8221; global_colors_info=&#8221;{}&#8221;]<\/p>\n<h3>Kim Wilson (hon\/henne) &#8211; Exekutiv producent<\/h3>\n<p>[\/et_pb_text][et_pb_text _builder_version=&#8221;4.23.4&#8243; _module_preset=&#8221;default&#8221; custom_padding=&#8221;||||false|false&#8221; custom_padding_tablet=&#8221;||||false|false&#8221; custom_padding_phone=&#8221;||||false|false&#8221; custom_padding_last_edited=&#8221;on|phone&#8221; global_colors_info=&#8221;{}&#8221;]<\/p>\n<p style=\"font-weight: 400;\">Kim, som \u00e4r f\u00f6dd i Kalifornien, utvecklade sin k\u00e4rlek till resor i ung \u00e5lder n\u00e4r hon utforskade de m\u00e5ngsidiga landskapen i Golden State med sin familj. Med en karri\u00e4r som str\u00e4cker sig \u00f6ver 30 \u00e5r inom produktion av festivaler och kurering av HBTQ+-reseupplevelser, bidrar Kim med en m\u00e4ngd expertis till VACAYA-teamet. Efter att ha tillbringat 16 \u00e5r med Olivia Travel i olika roller har hon samarbetat p\u00e5 \u00f6ver 65 charterresor, d\u00e4r varje resa genomsyras av sitt engagemang f\u00f6r att skapa unika, gl\u00e4djefyllda, m\u00e5ngsidiga och of\u00f6rgl\u00f6mliga semestrar f\u00f6r HBTQ+-communityn.  <\/p>\n<p>Kim \u00e4r en m\u00e4ster inom organisation och noggrann planering, har en f\u00f6rk\u00e4rlek f\u00f6r kalkylblad och brinner f\u00f6r att se till att varje detalj \u00e4r p\u00e5 plats f\u00f6r att ge en smidig, avkopplande och trevlig g\u00e4stupplevelse. N\u00e4r hon inte planerar rese\u00e4ventyr eller bes\u00f6ker sin familj i Morro Bay, Kalifornien, kallar Kim Provincetown, Massachusetts, f\u00f6r sitt hem, och hon tillbringar st\u00f6rre delen av sin fritid mellan Provincetown Tennis Club och Cape Cod National Seashore. <\/p>\n<p>Tillsammans med sin partner, ljudteknikern Myrna Johnston, \u00e4r Kim medf\u00f6r\u00e4lder till tv\u00e5 hundar och dr\u00f6mmer om att r\u00e4dda fler. Hon har en kandidatexamen i samh\u00e4llsvetenskap fr\u00e5n University of California, Berkeley, en masterexamen i h\u00e5llbar turism fr\u00e5n Arizona State University, \u00e4r en h\u00e4ngiven tennisspelare och Peloton-entusiast, och har en djup passion f\u00f6r att utforska v\u00e4rldens h\u00f6rn. F\u00f6lj Kim p\u00e5 Insta <strong><a href=\"https:\/\/www.instagram.com\/kimbawils\/\" target=\"_blank\" rel=\"noopener\">@kimbawlis<\/a><\/strong> .  <\/p>\n<p>[\/et_pb_text][dmpro_masonry_gallery images=&#8221;153867,153858,153849,153840,153831,153822&#8243; columns=&#8221;6&#8243; columns_tablet=&#8221;6&#8243; columns_phone=&#8221;3&#8243; columns_last_edited=&#8221;on|desktop&#8221; _builder_version=&#8221;4.23.4&#8243; _module_preset=&#8221;default&#8221; global_colors_info=&#8221;{}&#8221;][\/dmpro_masonry_gallery][\/et_pb_column][\/et_pb_row][\/et_pb_section][et_pb_section fb_built=&#8221;1&#8243; admin_label=&#8221;Kyle Hertaus&#8221; _builder_version=&#8221;4.17.6&#8243; _module_preset=&#8221;default&#8221; custom_padding=&#8221;0%||||false|false&#8221; collapsed=&#8221;on&#8221; global_colors_info=&#8221;{}&#8221;][et_pb_row _builder_version=&#8221;4.17.6&#8243; _module_preset=&#8221;default&#8221; custom_padding=&#8221;0%||||false|false&#8221; global_colors_info=&#8221;{}&#8221;][et_pb_column type=&#8221;4_4&#8243; _builder_version=&#8221;4.17.6&#8243; _module_preset=&#8221;default&#8221; global_colors_info=&#8221;{}&#8221;][et_pb_text admin_label=&#8221;Section Title &#8211; H3&#8243; _builder_version=&#8221;4.17.6&#8243; _module_preset=&#8221;default&#8221; header_3_font=&#8221;Futura Bold|||on|||||&#8221; header_3_text_align=&#8221;left&#8221; header_3_text_color=&#8221;#000000&#8243; header_3_font_size=&#8221;18px&#8221; header_3_letter_spacing=&#8221;1.8px&#8221; header_3_line_height=&#8221;24px&#8221; custom_margin=&#8221;||2%||false|false&#8221; custom_margin_tablet=&#8221;||||false|false&#8221; custom_margin_phone=&#8221;||||false|false&#8221; custom_margin_last_edited=&#8221;on|desktop&#8221; custom_padding=&#8221;||||false|false&#8221; global_colors_info=&#8221;{}&#8221;]<\/p>\n<h3>Kyle Hertaus (han\/honom) &#8211; Event Team Member<\/h3>\n<p>[\/et_pb_text][et_pb_text _builder_version=&#8221;4.23.4&#8243; _module_preset=&#8221;default&#8221; custom_padding=&#8221;||||false|false&#8221; custom_padding_tablet=&#8221;||||false|false&#8221; custom_padding_phone=&#8221;||||false|false&#8221; custom_padding_last_edited=&#8221;on|phone&#8221; global_colors_info=&#8221;{}&#8221;]<\/p>\n<p>Kyle s\u00e4ger ett stort hej till alla Vacayans d\u00e4r ute! Kyle hade m\u00f6jligheten att sjunga och dansa runt om i v\u00e4rlden i sex \u00e5r, under sina interkollegiala studier, och ge musik upps\u00f6kande verksamhet i 12+ l\u00e4nder. Han gick sedan med i kryssningsindustrin d\u00e4r han korsade v\u00e4gar med VACAYA medan han arbetade ombord p\u00e5 Celebrity Millennium. Av mer \u00e4n 100 resor under sin karri\u00e4r p\u00e5 kryssningsrederiet toppade den hans lista. I sitt hj\u00e4rta tror Kyle att VACAYA inte bara \u00e4r ett resm\u00e5l, utan de eviga v\u00e4nnerna och familjen du f\u00e5r omfamna och f\u00e5 kontakt med under hela livets resa. Om du n\u00e5gonsin \u00e4r i Minnesota kan du hitta Kyle n\u00e4r han f\u00f6nstershoppar p\u00e5 Mall of America, \u00e5ker skidor under Minnesotas vintrar, har en kv\u00e4ll p\u00e5 stan i Minneapolis, njuter av en s\u00f6ndagsmys med att sjunga musik, till och med en trevlig kv\u00e4ll med att titta p\u00e5 <i><strong>Red, White och Royal Blue<\/strong> ,<\/i> eller underh\u00e5ller sina tv\u00e5 brors\u00f6ner och sin systerdotter p\u00e5 deras g\u00e5rd p\u00e5 landsbygden i Minnesota. Han \u00e4r hedrad \u00f6ver att vara en del av The V Team, och ser fram emot att tr\u00e4ffa var och en av er! F\u00f6lj Kyle p\u00e5 Instagram <strong><a href=\"https:\/\/www.instagram.com\/Kyle_onland\/\" target=\"_blank\" rel=\"noopener\">@Kyle_onland<\/a><\/strong> .<\/p>\n<p>[\/et_pb_text][dmpro_masonry_gallery images=&#8221;142945,142933,142924,142915,142906,142897&#8243; columns=&#8221;6&#8243; columns_tablet=&#8221;6&#8243; columns_phone=&#8221;3&#8243; columns_last_edited=&#8221;on|desktop&#8221; _builder_version=&#8221;4.17.6&#8243; _module_preset=&#8221;default&#8221; global_colors_info=&#8221;{}&#8221;][\/dmpro_masonry_gallery][\/et_pb_column][\/et_pb_row][\/et_pb_section][et_pb_section fb_built=&#8221;1&#8243; admin_label=&#8221;Lauren Benson&#8221; _builder_version=&#8221;4.17.6&#8243; _module_preset=&#8221;default&#8221; custom_padding=&#8221;0%||||false|false&#8221; collapsed=&#8221;on&#8221; global_colors_info=&#8221;{}&#8221;][et_pb_row _builder_version=&#8221;4.17.6&#8243; _module_preset=&#8221;default&#8221; custom_padding=&#8221;0%||||false|false&#8221; global_colors_info=&#8221;{}&#8221;][et_pb_column type=&#8221;4_4&#8243; _builder_version=&#8221;4.17.6&#8243; _module_preset=&#8221;default&#8221; global_colors_info=&#8221;{}&#8221;][et_pb_text admin_label=&#8221;Section Title &#8211; H3&#8243; _builder_version=&#8221;4.17.6&#8243; _module_preset=&#8221;default&#8221; header_3_font=&#8221;Futura Bold|||on|||||&#8221; header_3_text_align=&#8221;left&#8221; header_3_text_color=&#8221;#000000&#8243; header_3_font_size=&#8221;18px&#8221; header_3_letter_spacing=&#8221;1.8px&#8221; header_3_line_height=&#8221;24px&#8221; custom_margin=&#8221;||2%||false|false&#8221; custom_margin_tablet=&#8221;||||false|false&#8221; custom_margin_phone=&#8221;||||false|false&#8221; custom_margin_last_edited=&#8221;on|desktop&#8221; custom_padding=&#8221;||||false|false&#8221; global_colors_info=&#8221;{}&#8221;]<\/p>\n<h3>Lauren Benson (hon\/hon) &#8211; Ekonomiteammedlem<\/h3>\n<p>[\/et_pb_text][et_pb_text _builder_version=&#8221;4.17.6&#8243; _module_preset=&#8221;default&#8221; custom_padding=&#8221;||||false|false&#8221; custom_padding_tablet=&#8221;||||false|false&#8221; custom_padding_phone=&#8221;||||false|false&#8221; custom_padding_last_edited=&#8221;on|desktop&#8221; global_colors_info=&#8221;{}&#8221;]<\/p>\n<p>Med \u00f6ver tv\u00e5 decennier av erfarenhet inom sitt omr\u00e5de \u00e4r Lauren en erfaren finansiell expert. Hon driver f\u00f6r n\u00e4rvarande ett f\u00f6retag f\u00f6r skattef\u00f6rberedelser och finansiella tj\u00e4nster i Warwick, Rhode Island och hanterar allt som r\u00f6r pengar med VACAYA. Resor \u00e4r dock hennes <em>verkliga<\/em> passion. Att \u00e4ga sitt eget f\u00f6retag g\u00f6r att hon kan stj\u00e4la tid f\u00f6r de m\u00e5nga \u00e4ventyr hon \u00e4r v\u00e4lk\u00e4nd f\u00f6r bland v\u00e4nner och familj. Genom \u00e5ren har hon markerat 49 stater (tittar p\u00e5 dig, Alaska!), och ett imponerande utbud av l\u00e4nder och destinationer i v\u00e4rldens alla h\u00f6rn. Lauren \u00e4r entusiastisk \u00f6ver att vara en del av VACAYA-teamet och kan inte v\u00e4nta med att forts\u00e4tta utforska och uppleva v\u00e4rlden under de kommande \u00e5ren. F\u00f6lj Lauren p\u00e5 Insta @ <a href=\"https:\/\/www.instagram.com\/lpetrarca1\/\" target=\"_blank\" rel=\"noopener\"><strong>lpetrarca1<\/strong><\/a> .<\/p>\n<p>[\/et_pb_text][dmpro_masonry_gallery images=&#8221;28872,28869,28874,28870,28871,28873&#8243; columns=&#8221;6&#8243; columns_tablet=&#8221;6&#8243; columns_phone=&#8221;3&#8243; columns_last_edited=&#8221;on|phone&#8221; _builder_version=&#8221;4.17.6&#8243; _module_preset=&#8221;default&#8221; global_colors_info=&#8221;{}&#8221;][\/dmpro_masonry_gallery][\/et_pb_column][\/et_pb_row][\/et_pb_section][et_pb_section fb_built=&#8221;1&#8243; admin_label=&#8221;Mark Simon&#8221; _builder_version=&#8221;4.27.4&#8243; _module_preset=&#8221;default&#8221; custom_padding=&#8221;0%||||false|false&#8221; collapsed=&#8221;on&#8221; global_colors_info=&#8221;{}&#8221;][et_pb_row _builder_version=&#8221;4.17.6&#8243; _module_preset=&#8221;default&#8221; custom_padding=&#8221;0%||||false|false&#8221; global_colors_info=&#8221;{}&#8221;][et_pb_column type=&#8221;4_4&#8243; _builder_version=&#8221;4.17.6&#8243; _module_preset=&#8221;default&#8221; global_colors_info=&#8221;{}&#8221;][et_pb_text admin_label=&#8221;Section Title &#8211; H3&#8243; _builder_version=&#8221;4.27.4&#8243; _module_preset=&#8221;default&#8221; header_3_font=&#8221;Futura Bold|||on|||||&#8221; header_3_text_align=&#8221;left&#8221; header_3_text_color=&#8221;#000000&#8243; header_3_font_size=&#8221;18px&#8221; header_3_letter_spacing=&#8221;1.8px&#8221; header_3_line_height=&#8221;24px&#8221; custom_margin=&#8221;||2%||false|false&#8221; custom_margin_tablet=&#8221;||||false|false&#8221; custom_margin_phone=&#8221;||||false|false&#8221; custom_margin_last_edited=&#8221;on|desktop&#8221; custom_padding=&#8221;||||false|false&#8221; global_colors_info=&#8221;{}&#8221;]<\/p>\n<h3>Mark Simon (han\/honom) &#8211; Medlem i evenemangsteamet<\/h3>\n<p>[\/et_pb_text][et_pb_text _builder_version=&#8221;4.27.4&#8243; _module_preset=&#8221;default&#8221; custom_padding=&#8221;||||false|false&#8221; custom_padding_tablet=&#8221;||||false|false&#8221; custom_padding_phone=&#8221;||||false|false&#8221; custom_padding_last_edited=&#8221;on|desktop&#8221; global_colors_info=&#8221;{}&#8221;]<\/p>\n<p>Mark v\u00e4xte upp i v\u00e4stra Texas och tog examen i kinesiologi fr\u00e5n Texas Tech. Mark \u00e4r en veteran (n\u00e4stan pensionerad) l\u00e4rare i offentlig utbildning sedan 29 \u00e5r. Mark bor f\u00f6r n\u00e4rvarande i norra Texas med sin man Nic och deras 2-\u00e5rige grand danois, Sawyer. Mark \u00e4r en tidigare fitnesstr\u00e4nare f\u00f6r m\u00e4sterskapst\u00e4vlingar och hj\u00e4lper flera lokala och statliga titelh\u00e5llare att t\u00e4vla p\u00e5 n\u00e4sta niv\u00e5. F\u00f6r n\u00e4rvarande arbetar Mark p\u00e5 fritiden f\u00f6r flera stora sportligor med videogranskning\/repriser och kommunikationsteknik f\u00f6r domare. Om du gillar sportboll &#8211; fotboll eller amerikansk fotboll &#8211; \u00e4r han din kille! Mark \u00e4r ocks\u00e5 en ivrig cruiser med v\u00e4nner och familj och har f\u00f6r n\u00e4rvarande en on\u00f6digt stor samling av Family Cruise-tr\u00f6jor. F\u00f6lj Mark p\u00e5 Insta @ <a href=\"https:\/\/www.instagram.com\/markjs71\/\" target=\"_blank\" rel=\"noopener\">markjs71<\/a> <b>.<\/b>       <\/p>\n<p>[\/et_pb_text][dmpro_masonry_gallery images=&#8221;192802,192793,192784,192775,192766,192757&#8243; columns=&#8221;6&#8243; columns_tablet=&#8221;6&#8243; columns_phone=&#8221;3&#8243; columns_last_edited=&#8221;on|phone&#8221; _builder_version=&#8221;4.27.4&#8243; _module_preset=&#8221;default&#8221; global_colors_info=&#8221;{}&#8221;][\/dmpro_masonry_gallery][\/et_pb_column][\/et_pb_row][\/et_pb_section][et_pb_section fb_built=&#8221;1&#8243; admin_label=&#8221;Marti Cummings&#8221; _builder_version=&#8221;4.23.4&#8243; _module_preset=&#8221;default&#8221; custom_padding=&#8221;0%||||false|false&#8221; collapsed=&#8221;on&#8221; global_colors_info=&#8221;{}&#8221;][et_pb_row _builder_version=&#8221;4.17.6&#8243; _module_preset=&#8221;default&#8221; custom_padding=&#8221;0%||||false|false&#8221; global_colors_info=&#8221;{}&#8221;][et_pb_column type=&#8221;4_4&#8243; _builder_version=&#8221;4.17.6&#8243; _module_preset=&#8221;default&#8221; global_colors_info=&#8221;{}&#8221;][et_pb_text admin_label=&#8221;Section Title &#8211; H3&#8243; _builder_version=&#8221;4.23.4&#8243; _module_preset=&#8221;default&#8221; header_3_font=&#8221;Futura Bold|||on|||||&#8221; header_3_text_align=&#8221;left&#8221; header_3_text_color=&#8221;#000000&#8243; header_3_font_size=&#8221;18px&#8221; header_3_letter_spacing=&#8221;1.8px&#8221; header_3_line_height=&#8221;24px&#8221; custom_margin=&#8221;||2%||false|false&#8221; custom_margin_tablet=&#8221;||||false|false&#8221; custom_margin_phone=&#8221;||||false|false&#8221; custom_margin_last_edited=&#8221;on|desktop&#8221; custom_padding=&#8221;||||false|false&#8221; global_colors_info=&#8221;{}&#8221;]<\/p>\n<h3>Marti Cummings (de\/dem) &#8211; VACAYA:s kryssningschef f\u00f6r sm\u00e5 fartyg<\/h3>\n<p>[\/et_pb_text][et_pb_text _builder_version=&#8221;4.23.4&#8243; _module_preset=&#8221;default&#8221; custom_padding=&#8221;||||false|false&#8221; custom_padding_tablet=&#8221;||||false|false&#8221; custom_padding_phone=&#8221;||||false|false&#8221; custom_padding_last_edited=&#8221;on|desktop&#8221; global_colors_info=&#8221;{}&#8221;]<\/p>\n<p><span class=\"outlook-search-highlight\" data-markjs=\"true\">Mart<\/span> i <span class=\"outlook-search-highlight\" data-markjs=\"true\">Cummings<\/span> \u00e4r VACAYAs chef f\u00f6r sm\u00e5kryssningar och har lett Vacayans till alla sju kontinenter! Marti \u00e4r ocks\u00e5 en v\u00e4rldsk\u00e4nd dragartist. De har medverkat i n\u00e5gra av dina favorit-tv-program (dokument\u00e4rserien <em><strong>Shade Queens of NYC<\/strong><\/em> , deras egen talkshow, <em><strong>The Marti Report<\/strong><\/em> on Logo, <em><strong>Worst Cooks in America<\/strong><\/em> , Hulus <em><strong>Drag Me to Dinner<\/strong><\/em> , <em><strong>The X Change Rate<\/strong><\/em> och <em><strong>Dragged<\/strong><\/em> ), har s\u00e5lt slut program globalt och \u00e4r aktivt engagerade i politik. Marti skrev historia som den f\u00f6rsta \u00f6ppet icke-bin\u00e4ra kandidaten att kandidera till ett \u00e4mbete i New York City n\u00e4r de kandiderade till kommunfullm\u00e4ktige 2021 f\u00f6r att representera distrikt 7. Deras kampanjresa presenteras i dokument\u00e4ren <em><strong>Queen of New York<\/strong><\/em> , som just nu streamas p\u00e5 The Advocate Channel. F\u00f6lj Marti p\u00e5 Instagram <a href=\"https:\/\/www.instagram.com\/martigcummings\/\" target=\"_blank\" rel=\"noopener\"><strong>@martigcummings<\/strong><\/a> . <\/p>\n<p>[\/et_pb_text][dmpro_masonry_gallery images=&#8221;177562,177580,177571,177607,177598,177589&#8243; columns=&#8221;6&#8243; columns_tablet=&#8221;6&#8243; columns_phone=&#8221;3&#8243; columns_last_edited=&#8221;on|phone&#8221; _builder_version=&#8221;4.23.4&#8243; _module_preset=&#8221;default&#8221; global_colors_info=&#8221;{}&#8221;][\/dmpro_masonry_gallery][\/et_pb_column][\/et_pb_row][\/et_pb_section][et_pb_section fb_built=&#8221;1&#8243; disabled_on=&#8221;on|on|on&#8221; admin_label=&#8221;Marie Johnson&#8221; _builder_version=&#8221;4.17.6&#8243; _module_preset=&#8221;default&#8221; custom_padding=&#8221;0%||||false|false&#8221; disabled=&#8221;on&#8221; collapsed=&#8221;on&#8221; global_colors_info=&#8221;{}&#8221;][et_pb_row _builder_version=&#8221;4.17.6&#8243; _module_preset=&#8221;default&#8221; custom_padding=&#8221;0%||||false|false&#8221; global_colors_info=&#8221;{}&#8221;][et_pb_column type=&#8221;4_4&#8243; _builder_version=&#8221;4.17.6&#8243; _module_preset=&#8221;default&#8221; global_colors_info=&#8221;{}&#8221;][et_pb_text admin_label=&#8221;Section Title &#8211; H3&#8243; _builder_version=&#8221;4.17.6&#8243; _module_preset=&#8221;default&#8221; header_3_font=&#8221;Futura Bold|||on|||||&#8221; header_3_text_align=&#8221;left&#8221; header_3_text_color=&#8221;#000000&#8243; header_3_font_size=&#8221;18px&#8221; header_3_letter_spacing=&#8221;1.8px&#8221; header_3_line_height=&#8221;24px&#8221; custom_margin=&#8221;||2%||false|false&#8221; custom_margin_tablet=&#8221;||||false|false&#8221; custom_margin_phone=&#8221;||||false|false&#8221; custom_margin_last_edited=&#8221;on|desktop&#8221; custom_padding=&#8221;||||false|false&#8221; global_colors_info=&#8221;{}&#8221;]<\/p>\n<h3>Marie Johnson (hon\/hon) &#8211; Event Team Member<\/h3>\n<p>[\/et_pb_text][et_pb_text _builder_version=&#8221;4.17.6&#8243; _module_preset=&#8221;default&#8221; custom_padding=&#8221;||||false|false&#8221; custom_padding_tablet=&#8221;||||false|false&#8221; custom_padding_phone=&#8221;||||false|false&#8221; custom_padding_last_edited=&#8221;on|desktop&#8221; global_colors_info=&#8221;{}&#8221;]<\/p>\n<p>Marie har en fri ande sedan barndomen och \u00e4r oerh\u00f6rt glad \u00f6ver att vara medlem i The V Team. Efter att ha \u00f6verlevt l\u00e4karutbildningen som ensamst\u00e5ende f\u00f6r\u00e4lder, avslutade Marie sitt residens, bel\u00f6nades med ett stipendium som arbetade i House Armed Services Committee och tj\u00e4nstgjorde i United States Air Force. Marie lever detta virvelvindiga liv och har bott i 8 olika st\u00e4der p\u00e5 2 kontinenter under de senaste 15 \u00e5ren. Hon har beh\u00e4rskat att resa till nya platser och g\u00f6ra sig hemmastadd. Inte konstigt att hon har k\u00e4ndistiteln att vara den f\u00f6rsta cis-kvinnan att spela i VACAYAs \u00f6k\u00e4nda Red Light District! N\u00e4r hon inte cruisar p\u00e5 dansgolven hj\u00e4lper hon till att driva DC After Dark, en queer, kinky social klubb i landets huvudstad som \u00e4r v\u00e4rd f\u00f6r sexpositiva HBTQ-fester som kretsar kring BIPOC och transmedlemmar i queergemenskapen. F\u00f6r alla queern\u00f6rdar d\u00e4r ute \u00e4r hon alltid nere p\u00e5 att prata scifi, anime\/manga, serier och allt utrymme. Du hittar henne p\u00e5<span class=\"apple-converted-space\"> <\/span><a title=\"https:\/\/dcadhh.wordpress.com\/\" href=\"https:\/\/dcadhh.wordpress.com\/\" target=\"_blank\" rel=\"noopener\">https:\/\/dcadhh.wordpress.com\/<\/a><span class=\"apple-converted-space\"> <\/span>eller f\u00f6lj hennes insta @ <a href=\"https:\/\/www.instagram.com\/marie.the.aviatrix\/\" target=\"_blank\" rel=\"noopener\">marie.the.aviatrix<\/a> .<\/p>\n<p>[\/et_pb_text][dmpro_masonry_gallery images=&#8221;142144,142135,142126,142117,142108,142099&#8243; columns=&#8221;6&#8243; columns_tablet=&#8221;6&#8243; columns_phone=&#8221;3&#8243; columns_last_edited=&#8221;on|phone&#8221; _builder_version=&#8221;4.17.6&#8243; _module_preset=&#8221;default&#8221; global_colors_info=&#8221;{}&#8221;][\/dmpro_masonry_gallery][\/et_pb_column][\/et_pb_row][\/et_pb_section][et_pb_section fb_built=&#8221;1&#8243; admin_label=&#8221;Mason Fitzpatrick&#8221; _builder_version=&#8221;4.23.4&#8243; _module_preset=&#8221;default&#8221; custom_padding=&#8221;0%||||false|false&#8221; collapsed=&#8221;on&#8221; global_colors_info=&#8221;{}&#8221;][et_pb_row _builder_version=&#8221;4.17.6&#8243; _module_preset=&#8221;default&#8221; custom_padding=&#8221;0%||||false|false&#8221; global_colors_info=&#8221;{}&#8221;][et_pb_column type=&#8221;4_4&#8243; _builder_version=&#8221;4.17.6&#8243; _module_preset=&#8221;default&#8221; global_colors_info=&#8221;{}&#8221;][et_pb_text admin_label=&#8221;Section Title &#8211; H3&#8243; _builder_version=&#8221;4.23.4&#8243; _module_preset=&#8221;default&#8221; header_3_font=&#8221;Futura Bold|||on|||||&#8221; header_3_text_align=&#8221;left&#8221; header_3_text_color=&#8221;#000000&#8243; header_3_font_size=&#8221;18px&#8221; header_3_letter_spacing=&#8221;1.8px&#8221; header_3_line_height=&#8221;24px&#8221; custom_margin=&#8221;||2%||false|false&#8221; custom_margin_tablet=&#8221;||||false|false&#8221; custom_margin_phone=&#8221;||||false|false&#8221; custom_margin_last_edited=&#8221;on|desktop&#8221; custom_padding=&#8221;||||false|false&#8221; global_colors_info=&#8221;{}&#8221;]<\/p>\n<h3>Mason Fitzpatrick (han\/honom) &#8211; Medlem i evenemangsteamet<\/h3>\n<p>[\/et_pb_text][et_pb_text _builder_version=&#8221;4.23.4&#8243; _module_preset=&#8221;default&#8221; custom_padding=&#8221;||||false|false&#8221; custom_padding_tablet=&#8221;||||false|false&#8221; custom_padding_phone=&#8221;||||false|false&#8221; custom_padding_last_edited=&#8221;on|desktop&#8221; global_colors_info=&#8221;{}&#8221;]<\/p>\n<p style=\"font-weight: 400;\">Mason bor f\u00f6r n\u00e4rvarande i Cincinnati, Ohio. Han kommer fr\u00e5n en milit\u00e4rfamilj, f\u00f6ddes i San Antonio, Texas, och flyttade vid tv\u00e5 \u00e5rs \u00e5lder till Florida d\u00e4r han tillbringade de kommande 25 \u00e5ren av sitt liv. Redan i ung \u00e5lder b\u00f6rjade Mason inse att hans kropp och sj\u00e4l inte var ett och detsamma. Att k\u00e4mpa med sin identitet under st\u00f6rre delen av sitt liv har lett honom till m\u00e4nniskor och platser som han k\u00e4nner att han normalt inte skulle ha f\u00e5tt uppleva om han inte hade g\u00e5tt igenom det han gjorde. Vid 25 \u00e5rs \u00e5lder fattade Mason beslutet att p\u00e5b\u00f6rja sin \u00f6verg\u00e5ng till en kropp som matchar lika mycket p\u00e5 utsidan som p\u00e5 insidan. \u00c4ven om resan inte alltid har varit l\u00e4tt med m\u00e5nga pr\u00f6vningar och vederm\u00f6dor, har den lett honom till n\u00e5gra av de b\u00e4sta m\u00e4nniskorna och platserna han n\u00e5gonsin kunnat f\u00f6rest\u00e4lla sig. Genom att hitta sig sj\u00e4lv kunde han hitta sin gemenskap och resa \u00f6ver hela USA och f\u00e5 kontakt med andra HBTQ+-personer. Under COVID d\u00f6k Mason in i sin k\u00e4rlek till fotografering och han har inte slutat sedan dess. Att se v\u00e4rlden har alltid varit en livsl\u00e5ng dr\u00f6m och \u00e4ven om Mason \u00e4r v\u00e4ldigt ny p\u00e5 internationella resor, \u00e4r han ivrig att se varje h\u00f6rn av v\u00e5r planet och att skapa varaktiga kontakter s\u00e5 ofta som m\u00f6jligt. Hitta Mason p\u00e5 <a href=\"https:\/\/www.tiktok.com\/@fitzpattymac21?_t=ZT-8tUxWiHljBq&amp;_r=1\" target=\"_blank\" rel=\"noopener\">TikTok<\/a> och <a href=\"https:\/\/www.instagram.com\/fitzpatty-mac21\" target=\"_blank\" rel=\"noopener\">Instagram<\/a> .         <\/p>\n<p>[\/et_pb_text][dmpro_masonry_gallery images=&#8221;173543,173534,173525,173516,173507,173498&#8243; columns=&#8221;6&#8243; columns_tablet=&#8221;6&#8243; columns_phone=&#8221;3&#8243; columns_last_edited=&#8221;on|desktop&#8221; _builder_version=&#8221;4.23.4&#8243; _module_preset=&#8221;default&#8221; global_colors_info=&#8221;{}&#8221;][\/dmpro_masonry_gallery][\/et_pb_column][\/et_pb_row][\/et_pb_section][et_pb_section fb_built=&#8221;1&#8243; admin_label=&#8221;Matthew Krumpe&#8221; _builder_version=&#8221;4.23.4&#8243; _module_preset=&#8221;default&#8221; custom_padding=&#8221;0%||||false|false&#8221; collapsed=&#8221;on&#8221; global_colors_info=&#8221;{}&#8221;][et_pb_row _builder_version=&#8221;4.17.6&#8243; _module_preset=&#8221;default&#8221; custom_padding=&#8221;0%||||false|false&#8221; global_colors_info=&#8221;{}&#8221;][et_pb_column type=&#8221;4_4&#8243; _builder_version=&#8221;4.17.6&#8243; _module_preset=&#8221;default&#8221; global_colors_info=&#8221;{}&#8221;][et_pb_text admin_label=&#8221;Section Title &#8211; H3&#8243; _builder_version=&#8221;4.23.4&#8243; _module_preset=&#8221;default&#8221; header_3_font=&#8221;Futura Bold|||on|||||&#8221; header_3_text_align=&#8221;left&#8221; header_3_text_color=&#8221;#000000&#8243; header_3_font_size=&#8221;18px&#8221; header_3_letter_spacing=&#8221;1.8px&#8221; header_3_line_height=&#8221;24px&#8221; custom_margin=&#8221;||2%||false|false&#8221; custom_margin_tablet=&#8221;||||false|false&#8221; custom_margin_phone=&#8221;||||false|false&#8221; custom_margin_last_edited=&#8221;on|desktop&#8221; custom_padding=&#8221;||||false|false&#8221; global_colors_info=&#8221;{}&#8221;]<\/p>\n<h3>Matthew Krumpe (han\/honom och hon\/henne i drag) &#8211; Medlem i sociala medier-teamet\/evenemangsteamet<\/h3>\n<p>[\/et_pb_text][et_pb_text _builder_version=&#8221;4.23.4&#8243; _module_preset=&#8221;default&#8221; custom_padding=&#8221;||||false|false&#8221; custom_padding_tablet=&#8221;||||false|false&#8221; custom_padding_phone=&#8221;||||false|false&#8221; custom_padding_last_edited=&#8221;on|desktop&#8221; global_colors_info=&#8221;{}&#8221;]<\/p>\n<p style=\"font-weight: 400;\">Matthew (alias Linda Recessionista) \u00e4r en Los Angeles-baserad artist, koreograf, dragartist och eventproducent med \u00f6ver 30 \u00e5rs erfarenhet inom dans. Han har en masterexamen i dans\/koreografi fr\u00e5n UCLA och tre g\u00e5nger nominerad till Ovation Award, och \u00e5terv\u00e4nde nyligen till sin passion f\u00f6r liveframtr\u00e4danden efter \u00e5r inom utbildning. Han har ocks\u00e5 haft en framg\u00e5ngsrik karri\u00e4r inom mode, med ledarroller hos ledande accessoarm\u00e4rken. Hans kreativa resa har tagit honom runt om i v\u00e4rlden, med S\u00e3o Paulo som en personlig favorit. Som Linda \u00e4r han en framst\u00e5ende person i Los Angeles queera nattliv, k\u00e4nd f\u00f6r att vara v\u00e4rd f\u00f6r ikoniska dragbruncher, bingos och evenemang som centrerar gl\u00e4dje och inkludering. Matthew \u00e4r stolt HIV+ (ouppt\u00e4ckbar) och en passionerad f\u00f6respr\u00e5kare f\u00f6r otrohet. Att vara en del av VACAYAs medieteam har varit ett djupt meningsfullt kapitel i Matthews liv \u2013 ett som \u00e4r rotat i stolthet, mening och vald familj. F\u00f6lj Matthew p\u00e5 <a href=\"https:\/\/www.tiktok.com\/@krumpmasterkrump\" target=\"_blank\" rel=\"noopener\">TikTok<\/a> och <a href=\"https:\/\/www.instagram.com\/krumpmasterkrump\/\" target=\"_blank\" rel=\"noopener\">Instagram<\/a> .       <\/p>\n<p>[\/et_pb_text][dmpro_masonry_gallery images=&#8221;181526,181517,181508,181499,181490,181481&#8243; columns=&#8221;6&#8243; columns_tablet=&#8221;6&#8243; columns_phone=&#8221;3&#8243; columns_last_edited=&#8221;on|desktop&#8221; _builder_version=&#8221;4.23.4&#8243; _module_preset=&#8221;default&#8221; global_colors_info=&#8221;{}&#8221;][\/dmpro_masonry_gallery][\/et_pb_column][\/et_pb_row][\/et_pb_section][et_pb_section fb_built=&#8221;1&#8243; admin_label=&#8221;Melvin Avila&#8221; _builder_version=&#8221;4.23.4&#8243; _module_preset=&#8221;default&#8221; custom_padding=&#8221;0%||||false|false&#8221; collapsed=&#8221;on&#8221; global_colors_info=&#8221;{}&#8221;][et_pb_row _builder_version=&#8221;4.17.6&#8243; _module_preset=&#8221;default&#8221; custom_padding=&#8221;0%||||false|false&#8221; global_colors_info=&#8221;{}&#8221;][et_pb_column type=&#8221;4_4&#8243; _builder_version=&#8221;4.17.6&#8243; _module_preset=&#8221;default&#8221; global_colors_info=&#8221;{}&#8221;][et_pb_text admin_label=&#8221;Section Title &#8211; H3&#8243; _builder_version=&#8221;4.23.4&#8243; _module_preset=&#8221;default&#8221; header_3_font=&#8221;Futura Bold|||on|||||&#8221; header_3_text_align=&#8221;left&#8221; header_3_text_color=&#8221;#000000&#8243; header_3_font_size=&#8221;18px&#8221; header_3_letter_spacing=&#8221;1.8px&#8221; header_3_line_height=&#8221;24px&#8221; custom_margin=&#8221;||2%||false|false&#8221; custom_margin_tablet=&#8221;||||false|false&#8221; custom_margin_phone=&#8221;||||false|false&#8221; custom_margin_last_edited=&#8221;on|desktop&#8221; custom_padding=&#8221;||||false|false&#8221; global_colors_info=&#8221;{}&#8221;]<\/p>\n<h3>Melvin Avila (han\/honom) &#8211; Medlem i evenemangsteamet<\/h3>\n<p>[\/et_pb_text][et_pb_text _builder_version=&#8221;4.23.4&#8243; _module_preset=&#8221;default&#8221; custom_padding=&#8221;||||false|false&#8221; custom_padding_tablet=&#8221;||||false|false&#8221; custom_padding_phone=&#8221;||||false|false&#8221; custom_padding_last_edited=&#8221;on|desktop&#8221; global_colors_info=&#8221;{}&#8221;]<\/p>\n<p style=\"font-weight: 400;\">Melvin \u00e4r f\u00f6dd i Centralamerikas minsta land, El Salvador, med persisk\/spansk h\u00e4rkomst. Som milit\u00e4rbarn tillbringade han sin barndom i \u00d6steuropa, men fr\u00e5n 15 \u00e5rs \u00e5lder kallade han Texas sitt hem. Det \u00e4r i Lone Star State som Melvin har tillbringat sitt vuxna liv och sin karri\u00e4r inom flygbranschen, d\u00e4r han har haft flera roller, fr\u00e5n flygv\u00e4rdinna till ledande befattningar. Melvin \u00e4r ensamst\u00e5ende kattf\u00f6r\u00e4lder till Orville och Wilbur; uppkallad efter br\u00f6derna Wright f\u00f6r sin respassion. Melvin har varit en del av The V Team sedan 2021 och ser fram emot m\u00e5nga, m\u00e5nga, m\u00e5nga fler VACAYA-\u00e4ventyr! N\u00e4r du st\u00f6ter p\u00e5 Melvin p\u00e5 en av v\u00e5ra resor, se till att fr\u00e5ga honom om hans favoritdestinationer. Han \u00e4r redo att s\u00e4tta ig\u00e5ng den h\u00e4r festen och redo att hj\u00e4lpa till att g\u00f6ra din VACAYA-semester till en of\u00f6rgl\u00f6mlig f\u00f6r alltid!       Du kan f\u00f6lja Melvin p\u00e5 Insta @ <strong><a href=\"https:\/\/www.instagram.com\/persolantinboy\/\" target=\"_blank\" rel=\"noopener\">Persolatinboi<\/a><\/strong> och p\u00e5 Facebook @ <strong><a href=\"https:\/\/www.facebook.com\/mlvnpnd\/\" target=\"_blank\" rel=\"noopener\">Mlvnpnd<\/a><\/strong> .<\/p>\n<p>[\/et_pb_text][dmpro_masonry_gallery images=&#8221;29025,29024,173116,173107,173125,173134&#8243; columns=&#8221;6&#8243; columns_tablet=&#8221;6&#8243; columns_phone=&#8221;3&#8243; columns_last_edited=&#8221;on|desktop&#8221; _builder_version=&#8221;4.23.4&#8243; _module_preset=&#8221;default&#8221; global_colors_info=&#8221;{}&#8221;][\/dmpro_masonry_gallery][\/et_pb_column][\/et_pb_row][\/et_pb_section][et_pb_section fb_built=&#8221;1&#8243; admin_label=&#8221;Michael Reilly&#8221; _builder_version=&#8221;4.17.6&#8243; _module_preset=&#8221;default&#8221; custom_padding=&#8221;0%||||false|false&#8221; collapsed=&#8221;on&#8221; global_colors_info=&#8221;{}&#8221;][et_pb_row _builder_version=&#8221;4.17.6&#8243; _module_preset=&#8221;default&#8221; custom_padding=&#8221;0%||||false|false&#8221; global_colors_info=&#8221;{}&#8221;][et_pb_column type=&#8221;4_4&#8243; _builder_version=&#8221;4.17.6&#8243; _module_preset=&#8221;default&#8221; global_colors_info=&#8221;{}&#8221;][et_pb_text admin_label=&#8221;Section Title &#8211; H3&#8243; _builder_version=&#8221;4.17.6&#8243; _module_preset=&#8221;default&#8221; header_3_font=&#8221;Futura Bold|||on|||||&#8221; header_3_text_align=&#8221;left&#8221; header_3_text_color=&#8221;#000000&#8243; header_3_font_size=&#8221;18px&#8221; header_3_letter_spacing=&#8221;1.8px&#8221; header_3_line_height=&#8221;24px&#8221; custom_margin=&#8221;||2%||false|false&#8221; custom_margin_tablet=&#8221;||||false|false&#8221; custom_margin_phone=&#8221;||||false|false&#8221; custom_margin_last_edited=&#8221;on|desktop&#8221; custom_padding=&#8221;||||false|false&#8221; global_colors_info=&#8221;{}&#8221;]<\/p>\n<h3>Michael Reilly (han\/honom) &#8211; F\u00f6rs\u00e4ljningsdirekt\u00f6r<\/h3>\n<p>[\/et_pb_text][et_pb_text _builder_version=&#8221;4.17.6&#8243; _module_preset=&#8221;default&#8221; custom_padding=&#8221;||||false|false&#8221; custom_padding_tablet=&#8221;||||false|false&#8221; custom_padding_phone=&#8221;||||false|false&#8221; custom_padding_last_edited=&#8221;on|phone&#8221; global_colors_info=&#8221;{}&#8221;]<\/p>\n<p>Michael blev f\u00f6rst biten av resefelet som 6-\u00e5ring under en familjesemester till Walt Disney World, men det var inte f\u00f6rr\u00e4n han \u00e5kte p\u00e5 en studentcampingsafari i \u00d6stafrika vid 17 \u00e5rs \u00e5lder n\u00e4r hans passion f\u00f6r resor v\u00e4xte till h\u00f6gsta niv\u00e5.<span class=\"apple-converted-space\"> <\/span>Under sitt livs \u00e4ventyr utmanade han sig sj\u00e4lv genom att ta sig ut ur sin komfortzon och han fick en uppskattning f\u00f6r och perspektiv p\u00e5 olika kulturer och livsstilar samtidigt som han levde en kort tid med en masai-stam.<span class=\"apple-converted-space\"> <\/span>Under de kommande decennierna drevs m\u00e5nga av Michaels resor av hans besatthet av sp\u00e4nningss\u00f6kande sport.<span class=\"apple-converted-space\">  <\/span>Fr\u00e5n fallsk\u00e4rmshoppning i Arizona, bungyjump i Nya Zeeland, dykning med hajar i Costa Rica och surfing p\u00e5 Hawaii, hans resor tog honom \u00f6ver hela v\u00e4rlden p\u00e5 jakt efter n\u00e4sta adrenalinkick.<span class=\"apple-converted-space\"> <\/span>Nuf\u00f6rtiden \u00e4r det mer sannolikt att du hittar honom bortsk\u00e4md p\u00e5 en 5-stj\u00e4rnig resort p\u00e5 Bali eller fotograferar norrskenet p\u00e5 Island.<span class=\"apple-converted-space\"> <\/span>M\u00e5nga av er kanske redan har tr\u00e4ffat Michael p\u00e5 land eller ute till havs under hans 25+ \u00e5r som arbetat i HBTQ+ resebranschen.<span class=\"apple-converted-space\"> <\/span>Du kan f\u00f6lja Michael och kolla in hans resefotografering p\u00e5 Insta @ <a href=\"https:\/\/www.instagram.com\/gmichaelreilly\/\" target=\"_blank\" rel=\"noopener\"><strong>gmichaelreilly<\/strong><\/a> .<\/p>\n<p>[\/et_pb_text][dmpro_masonry_gallery images=&#8221;28846,28847,28845,28848,28849,28844&#8243; columns=&#8221;6&#8243; columns_tablet=&#8221;6&#8243; columns_phone=&#8221;3&#8243; columns_last_edited=&#8221;on|desktop&#8221; _builder_version=&#8221;4.17.6&#8243; _module_preset=&#8221;default&#8221; global_colors_info=&#8221;{}&#8221;][\/dmpro_masonry_gallery][\/et_pb_column][\/et_pb_row][\/et_pb_section][et_pb_section fb_built=&#8221;1&#8243; admin_label=&#8221;My&#8217;Linda Francis&#8221; _builder_version=&#8221;4.17.6&#8243; _module_preset=&#8221;default&#8221; custom_padding=&#8221;0%||||false|false&#8221; collapsed=&#8221;on&#8221; global_colors_info=&#8221;{}&#8221;][et_pb_row _builder_version=&#8221;4.17.6&#8243; _module_preset=&#8221;default&#8221; custom_padding=&#8221;0%||||false|false&#8221; global_colors_info=&#8221;{}&#8221;][et_pb_column type=&#8221;4_4&#8243; _builder_version=&#8221;4.17.6&#8243; _module_preset=&#8221;default&#8221; global_colors_info=&#8221;{}&#8221;][et_pb_text admin_label=&#8221;Section Title &#8211; H3&#8243; _builder_version=&#8221;4.17.6&#8243; _module_preset=&#8221;default&#8221; header_3_font=&#8221;Futura Bold|||on|||||&#8221; header_3_text_align=&#8221;left&#8221; header_3_text_color=&#8221;#000000&#8243; header_3_font_size=&#8221;18px&#8221; header_3_letter_spacing=&#8221;1.8px&#8221; header_3_line_height=&#8221;24px&#8221; custom_margin=&#8221;||2%||false|false&#8221; custom_margin_tablet=&#8221;||||false|false&#8221; custom_margin_phone=&#8221;||||false|false&#8221; custom_margin_last_edited=&#8221;on|desktop&#8221; custom_padding=&#8221;||||false|false&#8221; global_colors_info=&#8221;{}&#8221;]<\/p>\n<h3>My&#8217;Linda Francis (hon\/hon) &#8211; Specialist p\u00e5 g\u00e4sttj\u00e4nster och f\u00f6rs\u00e4ljning<\/h3>\n<p>[\/et_pb_text][et_pb_text _builder_version=&#8221;4.17.6&#8243; _module_preset=&#8221;default&#8221; custom_padding=&#8221;||||false|false&#8221; custom_padding_tablet=&#8221;||||false|false&#8221; custom_padding_phone=&#8221;||||false|false&#8221; custom_padding_last_edited=&#8221;on|phone&#8221; global_colors_info=&#8221;{}&#8221;]<\/p>\n<p>My&#8217;Linda Francis (eller &#8221;My&#8221; f\u00f6r kort) \u00e4r en Cajun-tjej i hj\u00e4rtat. Mys r\u00f6tter ligger djupt mellan b\u00e5de Houma, Louisiana (hennes omhuldade ursprungsplats) och hennes nuvarande hem i Austin, Texas. Genomsyrad av kreativitet finner hon tr\u00f6st i konsten att tillverka p\u00e4rlstavsmycken, st\u00e4ndigt finslipa sina f\u00e4rdigheter och uppt\u00e4cka nya tekniker. Hon \u00e4r \u00f6vertygad om att konsten genomsyrar v\u00e5r omgivning, och hon ser resor som den ultimata formen av utbildning, en ink\u00f6rsport till att vidga v\u00e5ra vyer. Lockelsen med resor \u00e4r oemotst\u00e5ndlig f\u00f6r My: fusionen av mat, kultur, upplevelser, m\u00e5ngfald, kunskap och mer \u00e4r s\u00e5 vacker. Hennes aptit p\u00e5 nya upplevelser k\u00e4nner inga gr\u00e4nser. Sedan sin f\u00f6rsta kryssning 2016 har hon ivrigt seglat minst en g\u00e5ng om \u00e5ret och utforskat hisnande destinationer som Honduras, Belize, Jamaica, Bahamas, Toronto (inte en kryssning), Mexiko och Grand Cayman. Men den enda plats som har en speciell plats i hennes hj\u00e4rta \u00e4r den pulserande staden New Orleans. Dess energi pulserar genom hennes \u00e5dror, och stadens rika historia och kulturtapeter resonerar med My p\u00e5 ett andligt plan. New Orleans \u00e4r mer \u00e4n bara en destination; det k\u00e4nns som ett hem f\u00f6r alla! Du kan f\u00f6lja My p\u00e5 Insta @ <strong><a href=\"https:\/\/www.instagram.com\/MylindaVibez\/\" target=\"_blank\" rel=\"noopener\">MylindaVibez<\/a><\/strong> .<\/p>\n<p>[\/et_pb_text][dmpro_masonry_gallery images=&#8221;36815,36816,36817,36818,36819,177158&#8243; columns=&#8221;6&#8243; columns_tablet=&#8221;6&#8243; columns_phone=&#8221;3&#8243; columns_last_edited=&#8221;on|desktop&#8221; _builder_version=&#8221;4.23.4&#8243; _module_preset=&#8221;default&#8221; global_colors_info=&#8221;{}&#8221;][\/dmpro_masonry_gallery][\/et_pb_column][\/et_pb_row][\/et_pb_section][et_pb_section fb_built=&#8221;1&#8243; disabled_on=&#8221;on|on|on&#8221; admin_label=&#8221;Nomi Ahmed&#8221; _builder_version=&#8221;4.17.6&#8243; _module_preset=&#8221;default&#8221; custom_padding=&#8221;0%||||false|false&#8221; disabled=&#8221;on&#8221; collapsed=&#8221;on&#8221; global_colors_info=&#8221;{}&#8221;][et_pb_row _builder_version=&#8221;4.17.6&#8243; _module_preset=&#8221;default&#8221; custom_padding=&#8221;0%||||false|false&#8221; global_colors_info=&#8221;{}&#8221;][et_pb_column type=&#8221;4_4&#8243; _builder_version=&#8221;4.17.6&#8243; _module_preset=&#8221;default&#8221; global_colors_info=&#8221;{}&#8221;][et_pb_text admin_label=&#8221;Section Title &#8211; H3&#8243; _builder_version=&#8221;4.17.6&#8243; _module_preset=&#8221;default&#8221; header_3_font=&#8221;Futura Bold|||on|||||&#8221; header_3_text_align=&#8221;left&#8221; header_3_text_color=&#8221;#000000&#8243; header_3_font_size=&#8221;18px&#8221; header_3_letter_spacing=&#8221;1.8px&#8221; header_3_line_height=&#8221;24px&#8221; custom_margin=&#8221;||2%||false|false&#8221; custom_margin_tablet=&#8221;||||false|false&#8221; custom_margin_phone=&#8221;||||false|false&#8221; custom_margin_last_edited=&#8221;on|desktop&#8221; custom_padding=&#8221;||||false|false&#8221; global_colors_info=&#8221;{}&#8221;]<\/p>\n<h3>Nomi Ahmed (han\/honom) &#8211; Event Team Member<\/h3>\n<p>[\/et_pb_text][et_pb_text _builder_version=&#8221;4.17.6&#8243; _module_preset=&#8221;default&#8221; custom_padding=&#8221;||||false|false&#8221; custom_padding_tablet=&#8221;||||false|false&#8221; custom_padding_phone=&#8221;||||false|false&#8221; custom_padding_last_edited=&#8221;on|phone&#8221; global_colors_info=&#8221;{}&#8221;]<\/p>\n<p>Nomi \u00e4r f\u00f6dd och uppvuxen i Saudiarabien i en pakistansk familj. P\u00e5 en familjeresa till USA n\u00e4r han var barn visste han direkt att han ville bo i Amerika. Han flyttade till USA vid 18 och bodde i Chicago i 10 \u00e5r, men bor nu i Des Moines, Iowa med sin man. Han \u00e4lskar att resa, tr\u00e4ffa nya m\u00e4nniskor och uppleva deras kultur genom mat och dryck &#8211; speciellt drinkarna! En av hans favoritst\u00e4llen \u00e4r St Maarten, d\u00e4r han smekm\u00e5nad och blev k\u00e4r i str\u00e4nderna och fantastisk fransk mat. Nomi har en passion f\u00f6r design och har arbetat med sin goda v\u00e4n i Chicago i m\u00e5nga projekt &#8211; och ibland konsulterar han fortfarande. Sedan han flyttade till Iowa har hans passion f\u00f6r design kommit v\u00e4l till pass n\u00e4r han har renoverat och gjort om sin l\u00e4genhet. Under den tidiga delen av pandemin s\u00e5lde han och hans man sin l\u00e4genhet och nu slutf\u00f6r Nomi omdesignen av sitt nya hem. Han fokuserar p\u00e5 modern och samtida design. Med Nomi finns det alltid ett nytt projekt runt h\u00f6rnet! Hans favoritmat \u00e4r shawarma och i varje stad han reser till kommer han att leta efter den b\u00e4sta shawarman &#8211; ibland hitta den i foodtrucks. F\u00f6lj n\u00e5gra av Nomis \u00e4ventyr p\u00e5 Insta @ <strong><a href=\"https:\/\/www.instagram.com\/nomibomi\/\" target=\"_blank\" rel=\"noopener\">Nomibomi<\/a><\/strong> .<\/p>\n<p>[\/et_pb_text][dmpro_masonry_gallery images=&#8221;28923,28924,28925,28928,28926,28927&#8243; columns=&#8221;6&#8243; columns_tablet=&#8221;6&#8243; columns_phone=&#8221;3&#8243; columns_last_edited=&#8221;on|desktop&#8221; _builder_version=&#8221;4.17.6&#8243; _module_preset=&#8221;default&#8221; global_colors_info=&#8221;{}&#8221;][\/dmpro_masonry_gallery][\/et_pb_column][\/et_pb_row][\/et_pb_section][et_pb_section fb_built=&#8221;1&#8243; admin_label=&#8221;Okechi Chigewe&#8221; _builder_version=&#8221;4.17.6&#8243; _module_preset=&#8221;default&#8221; custom_padding=&#8221;0%||||false|false&#8221; collapsed=&#8221;on&#8221; global_colors_info=&#8221;{}&#8221;][et_pb_row _builder_version=&#8221;4.17.6&#8243; _module_preset=&#8221;default&#8221; custom_padding=&#8221;0%||||false|false&#8221; global_colors_info=&#8221;{}&#8221;][et_pb_column type=&#8221;4_4&#8243; _builder_version=&#8221;4.17.6&#8243; _module_preset=&#8221;default&#8221; global_colors_info=&#8221;{}&#8221;][et_pb_text admin_label=&#8221;Section Title &#8211; H3&#8243; _builder_version=&#8221;4.17.6&#8243; _module_preset=&#8221;default&#8221; header_3_font=&#8221;Futura Bold|||on|||||&#8221; header_3_text_align=&#8221;left&#8221; header_3_text_color=&#8221;#000000&#8243; header_3_font_size=&#8221;18px&#8221; header_3_letter_spacing=&#8221;1.8px&#8221; header_3_line_height=&#8221;24px&#8221; custom_margin=&#8221;||2%||false|false&#8221; custom_margin_tablet=&#8221;||||false|false&#8221; custom_margin_phone=&#8221;||||false|false&#8221; custom_margin_last_edited=&#8221;on|desktop&#8221; custom_padding=&#8221;||||false|false&#8221; global_colors_info=&#8221;{}&#8221;]<\/p>\n<h3>Okechi Chigewe (han\/honom) &#8211; Event Team Member<\/h3>\n<p>[\/et_pb_text][et_pb_text _builder_version=&#8221;4.17.6&#8243; _module_preset=&#8221;default&#8221; custom_padding=&#8221;||||false|false&#8221; custom_padding_tablet=&#8221;||||false|false&#8221; custom_padding_phone=&#8221;||||false|false&#8221; custom_padding_last_edited=&#8221;on|phone&#8221; global_colors_info=&#8221;{}&#8221;]<\/p>\n<p>Okechi \u00e4r mycket glada \u00f6ver att vara en del av V Team! Han v\u00e4xte upp i fem l\u00e4nder och talar fem spr\u00e5k. Okechi v\u00e4rnar fortfarande om att resa och se v\u00e4rlden. Han tycker ocks\u00e5 om filmer, musik och en hel del dans! Okechi \u00e4lskar m\u00e4nniskor och tror att \u00e4ven om vi kommer fr\u00e5n en m\u00e4ngd olika bakgrunder och erfarenheter, \u00e4r det m\u00e5ngfalden av v\u00e5ra erfarenheter som f\u00f6renar oss i k\u00e4rlekens kollektiva sk\u00f6nhet. F\u00f6lj Okechi p\u00e5 Insta @ <strong><a href=\"https:\/\/www.instagram.com\/okechichig\/\" target=\"_blank\" rel=\"noopener\">okechichig<\/a><\/strong> .<\/p>\n<p>[\/et_pb_text][dmpro_masonry_gallery images=&#8221;35514,35515,35516,35517,35518,35519&#8243; columns=&#8221;6&#8243; columns_tablet=&#8221;6&#8243; columns_phone=&#8221;3&#8243; columns_last_edited=&#8221;on|desktop&#8221; _builder_version=&#8221;4.17.6&#8243; _module_preset=&#8221;default&#8221; global_colors_info=&#8221;{}&#8221;][\/dmpro_masonry_gallery][\/et_pb_column][\/et_pb_row][\/et_pb_section][et_pb_section fb_built=&#8221;1&#8243; custom_padding_last_edited=&#8221;on|desktop&#8221; admin_label=&#8221;Patrick Gunn&#8221; _builder_version=&#8221;4.17.6&#8243; _module_preset=&#8221;default&#8221; custom_padding=&#8221;0%||||false|false&#8221; custom_padding_tablet=&#8221;0%||||false|false&#8221; custom_padding_phone=&#8221;0%||||false|false&#8221; collapsed=&#8221;on&#8221; global_colors_info=&#8221;{}&#8221;][et_pb_row _builder_version=&#8221;4.17.6&#8243; _module_preset=&#8221;default&#8221; custom_padding=&#8221;0%||||false|false&#8221; global_colors_info=&#8221;{}&#8221;][et_pb_column type=&#8221;4_4&#8243; _builder_version=&#8221;4.17.6&#8243; _module_preset=&#8221;default&#8221; global_colors_info=&#8221;{}&#8221;][et_pb_text admin_label=&#8221;Section Title &#8211; H3&#8243; _builder_version=&#8221;4.23.4&#8243; _module_preset=&#8221;default&#8221; header_3_font=&#8221;Futura Bold|||on|||||&#8221; header_3_text_align=&#8221;left&#8221; header_3_text_color=&#8221;#000000&#8243; header_3_font_size=&#8221;18px&#8221; header_3_letter_spacing=&#8221;1.8px&#8221; header_3_line_height=&#8221;24px&#8221; custom_margin=&#8221;||2%||false|false&#8221; custom_margin_tablet=&#8221;||||false|false&#8221; custom_margin_phone=&#8221;||||false|false&#8221; custom_margin_last_edited=&#8221;on|desktop&#8221; custom_padding=&#8221;||||false|false&#8221; global_colors_info=&#8221;{}&#8221;]<\/p>\n<h3>Patrick Gunn (alla pronomen med respekt) &#8211; Medgrundare och marknadschef<\/h3>\n<p>[\/et_pb_text][et_pb_text _builder_version=&#8221;4.17.6&#8243; _module_preset=&#8221;default&#8221; custom_padding=&#8221;||||false|false&#8221; custom_padding_tablet=&#8221;||||false|false&#8221; custom_padding_phone=&#8221;||||false|false&#8221; custom_padding_last_edited=&#8221;on|phone&#8221; global_colors_info=&#8221;{}&#8221;]<\/p>\n<p>Patrick f\u00e5ngade resefelet n\u00e4r han var p\u00e5 en Europaturn\u00e9 i gymnasiet, vilket ledde till hans intresse f\u00f6r att g\u00e5 ett college-studie utomlands program som heter Semester at Sea. Terminen bestod av en 100-dagars resa med fartyg runt jorden, med mellanlandning i 10 olika l\u00e4nder l\u00e4ngs v\u00e4gen. Efter att ha \u00f6ppnat \u00f6gonen under sin f\u00f6rsta globala jordomsegling, anm\u00e4lde han sig frivilligt att arbeta p\u00e5 sin andra termin till sj\u00f6ss n\u00e5gra \u00e5r senare. Hans jobb p\u00e5 fartyget var att hj\u00e4lpa eleverna att planera sina resor i landet. Patrick tackar sina resor f\u00f6r att ha hj\u00e4lpt till att hitta modet att komma ut till sina v\u00e4nner och familj, ett stort steg i alla homosexuellas liv. Patrick har bes\u00f6kt \u00f6ver 50 l\u00e4nder och vuxit fr\u00e5n varje upplevelse. Han har nu en passion f\u00f6r att resa med sin man Michael till platser d\u00e4r det \u00e4r mindre accepterat att vara gay. Hans f\u00f6rhoppning \u00e4r att utlevande och stolthet ska leda till acceptans runt om i v\u00e4rlden. Patrick har en kandidatexamen i f\u00f6retagsekonomi fr\u00e5n San Diego State University och en MBA fr\u00e5n University of San Francisco. Tidigt i sin karri\u00e4r hade han olika marknadsledande positioner hos Procter &amp; Gamble, HP, EA, Disney, Yahoo! och senare med Atlantis Events och RSVP Vacations. Patrick kan n\u00e5s p\u00e5 <a href=\"mailto:patrick@myvacaya.com\"><strong>patrick@myvacaya.com<\/strong><\/a> . F\u00f6lj Patrick p\u00e5 Insta @ <strong><a href=\"https:\/\/www.instagram.com\/carpe_diem_47\/\" target=\"_blank\" rel=\"noopener\">carpe_diem_47<\/a><\/strong> .<\/p>\n<p>[\/et_pb_text][dmpro_masonry_gallery images=&#8221;28817,28819,28821,28820,28818,28816&#8243; columns=&#8221;6&#8243; columns_tablet=&#8221;6&#8243; columns_phone=&#8221;3&#8243; columns_last_edited=&#8221;on|desktop&#8221; _builder_version=&#8221;4.17.6&#8243; _module_preset=&#8221;default&#8221; global_colors_info=&#8221;{}&#8221;][\/dmpro_masonry_gallery][\/et_pb_column][\/et_pb_row][\/et_pb_section][et_pb_section fb_built=&#8221;1&#8243; custom_padding_last_edited=&#8221;on|desktop&#8221; admin_label=&#8221;Paul Echegaray&#8221; _builder_version=&#8221;4.27.4&#8243; _module_preset=&#8221;default&#8221; custom_padding=&#8221;0%||||false|false&#8221; custom_padding_tablet=&#8221;0%||||false|false&#8221; custom_padding_phone=&#8221;0%||||false|false&#8221; collapsed=&#8221;on&#8221; global_colors_info=&#8221;{}&#8221;][et_pb_row _builder_version=&#8221;4.17.6&#8243; _module_preset=&#8221;default&#8221; custom_padding=&#8221;0%||||false|false&#8221; global_colors_info=&#8221;{}&#8221;][et_pb_column type=&#8221;4_4&#8243; _builder_version=&#8221;4.17.6&#8243; _module_preset=&#8221;default&#8221; global_colors_info=&#8221;{}&#8221;][et_pb_text admin_label=&#8221;Section Title &#8211; H3&#8243; _builder_version=&#8221;4.27.4&#8243; _module_preset=&#8221;default&#8221; header_3_font=&#8221;Futura Bold|||on|||||&#8221; header_3_text_align=&#8221;left&#8221; header_3_text_color=&#8221;#000000&#8243; header_3_font_size=&#8221;18px&#8221; header_3_letter_spacing=&#8221;1.8px&#8221; header_3_line_height=&#8221;24px&#8221; custom_margin=&#8221;||2%||false|false&#8221; custom_margin_tablet=&#8221;||||false|false&#8221; custom_margin_phone=&#8221;||||false|false&#8221; custom_margin_last_edited=&#8221;on|desktop&#8221; custom_padding=&#8221;||||false|false&#8221; global_colors_info=&#8221;{}&#8221;]<\/p>\n<h3>Paul Echegaray (han\/honom) &#8211; Medlem i evenemangsteamet<\/h3>\n<p>[\/et_pb_text][et_pb_text _builder_version=&#8221;4.27.4&#8243; _module_preset=&#8221;default&#8221; custom_padding=&#8221;||||false|false&#8221; custom_padding_tablet=&#8221;||||false|false&#8221; custom_padding_phone=&#8221;||||false|false&#8221; custom_padding_last_edited=&#8221;on|phone&#8221; global_colors_info=&#8221;{}&#8221;]<\/p>\n<p>Paul, f\u00f6dd i Kalifornien med ett globetrotter-hj\u00e4rta, kallar numera Sunshine State f\u00f6r sitt hem. N\u00e4r han inte serverar grymhet p\u00e5 9 000 meters h\u00f6jd hittar du honom f\u00f6rmodligen avkopplande p\u00e5 stranden med en cocktail eller tar ett tr\u00e4ningspass p\u00e5 gymmet. Som ett stort fan av europeisk pop och disco \u00e4r han alltid redo att ge sig ut p\u00e5 dansgolvet och njuta av livets rytm. Paul \u00e4r en adrenalinjunkie i hj\u00e4rtat och \u00e4lskar extremsporter &#8211; oavsett om det \u00e4r fallsk\u00e4rmshoppning eller paragliding fr\u00e5n klippor \u00e4r han alltid redo f\u00f6r en sp\u00e4nning. Om du letar efter n\u00e5gon att omfamna nya \u00e4ventyr med och leva livet fullt ut, beh\u00f6ver du inte leta l\u00e4ngre. Som en sann \u00e4lskare av havet och \u00e4ventyr bidrar Paul med sin livliga anda och passion till VACAYA-teamet. F\u00f6lj Paul p\u00e5 Insta <a href=\"https:\/\/www.instagram.com\/skyaray\/\" target=\"_blank\" rel=\"noopener\">@skyaray<\/a> .      <\/p>\n<p>[\/et_pb_text][dmpro_masonry_gallery images=&#8221;192576,192567,192558,192549,192540,192531&#8243; columns=&#8221;6&#8243; columns_tablet=&#8221;6&#8243; columns_phone=&#8221;3&#8243; columns_last_edited=&#8221;on|desktop&#8221; _builder_version=&#8221;4.27.4&#8243; _module_preset=&#8221;default&#8221; global_colors_info=&#8221;{}&#8221;][\/dmpro_masonry_gallery][\/et_pb_column][\/et_pb_row][\/et_pb_section][et_pb_section fb_built=&#8221;1&#8243; admin_label=&#8221;Randle Roper&#8221; _builder_version=&#8221;4.17.6&#8243; _module_preset=&#8221;default&#8221; custom_padding=&#8221;0%||||false|false&#8221; collapsed=&#8221;on&#8221; global_colors_info=&#8221;{}&#8221;][et_pb_row _builder_version=&#8221;4.17.6&#8243; _module_preset=&#8221;default&#8221; custom_padding=&#8221;0%||||false|false&#8221; global_colors_info=&#8221;{}&#8221;][et_pb_column type=&#8221;4_4&#8243; _builder_version=&#8221;4.17.6&#8243; _module_preset=&#8221;default&#8221; global_colors_info=&#8221;{}&#8221;][et_pb_text admin_label=&#8221;Section Title &#8211; H3&#8243; _builder_version=&#8221;4.23.4&#8243; _module_preset=&#8221;default&#8221; header_3_font=&#8221;Futura Bold|||on|||||&#8221; header_3_text_align=&#8221;left&#8221; header_3_text_color=&#8221;#000000&#8243; header_3_font_size=&#8221;18px&#8221; header_3_letter_spacing=&#8221;1.8px&#8221; header_3_line_height=&#8221;24px&#8221; custom_margin=&#8221;||2%||false|false&#8221; custom_margin_tablet=&#8221;||||false|false&#8221; custom_margin_phone=&#8221;||||false|false&#8221; custom_margin_last_edited=&#8221;on|desktop&#8221; custom_padding=&#8221;||||false|false&#8221; global_colors_info=&#8221;{}&#8221;]<\/p>\n<h3>RANDLE ROPER (han\/honom) &#8211; Medgrundare och chef f\u00f6r erfarenhet<\/h3>\n<p>[\/et_pb_text][et_pb_text _builder_version=&#8221;4.17.6&#8243; _module_preset=&#8221;default&#8221; custom_padding=&#8221;||||false|false&#8221; custom_padding_tablet=&#8221;||||false|false&#8221; custom_padding_phone=&#8221;||||false|false&#8221; custom_padding_last_edited=&#8221;on|phone&#8221; global_colors_info=&#8221;{}&#8221;]<\/p>\n<p>Fr\u00e5n hans tidigaste dagar p\u00e5 Universal Studios till hans \u00e5r med Atlantis Events, Starwood Hotels &amp; Resorts, och senare som president f\u00f6r RSVP Vacations, har Randle \u00f6ver 30 \u00e5rs erfarenhet av underh\u00e5llning, g\u00e4stfrihet och HBT+-resor. Men han var faktiskt en senblommare n\u00e4r det g\u00e4ller hans wanderlust passioner. N\u00e4r han v\u00e4xte upp strax utanf\u00f6r New Orleans, var hans familjs id\u00e9 om \u00e4ventyr en och annan weekendresa till Florida panhandle. \u00c4ven om Pensacola och Panama City verkligen \u00e4r underbara, t\u00e4nde de inte direkt hans eld f\u00f6r att se mer av v\u00e4rlden. Allt detta f\u00f6r\u00e4ndrades vid 27 \u00e5rs \u00e5lder en julidag som skulle f\u00f6r\u00e4ndra hans liv f\u00f6r alltid. Det var sv\u00e5rt att f\u00f6rst\u00e5 exakt vad som h\u00e4nde i det livsf\u00f6r\u00e4ndrande \u00f6gonblicket, men sanningen skulle snabbt avsl\u00f6ja sig: Randle drabbades av en massiv stroke. N\u00e4r han l\u00e5g p\u00e5 intensivv\u00e5rdsavdelningen vid Burbanks St. Joseph Medical Center kunde han inte tro att hans reseupplevelser hade begr\u00e4nsats till Fort Walton Beach och en tur till Walt Disney World f\u00f6r s\u00e5 m\u00e5nga \u00e5r sedan. S\u00e5 b\u00f6rjade livsf\u00f6rhandlingarna! Han lovade sig sj\u00e4lv att om han blev frisk skulle han se v\u00e4rlden. Tanken p\u00e5 att d\u00f6 utan att n\u00e5gonsin ha sett n\u00e5got l\u00e5ngt bortom Florida och s\u00f6dra Kalifornien, d\u00e4r han f\u00f6r n\u00e4rvarande bodde, var bara f\u00f6r mycket att b\u00e4ra. S\u00e5 han satte upp tv\u00e5 mycket specifika m\u00e5l den \u00f6desdigra dagen: att \u00e5terh\u00e4mta sig helt och sedan bes\u00f6ka 100 l\u00e4nder innan han fyller 40. Ambiti\u00f6s? Absolut. Men elden som dessa m\u00e5l satt inom honom brann starkt och drev honom genom den intensiva fysiska och talterapin. Efter ett \u00e5r av \u00e5terh\u00e4mtning b\u00f6rjade hans \u00e4ventyr. Han fick sitt pass och begav sig till Turkiet! Den resan till mystiska Istanbul var en \u00f6gon\u00f6ppnare \u2013 s\u00e5 fr\u00e4mmande, s\u00e5 helt ny \u2013 och den b\u00f6rjade hans liv p\u00e5 sin nuvarande vilda och underbara kurs. Han hade slagit d\u00f6den. Och nu har han blivit en av de mest beresta m\u00e4nniskorna p\u00e5 planeten, efter att ha rest till alla sju kontinenter och 125 l\u00e4nder och hur mycket som helst. Han har nu blickarna inst\u00e4llt p\u00e5 att bes\u00f6ka ALLA l\u00e4nder p\u00e5 jorden! F\u00f6r att n\u00e5 Randle, skicka ett e-postmeddelande till <strong><a href=\"mailto:randle@myvacaya.com\">randle@myvacaya.com<\/a><\/strong> . F\u00f6lj Randle p\u00e5 Insta @ <a href=\"https:\/\/www.instagram.com\/vacayarandle\/\" target=\"_blank\" rel=\"noopener\"><strong>vacayarandle<\/strong><\/a> .<\/p>\n<p>[\/et_pb_text][dmpro_masonry_gallery images=&#8221;28806,28805,28804,28803,28802,28801&#8243; columns=&#8221;6&#8243; columns_tablet=&#8221;6&#8243; columns_phone=&#8221;3&#8243; columns_last_edited=&#8221;on|phone&#8221; _builder_version=&#8221;4.17.6&#8243; _module_preset=&#8221;default&#8221; global_colors_info=&#8221;{}&#8221;][\/dmpro_masonry_gallery][\/et_pb_column][\/et_pb_row][\/et_pb_section][et_pb_section fb_built=&#8221;1&#8243; admin_label=&#8221;Richard Duncan&#8221; _builder_version=&#8221;4.23.4&#8243; _module_preset=&#8221;default&#8221; custom_padding=&#8221;0%||||false|false&#8221; collapsed=&#8221;on&#8221; global_colors_info=&#8221;{}&#8221;][et_pb_row _builder_version=&#8221;4.17.6&#8243; _module_preset=&#8221;default&#8221; custom_padding=&#8221;0%||||false|false&#8221; global_colors_info=&#8221;{}&#8221;][et_pb_column type=&#8221;4_4&#8243; _builder_version=&#8221;4.17.6&#8243; _module_preset=&#8221;default&#8221; global_colors_info=&#8221;{}&#8221;][et_pb_text admin_label=&#8221;Section Title &#8211; H3&#8243; _builder_version=&#8221;4.23.4&#8243; _module_preset=&#8221;default&#8221; header_3_font=&#8221;Futura Bold|||on|||||&#8221; header_3_text_align=&#8221;left&#8221; header_3_text_color=&#8221;#000000&#8243; header_3_font_size=&#8221;18px&#8221; header_3_letter_spacing=&#8221;1.8px&#8221; header_3_line_height=&#8221;24px&#8221; custom_margin=&#8221;||2%||false|false&#8221; custom_margin_tablet=&#8221;||||false|false&#8221; custom_margin_phone=&#8221;||||false|false&#8221; custom_margin_last_edited=&#8221;on|desktop&#8221; custom_padding=&#8221;||||false|false&#8221; global_colors_info=&#8221;{}&#8221;]<\/p>\n<h3>Richard Duncan (han\/de) &#8211; Medlem i evenemangsteamet<\/h3>\n<p>[\/et_pb_text][et_pb_text _builder_version=&#8221;4.23.4&#8243; _module_preset=&#8221;default&#8221; custom_padding=&#8221;||||false|false&#8221; custom_padding_tablet=&#8221;||||false|false&#8221; custom_padding_phone=&#8221;||||false|false&#8221; custom_padding_last_edited=&#8221;on|desktop&#8221; global_colors_info=&#8221;{}&#8221;]<\/p>\n<p style=\"font-weight: 400;\">M\u00f6t Richard! Han har varit medlem i V-teamet sedan starten och tror att varje resa \u00e4r ett nytt \u00e4ventyr och \u00e4lskar att skapa nya minnen med sin VACAYA-familj! Richard v\u00e4xte upp p\u00e5 en lantlig bondg\u00e5rd i delstaten South Carolina vid foten av Blue Ridge Mountains. Under sin barndom v\u00e5gade Richards familj sig s\u00e4llan l\u00e4ngre \u00e4n ett par timmar fr\u00e5n sin hemstad (visst, <em>Dollywood<\/em> var alltid en magisk upplevelse!), men Richard visste att han ville utforska och se nya platser. Som en av de f\u00f6rsta medlemmarna i sin familj som b\u00f6rjade p\u00e5 college valde han att flytta till en annan kustmilj\u00f6. N\u00e4r han bodde hemifr\u00e5n f\u00f6r f\u00f6rsta g\u00e5ngen tog passionen f\u00f6r att l\u00e4ra sig och uppleva olika platser, m\u00e4nniskor och kulturer verkligen f\u00e4ste. Richard b\u00f6rjade med en skolrelaterad resa till Kalifornien och ett bes\u00f6k hos en v\u00e4n i New York, och b\u00f6rjade hitta m\u00f6jligheter att resa \u00f6ver hela USA och sedan internationellt. Idag har han turen att bo i San Francisco, ett gaykulturellt centrum f\u00f6r USA och ett epicentrum f\u00f6r inhemska och internationella resem\u00f6jligheter! F\u00f6lj Richard p\u00e5 Insta <a href=\"https:\/\/www.instagram.com\/instagraham_sfo\/\" target=\"_blank\" rel=\"noopener\" data-outlook-id=\"a0948cc4-0124-4231-804f-e7bc26beb162\"><strong>@instagraham_sfo<\/strong><\/a> .  <\/p>\n<p>[\/et_pb_text][dmpro_masonry_gallery images=&#8221;173027,173018,173009,172991,173170,173161&#8243; columns=&#8221;6&#8243; columns_tablet=&#8221;6&#8243; columns_phone=&#8221;3&#8243; columns_last_edited=&#8221;on|desktop&#8221; _builder_version=&#8221;4.23.4&#8243; _module_preset=&#8221;default&#8221; global_colors_info=&#8221;{}&#8221;][\/dmpro_masonry_gallery][\/et_pb_column][\/et_pb_row][\/et_pb_section][et_pb_section fb_built=&#8221;1&#8243; admin_label=&#8221;Ronnie Jones Jr.&#8221; _builder_version=&#8221;4.17.6&#8243; _module_preset=&#8221;default&#8221; custom_padding=&#8221;0%||||false|false&#8221; collapsed=&#8221;on&#8221; global_colors_info=&#8221;{}&#8221;][et_pb_row _builder_version=&#8221;4.17.6&#8243; _module_preset=&#8221;default&#8221; custom_padding=&#8221;0%||||false|false&#8221; global_colors_info=&#8221;{}&#8221;][et_pb_column type=&#8221;4_4&#8243; _builder_version=&#8221;4.17.6&#8243; _module_preset=&#8221;default&#8221; global_colors_info=&#8221;{}&#8221;][et_pb_text admin_label=&#8221;Section Title &#8211; H3&#8243; _builder_version=&#8221;4.17.6&#8243; _module_preset=&#8221;default&#8221; header_3_font=&#8221;Futura Bold|||on|||||&#8221; header_3_text_align=&#8221;left&#8221; header_3_text_color=&#8221;#000000&#8243; header_3_font_size=&#8221;18px&#8221; header_3_letter_spacing=&#8221;1.8px&#8221; header_3_line_height=&#8221;24px&#8221; custom_margin=&#8221;||2%||false|false&#8221; custom_margin_tablet=&#8221;||||false|false&#8221; custom_margin_phone=&#8221;||||false|false&#8221; custom_margin_last_edited=&#8221;on|desktop&#8221; custom_padding=&#8221;||||false|false&#8221; global_colors_info=&#8221;{}&#8221;]<\/p>\n<h3>Ronnie Jones Jr. (han\/honom) &#8211; Event Team Member<\/h3>\n<p>[\/et_pb_text][et_pb_text _builder_version=&#8221;4.17.6&#8243; _module_preset=&#8221;default&#8221; custom_padding=&#8221;||||false|false&#8221; custom_padding_tablet=&#8221;||||false|false&#8221; custom_padding_phone=&#8221;||||false|false&#8221; custom_padding_last_edited=&#8221;on|phone&#8221; global_colors_info=&#8221;{}&#8221;]<\/p>\n<p>Ronnie har rest v\u00e4rlden \u00f6ver som flygv\u00e4rdinna. Och som en veteran p\u00e5 \u00f6ver 20 kryssningar f\u00f6r homosexuella \u00e4r han stolt \u00f6ver att bevittna utvecklingen av inklusivitet med VACAYA. F\u00f6dd och uppvuxen i Ohio, kom Ronnie in i resebranschen direkt efter college och b\u00f6rjade utforska v\u00e4rlden. Hans f\u00f6rsta utlandsresa var till Berlin i Tyskland 2004 f\u00f6r att fira hans 30-\u00e5rsdag. Den resan var definitivt en \u00f6gon\u00f6ppnare f\u00f6r nya upplevelser! Sedan dess har Ronnie rest l\u00e5ngt och brett, bland annat sett operahuset i Sydney, Mayaruinerna i Chichen Itza och har seglat genom Panamakanalen&#8230; tv\u00e5 g\u00e5nger! Ronnie bor i Fort Lauderdale (kryssningsfartygscentralen) och har otaliga m\u00f6jligheter att kryssa s\u00e5 ofta som m\u00f6jligt, utforska nya platser, tr\u00e4ffa nya m\u00e4nniskor och segla p\u00e5 alla de senaste och b\u00e4sta kryssningsfartygen i branschen. Ronnie anses vara en &#8221;grundare&#8221; p\u00e5 JetBlue Airways (p\u00e5g\u00e5r i 20 \u00e5r), och tycker om allt som r\u00f6r kundserviceupplevelsen och \u00e4lskar att vara runt m\u00e4nniskor. P\u00e5 jobbet har han alltid som m\u00e5l att f\u00e5 kontakt med s\u00e5 m\u00e5nga kunder som m\u00f6jligt f\u00f6r att s\u00e4kerst\u00e4lla att de f\u00e5r en fantastisk reseupplevelse.<\/p>\n<p>Ronnie \u00e4r en skicklig musiker som spelar b\u00e5de fiol och klarinett i South Florida Pride Wind Ensemble och sjunger med The Gay Men&#8217;s Chorus of South Florida. P\u00e5 sin fritid tycker Ronnie om att \u00e5ka berg-och-dalbanor, hoppa fallsk\u00e4rm, teater, musik, prova sin hand som amat\u00f6r-DJ och sola sig i den varma solen i s\u00f6dra Florida. Inte en blyg kille alls, Ronnie kommer alltid att n\u00e4rma sig dig med ett \u00f6ppet sinne, en varm kram och ett stort leende, vilket faller sig naturligt f\u00f6r honom eftersom han \u00e4lskar att f\u00e5 folk att skratta och roa sig. Ronnie <i>\u00e4r<\/i> VACAYA. F\u00f6lj honom p\u00e5 Insta @ <strong><a href=\"https:\/\/www.instagram.com\/topdawgfll\/\" target=\"_blank\" rel=\"noopener\">TopDawgFLL<\/a><\/strong> .<\/p>\n<p>[\/et_pb_text][dmpro_masonry_gallery images=&#8221;28944,28942,28939,28940,28941,28943&#8243; columns=&#8221;6&#8243; columns_tablet=&#8221;6&#8243; columns_phone=&#8221;3&#8243; columns_last_edited=&#8221;on|desktop&#8221; _builder_version=&#8221;4.17.6&#8243; _module_preset=&#8221;default&#8221; global_colors_info=&#8221;{}&#8221;][\/dmpro_masonry_gallery][\/et_pb_column][\/et_pb_row][\/et_pb_section][et_pb_section fb_built=&#8221;1&#8243; admin_label=&#8221;Ryan Swisher&#8221; _builder_version=&#8221;4.17.6&#8243; _module_preset=&#8221;default&#8221; custom_padding=&#8221;0%||||false|false&#8221; collapsed=&#8221;on&#8221; global_colors_info=&#8221;{}&#8221;][et_pb_row _builder_version=&#8221;4.17.6&#8243; _module_preset=&#8221;default&#8221; custom_padding=&#8221;0%||||false|false&#8221; global_colors_info=&#8221;{}&#8221;][et_pb_column type=&#8221;4_4&#8243; _builder_version=&#8221;4.17.6&#8243; _module_preset=&#8221;default&#8221; global_colors_info=&#8221;{}&#8221;][et_pb_text admin_label=&#8221;Section Title &#8211; H3&#8243; _builder_version=&#8221;4.17.6&#8243; _module_preset=&#8221;default&#8221; header_3_font=&#8221;Futura Bold|||on|||||&#8221; header_3_text_align=&#8221;left&#8221; header_3_text_color=&#8221;#000000&#8243; header_3_font_size=&#8221;18px&#8221; header_3_letter_spacing=&#8221;1.8px&#8221; header_3_line_height=&#8221;24px&#8221; custom_margin=&#8221;||2%||false|false&#8221; custom_margin_tablet=&#8221;||||false|false&#8221; custom_margin_phone=&#8221;||||false|false&#8221; custom_margin_last_edited=&#8221;on|desktop&#8221; custom_padding=&#8221;||||false|false&#8221; global_colors_info=&#8221;{}&#8221;]<\/p>\n<h3>Ryan Swisher (han\/honom eller hon\/hon i drag) &#8211; Event Team Member<\/h3>\n<p>[\/et_pb_text][et_pb_text _builder_version=&#8221;4.23.4&#8243; _module_preset=&#8221;default&#8221; custom_padding=&#8221;||||false|false&#8221; custom_padding_tablet=&#8221;||||false|false&#8221; custom_padding_phone=&#8221;||||false|false&#8221; custom_padding_last_edited=&#8221;on|phone&#8221; global_colors_info=&#8221;{}&#8221;]<\/p>\n<p>Ryan \u00e4r f\u00f6dd och uppvuxen i West Virginia och bor f\u00f6r n\u00e4rvarande i Orlando, Florida. Redan i tidig \u00e5lder utvecklade han en k\u00e4rlek och passion f\u00f6r att resa. Med flera \u00e4ventyr i bagaget har Ryan blivit en stamg\u00e4st i V-teamet efter sitt f\u00f6rsta uppdrag p\u00e5 VACAYAs f\u00f6rsta kryssning.   Han \u00e4r fast besluten att resa \u00f6ver hela v\u00e4rlden och uppleva allt det vackra det har att erbjuda. Ryan kommer att ber\u00e4tta att han \u00e4r mycket mer extrovert \u00e4n en vanlig m\u00e4nniska och han \u00e4r sugen p\u00e5 att prata, tr\u00e4ffa nya m\u00e4nniskor och \u00e4r inte blyg f\u00f6r att dela med sig av sin historia. Ryan \u00e4r en del av de ikoniska VACAYA Vixens och dragdotter till den legendariska Ginger Minj fr\u00e5n <em><strong>Rupaul&#8217;s Drag Race<\/strong><\/em> . Han \u00e4lskar att ta med sig sin andra h\u00e4lft, Daisy Dior, ombord och snurra runt v\u00e4rlden. Vi vet att du kommer att bli hals \u00f6ver huvud f\u00f6r\u00e4lskad i denna stigande stj\u00e4rna och han \u00e4r otroligt exalterad \u00f6ver att forts\u00e4tta skapa best\u00e5ende minnen med varje VACAYA-g\u00e4st. F\u00f6lj Ryan och Daisy p\u00e5 Instagram <strong><a href=\"https:\/\/www.instagram.com\/ryan_e_s\/\" target=\"_blank\" rel=\"noopener\">, ryan_e_s<\/a><\/strong> &amp; <strong><a href=\"https:\/\/www.instagram.com\/thedaisydior\/\">thedaisydior<\/a><\/strong> .   <\/p>\n<p>[\/et_pb_text][dmpro_masonry_gallery images=&#8221;172455,172464,172473,172482,172491,172500&#8243; columns=&#8221;6&#8243; columns_tablet=&#8221;6&#8243; columns_phone=&#8221;3&#8243; columns_last_edited=&#8221;on|desktop&#8221; _builder_version=&#8221;4.23.4&#8243; _module_preset=&#8221;default&#8221; global_colors_info=&#8221;{}&#8221;][\/dmpro_masonry_gallery][\/et_pb_column][\/et_pb_row][\/et_pb_section][et_pb_section fb_built=&#8221;1&#8243; admin_label=&#8221;Sabrina Servance&#8221; _builder_version=&#8221;4.17.6&#8243; _module_preset=&#8221;default&#8221; custom_padding=&#8221;0%||||false|false&#8221; collapsed=&#8221;on&#8221; global_colors_info=&#8221;{}&#8221;][et_pb_row _builder_version=&#8221;4.17.6&#8243; _module_preset=&#8221;default&#8221; custom_padding=&#8221;0%||||false|false&#8221; global_colors_info=&#8221;{}&#8221;][et_pb_column type=&#8221;4_4&#8243; _builder_version=&#8221;4.17.6&#8243; _module_preset=&#8221;default&#8221; global_colors_info=&#8221;{}&#8221;][et_pb_text admin_label=&#8221;Section Title &#8211; H3&#8243; _builder_version=&#8221;4.17.6&#8243; _module_preset=&#8221;default&#8221; header_3_font=&#8221;Futura Bold|||on|||||&#8221; header_3_text_align=&#8221;left&#8221; header_3_text_color=&#8221;#000000&#8243; header_3_font_size=&#8221;18px&#8221; header_3_letter_spacing=&#8221;1.8px&#8221; header_3_line_height=&#8221;24px&#8221; custom_margin=&#8221;||2%||false|false&#8221; custom_margin_tablet=&#8221;||||false|false&#8221; custom_margin_phone=&#8221;||||false|false&#8221; custom_margin_last_edited=&#8221;on|desktop&#8221; custom_padding=&#8221;||||false|false&#8221; global_colors_info=&#8221;{}&#8221;]<\/p>\n<h3>Sabrina Servance (hon\/hon) &#8211; Event Team Member<\/h3>\n<p>[\/et_pb_text][et_pb_text _builder_version=&#8221;4.23.4&#8243; _module_preset=&#8221;default&#8221; custom_padding=&#8221;||||false|false&#8221; custom_padding_tablet=&#8221;||||false|false&#8221; custom_padding_phone=&#8221;||||false|false&#8221; custom_padding_last_edited=&#8221;on|phone&#8221; global_colors_info=&#8221;{}&#8221;]<\/p>\n<p><span class=\"outlook-search-highlight\" data-markjs=\"true\">Sabrina<\/span> \u00e4r en queer, stor modell fr\u00e5n NYC. Hon anv\u00e4nder sin plattform <strong><a href=\"https:\/\/www.instagram.com\/sabrinastyled\/\" target=\"_blank\" rel=\"noopener\"><span class=\"outlook-search-highlight\" data-markjs=\"true\">@Sabrina<\/span> Styled<\/a><\/strong> p\u00e5 Instagram inte bara f\u00f6r att dela modeinspiration, utan ocks\u00e5 f\u00f6r att hj\u00e4lpa till att undanr\u00f6ja stigmat kring psykisk oh\u00e4lsa. <em>Och<\/em> f\u00f6r att visa folk att man kan vara i 40-\u00e5rs\u00e5ldern och \u00e4lska Disney. <span class=\"outlook-search-highlight\" data-markjs=\"true\">Sabrina<\/span> har en stor personlighet och g\u00f6r allt med hela sitt hj\u00e4rta. Hon \u00e4lskar att resa och \u00e4r mamma till sin v\u00e4ngrupp p\u00e5 varje resa, alltid redo med ett leende, en kram och ett pl\u00e5ster. Hon bor f\u00f6r n\u00e4rvarande i North Carolina med sin man Addison och deras hund Biscuit.<\/p>\n<p>[\/et_pb_text][dmpro_masonry_gallery images=&#8221;142626,142617,142608,142599,142590,142581&#8243; columns=&#8221;6&#8243; columns_tablet=&#8221;6&#8243; columns_phone=&#8221;3&#8243; columns_last_edited=&#8221;on|desktop&#8221; _builder_version=&#8221;4.17.6&#8243; _module_preset=&#8221;default&#8221; global_colors_info=&#8221;{}&#8221;][\/dmpro_masonry_gallery][\/et_pb_column][\/et_pb_row][\/et_pb_section][et_pb_section fb_built=&#8221;1&#8243; admin_label=&#8221;Sania Hahn&#8221; _builder_version=&#8221;4.27.4&#8243; _module_preset=&#8221;default&#8221; custom_padding=&#8221;0%||||false|false&#8221; collapsed=&#8221;on&#8221; global_colors_info=&#8221;{}&#8221;][et_pb_row _builder_version=&#8221;4.17.6&#8243; _module_preset=&#8221;default&#8221; custom_padding=&#8221;0%||||false|false&#8221; global_colors_info=&#8221;{}&#8221;][et_pb_column type=&#8221;4_4&#8243; _builder_version=&#8221;4.17.6&#8243; _module_preset=&#8221;default&#8221; global_colors_info=&#8221;{}&#8221;][et_pb_text admin_label=&#8221;Section Title &#8211; H3&#8243; _builder_version=&#8221;4.27.4&#8243; _module_preset=&#8221;default&#8221; header_3_font=&#8221;Futura Bold|||on|||||&#8221; header_3_text_align=&#8221;left&#8221; header_3_text_color=&#8221;#000000&#8243; header_3_font_size=&#8221;18px&#8221; header_3_letter_spacing=&#8221;1.8px&#8221; header_3_line_height=&#8221;24px&#8221; custom_margin=&#8221;||2%||false|false&#8221; custom_margin_tablet=&#8221;||||false|false&#8221; custom_margin_phone=&#8221;||||false|false&#8221; custom_margin_last_edited=&#8221;on|desktop&#8221; custom_padding=&#8221;||||false|false&#8221; global_colors_info=&#8221;{}&#8221;]<\/p>\n<h3>Sania Hahn (hon\/henne) &#8211; Medlem i evenemangsteamet<\/h3>\n<p>[\/et_pb_text][et_pb_text _builder_version=&#8221;4.27.4&#8243; _module_preset=&#8221;default&#8221; custom_padding=&#8221;||||false|false&#8221; custom_padding_tablet=&#8221;||||false|false&#8221; custom_padding_phone=&#8221;||||false|false&#8221; custom_padding_last_edited=&#8221;on|phone&#8221; global_colors_info=&#8221;{}&#8221;]<\/p>\n<p data-start=\"0\" data-end=\"185\">Sania Hahn \u00e4r en flygv\u00e4rdinna och kryssningsunderh\u00e5llningsstj\u00e4rna baserad i Phoenix p\u00e5 American Airlines, k\u00e4nd f\u00f6r att ge varje g\u00e4stupplevelse stor energi, polering och stj\u00e4rnglans. Sania \u00e4r internationellt erk\u00e4nd f\u00f6r sin v\u00e4rldsber\u00f6mda P!nk-dragimitation och levererar en dj\u00e4rv estetik och elektrisk scenn\u00e4rvaro som f\u00e5ngar P!nks attityd, edge och anda. Inspirerad av P!nk sj\u00e4lv \u00e4r hon ocks\u00e5 en skicklig luftakrobat, med h\u00e4pnadsv\u00e4ckande akrobatik som g\u00f6r hennes shower verkligt m\u00e5ngdimensionella. Utanf\u00f6r scenen \u00e4r Sania en passionerad resen\u00e4r och sp\u00e4nningss\u00f6kande mat\u00e4lskare som utforskar v\u00e4rlden med sin man, jagar nya \u00e4ventyr, berg-och-dalbanor och of\u00f6rgl\u00f6mliga smaker. Hon l\u00e4r sig f\u00f6r n\u00e4rvarande nederl\u00e4ndska, inspirerad av sin k\u00e4rlek till Nederl\u00e4nderna. F\u00f6lj Sania p\u00e5 Insta @  <a href=\"https:\/\/www.instagram.com\/theotherpink\/\" target=\"_blank\" rel=\"noopener\">den andra rosa<\/a> .  <\/p>\n<p>[\/et_pb_text][dmpro_masonry_gallery images=&#8221;192694,192685,192676,192667,192655,192646&#8243; columns=&#8221;6&#8243; columns_tablet=&#8221;6&#8243; columns_phone=&#8221;3&#8243; columns_last_edited=&#8221;on|desktop&#8221; _builder_version=&#8221;4.27.4&#8243; _module_preset=&#8221;default&#8221; global_colors_info=&#8221;{}&#8221;][\/dmpro_masonry_gallery][\/et_pb_column][\/et_pb_row][\/et_pb_section][et_pb_section fb_built=&#8221;1&#8243; admin_label=&#8221;Sarah Penland&#8221; _builder_version=&#8221;4.23.4&#8243; _module_preset=&#8221;default&#8221; custom_padding=&#8221;0%||||false|false&#8221; collapsed=&#8221;on&#8221; global_colors_info=&#8221;{}&#8221;][et_pb_row _builder_version=&#8221;4.17.6&#8243; _module_preset=&#8221;default&#8221; custom_padding=&#8221;0%||||false|false&#8221; global_colors_info=&#8221;{}&#8221;][et_pb_column type=&#8221;4_4&#8243; _builder_version=&#8221;4.17.6&#8243; _module_preset=&#8221;default&#8221; global_colors_info=&#8221;{}&#8221;][et_pb_text admin_label=&#8221;Section Title &#8211; H3&#8243; _builder_version=&#8221;4.23.4&#8243; _module_preset=&#8221;default&#8221; header_3_font=&#8221;Futura Bold|||on|||||&#8221; header_3_text_align=&#8221;left&#8221; header_3_text_color=&#8221;#000000&#8243; header_3_font_size=&#8221;18px&#8221; header_3_letter_spacing=&#8221;1.8px&#8221; header_3_line_height=&#8221;24px&#8221; custom_margin=&#8221;||2%||false|false&#8221; custom_margin_tablet=&#8221;||||false|false&#8221; custom_margin_phone=&#8221;||||false|false&#8221; custom_margin_last_edited=&#8221;on|desktop&#8221; custom_padding=&#8221;||||false|false&#8221; global_colors_info=&#8221;{}&#8221;]<\/p>\n<h3>Sarah Penland (hon\/henne) &#8211; Produktionschef<\/h3>\n<p>[\/et_pb_text][et_pb_text _builder_version=&#8221;4.23.4&#8243; _module_preset=&#8221;default&#8221; custom_padding=&#8221;||||false|false&#8221; custom_padding_tablet=&#8221;||||false|false&#8221; custom_padding_phone=&#8221;||||false|false&#8221; custom_padding_last_edited=&#8221;on|phone&#8221; global_colors_info=&#8221;{}&#8221;]<\/p>\n<p style=\"font-weight: 400;\">Sarah kommer ursprungligen fr\u00e5n Neptune Beach, Florida, och hon uppt\u00e4ckte sin k\u00e4rlek till resor i grundskolan n\u00e4r hon tillbringade somrarna i Costa Rica med sina f\u00f6r\u00e4ldrar. Dessa formativa \u00e4ventyr v\u00e4ckte en livsl\u00e5ng passion f\u00f6r utforskande resor och kulturell f\u00f6rdjupning. Med \u00f6ver 20 \u00e5rs erfarenhet av produktion, scen- och evenemangshantering bidrar Sarah med en m\u00e4ngd kreativitet, precision och expertis till varje projekt hon leder. Hon arbetade senast p\u00e5 Broadway som produktionschef f\u00f6r <em><strong>Some Like It Hot<\/strong><\/em> , Andrew Lloyd Webbers <em><strong>Bad Cinderella<\/strong><\/em> , <em><strong>The Sign in Sidney Brusteins Window<\/strong><\/em> , samt den f\u00f6rsta Nordamerikaturn\u00e9n f\u00f6r <em><strong>MJ \u2013 the Musical<\/strong><\/em> . Innan dess arbetade Sarah f\u00f6r Holland America Line som b\u00e5de scen- och produktionschef. Sarah har en kandidatexamen i humaniora fr\u00e5n SUNY Purchase och en masterexamen i konst fr\u00e5n University of North Carolina School of the Arts. Du kan f\u00f6lja Sarah p\u00e5 Instagram @ <strong><a href=\"https:\/\/www.instagram.com\/sarahmichele54\/\" target=\"_blank\" rel=\"noopener\">sarahmichele54<\/a><\/strong> .      <\/p>\n<p style=\"font-weight: 400;\">[\/et_pb_text][dmpro_masonry_gallery images=&#8221;182274,182265,182256,182247,182238,182229&#8243; columns=&#8221;6&#8243; columns_tablet=&#8221;6&#8243; columns_phone=&#8221;3&#8243; columns_last_edited=&#8221;on|desktop&#8221; _builder_version=&#8221;4.23.4&#8243; _module_preset=&#8221;default&#8221; global_colors_info=&#8221;{}&#8221;][\/dmpro_masonry_gallery][\/et_pb_column][\/et_pb_row][\/et_pb_section][et_pb_section fb_built=&#8221;1&#8243; admin_label=&#8221;Steve V Rodriguez&#8221; _builder_version=&#8221;4.23.4&#8243; _module_preset=&#8221;default&#8221; custom_padding=&#8221;0%||||false|false&#8221; collapsed=&#8221;on&#8221; global_colors_info=&#8221;{}&#8221;][et_pb_row _builder_version=&#8221;4.17.6&#8243; _module_preset=&#8221;default&#8221; custom_padding=&#8221;0%||||false|false&#8221; global_colors_info=&#8221;{}&#8221;][et_pb_column type=&#8221;4_4&#8243; _builder_version=&#8221;4.17.6&#8243; _module_preset=&#8221;default&#8221; global_colors_info=&#8221;{}&#8221;][et_pb_text admin_label=&#8221;Section Title &#8211; H3&#8243; _builder_version=&#8221;4.23.4&#8243; _module_preset=&#8221;default&#8221; header_3_font=&#8221;Futura Bold|||on|||||&#8221; header_3_text_align=&#8221;left&#8221; header_3_text_color=&#8221;#000000&#8243; header_3_font_size=&#8221;18px&#8221; header_3_letter_spacing=&#8221;1.8px&#8221; header_3_line_height=&#8221;24px&#8221; custom_margin=&#8221;||2%||false|false&#8221; custom_margin_tablet=&#8221;||||false|false&#8221; custom_margin_phone=&#8221;||||false|false&#8221; custom_margin_last_edited=&#8221;on|desktop&#8221; custom_padding=&#8221;||||false|false&#8221; global_colors_info=&#8221;{}&#8221;]<\/p>\n<h3>Steve V Rodriguez (han\/honom) &#8211; Medlem i evenemangsteamet<\/h3>\n<p>[\/et_pb_text][et_pb_text _builder_version=&#8221;4.23.4&#8243; _module_preset=&#8221;default&#8221; custom_padding=&#8221;||||false|false&#8221; custom_padding_tablet=&#8221;||||false|false&#8221; custom_padding_phone=&#8221;||||false|false&#8221; custom_padding_last_edited=&#8221;on|phone&#8221; global_colors_info=&#8221;{}&#8221;]<\/p>\n<p><span class=\"outlook-search-highlight\" data-markjs=\"true\">Steve V Rodriguez kommer ursprungligen fr\u00e5n Bay Area i Kalifornien, men har bott i New York City de senaste 16 \u00e5ren. Han \u00e4r tidigare gymnast och sk\u00e5despelare och \u00e4r f\u00f6r n\u00e4rvarande programledare och skapare f\u00f6r TAGSPODCAST, \u00e4ven k\u00e4nd som Talk About Gay Sex &#8211; en podcast om sexprogressivitet. Steve V \u00e4r ett genuint musik-, film- och teaterfan och \u00e4lskar att vandra, resa v\u00e4rlden runt och dansa till sin egen trumma! IG: <strong><a href=\"https:\/\/www.instagram.com\/iam_stevev\" target=\"_blank\" rel=\"noopener\">@iam_stevev<\/a><\/strong> Bluesky: <strong><a href=\"https:\/\/bsky.app\/profile\/tagspodcast.bsky.social\" target=\"_blank\" rel=\"noopener\">@tagspodcast<\/a><\/strong>   <\/span><\/p>\n<p>[\/et_pb_text][dmpro_masonry_gallery images=&#8221;172826,172817,172799,172790,172781,173422&#8243; columns=&#8221;6&#8243; columns_tablet=&#8221;6&#8243; columns_phone=&#8221;3&#8243; columns_last_edited=&#8221;on|desktop&#8221; _builder_version=&#8221;4.23.4&#8243; _module_preset=&#8221;default&#8221; global_colors_info=&#8221;{}&#8221;][\/dmpro_masonry_gallery][\/et_pb_column][\/et_pb_row][\/et_pb_section][et_pb_section fb_built=&#8221;1&#8243; admin_label=&#8221;Thomas Eng&#8221; _builder_version=&#8221;4.17.6&#8243; _module_preset=&#8221;default&#8221; custom_padding=&#8221;0%||||false|false&#8221; collapsed=&#8221;on&#8221; global_colors_info=&#8221;{}&#8221;][et_pb_row _builder_version=&#8221;4.17.6&#8243; _module_preset=&#8221;default&#8221; custom_padding=&#8221;0%||||false|false&#8221; global_colors_info=&#8221;{}&#8221;][et_pb_column type=&#8221;4_4&#8243; _builder_version=&#8221;4.17.6&#8243; _module_preset=&#8221;default&#8221; global_colors_info=&#8221;{}&#8221;][et_pb_text admin_label=&#8221;Section Title &#8211; H3&#8243; _builder_version=&#8221;4.17.6&#8243; _module_preset=&#8221;default&#8221; header_3_font=&#8221;Futura Bold|||on|||||&#8221; header_3_text_align=&#8221;left&#8221; header_3_text_color=&#8221;#000000&#8243; header_3_font_size=&#8221;18px&#8221; header_3_letter_spacing=&#8221;1.8px&#8221; header_3_line_height=&#8221;24px&#8221; custom_margin=&#8221;||2%||false|false&#8221; custom_margin_tablet=&#8221;||||false|false&#8221; custom_margin_phone=&#8221;||||false|false&#8221; custom_margin_last_edited=&#8221;on|desktop&#8221; custom_padding=&#8221;||||false|false&#8221; global_colors_info=&#8221;{}&#8221;]<\/p>\n<h3>Thomas Eng (han\/honom) &#8211; Event Team Member<\/h3>\n<p>[\/et_pb_text][et_pb_text _builder_version=&#8221;4.17.6&#8243; _module_preset=&#8221;default&#8221; custom_padding=&#8221;||||false|false&#8221; custom_padding_tablet=&#8221;||||false|false&#8221; custom_padding_phone=&#8221;||||false|false&#8221; custom_padding_last_edited=&#8221;on|phone&#8221; global_colors_info=&#8221;{}&#8221;]<\/p>\n<p><span class=\"xs1\">Thomas har alltid dr\u00f6mt om att resa och bo n\u00e5gonstans mer levande, m\u00e5ngsidig och sp\u00e4nnande \u00e4n den s\u00f6mniga f\u00f6rorten New Jersey, d\u00e4r han v\u00e4xte upp. Hittills har han haft chansen att bo och arbeta i m\u00e5nga fantastiska st\u00e4der, b\u00e5de i USA (New York City, Chicago och Boston), s\u00e5v\u00e4l som utomlands (Paris, London och Berlin).<\/span><span class=\"xapple-converted-space\"> <\/span><span class=\"xs1\">L\u00e4ngs v\u00e4gen har Thomas efterstr\u00e4vat en k\u00e4rlek till s\u00e5ng &#8211; att sjunga i New York City och London Gay Men&#8217;s Choruses samt med M\u00e9lo&#8217;Men of Paris. N\u00e4r han bodde utomlands arbetade Thomas med att bem\u00e4stra spr\u00e5ken och omfamna kulturerna, och han v\u00e4rnar om minnena fr\u00e5n varje upplevelse!  <\/span><span class=\"xs1\">Thomas pendlar f\u00f6r n\u00e4rvarande mellan Buffalo och New York City och arbetar med IT-projektledning f\u00f6r en fransk bank och tar alla tillf\u00e4llen i akt att resa med sin man sedan 10 \u00e5r, Barrett. De \u00e4lskar s\u00e4rskilt Europa och Karibien. Thomas och Barrett \u00e4r stora kryssnings\u00e4lskare och har gjort dussintals resor med otaliga kryssningsrederier &#8211; p\u00e5 stora fartyg, sm\u00e5 fartyg, husb\u00e5tar, flodb\u00e5tar och kanalb\u00e5tar. Thomas ser fram emot att bes\u00f6ka nya platser, tr\u00e4ffa nya m\u00e4nniskor och skapa nya minnen med v\u00e4nner p\u00e5 VACAYA!  <\/span><\/p>\n<p>[\/et_pb_text][dmpro_masonry_gallery images=&#8221;35487,35488,35489,35490,35491,35492&#8243; columns=&#8221;6&#8243; columns_tablet=&#8221;6&#8243; columns_phone=&#8221;3&#8243; columns_last_edited=&#8221;on|desktop&#8221; _builder_version=&#8221;4.17.6&#8243; _module_preset=&#8221;default&#8221; global_colors_info=&#8221;{}&#8221;][\/dmpro_masonry_gallery][\/et_pb_column][\/et_pb_row][\/et_pb_section][et_pb_section fb_built=&#8221;1&#8243; admin_label=&#8221;Timothy Pappalardo&#8221; _builder_version=&#8221;4.17.6&#8243; _module_preset=&#8221;default&#8221; custom_padding=&#8221;0%||||false|false&#8221; collapsed=&#8221;on&#8221; global_colors_info=&#8221;{}&#8221;][et_pb_row _builder_version=&#8221;4.17.6&#8243; _module_preset=&#8221;default&#8221; custom_padding=&#8221;0%||||false|false&#8221; global_colors_info=&#8221;{}&#8221;][et_pb_column type=&#8221;4_4&#8243; _builder_version=&#8221;4.17.6&#8243; _module_preset=&#8221;default&#8221; global_colors_info=&#8221;{}&#8221;][et_pb_text admin_label=&#8221;Section Title &#8211; H3&#8243; _builder_version=&#8221;4.23.4&#8243; _module_preset=&#8221;default&#8221; header_3_font=&#8221;Futura Bold|||on|||||&#8221; header_3_text_align=&#8221;left&#8221; header_3_text_color=&#8221;#000000&#8243; header_3_font_size=&#8221;18px&#8221; header_3_letter_spacing=&#8221;1.8px&#8221; header_3_line_height=&#8221;24px&#8221; custom_margin=&#8221;||2%||false|false&#8221; custom_margin_tablet=&#8221;||||false|false&#8221; custom_margin_phone=&#8221;||||false|false&#8221; custom_margin_last_edited=&#8221;on|desktop&#8221; custom_padding=&#8221;||||false|false&#8221; global_colors_info=&#8221;{}&#8221;]<\/p>\n<h3>Timothy Pappalardo (han\/honom) &#8211; Val av hotell\/resort<\/h3>\n<p>[\/et_pb_text][et_pb_text _builder_version=&#8221;4.23.4&#8243; _module_preset=&#8221;default&#8221; custom_padding=&#8221;||||false|false&#8221; custom_padding_tablet=&#8221;||||false|false&#8221; custom_padding_phone=&#8221;||||false|false&#8221; custom_padding_last_edited=&#8221;on|phone&#8221; global_colors_info=&#8221;{}&#8221;]<\/p>\n<p>Tim g\u00f6r en otrolig tj\u00e4nst f\u00f6r VACAYA. Genom sitt f\u00f6retag <a href=\"https:\/\/locatedworldwide.com\/located\" target=\"_blank\" rel=\"noopener\">Located<\/a> hj\u00e4lper han VACAYA att hitta resorts och hotell runt om i v\u00e4rlden. Dessa fastigheter fungerar som en ryggrad f\u00f6r st\u00f6det f\u00f6r var och en av v\u00e5ra kryssningar. Dessutom hj\u00e4lper Tim oss att hitta de perfekta all inclusive-anl\u00e4ggningarna f\u00f6r v\u00e5ra \u00e5rliga resortprogram. Tim kommer fr\u00e5n New York och v\u00e4xte upp n\u00e4ra Port Jefferson Ferry, som tar passagerare \u00f6ver Long Island Sound till Bridgeport, Connecticut. Tim menar att de tidiga f\u00e4rjeturerna har fr\u00e4mjat hans k\u00e4rlek och entusiasm f\u00f6r resor och f\u00f6r att vara p\u00e5 \u00f6ppet hav. F\u00f6re 2001 l\u00e4mnade han aldrig amerikansk mark, utan reste bara till Green Valley, Arizona och Pompano Beach, Florida f\u00f6r att bes\u00f6ka sina morf\u00f6r\u00e4ldrar. Men allt detta f\u00f6r\u00e4ndrades 2005. Tim blev evenemangschef f\u00f6r en ideell organisation som heter GLSEN (som arbetar med lagstiftning om s\u00e4kra skolor och samh\u00e4llsengagemang), ledde 25 evenemang per \u00e5r och b\u00f6rjade sin karri\u00e4r som &#8221;professionell resen\u00e4r&#8221;. Sedan dess har Tim rest \u00f6ver hela USA och bes\u00f6kt 35 stater, Kanada, Mexiko, Amerikanska och Brittiska Jungfru\u00f6arna, Puerto Rico, Dominikanska republiken, Jamaica, Costa Rica, Peru, Storbritannien, Portugal, Madrid, Frankrike, Belgien, Nederl\u00e4nderna, Tyskland, Italien, Kina och Taiwan! Han tycker om att spela piano och sjunga, och \u00e4r stolt \u00f6ver att regelbundet upptr\u00e4da med Metropolitan Opera (The MET) i New York City! F\u00f6lj Tim p\u00e5 Instagram @   <a href=\"https:\/\/www.instagram.com\/timothypappalardo\/\" target=\"_blank\" rel=\"noopener\"><b>timothypappalardo<\/b><\/a><\/p>\n<p>[\/et_pb_text][dmpro_masonry_gallery images=&#8221;28951,28953,28950,28949,28948,28952&#8243; columns=&#8221;6&#8243; columns_tablet=&#8221;6&#8243; columns_phone=&#8221;3&#8243; columns_last_edited=&#8221;on|desktop&#8221; _builder_version=&#8221;4.17.6&#8243; _module_preset=&#8221;default&#8221; global_colors_info=&#8221;{}&#8221;][\/dmpro_masonry_gallery][\/et_pb_column][\/et_pb_row][\/et_pb_section][et_pb_section fb_built=&#8221;1&#8243; admin_label=&#8221;Tom Blake&#8221; _builder_version=&#8221;4.27.4&#8243; _module_preset=&#8221;default&#8221; custom_padding=&#8221;0%||||false|false&#8221; collapsed=&#8221;on&#8221; global_colors_info=&#8221;{}&#8221;][et_pb_row _builder_version=&#8221;4.17.6&#8243; _module_preset=&#8221;default&#8221; custom_padding=&#8221;0%||||false|false&#8221; global_colors_info=&#8221;{}&#8221;][et_pb_column type=&#8221;4_4&#8243; _builder_version=&#8221;4.17.6&#8243; _module_preset=&#8221;default&#8221; global_colors_info=&#8221;{}&#8221;][et_pb_text admin_label=&#8221;Section Title &#8211; H3&#8243; _builder_version=&#8221;4.27.4&#8243; _module_preset=&#8221;default&#8221; header_3_font=&#8221;Futura Bold|||on|||||&#8221; header_3_text_align=&#8221;left&#8221; header_3_text_color=&#8221;#000000&#8243; header_3_font_size=&#8221;18px&#8221; header_3_letter_spacing=&#8221;1.8px&#8221; header_3_line_height=&#8221;24px&#8221; custom_margin=&#8221;||2%||false|false&#8221; custom_margin_tablet=&#8221;||||false|false&#8221; custom_margin_phone=&#8221;||||false|false&#8221; custom_margin_last_edited=&#8221;on|desktop&#8221; custom_padding=&#8221;||||false|false&#8221; global_colors_info=&#8221;{}&#8221;]<\/p>\n<h3>Tom Blake (han\/honom) &#8211; Medlem i evenemangsteamet<\/h3>\n<p>[\/et_pb_text][et_pb_text _builder_version=&#8221;4.27.4&#8243; _module_preset=&#8221;default&#8221; custom_padding=&#8221;||||false|false&#8221; custom_padding_tablet=&#8221;||||false|false&#8221; custom_padding_phone=&#8221;||||false|false&#8221; custom_padding_last_edited=&#8221;on|phone&#8221; global_colors_info=&#8221;{}&#8221;]<\/p>\n<p>Toms bakgrund kanske inte \u00e4r typisk f\u00f6r att man f\u00e5r privilegiet att vara en del av VACAYA-teamet, eftersom han har varit tandl\u00e4kare i \u00f6ver fyra decennier. Han har dock f\u00e5tt g\u00e5van att vara en extrovert extrovert och \u00e4lskar att tr\u00e4ffa och skapa kontakter med m\u00e5nga m\u00e4nniskor genom att m\u00f6ta dem d\u00e4r de \u00e4r. En av hans mentorer sa en g\u00e5ng: <em>&#8221;Tom, du kan nog bli v\u00e4n med ett dammklump!&#8221;<\/em> Han \u00e4r en livsl\u00e5ng Hoosier (fr\u00e5n Indiana och tog examen fr\u00e5n Indiana University) och bl\u00f6der i stort sett Cream och Crimson. Tom \u00e4r ett stort sportfan och tycker om att g\u00e5 p\u00e5 matcher n\u00e4r hans schema till\u00e5ter. Hans intressen inkluderar fysisk kondition, dykning, resor och att umg\u00e5s med v\u00e4nner. En av hans st\u00f6rsta passioner \u00e4r missionsgruppen han grundade f\u00f6r tjugofem \u00e5r sedan, Sonrisas Siempre. Denna grupp individer \u00e5ker till Honduras (att tala spanska hj\u00e4lper) varje januari i en vecka f\u00f6r att ge gratis tandv\u00e5rd till de f\u00f6r\u00e4ldral\u00f6sa barnen i det samh\u00e4lle vi betj\u00e4nar samt dess omgivningar. Det \u00e4r en fantastisk sj\u00e4lsfyllande upplevelse och en h\u00e4rlig \u00e5terh\u00e4mtning varje \u00e5r. Tom \u00e4r ocks\u00e5 stolt pappa till tv\u00e5 vuxna s\u00f6ner och tre barnbarn som bor i hans stad. F\u00f6lj Tom p\u00e5 Instagram @ <a href=\"https:\/\/www.instagram.com\/papat55\/\" target=\"_blank\" rel=\"noopener\">papat55<\/a> .        <\/p>\n<p>[\/et_pb_text][dmpro_masonry_gallery images=&#8221;192522,192493,192487,192482,192478,192476&#8243; columns=&#8221;6&#8243; columns_tablet=&#8221;6&#8243; columns_phone=&#8221;3&#8243; columns_last_edited=&#8221;on|desktop&#8221; _builder_version=&#8221;4.27.4&#8243; _module_preset=&#8221;default&#8221; global_colors_info=&#8221;{}&#8221;][\/dmpro_masonry_gallery][\/et_pb_column][\/et_pb_row][\/et_pb_section][et_pb_section fb_built=&#8221;1&#8243; admin_label=&#8221;Toni Aldridge&#8221; _builder_version=&#8221;4.17.6&#8243; _module_preset=&#8221;default&#8221; custom_padding=&#8221;0%||||false|false&#8221; collapsed=&#8221;on&#8221; global_colors_info=&#8221;{}&#8221;][et_pb_row _builder_version=&#8221;4.17.6&#8243; _module_preset=&#8221;default&#8221; custom_padding=&#8221;0%||||false|false&#8221; global_colors_info=&#8221;{}&#8221;][et_pb_column type=&#8221;4_4&#8243; _builder_version=&#8221;4.17.6&#8243; _module_preset=&#8221;default&#8221; global_colors_info=&#8221;{}&#8221;][et_pb_text admin_label=&#8221;Section Title &#8211; H3&#8243; _builder_version=&#8221;4.17.6&#8243; _module_preset=&#8221;default&#8221; header_3_font=&#8221;Futura Bold|||on|||||&#8221; header_3_text_align=&#8221;left&#8221; header_3_text_color=&#8221;#000000&#8243; header_3_font_size=&#8221;18px&#8221; header_3_letter_spacing=&#8221;1.8px&#8221; header_3_line_height=&#8221;24px&#8221; custom_margin=&#8221;||2%||false|false&#8221; custom_margin_tablet=&#8221;||||false|false&#8221; custom_margin_phone=&#8221;||||false|false&#8221; custom_margin_last_edited=&#8221;on|desktop&#8221; custom_padding=&#8221;||||false|false&#8221; global_colors_info=&#8221;{}&#8221;]<\/p>\n<h3>Toni Aldridge (hon\/henne eller de\/dem) &#8211; Event Team Member<\/h3>\n<p>[\/et_pb_text][et_pb_text _builder_version=&#8221;4.17.6&#8243; _module_preset=&#8221;default&#8221; custom_padding=&#8221;||||false|false&#8221; custom_padding_tablet=&#8221;||||false|false&#8221; custom_padding_phone=&#8221;||||false|false&#8221; custom_padding_last_edited=&#8221;on|desktop&#8221; global_colors_info=&#8221;{}&#8221;]<\/p>\n<p>Toni kommer fr\u00e5n Violet, Louisiana, cirka femton minuter fr\u00e5n New Orleans. Hennes familj reste inte mycket n\u00e4r hon v\u00e4xte upp \u2013 resor till Mississippi, Colorado, Maryland, Georgia, Nevada och Texas \u00e4r bland hennes tidiga favoritreseminnen. Trots att hon inte sett mycket av v\u00e4rlden har hon alltid dr\u00f6mt om att utforska v\u00e5r planet. Toni hade dock inte ens m\u00f6jlighet att g\u00e5 ombord p\u00e5 ett flygplan f\u00f6r f\u00f6rsta g\u00e5ngen f\u00f6rr\u00e4n hon var 22 \u00e5r gammal. Som 25-\u00e5ring f\u00f6rverkligade hon \u00e4ntligen en dr\u00f6m: att f\u00e5 sitt pass, vilket skulle g\u00f6ra det m\u00f6jligt f\u00f6r henne att resa utanf\u00f6r USA! Vem visste tv\u00e5 \u00e5r senare n\u00e4r hon gick ombord p\u00e5 sin f\u00f6rsta resa med VACAYA, d\u00e4r hon kunde utforska Cura\u00e7ao och Aruba, att hon en dag skulle bli en del av teamet?! VACAYAs Caribbean Cruise 2022 var inte bara hennes f\u00f6rsta kryssningsupplevelse, utan det var ocks\u00e5 f\u00f6rsta g\u00e5ngen hon var en del av ett \u00f6verv\u00e4gande HBT+-evenemang. Hennes fantastiska resa har verkligen precis b\u00f6rjat!<\/p>\n<p>[\/et_pb_text][dmpro_masonry_gallery images=&#8221;28912,28917,28915,28916,28914,28913&#8243; columns=&#8221;6&#8243; columns_tablet=&#8221;6&#8243; columns_phone=&#8221;3&#8243; columns_last_edited=&#8221;on|phone&#8221; _builder_version=&#8221;4.17.6&#8243; _module_preset=&#8221;default&#8221; global_colors_info=&#8221;{}&#8221;][\/dmpro_masonry_gallery][\/et_pb_column][\/et_pb_row][\/et_pb_section][et_pb_section fb_built=&#8221;1&#8243; admin_label=&#8221;Tracy Terrill&#8221; _builder_version=&#8221;4.17.6&#8243; _module_preset=&#8221;default&#8221; custom_padding=&#8221;0%||||false|false&#8221; collapsed=&#8221;on&#8221; global_colors_info=&#8221;{}&#8221;][et_pb_row _builder_version=&#8221;4.17.6&#8243; _module_preset=&#8221;default&#8221; custom_padding=&#8221;0%||||false|false&#8221; global_colors_info=&#8221;{}&#8221;][et_pb_column type=&#8221;4_4&#8243; _builder_version=&#8221;4.17.6&#8243; _module_preset=&#8221;default&#8221; global_colors_info=&#8221;{}&#8221;][et_pb_text admin_label=&#8221;Section Title &#8211; H3&#8243; _builder_version=&#8221;4.17.6&#8243; _module_preset=&#8221;default&#8221; header_3_font=&#8221;Futura Bold|||on|||||&#8221; header_3_text_align=&#8221;left&#8221; header_3_text_color=&#8221;#000000&#8243; header_3_font_size=&#8221;18px&#8221; header_3_letter_spacing=&#8221;1.8px&#8221; header_3_line_height=&#8221;24px&#8221; custom_margin=&#8221;||2%||false|false&#8221; custom_margin_tablet=&#8221;||||false|false&#8221; custom_margin_phone=&#8221;||||false|false&#8221; custom_margin_last_edited=&#8221;on|desktop&#8221; custom_padding=&#8221;||||false|false&#8221; global_colors_info=&#8221;{}&#8221;]<\/p>\n<h3>Tracy Terrill (han\/honom) &#8211; Medgrundare<\/h3>\n<p>[\/et_pb_text][et_pb_text _builder_version=&#8221;4.17.6&#8243; _module_preset=&#8221;default&#8221; custom_padding=&#8221;||||false|false&#8221; custom_padding_tablet=&#8221;||||false|false&#8221; custom_padding_phone=&#8221;||||false|false&#8221; custom_padding_last_edited=&#8221;on|phone&#8221; global_colors_info=&#8221;{}&#8221;]<\/p>\n<p>I 18 \u00e5r, 3 m\u00e5nader och 20 dagar dr\u00f6mde Tracy om en v\u00e4rld st\u00f6rre \u00e4n den han k\u00e4nde. Tracy v\u00e4xte upp i Boron, Kalifornien, en avl\u00e4gsen gruvstad mitt i Mojave\u00f6knen. Boron har inga trafikljus, har en befolkning p\u00e5 mindre \u00e4n 1 000 personer och ligger 55 miles fr\u00e5n n\u00e4rmaste livsmedelsbutik. Tracys mamma skulle ofta lyfta fram AAA-reseguider med dr\u00f6mresor. Efter avsev\u00e4rd besparing gav sig Tracy och hans mamma ut p\u00e5 en livsavg\u00f6rande tre veckor l\u00e5ng semester runt USA f\u00f6r att fira hans 14 <sup>-\u00e5rsdag<\/sup> . Som en pojke som alltid visste att han var &#8221;annorlunda&#8221; introducerade den semestern Tracy till en helt ny v\u00e4rld av m\u00f6jligheter. Livet bortom Boron var fullt av komplexitet, m\u00e5ngfald och sk\u00f6nhet. Han \u00e5terv\u00e4nde fr\u00e5n den semestern med en ben\u00e4genhet att fr\u00e5ga, &#8221;varf\u00f6r inte?&#8221; och att n\u00e5 l\u00e4ngre \u00e4n han n\u00e5gonsin dr\u00f6mt om m\u00f6jligt. Tracy uppskattar s\u00e4rskilt tv\u00e5 bilder fr\u00e5n den resan. Den f\u00f6rsta \u00e4r av honom sj\u00e4lv och hans mor i hj\u00e4rtat av de franska kvarteren. Den andra \u00e4r Tracy som st\u00e5r framf\u00f6r Vita husets staket. 14-\u00e5riga Tracy hade aldrig kunnat f\u00f6rest\u00e4lla sig att han en dag skulle arbeta p\u00e5 andra sidan st\u00e4ngslet, f\u00f6r USA:s f\u00f6rsta afroamerikanska president, som en \u00f6ppet homosexuell man.<\/p>\n<p>Tracy har en kandidatexamen i f\u00f6retagsekonomi fr\u00e5n Sonoma State University och en MBA fr\u00e5n University of Southern California. Tidigt i sin karri\u00e4r hade han olika marknads- och teknikledande positioner inom Universal Music Group, Universal Studios och Warner Brothers. Tracy tillbringade n\u00e4stan ett decennium som Chief Technology Officer f\u00f6r LegalZoom och tj\u00e4nstgjorde senast i Obama-administrationen som Chief Digital Officer f\u00f6r Small Business Administration. F\u00f6lj Tracy p\u00e5 Insta @ <strong><a href=\"https:\/\/www.instagram.com\/tracy.terrill\/\" target=\"_blank\" rel=\"noopener\">tracy.terrill<\/a><\/strong> .<\/p>\n<p>[\/et_pb_text][dmpro_masonry_gallery images=&#8221;28908,28906,28909,28911,28907,28910&#8243; columns=&#8221;6&#8243; columns_tablet=&#8221;6&#8243; columns_phone=&#8221;3&#8243; columns_last_edited=&#8221;on|desktop&#8221; _builder_version=&#8221;4.17.6&#8243; _module_preset=&#8221;default&#8221; global_colors_info=&#8221;{}&#8221;][\/dmpro_masonry_gallery][\/et_pb_column][\/et_pb_row][\/et_pb_section][et_pb_section fb_built=&#8221;1&#8243; admin_label=&#8221;Trevor Dow&#8221; _builder_version=&#8221;4.17.6&#8243; _module_preset=&#8221;default&#8221; custom_padding=&#8221;0%||||false|false&#8221; hover_enabled=&#8221;0&#8243; collapsed=&#8221;on&#8221; global_colors_info=&#8221;{}&#8221; sticky_enabled=&#8221;0&#8243;][et_pb_row _builder_version=&#8221;4.17.6&#8243; _module_preset=&#8221;default&#8221; custom_padding=&#8221;0%||||false|false&#8221; global_colors_info=&#8221;{}&#8221;][et_pb_column type=&#8221;4_4&#8243; _builder_version=&#8221;4.17.6&#8243; _module_preset=&#8221;default&#8221; global_colors_info=&#8221;{}&#8221;][et_pb_text admin_label=&#8221;Section Title &#8211; H3&#8243; _builder_version=&#8221;4.27.4&#8243; _module_preset=&#8221;default&#8221; header_3_font=&#8221;Futura Bold|||on|||||&#8221; header_3_text_align=&#8221;left&#8221; header_3_text_color=&#8221;#000000&#8243; header_3_font_size=&#8221;18px&#8221; header_3_letter_spacing=&#8221;1.8px&#8221; header_3_line_height=&#8221;24px&#8221; custom_margin=&#8221;||2%||false|false&#8221; custom_margin_tablet=&#8221;||||false|false&#8221; custom_margin_phone=&#8221;||||false|false&#8221; custom_margin_last_edited=&#8221;on|desktop&#8221; custom_padding=&#8221;||||false|false&#8221; hover_enabled=&#8221;0&#8243; global_colors_info=&#8221;{}&#8221; sticky_enabled=&#8221;0&#8243;]<\/p>\n<h3>Trevor Dow (han\/honom) &#8211; Kreativ chef och chef f\u00f6r sociala medier  <\/h3>\n<p>[\/et_pb_text][et_pb_text _builder_version=&#8221;4.17.6&#8243; _module_preset=&#8221;default&#8221; custom_padding=&#8221;||||false|false&#8221; custom_padding_tablet=&#8221;||||false|false&#8221; custom_padding_phone=&#8221;||||false|false&#8221; custom_padding_last_edited=&#8221;on|phone&#8221; global_colors_info=&#8221;{}&#8221;]<\/p>\n<p>Som Trevors mamma skulle s\u00e4ga, &#8221;han har alltid haft en livslust.&#8221; Och att resa \u00e4r inget undantag! \u00c4ven om uppv\u00e4xten i ett hush\u00e5ll med en ensamst\u00e5ende f\u00f6r\u00e4lder med l\u00e5g inkomst gjorde det sv\u00e5rt f\u00f6r honom att se v\u00e4rlden, genom olika sommarprogram gjorde hans mamma ett fantastiskt jobb med att se till att han kunde se m\u00e5nga delar av landet under sina uppv\u00e4xt\u00e5r. Trevor, som \u00e4r dubbel kanadensisk-amerikansk medborgare, l\u00e4rde sig fr\u00e5n en mycket tidig \u00e5lder att \u00e4ven om det \u00e4r v\u00e4ldigt roligt att resa, \u00e4r det ocks\u00e5 l\u00e4rorikt och viktigt f\u00f6r ens tillv\u00e4xt. Detta \u00e4r en av m\u00e5nga anledningar till att han \u00e4r s\u00e5 stolt \u00f6ver att vara en del av VACAYA-familjen. \u00c4ven om Trevor har rest f\u00f6r jobbet b\u00e5de bakom och framf\u00f6r kameran p\u00e5 olika filmer\/tv-program, samt modellerat runt om i v\u00e4rlden och till och med turnerat med sitt pojkband, har han aldrig varit mer stolt \u00f6ver sina arbetsresor \u00e4n de han har haft med. hans VACAYA-familj. Att arbeta i medieteamet g\u00f6r att han kan l\u00e4ra sig om och se v\u00e4rlden samtidigt som han lyfter de queera r\u00f6sterna och gemenskaperna p\u00e5 de platser vi bes\u00f6ker p\u00e5 v\u00e5ra resor tillsammans. S\u00e4g hej n\u00e4r du ser Trevor paradera runt i sitt fantastiska out-and-stolt mode under din resa (han <em>\u00e4r<\/em> trots allt en EMMY-nominerad kostymdesigner) och om du beh\u00f6ver l\u00e5na en outfit f\u00f6r en dans, var inte blyg ! Precis som vi beh\u00f6ver de h\u00e4r kl\u00e4derna inte stanna i garderoben! N\u00e5 ut till Trevor via hans webbplats <strong><a href=\"https:\/\/trevordow.com\" target=\"_blank\" rel=\"noopener\">TrevorDow.com<\/a><\/strong> eller hitta honom p\u00e5 sociala medier @ <strong><a href=\"https:\/\/www.instagram.com\/trevordow\/\" target=\"_blank\" rel=\"noopener\">trevordow<\/a><\/strong> eller genom hans musik @ <strong><a href=\"https:\/\/www.instagram.com\/lymbzmusic\/\" target=\"_blank\" rel=\"noopener\">lymbzmusic<\/a><\/strong> .<\/p>\n<p>[\/et_pb_text][dmpro_masonry_gallery images=&#8221;28888,28883,28887,28885,28886,28884&#8243; columns=&#8221;6&#8243; columns_tablet=&#8221;6&#8243; columns_phone=&#8221;3&#8243; columns_last_edited=&#8221;on|desktop&#8221; _builder_version=&#8221;4.17.6&#8243; _module_preset=&#8221;default&#8221; global_colors_info=&#8221;{}&#8221;][\/dmpro_masonry_gallery][\/et_pb_column][\/et_pb_row][\/et_pb_section][et_pb_section fb_built=&#8221;1&#8243; admin_label=&#8221;Veronica von Borstel&#8221; _builder_version=&#8221;4.23.4&#8243; _module_preset=&#8221;default&#8221; custom_padding=&#8221;0%||||false|false&#8221; collapsed=&#8221;on&#8221; global_colors_info=&#8221;{}&#8221;][et_pb_row _builder_version=&#8221;4.17.6&#8243; _module_preset=&#8221;default&#8221; custom_padding=&#8221;0%||||false|false&#8221; global_colors_info=&#8221;{}&#8221;][et_pb_column type=&#8221;4_4&#8243; _builder_version=&#8221;4.17.6&#8243; _module_preset=&#8221;default&#8221; global_colors_info=&#8221;{}&#8221;][et_pb_text admin_label=&#8221;Section Title &#8211; H3&#8243; _builder_version=&#8221;4.23.4&#8243; _module_preset=&#8221;default&#8221; header_3_font=&#8221;Futura Bold|||on|||||&#8221; header_3_text_align=&#8221;left&#8221; header_3_text_color=&#8221;#000000&#8243; header_3_font_size=&#8221;18px&#8221; header_3_letter_spacing=&#8221;1.8px&#8221; header_3_line_height=&#8221;24px&#8221; custom_margin=&#8221;||2%||false|false&#8221; custom_margin_tablet=&#8221;||||false|false&#8221; custom_margin_phone=&#8221;||||false|false&#8221; custom_margin_last_edited=&#8221;on|desktop&#8221; custom_padding=&#8221;||||false|false&#8221; global_colors_info=&#8221;{}&#8221;]<\/p>\n<h3>Veronica von Borstel (hon\/hon) &#8211; Event Team Member  <\/h3>\n<p>[\/et_pb_text][et_pb_text _builder_version=&#8221;4.23.4&#8243; _module_preset=&#8221;default&#8221; custom_padding=&#8221;||||false|false&#8221; custom_padding_tablet=&#8221;||||false|false&#8221; custom_padding_phone=&#8221;||||false|false&#8221; custom_padding_last_edited=&#8221;on|phone&#8221; global_colors_info=&#8221;{}&#8221;]<\/p>\n<p style=\"font-weight: 400;\">Veronica kommer fr\u00e5n Kaliforniens gyllene delstat. Hon har levt flera liv och har en tv\u00e4rvetenskaplig bakgrund. Professionellt har Veronica arbetat med kostymproduktion f\u00f6r teater och opera och skickat f\u00f6rest\u00e4llningar till Broadway i 17 \u00e5r. Med 20 \u00e5rs kulinarisk erfarenhet kanske du ocks\u00e5 har sett Veronica som finalist i Food Networks <em><strong>Halloween Baking Championship<\/strong><\/em> s\u00e4song 2. Veronica har en MBA i internationell handel och latinamerikansk kulturantropologi samt en kandidatexamen i konst och design, och var professor i historia och design med en passion f\u00f6r utbildning och forskning. Denna kryddiga mexikanska latinamerikanska \u00e4r en ivrig resen\u00e4r och hon har varit i alla 50 stater i USA, n\u00e4stan alla st\u00f6rre st\u00e4der i landet och \u00f6ver 25 l\u00e4n. Veronica \u00e4lskar allt som har med kultur, historia, djur, konst\/design och naturligtvis roliga outfits att g\u00f6ra. Hon tror att upplevelser blir b\u00e4ttre genom kontakter och att l\u00e4ra av varandra, och hon v\u00e4rdes\u00e4tter att dela ber\u00e4ttelser. Och f\u00f6r de dj\u00e4rva \u00e4r denna tjej fr\u00e5n S\u00f6dra Kalifornien f\u00f6r n\u00e4rvarande singel och hon tar emot ans\u00f6kningar.        <\/p>\n<p>[\/et_pb_text][dmpro_masonry_gallery images=&#8221;173444,173453,173462,173471,173480,173489&#8243; columns=&#8221;6&#8243; columns_tablet=&#8221;6&#8243; columns_phone=&#8221;3&#8243; columns_last_edited=&#8221;on|desktop&#8221; _builder_version=&#8221;4.23.4&#8243; _module_preset=&#8221;default&#8221; global_colors_info=&#8221;{}&#8221;][\/dmpro_masonry_gallery][\/et_pb_column][\/et_pb_row][\/et_pb_section][et_pb_section fb_built=&#8221;1&#8243; admin_label=&#8221;Yendor Reese&#8221; _builder_version=&#8221;4.17.6&#8243; _module_preset=&#8221;default&#8221; custom_padding=&#8221;0%||||false|false&#8221; collapsed=&#8221;on&#8221; global_colors_info=&#8221;{}&#8221;][et_pb_row _builder_version=&#8221;4.17.6&#8243; _module_preset=&#8221;default&#8221; custom_padding=&#8221;0%||||false|false&#8221; global_colors_info=&#8221;{}&#8221;][et_pb_column type=&#8221;4_4&#8243; _builder_version=&#8221;4.17.6&#8243; _module_preset=&#8221;default&#8221; global_colors_info=&#8221;{}&#8221;][et_pb_text admin_label=&#8221;Section Title &#8211; H3&#8243; _builder_version=&#8221;4.17.6&#8243; _module_preset=&#8221;default&#8221; header_3_font=&#8221;Futura Bold|||on|||||&#8221; header_3_text_align=&#8221;left&#8221; header_3_text_color=&#8221;#000000&#8243; header_3_font_size=&#8221;18px&#8221; header_3_letter_spacing=&#8221;1.8px&#8221; header_3_line_height=&#8221;24px&#8221; custom_margin=&#8221;||2%||false|false&#8221; custom_margin_tablet=&#8221;||||false|false&#8221; custom_margin_phone=&#8221;||||false|false&#8221; custom_margin_last_edited=&#8221;on|desktop&#8221; custom_padding=&#8221;||||false|false&#8221; global_colors_info=&#8221;{}&#8221;]<\/p>\n<h3>Yendor Reese (han\/honom) &#8211; Event Team Member<\/h3>\n<p>[\/et_pb_text][et_pb_text _builder_version=&#8221;4.27.4&#8243; _module_preset=&#8221;default&#8221; custom_padding=&#8221;||||false|false&#8221; custom_padding_tablet=&#8221;||||false|false&#8221; custom_padding_phone=&#8221;||||false|false&#8221; custom_padding_last_edited=&#8221;on|phone&#8221; global_colors_info=&#8221;{}&#8221;]<\/p>\n<p>N\u00e4r Yendor var 8 \u00e5r gammal fr\u00e5gade n\u00e5gon vad han ville g\u00f6ra n\u00e4r han blev stor. Utan att tveka tillk\u00e4nnagav han: &#8221;Bo i New York!!&#8221; Han gjorde aldrig flytten, men det \u00f6gonblicket avsl\u00f6jade n\u00e5got sant om honom tidigt&#8230; han f\u00f6ddes f\u00f6r att utforska, l\u00e5ngt innan han ens f\u00f6rstod vad ett jobb eller en karri\u00e4r innebar. F\u00f6dd och uppvuxen i Dallas och nu blomstrande i Los Angeles, handlar Yendor om att skapa utrymmen d\u00e4r m\u00e4nniskor k\u00e4nner sig sedda, firade och helt och h\u00e5llet sig sj\u00e4lva. N\u00e4r han inte arbetar som psykiatrisk socialarbetare hittar du honom skrivande noveller, skapande musik eller sjungande med Gay Men&#8217;s Chorus of LA. Han \u00e4r kreativ i hj\u00e4rtat och hittar alltid nya s\u00e4tt att f\u00f6ra m\u00e4nniskor samman, genom konst, samtal, skratt eller en gemensam stund p\u00e5 d\u00e4ck. Yendor har rest genom Portugal, Italien, Frankrike, Mexiko och Spanien, och han \u00e4lskar hur resor f\u00f6rvandlar fr\u00e4mlingar till en gemenskap. Som en del av VACAYA-teamet ger han gl\u00e4dje, v\u00e4rme och precis r\u00e4tt m\u00e4ngd gnistra till varje resa. Kom och s\u00e4g hej! Han l\u00e4ngtar efter att tr\u00e4ffa dig! F\u00f6lj Yendor p\u00e5 Insta @ <a href=\"https:\/\/www.instagram.com\/yendorrivere1\/\" target=\"_blank\" rel=\"noopener\">yendorrivere1<\/a> .          <\/p>\n<p>[\/et_pb_text][dmpro_masonry_gallery images=&#8221;193018,193009,193000,192991,192982,192973&#8243; columns=&#8221;6&#8243; columns_tablet=&#8221;6&#8243; columns_phone=&#8221;3&#8243; columns_last_edited=&#8221;on|desktop&#8221; _builder_version=&#8221;4.27.4&#8243; _module_preset=&#8221;default&#8221; global_colors_info=&#8221;{}&#8221;][\/dmpro_masonry_gallery][\/et_pb_column][\/et_pb_row][\/et_pb_section][et_pb_section fb_built=&#8221;1&#8243; _builder_version=&#8221;4.17.6&#8243; _module_preset=&#8221;default&#8221; collapsed=&#8221;on&#8221; global_colors_info=&#8221;{}&#8221;][et_pb_row _builder_version=&#8221;4.17.6&#8243; _module_preset=&#8221;default&#8221; global_colors_info=&#8221;{}&#8221;][et_pb_column type=&#8221;4_4&#8243; _builder_version=&#8221;4.17.6&#8243; _module_preset=&#8221;default&#8221; global_colors_info=&#8221;{}&#8221;][et_pb_divider color=&#8221;#000000&#8243; divider_position=&#8221;center&#8221; _builder_version=&#8221;4.17.6&#8243; _module_preset=&#8221;default&#8221; global_colors_info=&#8221;{}&#8221;][\/et_pb_divider][\/et_pb_column][\/et_pb_row][\/et_pb_section][et_pb_section fb_built=&#8221;1&#8243; _builder_version=&#8221;4.17.6&#8243; _module_preset=&#8221;default&#8221; custom_padding=&#8221;0%||||false|false&#8221; collapsed=&#8221;on&#8221; global_colors_info=&#8221;{}&#8221;][et_pb_row _builder_version=&#8221;4.17.6&#8243; _module_preset=&#8221;default&#8221; custom_padding=&#8221;0%||||false|false&#8221; global_colors_info=&#8221;{}&#8221;][et_pb_column type=&#8221;4_4&#8243; _builder_version=&#8221;4.17.6&#8243; _module_preset=&#8221;default&#8221; global_colors_info=&#8221;{}&#8221;][et_pb_text admin_label=&#8221;Section Title &#8211; H3&#8243; _builder_version=&#8221;4.17.6&#8243; _module_preset=&#8221;default&#8221; header_3_font=&#8221;Futura Bold|||on|||||&#8221; header_3_text_align=&#8221;center&#8221; header_3_text_color=&#8221;#000000&#8243; header_3_font_size=&#8221;18px&#8221; header_3_letter_spacing=&#8221;1.8px&#8221; header_3_line_height=&#8221;24px&#8221; custom_margin=&#8221;||||false|false&#8221; custom_margin_tablet=&#8221;||||false|false&#8221; custom_margin_phone=&#8221;||||false|false&#8221; custom_margin_last_edited=&#8221;on|phone&#8221; custom_padding=&#8221;||||false|false&#8221; global_colors_info=&#8221;{}&#8221;]<\/p>\n<h3>IN MEMORIAM<\/h3>\n<p>[\/et_pb_text][\/et_pb_column][\/et_pb_row][\/et_pb_section][et_pb_section fb_built=&#8221;1&#8243; admin_label=&#8221;Matt Palazzolo&#8221; _builder_version=&#8221;4.17.6&#8243; _module_preset=&#8221;default&#8221; custom_padding=&#8221;0%||||false|false&#8221; collapsed=&#8221;on&#8221; global_colors_info=&#8221;{}&#8221;][et_pb_row _builder_version=&#8221;4.17.6&#8243; _module_preset=&#8221;default&#8221; custom_padding=&#8221;0%||||false|false&#8221; global_colors_info=&#8221;{}&#8221;][et_pb_column type=&#8221;4_4&#8243; _builder_version=&#8221;4.17.6&#8243; _module_preset=&#8221;default&#8221; global_colors_info=&#8221;{}&#8221;][et_pb_text admin_label=&#8221;Section Title &#8211; H3&#8243; _builder_version=&#8221;4.17.6&#8243; _module_preset=&#8221;default&#8221; header_3_font=&#8221;Futura Bold|||on|||||&#8221; header_3_text_align=&#8221;left&#8221; header_3_text_color=&#8221;#000000&#8243; header_3_font_size=&#8221;18px&#8221; header_3_letter_spacing=&#8221;1.8px&#8221; header_3_line_height=&#8221;24px&#8221; custom_margin=&#8221;||2%||false|false&#8221; custom_margin_tablet=&#8221;||||false|false&#8221; custom_margin_phone=&#8221;||||false|false&#8221; custom_margin_last_edited=&#8221;on|desktop&#8221; custom_padding=&#8221;||||false|false&#8221; global_colors_info=&#8221;{}&#8221;]<\/p>\n<h3>Matt Palazzolo<\/h3>\n<p>[\/et_pb_text][et_pb_text _builder_version=&#8221;4.17.6&#8243; _module_preset=&#8221;default&#8221; custom_padding=&#8221;||||false|false&#8221; custom_padding_tablet=&#8221;||||false|false&#8221; custom_padding_phone=&#8221;||||false|false&#8221; custom_padding_last_edited=&#8221;on|phone&#8221; global_colors_info=&#8221;{}&#8221;]<\/p>\n<p>I v\u00e5ra tidigaste dagar var det en individ som hj\u00e4lpte till att f\u00f6ra VACAYA rytande till ett vibrerande och briljant liv. Hans namn var Matt Palazzolo. Matt var ett extraordin\u00e4rt ljus i en v\u00e4rld som beh\u00f6ver miljoner fler som honom. Sn\u00e4ll. Mild. Karismatisk. Passionerad. En advokat. En konstn\u00e4r.<\/p>\n<p>Matt dog i januari 2018 och gjorde det han \u00e4lskade b\u00e4st \u2013 att utforska denna v\u00e5r otroliga planet. Han levde och andades uppt\u00e4ckt. Och han gick gladeligen med i VACAYA-teamet eftersom han kunde k\u00e4nna samma t\u00f6rst efter \u00e4ventyr inom oss.<\/p>\n<p>Matts sista livsverk var VACAYAs <strong><a href=\"https:\/\/cdn.myvacaya.com\/wp-content\/uploads\/2018\/03\/vacaya-welcome.mp4\">varum\u00e4rkesvideo<\/a><\/strong> och videon som st\u00f6dde v\u00e5rt <a href=\"https:\/\/cdn.myvacaya.com\/wp-content\/uploads\/2018\/03\/vacaya-outreach.mp4\"><strong>ReachOUT<\/strong><\/a> -program. N\u00e4r vi f\u00f6rst f\u00f6rklarade VACAYAs uppdrag f\u00f6r Matt f\u00f6rstod han oss direkt. Han s\u00e5g visionen och f\u00f6rstod fullst\u00e4ndigt historien vi f\u00f6rs\u00f6kte ber\u00e4tta. Hans verk var avg\u00f6rande f\u00f6r v\u00e5r tidiga framg\u00e5ng och vi saknar honom varje dag.<\/p>\n<p>Vi ger detta l\u00f6fte till dig, Matt&#8230; du kommer aldrig att gl\u00f6mmas bort, och din ande kommer att leva vidare inom var och en av oss n\u00e4r VACAYA str\u00e4var efter att f\u00f6r\u00e4ndra v\u00e4rlden en godhj\u00e4rtad handling i taget. Mjau.<\/p>\n<p>[\/et_pb_text][dmpro_masonry_gallery images=&#8221;29080,29079,29078,29077,29076,29075&#8243; columns=&#8221;6&#8243; columns_tablet=&#8221;6&#8243; columns_phone=&#8221;3&#8243; columns_last_edited=&#8221;on|desktop&#8221; _builder_version=&#8221;4.17.6&#8243; _module_preset=&#8221;default&#8221; global_colors_info=&#8221;{}&#8221;][\/dmpro_masonry_gallery][\/et_pb_column][\/et_pb_row][\/et_pb_section][et_pb_section fb_built=&#8221;1&#8243; admin_label=&#8221;John Finen&#8221; _builder_version=&#8221;4.17.6&#8243; _module_preset=&#8221;default&#8221; custom_padding=&#8221;0%||||false|false&#8221; collapsed=&#8221;on&#8221; global_colors_info=&#8221;{}&#8221;][et_pb_row _builder_version=&#8221;4.17.6&#8243; _module_preset=&#8221;default&#8221; custom_padding=&#8221;0%||||false|false&#8221; global_colors_info=&#8221;{}&#8221;][et_pb_column type=&#8221;4_4&#8243; _builder_version=&#8221;4.17.6&#8243; _module_preset=&#8221;default&#8221; global_colors_info=&#8221;{}&#8221;][et_pb_text admin_label=&#8221;Section Title &#8211; H3&#8243; _builder_version=&#8221;4.17.6&#8243; _module_preset=&#8221;default&#8221; header_3_font=&#8221;Futura Bold|||on|||||&#8221; header_3_text_align=&#8221;left&#8221; header_3_text_color=&#8221;#000000&#8243; header_3_font_size=&#8221;18px&#8221; header_3_letter_spacing=&#8221;1.8px&#8221; header_3_line_height=&#8221;24px&#8221; custom_margin=&#8221;||2%||false|false&#8221; custom_margin_tablet=&#8221;||||false|false&#8221; custom_margin_phone=&#8221;||||false|false&#8221; custom_margin_last_edited=&#8221;on|desktop&#8221; custom_padding=&#8221;||||false|false&#8221; global_colors_info=&#8221;{}&#8221;]<\/p>\n<h3>John Finen &#8211; Medgrundare<\/h3>\n<p>[\/et_pb_text][et_pb_text _builder_version=&#8221;4.17.6&#8243; _module_preset=&#8221;default&#8221; custom_padding=&#8221;||||false|false&#8221; custom_padding_tablet=&#8221;||||false|false&#8221; custom_padding_phone=&#8221;||||false|false&#8221; custom_padding_last_edited=&#8221;on|phone&#8221; global_colors_info=&#8221;{}&#8221;]<\/p>\n<p>VACAYA grundare John Finen dog i sitt hem i Brooklyn, NY den 8 juni 2023 vid 54 \u00e5rs \u00e5lder. \u00c4ven om han l\u00e4mnade den h\u00e4r v\u00e4rlden f\u00f6r tidigt, levde han sitt liv till fullo och var en fantastisk v\u00e4n till dem som hade turen att l\u00e4ra k\u00e4nna honom. John var en \u00e4ventyrare, passionerad och nyfiken p\u00e5 musik, teater, konst, resor och att se alla de magnifika sev\u00e4rdheter som denna v\u00e4rlden hade att erbjuda.<\/p>\n<p>John f\u00f6ddes och v\u00e4xte upp i Brentwood, TN d\u00e4r han utvecklade sin k\u00e4rlek till musik och konst som medlem i bandet p\u00e5 Brentwood High School. Kort efter att ha tagit sin examen i datavetenskap och musik fr\u00e5n Vanderbilt University 1992, fortsatte John sin passion f\u00f6r teaterkonst och flyttade till New York City. Hans karri\u00e4r str\u00e4ckte sig \u00f6ver 30 \u00e5r och pr\u00e4glades av hans kreativitet, engagemang och fokus p\u00e5 excellens. Hans roller och ansvar inom teater v\u00e4xte under \u00e5ren och arbetade med v\u00e4lk\u00e4nda artister och produktioner p\u00e5 episka platser och ikoniska arenor i New York, inklusive Lincoln Center, New York City Center, The Joyce Theatre, The World Science Festival, Dave Matthews i Central Park, Alvin Ailey American Dance Theatre, MOMIX, Lewis Black, Fela! The Concert, Blackstar Symphony-The Music of David Bowie och m\u00e5nga andra.<\/p>\n<p>Internationellt k\u00e4nde John sig hemma i n\u00e4stan alla l\u00e4nder, med f\u00f6rest\u00e4llningar p\u00e5 stora teatrar runt om i v\u00e4rlden, s\u00e5v\u00e4l som en del av Royal Caribbean och Atlantis Cruises och som medgrundare av VACAYA. Oavsett om det g\u00e4ller produktion, scenledning, teknisk regi, ljud- och videodesign, ljusdesign eller som turn\u00e9regiss\u00f6r, \u200b\u200bskulle John navigera de mest komplicerade logistiska utmaningarna och tekniska detaljerna med innovation och omtanke. Hans f\u00e4rdigheter v\u00e4rderades h\u00f6gt av de konstn\u00e4rer och proffs som han samarbetade med.<\/p>\n<p>Johns k\u00e4nsla f\u00f6r roligt och hans medk\u00e4nsla f\u00f6r andra gjorde honom omtyckt av v\u00e4nner och familj. Han var en v\u00e4lkommen g\u00e4st vid varje bord och var en eftertraktad f\u00f6rtrogen och mentor. Intresserad av livets utbud och fr\u00e4mmande kulturer, missade John aldrig en chans att ta tag i v\u00e4nner och ge sig ut p\u00e5 ett &#8221;off book&#8221;-\u00e4ventyr. John \u00e4lskade s\u00e4rskilt vattnet. Han var lyckligast n\u00e4r han seglade, \u00e5kte b\u00e5t, forsr\u00e4nning eller cruisade medan han solade sig i solljuset p\u00e5 en fantastisk plats.<\/p>\n<p>V\u00e4nligen \u00f6verv\u00e4g att donera i Johns namn till <a href=\"https:\/\/www.cfmt.org\/giving-and-investing\/become-a-donor\/give-to-a-fund\/the-david-r-williams-music-fund\/\" target=\"_blank\" rel=\"noopener\">David R. Williams Music Fund<\/a> , som hj\u00e4lper Brentwood High Schools marschbandsstudenter med begr\u00e4nsade ekonomiska resurser, <a href=\"https:\/\/broadwaycares.org\" target=\"_blank\" rel=\"noopener\">Broadway Cares<\/a> , som hj\u00e4lper individer i underh\u00e5llningsbranschen med kritiska h\u00e4lsoproblem, eller <a href=\"https:\/\/www.campbrooklyn.org\" target=\"_blank\" rel=\"noopener\">Camp Brooklyn Fund<\/a> , som tillhandah\u00e5ller sommarl\u00e4gerupplevelser f\u00f6r barn med l\u00e5ga inkomster.<\/p>\n<p>Tack, John, f\u00f6r allt du tog med till VACAYA under v\u00e5ra tidigaste dagar. Vi kommer verkligen att sakna din v\u00e4nliga anda. \u2764\ufe0f<\/p>\n<p>[\/et_pb_text][dmpro_masonry_gallery images=&#8221;28826,28828,28825,28824,28829,28827&#8243; columns=&#8221;6&#8243; columns_tablet=&#8221;6&#8243; columns_phone=&#8221;3&#8243; columns_last_edited=&#8221;on|desktop&#8221; _builder_version=&#8221;4.17.6&#8243; _module_preset=&#8221;default&#8221; global_colors_info=&#8221;{}&#8221;][\/dmpro_masonry_gallery][\/et_pb_column][\/et_pb_row][\/et_pb_section][et_pb_section fb_built=&#8221;1&#8243; admin_label=&#8221;The Vacaya Difference&#8221; _builder_version=&#8221;4.17.6&#8243; _module_preset=&#8221;default&#8221; background_color=&#8221;#191919&#8243; custom_padding=&#8221;||||false|false&#8221; collapsed=&#8221;on&#8221; global_colors_info=&#8221;{}&#8221;][et_pb_row _builder_version=&#8221;4.17.6&#8243; _module_preset=&#8221;default&#8221; global_colors_info=&#8221;{}&#8221;][et_pb_column type=&#8221;4_4&#8243; _builder_version=&#8221;4.17.4&#8243; _module_preset=&#8221;default&#8221; global_colors_info=&#8221;{}&#8221;][et_pb_text admin_label=&#8221;Section Title &#8211; H3&#8243; _builder_version=&#8221;4.17.6&#8243; _module_preset=&#8221;default&#8221; header_3_font=&#8221;Futura Bold|||on|||||&#8221; header_3_text_align=&#8221;center&#8221; header_3_text_color=&#8221;#FFFFFF&#8221; header_3_font_size=&#8221;18px&#8221; header_3_letter_spacing=&#8221;1.8px&#8221; header_3_line_height=&#8221;24px&#8221; custom_margin=&#8221;||4%||false|false&#8221; custom_margin_tablet=&#8221;||4%||false|false&#8221; custom_margin_phone=&#8221;||40px||false|false&#8221; custom_margin_last_edited=&#8221;on|phone&#8221; global_colors_info=&#8221;{}&#8221;]<\/p>\n<h3>Vacaya-skillnaden<\/h3>\n<p>[\/et_pb_text][dmpro_carousel columns=&#8221;5&#8243; space_between=&#8221;32&#8243; container_padding=&#8221;0px|30px|0px|30px|false|false&#8221; loop=&#8221;on&#8221; autoplay=&#8221;on&#8221; pause_on_hover=&#8221;off&#8221; autoplay_speed=&#8221;3000&#8243; columns_tablet=&#8221;5&#8243; columns_phone=&#8221;2&#8243; columns_last_edited=&#8221;on|phone&#8221; _builder_version=&#8221;4.17.6&#8243; _module_preset=&#8221;default&#8221; title_font=&#8221;Futura Bold|||on|||||&#8221; title_text_color=&#8221;#FFFFFF&#8221; title_font_size=&#8221;18px&#8221; title_letter_spacing=&#8221;0.1em&#8221; title_line_height=&#8221;24px&#8221; desc_font=&#8221;Helvetica||||||||&#8221; desc_text_color=&#8221;#FFFFFF&#8221; desc_font_size=&#8221;16px&#8221; desc_line_height=&#8221;1.5em&#8221; global_colors_info=&#8221;{}&#8221;][dmpro_carousel_child title=&#8221;Bli ambassad\u00f6r&#8221; img_src=&#8221;https:\/\/www.myvacaya.com\/wp-content\/uploads\/2022\/07\/ambassadors-1.jpg&#8221; text_title=&#8221;Bli ambassad\u00f6r&#8221; desc_text=&#8221;Eager to help spread the news about VACAYA? We have everything you need to get started!&#8221; _builder_version=&#8221;4.17.4&#8243; _module_preset=&#8221;default&#8221; global_colors_info=&#8221;{}&#8221;][\/dmpro_carousel_child][dmpro_carousel_child title=&#8221;O\u00f6vertr\u00e4ffade erbjudanden&#8221; img_src=&#8221;https:\/\/www.myvacaya.com\/wp-content\/uploads\/2022\/07\/unparalled-offers.png&#8221; text_title=&#8221;O\u00f6vertr\u00e4ffade erbjudanden&#8221; desc_text=&#8221;Are you ready to dive into VACAYA headfirst? We\u2019ve got a special selection of offers just for you!&#8221; _builder_version=&#8221;4.17.4&#8243; _module_preset=&#8221;default&#8221; global_colors_info=&#8221;{}&#8221;][\/dmpro_carousel_child][dmpro_carousel_child title=&#8221;Tillg\u00e4nglighet&#8221; img_src=&#8221;https:\/\/www.myvacaya.com\/wp-content\/uploads\/2022\/07\/accesibility.jpg&#8221; text_title=&#8221;Tillg\u00e4nglighet&#8221; desc_text=&#8221;VACAYA and our partners create a welcoming environment for travelers with special needs.&#8221; _builder_version=&#8221;4.17.4&#8243; _module_preset=&#8221;default&#8221; global_colors_info=&#8221;{}&#8221;][\/dmpro_carousel_child][dmpro_carousel_child title=&#8221;Ge tillbaka&#8221; img_src=&#8221;https:\/\/www.myvacaya.com\/wp-content\/uploads\/2022\/07\/giving-back-2.jpg&#8221; text_title=&#8221;Ge tillbaka&#8221; desc_text=&#8221;Our efforts in the community reflect our commitment to the idea that we can all make a difference.&#8221; _builder_version=&#8221;4.17.4&#8243; _module_preset=&#8221;default&#8221; global_colors_info=&#8221;{}&#8221;][\/dmpro_carousel_child][dmpro_carousel_child title=&#8221;Alla \u00e4r v\u00e4lkomna&#8221; img_src=&#8221;https:\/\/www.myvacaya.com\/wp-content\/uploads\/2022\/07\/all-are-welcome.png&#8221; text_title=&#8221;Alla \u00e4r v\u00e4lkomna&#8221; desc_text=&#8221;Open your mind to the rainbow of fun that can be had in the world. <em>That\u2019s<\/em> the spirit of VACAYA!&#8221; _builder_version=&#8221;4.17.4&#8243; _module_preset=&#8221;default&#8221; global_colors_info=&#8221;{}&#8221;][\/dmpro_carousel_child][dmpro_carousel_child title=&#8221;V\u00e5ra erfarenheter&#8221; img_src=&#8221;https:\/\/www.myvacaya.com\/wp-content\/uploads\/2022\/07\/vacaya-experiences.jpg&#8221; text_title=&#8221;V\u00e5ra erfarenheter&#8221; desc_text=&#8221;VACAYA delivers vacations tailored to the unique desires of our guests. How will <em>you<\/em> VACAYA?&#8221; _builder_version=&#8221;4.17.4&#8243; _module_preset=&#8221;default&#8221; global_colors_info=&#8221;{}&#8221;][\/dmpro_carousel_child][dmpro_carousel_child title=&#8221;Alfabets soppa&#8221; img_src=&#8221;https:\/\/www.myvacaya.com\/wp-content\/uploads\/2022\/07\/the-difference-alphabet-soup-290&#215;175-2.jpg&#8221; text_title=&#8221;Alfabets soppa&#8221; desc_text=&#8221;Look no further\u2026 VACAYA\u2019s handy guide will help you navigate the entire LGBTQIAPK spectrum.&#8221; _builder_version=&#8221;4.17.4&#8243; _module_preset=&#8221;default&#8221; global_colors_info=&#8221;{}&#8221;][\/dmpro_carousel_child][dmpro_carousel_child title=&#8221;Ensamresen\u00e4rer&#8221; img_src=&#8221;https:\/\/www.myvacaya.com\/wp-content\/uploads\/2022\/07\/step-by-step.jpg&#8221; text_title=&#8221;Ensamresen\u00e4rer&#8221; desc_text=&#8221;<\/p>\n<p>VACAYA\u2019s \u201cSolo Traveling with Ease Program\u201d is perfect for single travelers looking to join in the fun.<\/p>\n<p>&#8221; _builder_version=&#8221;4.17.4&#8243; _module_preset=&#8221;default&#8221; global_colors_info=&#8221;{}&#8221;][\/dmpro_carousel_child][\/dmpro_carousel][\/et_pb_column][\/et_pb_row][\/et_pb_section]<\/p>\n","protected":false},"excerpt":{"rendered":"<p><div class=\"trip-overlay\"><div class=\"trip-title\"><h1>Resebrickor med titel &#8211; Endast kryssningar<\/h1><\/div><\/div>F\u00f6r att bygga ett verkligt transformativt f\u00f6retag kr\u00e4vs ett unikt och dedikerat team som \u00e4r villiga att skriva om spelboken ist\u00e4llet f\u00f6r att bara f\u00f6lja reglerna. Varje V Team-medlem \u00e4r fascinerad av kultur, historia och mat, med rese-bucket lists som drivs av nyfikenhet, hopp om en b\u00e4ttre morgondag och tron \u200b\u200bp\u00e5 att vi alla kan [&hellip;]<\/p>\n","protected":false},"author":1,"featured_media":0,"parent":62683,"menu_order":0,"comment_status":"closed","ping_status":"closed","template":"","meta":{"_acf_changed":false,"_et_pb_use_builder":"on","_et_pb_old_content":"","_et_gb_content_width":"","_monsterinsights_skip_tracking":false,"_monsterinsights_sitenote_active":false,"_monsterinsights_sitenote_note":"","_monsterinsights_sitenote_category":0,"footnotes":""},"class_list":["post-62669","page","type-page","status-publish","hentry"],"acf":[],"_links":{"self":[{"href":"https:\/\/www.myvacaya.com\/sv\/wp-json\/wp\/v2\/pages\/62669","targetHints":{"allow":["GET"]}}],"collection":[{"href":"https:\/\/www.myvacaya.com\/sv\/wp-json\/wp\/v2\/pages"}],"about":[{"href":"https:\/\/www.myvacaya.com\/sv\/wp-json\/wp\/v2\/types\/page"}],"author":[{"embeddable":true,"href":"https:\/\/www.myvacaya.com\/sv\/wp-json\/wp\/v2\/users\/1"}],"replies":[{"embeddable":true,"href":"https:\/\/www.myvacaya.com\/sv\/wp-json\/wp\/v2\/comments?post=62669"}],"version-history":[{"count":62,"href":"https:\/\/www.myvacaya.com\/sv\/wp-json\/wp\/v2\/pages\/62669\/revisions"}],"predecessor-version":[{"id":193169,"href":"https:\/\/www.myvacaya.com\/sv\/wp-json\/wp\/v2\/pages\/62669\/revisions\/193169"}],"up":[{"embeddable":true,"href":"https:\/\/www.myvacaya.com\/sv\/wp-json\/wp\/v2\/pages\/62683"}],"wp:attachment":[{"href":"https:\/\/www.myvacaya.com\/sv\/wp-json\/wp\/v2\/media?parent=62669"}],"curies":[{"name":"wp","href":"https:\/\/api.w.org\/{rel}","templated":true}]}}