{"id":84435,"date":"2018-02-10T15:14:12","date_gmt":"2018-02-10T20:14:12","guid":{"rendered":"https:\/\/www.myvacaya.com\/a-propos-de-vacaya\/notre-equipe\/"},"modified":"2026-02-06T18:18:53","modified_gmt":"2026-02-06T23:18:53","slug":"notre-equipe","status":"publish","type":"page","link":"https:\/\/www.myvacaya.com\/fr\/a-propos-de-vacaya\/notre-equipe\/","title":{"rendered":"Notre \u00e9quipe"},"content":{"rendered":"<p>[et_pb_section fb_built=\u00a0\u00bb1&Prime; fullwidth=\u00a0\u00bbon\u00a0\u00bb admin_label=\u00a0\u00bbSlider\u00a0\u00bb module_id=\u00a0\u00bbslider-section-interieur\u00a0\u00bb _builder_version=\u00a0\u00bb4.17.6&Prime; _module_preset=\u00a0\u00bbdefault\u00a0\u00bb background_enable_image=\u00a0\u00bboff\u00a0\u00bb global_colors_info=\u00a0\u00bb{}\u00a0\u00bb][et_pb_fullwidth_code admin_label=\u00a0\u00bbSlider Overlay\u00a0\u00bb module_class=\u00a0\u00bbinterior-page-overlay\u00a0\u00bb _builder_version=\u00a0\u00bb4.17.6&Prime; _module_preset=\u00a0\u00bbdefault\u00a0\u00bb positioning=\u00a0\u00bbabsolute\u00a0\u00bb position_origin_a=\u00a0\u00bbtop_right\u00a0\u00bb position_origin_f=\u00a0\u00bbtop_right\u00a0\u00bb z_index=\u00a0\u00bb100&Prime; width=\u00a0\u00bb50%\u00a0\u00bb width_tablet=\u00a0\u00bb50%\u00a0\u00bb width_phone=\u00a0\u00bb100%\u00a0\u00bb width_last_edited=\u00a0\u00bbon|phone\u00a0\u00bb height=\u00a0\u00bb100vh\u00a0\u00bb global_colors_info=\u00a0\u00bb{}\u00a0\u00bb]<div class=\"trip-overlay\"><div class=\"trip-title\"><h1>Notre \u00e9quipe<\/h1><\/div><\/div>[\/et_pb_fullwidth_code][et_pb_fullwidth_slider show_arrows=\u00a0\u00bboff\u00a0\u00bb admin_label=\u00a0\u00bbSlider Images\u00a0\u00bb module_id=\u00a0\u00bbslider-images\u00a0\u00bb _builder_version=\u00a0\u00bb4.17.6&Prime; _module_preset=\u00a0\u00bbdefault\u00a0\u00bb height=\u00a0\u00bb100vh\u00a0\u00bb auto=\u00a0\u00bbon\u00a0\u00bb global_colors_info=\u00a0\u00bb{}\u00a0\u00bb][et_pb_slide _builder_version=\u00a0\u00bb4.17.6&Prime; _module_preset=\u00a0\u00bbdefault\u00a0\u00bb background_color=\u00a0\u00bbRGBA(255,255,255,0)\u00a0\u00bb background_enable_color=\u00a0\u00bbon\u00a0\u00bb background_image=\u00a0\u00bbhttps:\/\/www.myvacaya.com\/wp-content\/uploads\/2022\/09\/staff-hangars-v1a.png\u00a0\u00bb background_enable_image=\u00a0\u00bbon\u00a0\u00bb background_last_edited=\u00a0\u00bbon|desktop\u00a0\u00bb background_image_phone=\u00a0\u00bbhttps:\/\/www.myvacaya.com\/wp-content\/uploads\/2022\/11\/vacaya-founders-mobile-414&#215;500-1.jpg\u00a0\u00bb background_enable_image_phone=\u00a0\u00bbon\u00a0\u00bb global_colors_info=\u00a0\u00bb{}\u00a0\u00bb sticky_transition=\u00a0\u00bbon\u00a0\u00bb][\/et_pb_slide][\/et_pb_fullwidth_slider][\/et_pb_section][et_pb_section fb_built=\u00a0\u00bb1&Prime; custom_padding_last_edited=\u00a0\u00bbon|desktop\u00a0\u00bb _builder_version=\u00a0\u00bb4.17.6&Prime; _module_preset=\u00a0\u00bbdefault\u00a0\u00bb custom_padding=\u00a0\u00bb||0%||false|false\u00a0\u00bb custom_padding_tablet=\u00a0\u00bb||||false|false\u00a0\u00bb custom_padding_phone=\u00a0\u00bb||40px||false|false\u00a0\u00bb global_colors_info=\u00a0\u00bb{}\u00a0\u00bb][et_pb_row custom_padding_last_edited=\u00a0\u00bbon|desktop\u00a0\u00bb _builder_version=\u00a0\u00bb4.17.6&Prime; _module_preset=\u00a0\u00bbdefault\u00a0\u00bb custom_padding=\u00a0\u00bb||||false|false\u00a0\u00bb custom_padding_tablet=\u00a0\u00bb||||false|false\u00a0\u00bb custom_padding_phone=\u00a0\u00bb||0%||false|false\u00a0\u00bb global_colors_info=\u00a0\u00bb{}\u00a0\u00bb][et_pb_column type=\u00a0\u00bb4_4&Prime; _builder_version=\u00a0\u00bb4.17.6&Prime; _module_preset=\u00a0\u00bbdefault\u00a0\u00bb global_colors_info=\u00a0\u00bb{}\u00a0\u00bb][et_pb_text _builder_version=\u00a0\u00bb4.23.4&Prime; _module_preset=\u00a0\u00bbdefault\u00a0\u00bb custom_margin=\u00a0\u00bb||||false|false\u00a0\u00bb custom_margin_tablet=\u00a0\u00bb||||false|false\u00a0\u00bb custom_margin_phone=\u00a0\u00bb||||false|false\u00a0\u00bb custom_margin_last_edited=\u00a0\u00bbon|phone\u00a0\u00bb global_colors_info=\u00a0\u00bb{}\u00a0\u00bb]<\/p>\n<p style=\"font-weight: 400;\">Pour construire une entreprise v\u00e9ritablement transformatrice, il faut une \u00e9quipe unique et d\u00e9vou\u00e9e pr\u00eate \u00e0 r\u00e9\u00e9crire le livre de jeu plut\u00f4t que de simplement suivre les r\u00e8gles. Chaque membre de l&rsquo;\u00e9quipe V est fascin\u00e9 par la culture, l&rsquo;histoire et la cuisine, avec des listes de seaux de voyage motiv\u00e9es par la curiosit\u00e9, l&rsquo;espoir d&rsquo;un avenir meilleur et la conviction que nous pouvons tous parvenir \u00e0 une compr\u00e9hension plus profonde d&rsquo;un lieu et de ses habitants.<\/p>\n<p style=\"font-weight: 400;\">La tribu de personnes talentueuses qui insufflent la vie \u00e0 VACAYA quotidiennement avec leur cr\u00e9ativit\u00e9, leur sens artistique et leur savoir-faire comprennent nos planificateurs de vacances, notre \u00e9quipe cr\u00e9ative, notre \u00e9quipe de production, notre \u00e9quipe financi\u00e8re et notre \u00e9quipe de direction. Leurs efforts collectifs refl\u00e8tent v\u00e9ritablement la vision de diversit\u00e9, d&rsquo;inclusion et de plaisir de VACAYA.<\/p>\n<p style=\"font-weight: 400;\">De plus, chaque voyage VACAYA est pris en charge par un groupe de \u00abconseillers de camp\u00bb r\u00e9mun\u00e9r\u00e9s, l\u00e0 pour s&rsquo;assurer que chaque instant de vos vacances d\u00e9passe les attentes. Nous pr\u00e9senterons en ligne les membres de votre V Team sp\u00e9cifiques \u00e0 votre voyage peu de temps avant notre d\u00e9part, ce qui vous donnera la possibilit\u00e9 de les contacter \u00e0 l&rsquo;avance. Vous les rencontrerez ensuite en personne le premier jour de votre voyage.<\/p>\n<p style=\"font-weight: 400;\">L&rsquo;\u00e9quipe V sera toujours pr\u00e9sente tout au long de votre voyage avec nous &#8211; pr\u00eate \u00e0 vous donner un coup de main en cas de besoin, sentant et r\u00e9pondant \u00e0 tout ce qui se passe autour de vous, et ajoutant \u00e0 la joie g\u00e9n\u00e9rale qui est VACAYA car ils nous relient tous ensemble, ouvrir nos esprits, et unifier notre rythme.<\/p>\n<p style=\"font-weight: 400;\">Pour mieux comprendre les valeurs et les perspectives de notre \u00e9quipe, nous vous encourageons \u00e0 visiter notre page <strong><a href=\"https:\/\/www.myvacaya.com\/fr\/blog\/\" target=\"_blank\" rel=\"noopener\">Blog<\/a><\/strong> .<\/p>\n<p>Pour les opportunit\u00e9s de marketing, de parrainage, de presse ou de partenariat philanthropique, veuillez contacter le CMO de VACAYA Patrick Gunn \u00e0 <strong><a href=\"mailto:patrick@myvacaya.com\">patrick@myvacaya.com<\/a><\/strong> .<\/p>\n<p>Pour les soumissions de contenu de divertissement, veuillez envoyer tous les documents pertinents au producteur associ\u00e9 de VACAYA, David Plunkett, \u00e0 l&rsquo; <strong><a href=\"mailto:david@myvacaya.com\">adresse david@myvacaya.com<\/a><\/strong> .<\/p>\n<p>Pour les demandes g\u00e9n\u00e9rales de service client, vous pouvez contacter nos planificateurs de vacances de l&rsquo;\u00e9quipe V \u00e0 <a href=\"mailto:info@myvacaya.com\"><strong>info@myvacaya.com<\/strong><\/a> .<\/p>\n<p>&nbsp;<\/p>\n<p>Maintenant, rencontrons <strong>THE V TEAM<\/strong> &#8230;<\/p>\n<p>[\/et_pb_text][\/et_pb_column][\/et_pb_row][\/et_pb_section][et_pb_section fb_built=\u00a0\u00bb1&Prime; _builder_version=\u00a0\u00bb4.17.6&Prime; _module_preset=\u00a0\u00bbdefault\u00a0\u00bb collapsed=\u00a0\u00bboff\u00a0\u00bb global_colors_info=\u00a0\u00bb{}\u00a0\u00bb][et_pb_row _builder_version=\u00a0\u00bb4.17.6&Prime; _module_preset=\u00a0\u00bbdefault\u00a0\u00bb global_colors_info=\u00a0\u00bb{}\u00a0\u00bb][et_pb_column type=\u00a0\u00bb4_4&Prime; _builder_version=\u00a0\u00bb4.17.6&Prime; _module_preset=\u00a0\u00bbdefault\u00a0\u00bb global_colors_info=\u00a0\u00bb{}\u00a0\u00bb][et_pb_divider color=\u00a0\u00bb#000000&Prime; divider_position=\u00a0\u00bbcenter\u00a0\u00bb _builder_version=\u00a0\u00bb4.17.6&Prime; _module_preset=\u00a0\u00bbdefault\u00a0\u00bb global_colors_info=\u00a0\u00bb{}\u00a0\u00bb][\/et_pb_divider][\/et_pb_column][\/et_pb_row][\/et_pb_section][et_pb_section fb_built=\u00a0\u00bb1&Prime; admin_label=\u00a0\u00bbAaron Kuehnert\u00a0\u00bb _builder_version=\u00a0\u00bb4.17.6&Prime; _module_preset=\u00a0\u00bbdefault\u00a0\u00bb custom_padding=\u00a0\u00bb0%||||false|false\u00a0\u00bb collapsed=\u00a0\u00bbon\u00a0\u00bb global_colors_info=\u00a0\u00bb{}\u00a0\u00bb][et_pb_row _builder_version=\u00a0\u00bb4.17.6&Prime; _module_preset=\u00a0\u00bbdefault\u00a0\u00bb custom_padding=\u00a0\u00bb0%||||false|false\u00a0\u00bb global_colors_info=\u00a0\u00bb{}\u00a0\u00bb][et_pb_column type=\u00a0\u00bb4_4&Prime; _builder_version=\u00a0\u00bb4.17.6&Prime; _module_preset=\u00a0\u00bbdefault\u00a0\u00bb global_colors_info=\u00a0\u00bb{}\u00a0\u00bb][et_pb_text admin_label=\u00a0\u00bbSection Title &#8211; H3&Prime; _builder_version=\u00a0\u00bb4.17.6&Prime; _module_preset=\u00a0\u00bbdefault\u00a0\u00bb header_3_font=\u00a0\u00bbFutura Bold|||on|||||\u00a0\u00bb header_3_text_align=\u00a0\u00bbleft\u00a0\u00bb header_3_text_color=\u00a0\u00bb#000000&Prime; header_3_font_size=\u00a0\u00bb18px\u00a0\u00bb header_3_letter_spacing=\u00a0\u00bb1.8px\u00a0\u00bb header_3_line_height=\u00a0\u00bb24px\u00a0\u00bb custom_margin=\u00a0\u00bb||2%||false|false\u00a0\u00bb custom_margin_tablet=\u00a0\u00bb||||false|false\u00a0\u00bb custom_margin_phone=\u00a0\u00bb||||false|false\u00a0\u00bb custom_margin_last_edited=\u00a0\u00bbon|desktop\u00a0\u00bb custom_padding=\u00a0\u00bb||||false|false\u00a0\u00bb global_colors_info=\u00a0\u00bb{}\u00a0\u00bb]<\/p>\n<h3>Aaron Kuehnert (il\/lui) &#8211; Membre de l&rsquo;\u00e9quipe \u00e9v\u00e9nementielle<\/h3>\n<p>[\/et_pb_text][et_pb_text _builder_version=\u00a0\u00bb4.17.6&Prime; _module_preset=\u00a0\u00bbdefault\u00a0\u00bb custom_padding=\u00a0\u00bb||||false|false\u00a0\u00bb custom_padding_tablet=\u00a0\u00bb||||false|false\u00a0\u00bb custom_padding_phone=\u00a0\u00bb||||false|false\u00a0\u00bb custom_padding_last_edited=\u00a0\u00bbon|phone\u00a0\u00bb global_colors_info=\u00a0\u00bb{}\u00a0\u00bb]<\/p>\n<p>Rencontrez Aaron, ou comme nous aimons l&rsquo;appeler, <em>papa Delta<\/em> . Entre son passage dans le programme Disney College et sa descente sur la piste avec Delta Airlines, Aaron est un marin exp\u00e9riment\u00e9 des mers gays et a h\u00e2te d&rsquo;\u00e9largir ses horizons LGBT+ ! Apr\u00e8s des ann\u00e9es \u00e0 s&rsquo;amuser sous le soleil, Aaron est tr\u00e8s heureux de pouvoir fournir une partie de ce service de premi\u00e8re classe en tant que membre de l&rsquo;\u00e9quipe V. Si vous ne connaissez pas Aaron, alors vous ne savez pas encore que si c&rsquo;est amusant et s\u00e9duisant, il DOIT avoir son nom dessus&#8230; un peu comme son mari, Kevin (\u00e9galement dans The V Team)&nbsp;! C&rsquo;est toujours un bon moment quand les Kuehnert sont l\u00e0. Du lancer de hache de comp\u00e9tition au jeu avec les \u00e9l\u00e9phants en Tha\u00eflande, ces gar\u00e7ons pr\u00e9parent toujours quelque chose. Aaron est plus que pr\u00eat \u00e0 abandonner le tablier, \u00e0 d\u00e9poussi\u00e9rer le vieux speedo et \u00e0 vous offrir une exp\u00e9rience de vacances comme vous n&rsquo;en avez jamais eue auparavant&nbsp;! Suivez Aaron sur Insta @ <strong><a href=\"https:\/\/www.instagram.com\/akuehnert\/\" target=\"_blank\" rel=\"noopener\">akuehnert<\/a><\/strong> .<\/p>\n<p>[\/et_pb_text][dmpro_masonry_gallery images=\u00a0\u00bb29045,29044,29043,29042,29041,29040&Prime; columns=\u00a0\u00bb6&Prime; columns_tablet=\u00a0\u00bb6&Prime; columns_phone=\u00a0\u00bb3&Prime; columns_last_edited=\u00a0\u00bbon|desktop\u00a0\u00bb _builder_version=\u00a0\u00bb4.17.6&Prime; _module_preset=\u00a0\u00bbdefault\u00a0\u00bb global_colors_info=\u00a0\u00bb{}\u00a0\u00bb][\/dmpro_masonry_gallery][\/et_pb_column][\/et_pb_row][\/et_pb_section][et_pb_section fb_built=\u00a0\u00bb1&Prime; admin_label=\u00a0\u00bbAdam Klesh\u00a0\u00bb _builder_version=\u00a0\u00bb4.27.4&Prime; _module_preset=\u00a0\u00bbdefault\u00a0\u00bb custom_padding=\u00a0\u00bb0%||||false|false\u00a0\u00bb collapsed=\u00a0\u00bbon\u00a0\u00bb global_colors_info=\u00a0\u00bb{}\u00a0\u00bb][et_pb_row _builder_version=\u00a0\u00bb4.17.6&Prime; _module_preset=\u00a0\u00bbdefault\u00a0\u00bb custom_padding=\u00a0\u00bb0%||||false|false\u00a0\u00bb global_colors_info=\u00a0\u00bb{}\u00a0\u00bb][et_pb_column type=\u00a0\u00bb4_4&Prime; _builder_version=\u00a0\u00bb4.17.6&Prime; _module_preset=\u00a0\u00bbdefault\u00a0\u00bb global_colors_info=\u00a0\u00bb{}\u00a0\u00bb][et_pb_text admin_label=\u00a0\u00bbSection Title &#8211; H3&Prime; _builder_version=\u00a0\u00bb4.27.4&Prime; _module_preset=\u00a0\u00bbdefault\u00a0\u00bb header_3_font=\u00a0\u00bbFutura Bold|||on|||||\u00a0\u00bb header_3_text_align=\u00a0\u00bbleft\u00a0\u00bb header_3_text_color=\u00a0\u00bb#000000&Prime; header_3_font_size=\u00a0\u00bb18px\u00a0\u00bb header_3_letter_spacing=\u00a0\u00bb1.8px\u00a0\u00bb header_3_line_height=\u00a0\u00bb24px\u00a0\u00bb custom_margin=\u00a0\u00bb||2%||false|false\u00a0\u00bb custom_margin_tablet=\u00a0\u00bb||||false|false\u00a0\u00bb custom_margin_phone=\u00a0\u00bb||||false|false\u00a0\u00bb custom_margin_last_edited=\u00a0\u00bbon|desktop\u00a0\u00bb custom_padding=\u00a0\u00bb||||false|false\u00a0\u00bb global_colors_info=\u00a0\u00bb{}\u00a0\u00bb]<\/p>\n<h3>Adam Klesh (il\/lui) &#8211; Membre de l&rsquo;\u00e9quipe \u00e9v\u00e9nementielle<\/h3>\n<p>[\/et_pb_text][et_pb_text _builder_version=\u00a0\u00bb4.27.4&Prime; _module_preset=\u00a0\u00bbdefault\u00a0\u00bb custom_padding=\u00a0\u00bb||||false|false\u00a0\u00bb custom_padding_tablet=\u00a0\u00bb||||false|false\u00a0\u00bb custom_padding_phone=\u00a0\u00bb||||false|false\u00a0\u00bb custom_padding_last_edited=\u00a0\u00bbon|phone\u00a0\u00bb global_colors_info=\u00a0\u00bb{}\u00a0\u00bb]<\/p>\n<p>Adam est ravi de rejoindre \u00e0 nouveau VACAYA pour une nouvelle croisi\u00e8re au sein de l&rsquo;\u00e9quipe de production. Lorsqu&rsquo;il n&rsquo;est pas en mer avec cette formidable communaut\u00e9 LGBTQ+, il con\u00e7oit et am\u00e9nage des espaces s\u00fbrs pour la communaut\u00e9 LGBTQ+ et organise des \u00e9v\u00e9nements. R\u00e9sidant entre Berlin, New York et le Mexique, Adam aime voyager sur notre plan\u00e8te bleue. Parmi ses passe-temps favoris&nbsp;: les longues promenades sur la plage, les pi\u00f1a coladas, se faire surprendre par la pluie, le yoga (il n&rsquo;est pas fan, mais il appr\u00e9cie le champagne) et faire l&rsquo;amour sur les dunes du Cap Cod. En temps r\u00e9el, vous avez de fortes chances de croiser Adam sur la piste de danse du Berghain, en sous-v\u00eatements le vendredi soir \u00e0 son club de Fire Island, The Ice Palace, ou encore en train de passer l&rsquo;hiver \u00e0 Zipolit\u00e9, au Mexique, o\u00f9 il construit son nouveau paradis gay, Casa Oasis and Casitas. Il a travaill\u00e9 comme directeur technique et producteur pour des artistes comme Patti LuPone, Bernadette Peters, Sheena Easton et Ana Gasteyer. Suivez Adam sur Instagram&nbsp;: <a href=\"https:\/\/www.instagram.com\/adampapabear\/\" target=\"_blank\" rel=\"noopener\">@adampapabear<\/a> .      <\/p>\n<p>[\/et_pb_text][dmpro_masonry_gallery images=\u00a0\u00bb192856,192847,192838,192829,192820,192811&Prime; columns=\u00a0\u00bb6&Prime; columns_tablet=\u00a0\u00bb6&Prime; columns_phone=\u00a0\u00bb3&Prime; columns_last_edited=\u00a0\u00bbon|desktop\u00a0\u00bb _builder_version=\u00a0\u00bb4.27.4&Prime; _module_preset=\u00a0\u00bbdefault\u00a0\u00bb global_colors_info=\u00a0\u00bb{}\u00a0\u00bb][\/dmpro_masonry_gallery][\/et_pb_column][\/et_pb_row][\/et_pb_section][et_pb_section fb_built=\u00a0\u00bb1&Prime; admin_label=\u00a0\u00bbAlex Bermea\u00a0\u00bb _builder_version=\u00a0\u00bb4.17.6&Prime; _module_preset=\u00a0\u00bbdefault\u00a0\u00bb custom_padding=\u00a0\u00bb0%||||false|false\u00a0\u00bb collapsed=\u00a0\u00bbon\u00a0\u00bb global_colors_info=\u00a0\u00bb{}\u00a0\u00bb][et_pb_row _builder_version=\u00a0\u00bb4.17.6&Prime; _module_preset=\u00a0\u00bbdefault\u00a0\u00bb custom_padding=\u00a0\u00bb0%||||false|false\u00a0\u00bb global_colors_info=\u00a0\u00bb{}\u00a0\u00bb][et_pb_column type=\u00a0\u00bb4_4&Prime; _builder_version=\u00a0\u00bb4.17.6&Prime; _module_preset=\u00a0\u00bbdefault\u00a0\u00bb global_colors_info=\u00a0\u00bb{}\u00a0\u00bb][et_pb_text admin_label=\u00a0\u00bbSection Title &#8211; H3&Prime; _builder_version=\u00a0\u00bb4.17.6&Prime; _module_preset=\u00a0\u00bbdefault\u00a0\u00bb header_3_font=\u00a0\u00bbFutura Bold|||on|||||\u00a0\u00bb header_3_text_align=\u00a0\u00bbleft\u00a0\u00bb header_3_text_color=\u00a0\u00bb#000000&Prime; header_3_font_size=\u00a0\u00bb18px\u00a0\u00bb header_3_letter_spacing=\u00a0\u00bb1.8px\u00a0\u00bb header_3_line_height=\u00a0\u00bb24px\u00a0\u00bb custom_margin=\u00a0\u00bb||2%||false|false\u00a0\u00bb custom_margin_tablet=\u00a0\u00bb||||false|false\u00a0\u00bb custom_margin_phone=\u00a0\u00bb||||false|false\u00a0\u00bb custom_margin_last_edited=\u00a0\u00bbon|desktop\u00a0\u00bb custom_padding=\u00a0\u00bb||||false|false\u00a0\u00bb global_colors_info=\u00a0\u00bb{}\u00a0\u00bb]<\/p>\n<h3>Alex Bermea (il\/elle\/ils) &#8211; Membre de l&rsquo;\u00e9quipe \u00e9v\u00e9nementielle<\/h3>\n<p>[\/et_pb_text][et_pb_text _builder_version=\u00a0\u00bb4.17.6&Prime; _module_preset=\u00a0\u00bbdefault\u00a0\u00bb custom_padding=\u00a0\u00bb||||false|false\u00a0\u00bb custom_padding_tablet=\u00a0\u00bb||||false|false\u00a0\u00bb custom_padding_phone=\u00a0\u00bb||||false|false\u00a0\u00bb custom_padding_last_edited=\u00a0\u00bbon|desktop\u00a0\u00bb global_colors_info=\u00a0\u00bb{}\u00a0\u00bb]<\/p>\n<p>Quand un professeur de musique de formation classique le jour et une premi\u00e8re drag queen de San Antonio, TX la nuit, ont trop le sens de l&rsquo;aventure pour \u00eatre confin\u00e9s, qu&rsquo;est-ce qu&rsquo;un gars peut faire ? Pour Alex, la d\u00e9cision \u00e9tait simple : tout laisser tomber, d\u00e9m\u00e9nager \u00e0 South Beach, Miami, et d\u00e9vorer le monde en tant qu&rsquo;h\u00f4tesse de l&rsquo;air pour American Airlines ! Depuis 2016, Alex a partag\u00e9 des centaines d&rsquo;exp\u00e9riences avec des amis dans plus de 40 pays &#8211; et il ne s&rsquo;arr\u00eatera pas de si t\u00f4t ! Cette drag queen couronn\u00e9e, connue sous le nom de Penelope Devereaux, a les yeux riv\u00e9s sur le monde et ouvrira la voie \u00e0 des aventures inoubliables. Suivez Alex sur Insta @ <strong><a href=\"https:\/\/www.instagram.com\/pdevtravels\/\" target=\"_blank\" rel=\"noopener\">pdevtravels<\/a><\/strong> .<\/p>\n<p>[\/et_pb_text][dmpro_masonry_gallery images=\u00a0\u00bb28967,28963,28966,28964,28965,28962&Prime; columns=\u00a0\u00bb6&Prime; columns_tablet=\u00a0\u00bb6&Prime; columns_phone=\u00a0\u00bb3&Prime; columns_last_edited=\u00a0\u00bbon|desktop\u00a0\u00bb _builder_version=\u00a0\u00bb4.17.6&Prime; _module_preset=\u00a0\u00bbdefault\u00a0\u00bb global_colors_info=\u00a0\u00bb{}\u00a0\u00bb][\/dmpro_masonry_gallery][\/et_pb_column][\/et_pb_row][\/et_pb_section][et_pb_section fb_built=\u00a0\u00bb1&Prime; admin_label=\u00a0\u00bbAlysse Dalessandro\u00a0\u00bb _builder_version=\u00a0\u00bb4.17.6&Prime; _module_preset=\u00a0\u00bbdefault\u00a0\u00bb custom_padding=\u00a0\u00bb0%||||false|false\u00a0\u00bb collapsed=\u00a0\u00bbon\u00a0\u00bb global_colors_info=\u00a0\u00bb{}\u00a0\u00bb][et_pb_row _builder_version=\u00a0\u00bb4.17.6&Prime; _module_preset=\u00a0\u00bbdefault\u00a0\u00bb custom_padding=\u00a0\u00bb0%||||false|false\u00a0\u00bb global_colors_info=\u00a0\u00bb{}\u00a0\u00bb][et_pb_column type=\u00a0\u00bb4_4&Prime; _builder_version=\u00a0\u00bb4.17.6&Prime; _module_preset=\u00a0\u00bbdefault\u00a0\u00bb global_colors_info=\u00a0\u00bb{}\u00a0\u00bb][et_pb_text admin_label=\u00a0\u00bbSection Title &#8211; H3&Prime; _builder_version=\u00a0\u00bb4.17.6&Prime; _module_preset=\u00a0\u00bbdefault\u00a0\u00bb header_3_font=\u00a0\u00bbFutura Bold|||on|||||\u00a0\u00bb header_3_text_align=\u00a0\u00bbleft\u00a0\u00bb header_3_text_color=\u00a0\u00bb#000000&Prime; header_3_font_size=\u00a0\u00bb18px\u00a0\u00bb header_3_letter_spacing=\u00a0\u00bb1.8px\u00a0\u00bb header_3_line_height=\u00a0\u00bb24px\u00a0\u00bb custom_margin=\u00a0\u00bb||2%||false|false\u00a0\u00bb custom_margin_tablet=\u00a0\u00bb||||false|false\u00a0\u00bb custom_margin_phone=\u00a0\u00bb||||false|false\u00a0\u00bb custom_margin_last_edited=\u00a0\u00bbon|desktop\u00a0\u00bb custom_padding=\u00a0\u00bb||||false|false\u00a0\u00bb global_colors_info=\u00a0\u00bb{}\u00a0\u00bb]<\/p>\n<h3>Alysse Dalessandro (elle\/elle) &#8211; Sp\u00e9cialiste en diversit\u00e9 et inclusion et membre de l&rsquo;\u00e9quipe \u00e9v\u00e9nementielle<\/h3>\n<p>[\/et_pb_text][et_pb_text _builder_version=\u00a0\u00bb4.17.6&Prime; _module_preset=\u00a0\u00bbdefault\u00a0\u00bb custom_padding=\u00a0\u00bb||||false|false\u00a0\u00bb custom_padding_tablet=\u00a0\u00bb||||false|false\u00a0\u00bb custom_padding_phone=\u00a0\u00bb||||false|false\u00a0\u00bb custom_padding_last_edited=\u00a0\u00bbon|phone\u00a0\u00bb global_colors_info=\u00a0\u00bb{}\u00a0\u00bb]<\/p>\n<p>Alysse Dalessandro est une blogueuse queer mode et voyage taille plus et influenceuse pour la marque Ready to Stare. Alysse adore voyager depuis que ses parents l&rsquo;ont attach\u00e9e pour son premier voyage \u00e0 travers le pays lorsqu&rsquo;elle \u00e9tait b\u00e9b\u00e9. Des destinations baln\u00e9aires estivales aux circuits historiques, Alysse a grandi en voyageant partout aux \u00c9tats-Unis. En tant que junior universitaire, Alysse a travers\u00e9 l&rsquo;\u00e9tang pour la premi\u00e8re fois pour \u00e9tudier \u00e0 l&rsquo;\u00e9tranger \u00e0 Rome o\u00f9 elle a utilis\u00e9 son temps \u00e0 bon escient pour visiter 15 nouvelles villes et 9 pays. Depuis, elle a atteint son premier grand objectif de voyage en visitant les huit villes natales de ses arri\u00e8re-grands-parents \u00e0 travers l&rsquo;Italie et la Sicile. Ensuite, elle veut visiter tous les \u00c9tats des \u00c9tats-Unis avant d&rsquo;avoir 40 ans. \u00c0 40 \u00c9tats visit\u00e9s, il ne lui en reste plus que dix&nbsp;! Bien que son travail en tant que blogueuse et influenceuse ait commenc\u00e9 par se concentrer sur la mode, Alysse a r\u00e9alis\u00e9 le besoin de plus de voix f\u00e9minines queer de taille plus dans les voyages et elle a commenc\u00e9 \u00e0 \u00e9crire sur son exp\u00e9rience de voyage au carrefour de ces identit\u00e9s. Elle est heureuse d&rsquo;apporter cette passion pour rendre les voyages plus inclusifs \u00e0 The V Team. Et ne vous inqui\u00e9tez pas &#8211; Alysse AIME toujours la mode et vous pouvez la surprendre en train de donner du fil \u00e0 retordre aux gar\u00e7ons lors de n&rsquo;importe quelle soir\u00e9e costum\u00e9e. Vous pouvez contacter Alysse via son site Web <strong><a href=\"http:\/\/www.readytostare.com\/\" target=\"_blank\" rel=\"noopener\">www.readytostare.com<\/a><\/strong> ou la trouver sur Insta @ <strong><a href=\"https:\/\/www.instagram.com\/readytostare\/\" target=\"_blank\" rel=\"noopener\">ReadyToStare<\/a><\/strong> .<\/p>\n<p>[\/et_pb_text][dmpro_masonry_gallery images=\u00a0\u00bb28975,28974,28973,28972,28971,28970&Prime; columns=\u00a0\u00bb6&Prime; columns_tablet=\u00a0\u00bb6&Prime; columns_phone=\u00a0\u00bb3&Prime; columns_last_edited=\u00a0\u00bbon|desktop\u00a0\u00bb _builder_version=\u00a0\u00bb4.17.6&Prime; _module_preset=\u00a0\u00bbdefault\u00a0\u00bb global_colors_info=\u00a0\u00bb{}\u00a0\u00bb][\/dmpro_masonry_gallery][\/et_pb_column][\/et_pb_row][\/et_pb_section][et_pb_section fb_built=\u00a0\u00bb1&Prime; admin_label=\u00a0\u00bbAngel Hernandez\u00a0\u00bb _builder_version=\u00a0\u00bb4.27.4&Prime; _module_preset=\u00a0\u00bbdefault\u00a0\u00bb custom_padding=\u00a0\u00bb0%||||false|false\u00a0\u00bb collapsed=\u00a0\u00bbon\u00a0\u00bb global_colors_info=\u00a0\u00bb{}\u00a0\u00bb][et_pb_row _builder_version=\u00a0\u00bb4.17.6&Prime; _module_preset=\u00a0\u00bbdefault\u00a0\u00bb custom_padding=\u00a0\u00bb0%||||false|false\u00a0\u00bb global_colors_info=\u00a0\u00bb{}\u00a0\u00bb][et_pb_column type=\u00a0\u00bb4_4&Prime; _builder_version=\u00a0\u00bb4.17.6&Prime; _module_preset=\u00a0\u00bbdefault\u00a0\u00bb global_colors_info=\u00a0\u00bb{}\u00a0\u00bb][et_pb_text admin_label=\u00a0\u00bbSection Title &#8211; H3&Prime; _builder_version=\u00a0\u00bb4.27.4&Prime; _module_preset=\u00a0\u00bbdefault\u00a0\u00bb header_3_font=\u00a0\u00bbFutura Bold|||on|||||\u00a0\u00bb header_3_text_align=\u00a0\u00bbleft\u00a0\u00bb header_3_text_color=\u00a0\u00bb#000000&Prime; header_3_font_size=\u00a0\u00bb18px\u00a0\u00bb header_3_letter_spacing=\u00a0\u00bb1.8px\u00a0\u00bb header_3_line_height=\u00a0\u00bb24px\u00a0\u00bb custom_margin=\u00a0\u00bb||2%||false|false\u00a0\u00bb custom_margin_tablet=\u00a0\u00bb||||false|false\u00a0\u00bb custom_margin_phone=\u00a0\u00bb||||false|false\u00a0\u00bb custom_margin_last_edited=\u00a0\u00bbon|desktop\u00a0\u00bb custom_padding=\u00a0\u00bb||||false|false\u00a0\u00bb global_colors_info=\u00a0\u00bb{}\u00a0\u00bb]<\/p>\n<h3>Angel Hernandez (il\/lui) &#8211; Membre de l&rsquo;\u00e9quipe \u00e9v\u00e9nementielle<\/h3>\n<p>[\/et_pb_text][et_pb_text _builder_version=\u00a0\u00bb4.27.4&Prime; _module_preset=\u00a0\u00bbdefault\u00a0\u00bb custom_padding=\u00a0\u00bb||||false|false\u00a0\u00bb custom_padding_tablet=\u00a0\u00bb||||false|false\u00a0\u00bb custom_padding_phone=\u00a0\u00bb||||false|false\u00a0\u00bb custom_padding_last_edited=\u00a0\u00bbon|phone\u00a0\u00bb global_colors_info=\u00a0\u00bb{}\u00a0\u00bb]<\/p>\n<p class=\"xmsonormal\"><span lang=\"EN\">Angel est un amoureux de la plage, un optimiste un peu maladroit et un professionnel de l&rsquo;enseignement sup\u00e9rieur qui a b\u00e2ti sa carri\u00e8re sur l&rsquo;\u00e9panouissement des autres. N\u00e9 et \u00e9lev\u00e9 dans le New Jersey, il a v\u00e9cu en Pennsylvanie, en G\u00e9orgie et vit d\u00e9sormais sous le soleil de Dallas, au Texas. Il est un ma\u00eetre d\u00e9vou\u00e9 \u00e0 son chien, un fan inconditionnel de <span class=\"outlook-search-highlight\" data-markjs=\"true\">Jennifer<\/span> Lopez, un passionn\u00e9 des \u00e9missions \u00ab&nbsp;Real Housewives of Atlanta&nbsp;\u00bb et de \u00ab&nbsp;Potomac&nbsp;\u00bb, et une personne qui rayonne d&rsquo;\u00e9nergie communicative. Docteur en leadership p\u00e9dagogique de l&rsquo;Universit\u00e9 Rowan, Angel allie c\u0153ur, humour et une v\u00e9ritable passion pour les autres dans tout ce qu&rsquo;il entreprend. Et sa drag queen pr\u00e9f\u00e9r\u00e9e&nbsp;? Penelope Devereaux, bien s\u00fbr. Suivez Angel sur Instagram&nbsp;: <a href=\"https:\/\/www.instagram.com\/AngelBeLike\/\" target=\"_blank\" rel=\"noopener\">@AngelBeLike<\/a> .      <\/span><\/p>\n<p>[\/et_pb_text][dmpro_masonry_gallery images=\u00a0\u00bb192748,192739,192730,192721,192712,192703&Prime; columns=\u00a0\u00bb6&Prime; columns_tablet=\u00a0\u00bb6&Prime; columns_phone=\u00a0\u00bb3&Prime; columns_last_edited=\u00a0\u00bbon|desktop\u00a0\u00bb _builder_version=\u00a0\u00bb4.27.4&Prime; _module_preset=\u00a0\u00bbdefault\u00a0\u00bb global_colors_info=\u00a0\u00bb{}\u00a0\u00bb][\/dmpro_masonry_gallery][\/et_pb_column][\/et_pb_row][\/et_pb_section][et_pb_section fb_built=\u00a0\u00bb1&Prime; admin_label=\u00a0\u00bbAnnette Lewis\u00a0\u00bb _builder_version=\u00a0\u00bb4.17.6&Prime; _module_preset=\u00a0\u00bbdefault\u00a0\u00bb custom_padding=\u00a0\u00bb0%||||false|false\u00a0\u00bb collapsed=\u00a0\u00bbon\u00a0\u00bb global_colors_info=\u00a0\u00bb{}\u00a0\u00bb][et_pb_row _builder_version=\u00a0\u00bb4.17.6&Prime; _module_preset=\u00a0\u00bbdefault\u00a0\u00bb custom_padding=\u00a0\u00bb0%||||false|false\u00a0\u00bb global_colors_info=\u00a0\u00bb{}\u00a0\u00bb][et_pb_column type=\u00a0\u00bb4_4&Prime; _builder_version=\u00a0\u00bb4.17.6&Prime; _module_preset=\u00a0\u00bbdefault\u00a0\u00bb global_colors_info=\u00a0\u00bb{}\u00a0\u00bb][et_pb_text admin_label=\u00a0\u00bbSection Title &#8211; H3&Prime; _builder_version=\u00a0\u00bb4.17.6&Prime; _module_preset=\u00a0\u00bbdefault\u00a0\u00bb header_3_font=\u00a0\u00bbFutura Bold|||on|||||\u00a0\u00bb header_3_text_align=\u00a0\u00bbleft\u00a0\u00bb header_3_text_color=\u00a0\u00bb#000000&Prime; header_3_font_size=\u00a0\u00bb18px\u00a0\u00bb header_3_letter_spacing=\u00a0\u00bb1.8px\u00a0\u00bb header_3_line_height=\u00a0\u00bb24px\u00a0\u00bb custom_margin=\u00a0\u00bb||2%||false|false\u00a0\u00bb custom_margin_tablet=\u00a0\u00bb||||false|false\u00a0\u00bb custom_margin_phone=\u00a0\u00bb||||false|false\u00a0\u00bb custom_margin_last_edited=\u00a0\u00bbon|desktop\u00a0\u00bb custom_padding=\u00a0\u00bb||||false|false\u00a0\u00bb global_colors_info=\u00a0\u00bb{}\u00a0\u00bb]<\/p>\n<h3>Annette Lewis (elle\/elle) &#8211; Membre de l&rsquo;\u00e9quipe \u00e9v\u00e9nementielle<\/h3>\n<p>[\/et_pb_text][et_pb_text _builder_version=\u00a0\u00bb4.17.6&Prime; _module_preset=\u00a0\u00bbdefault\u00a0\u00bb custom_padding=\u00a0\u00bb||||false|false\u00a0\u00bb custom_padding_tablet=\u00a0\u00bb||||false|false\u00a0\u00bb custom_padding_phone=\u00a0\u00bb||||false|false\u00a0\u00bb custom_padding_last_edited=\u00a0\u00bbon|phone\u00a0\u00bb global_colors_info=\u00a0\u00bb{}\u00a0\u00bb]<\/p>\n<p class=\"xmsonormal\"><span lang=\"EN\">Pour Annette, le voyage est une question de connexions et de relations. Elle aime apprendre \u00e0 conna\u00eetre tout le monde autour d&rsquo;elle et les aider \u00e0 se connecter \u00e0 de nouvelles personnes et \u00e0 de nouvelles exp\u00e9riences. C&rsquo;est une plaisanterie courante avec ses amies lesbiennes que les premi\u00e8res exp\u00e9riences de voyage d&rsquo;Annette ont \u00e9t\u00e9 le camping avec ses professeurs d&rsquo;\u00e9ducation physique au lyc\u00e9e&nbsp;! Cela a commenc\u00e9 une recherche \u00e0 vie d&rsquo;environnements inclusifs o\u00f9 chacun se sent le bienvenu pour venir comme lui-m\u00eame et explorer des aventures et des relations passionnantes. Annette et son mari Evan sont tous deux des enseignants et des administrateurs r\u00e9cemment retrait\u00e9s du camp d&rsquo;arts d&rsquo;Interlochen dans le nord du Michigan. \u00c0 Interlochen, ils ont servi une population diversifi\u00e9e de plus de 3 000 \u00e9tudiants en beaux-arts et 200 conseillers de camp. Annette a h\u00e2te d&rsquo;apporter son exp\u00e9rience \u00e0 la fois en tant que ma\u00eetre de l&rsquo;organisation et directrice du divertissement \u00e0 l&rsquo;\u00e9quipe VACAYA&nbsp;!<\/span><\/p>\n<p>[\/et_pb_text][dmpro_masonry_gallery images=\u00a0\u00bb35535,35536,35537,35538,35539,35540&Prime; columns=\u00a0\u00bb6&Prime; columns_tablet=\u00a0\u00bb6&Prime; columns_phone=\u00a0\u00bb3&Prime; columns_last_edited=\u00a0\u00bbon|desktop\u00a0\u00bb _builder_version=\u00a0\u00bb4.17.6&Prime; _module_preset=\u00a0\u00bbdefault\u00a0\u00bb global_colors_info=\u00a0\u00bb{}\u00a0\u00bb][\/dmpro_masonry_gallery][\/et_pb_column][\/et_pb_row][\/et_pb_section][et_pb_section fb_built=\u00a0\u00bb1&Prime; admin_label=\u00a0\u00bbBilly Gall\u00a0\u00bb _builder_version=\u00a0\u00bb4.23.4&Prime; _module_preset=\u00a0\u00bbdefault\u00a0\u00bb custom_padding=\u00a0\u00bb0%||||false|false\u00a0\u00bb collapsed=\u00a0\u00bbon\u00a0\u00bb global_colors_info=\u00a0\u00bb{}\u00a0\u00bb][et_pb_row _builder_version=\u00a0\u00bb4.17.6&Prime; _module_preset=\u00a0\u00bbdefault\u00a0\u00bb custom_padding=\u00a0\u00bb0%||||false|false\u00a0\u00bb global_colors_info=\u00a0\u00bb{}\u00a0\u00bb][et_pb_column type=\u00a0\u00bb4_4&Prime; _builder_version=\u00a0\u00bb4.17.6&Prime; _module_preset=\u00a0\u00bbdefault\u00a0\u00bb global_colors_info=\u00a0\u00bb{}\u00a0\u00bb][et_pb_text admin_label=\u00a0\u00bbSection Title &#8211; H3&Prime; _builder_version=\u00a0\u00bb4.23.4&Prime; _module_preset=\u00a0\u00bbdefault\u00a0\u00bb header_3_font=\u00a0\u00bbFutura Bold|||on|||||\u00a0\u00bb header_3_text_align=\u00a0\u00bbleft\u00a0\u00bb header_3_text_color=\u00a0\u00bb#000000&Prime; header_3_font_size=\u00a0\u00bb18px\u00a0\u00bb header_3_letter_spacing=\u00a0\u00bb1.8px\u00a0\u00bb header_3_line_height=\u00a0\u00bb24px\u00a0\u00bb custom_margin=\u00a0\u00bb||2%||false|false\u00a0\u00bb custom_margin_tablet=\u00a0\u00bb||||false|false\u00a0\u00bb custom_margin_phone=\u00a0\u00bb||||false|false\u00a0\u00bb custom_margin_last_edited=\u00a0\u00bbon|desktop\u00a0\u00bb custom_padding=\u00a0\u00bb||||false|false\u00a0\u00bb global_colors_info=\u00a0\u00bb{}\u00a0\u00bb]<\/p>\n<h3>Billy Gall (il\/lui) &#8211; Membre de l&rsquo;\u00e9quipe \u00e9v\u00e9nementielle<\/h3>\n<p>[\/et_pb_text][et_pb_text _builder_version=\u00a0\u00bb4.23.4&Prime; _module_preset=\u00a0\u00bbdefault\u00a0\u00bb custom_padding=\u00a0\u00bb||||false|false\u00a0\u00bb custom_padding_tablet=\u00a0\u00bb||||false|false\u00a0\u00bb custom_padding_phone=\u00a0\u00bb||||false|false\u00a0\u00bb custom_padding_last_edited=\u00a0\u00bbon|phone\u00a0\u00bb global_colors_info=\u00a0\u00bb{}\u00a0\u00bb]<\/p>\n<p>Billy est une personne extr\u00eamement sympathique, gentille et organis\u00e9e. Il se fait toujours de nouveaux amis, o\u00f9 qu&rsquo;il aille. Sa passion pour les voyages est profonde, n\u00e9e de ses excursions \u00e0 l&rsquo;a\u00e9roport avec sa grand-m\u00e8re lorsqu&rsquo;il \u00e9tait enfant. Il se demandait alors o\u00f9 allaient tous ces gens qui se dirigeaient vers leur porte d&#8217;embarquement (\u00e0 l&rsquo;\u00e9poque, on pouvait regarder les avions d\u00e9coller sans billet, vous imaginez ?). Apr\u00e8s avoir travaill\u00e9 comme steward, dans le commerce de luxe et enfin dans la sant\u00e9 publique, Billy a un don pour aider les gens et cr\u00e9er des liens avec chacun d&rsquo;eux. Billy est ravi de rejoindre la V Team et a h\u00e2te de vous rencontrer tous et toutes pour cr\u00e9er des souvenirs ensemble !      <\/p>\n<p>[\/et_pb_text][dmpro_masonry_gallery images=\u00a0\u00bb185068,185059,185050,185041,185032,185023&Prime; columns=\u00a0\u00bb6&Prime; columns_tablet=\u00a0\u00bb6&Prime; columns_phone=\u00a0\u00bb3&Prime; columns_last_edited=\u00a0\u00bbon|desktop\u00a0\u00bb _builder_version=\u00a0\u00bb4.23.4&Prime; _module_preset=\u00a0\u00bbdefault\u00a0\u00bb global_colors_info=\u00a0\u00bb{}\u00a0\u00bb][\/dmpro_masonry_gallery][\/et_pb_column][\/et_pb_row][\/et_pb_section][et_pb_section fb_built=\u00a0\u00bb1&Prime; admin_label=\u00a0\u00bbBrandon Johnson\u00a0\u00bb _builder_version=\u00a0\u00bb4.17.6&Prime; _module_preset=\u00a0\u00bbdefault\u00a0\u00bb custom_padding=\u00a0\u00bb0%||||false|false\u00a0\u00bb collapsed=\u00a0\u00bbon\u00a0\u00bb global_colors_info=\u00a0\u00bb{}\u00a0\u00bb][et_pb_row _builder_version=\u00a0\u00bb4.17.6&Prime; _module_preset=\u00a0\u00bbdefault\u00a0\u00bb custom_padding=\u00a0\u00bb0%||||false|false\u00a0\u00bb global_colors_info=\u00a0\u00bb{}\u00a0\u00bb][et_pb_column type=\u00a0\u00bb4_4&Prime; _builder_version=\u00a0\u00bb4.17.6&Prime; _module_preset=\u00a0\u00bbdefault\u00a0\u00bb global_colors_info=\u00a0\u00bb{}\u00a0\u00bb][et_pb_text admin_label=\u00a0\u00bbSection Title &#8211; H3&Prime; _builder_version=\u00a0\u00bb4.17.6&Prime; _module_preset=\u00a0\u00bbdefault\u00a0\u00bb header_3_font=\u00a0\u00bbFutura Bold|||on|||||\u00a0\u00bb header_3_text_align=\u00a0\u00bbleft\u00a0\u00bb header_3_text_color=\u00a0\u00bb#000000&Prime; header_3_font_size=\u00a0\u00bb18px\u00a0\u00bb header_3_letter_spacing=\u00a0\u00bb1.8px\u00a0\u00bb header_3_line_height=\u00a0\u00bb24px\u00a0\u00bb custom_margin=\u00a0\u00bb||2%||false|false\u00a0\u00bb custom_margin_tablet=\u00a0\u00bb||||false|false\u00a0\u00bb custom_margin_phone=\u00a0\u00bb||||false|false\u00a0\u00bb custom_margin_last_edited=\u00a0\u00bbon|desktop\u00a0\u00bb custom_padding=\u00a0\u00bb||||false|false\u00a0\u00bb global_colors_info=\u00a0\u00bb{}\u00a0\u00bb]<\/p>\n<h3>Brandon Johnson (il\/lui) &#8211; Membre de l&rsquo;\u00e9quipe \u00e9v\u00e9nementielle<\/h3>\n<p>[\/et_pb_text][et_pb_text _builder_version=\u00a0\u00bb4.23.4&Prime; _module_preset=\u00a0\u00bbdefault\u00a0\u00bb custom_padding=\u00a0\u00bb||||false|false\u00a0\u00bb custom_padding_tablet=\u00a0\u00bb||||false|false\u00a0\u00bb custom_padding_phone=\u00a0\u00bb||||false|false\u00a0\u00bb custom_padding_last_edited=\u00a0\u00bbon|phone\u00a0\u00bb global_colors_info=\u00a0\u00bb{}\u00a0\u00bb]<\/p>\n<p><span class=\"xs1\">Originaire d&rsquo;Honolulu, ce gar\u00e7on hawa\u00efen travaille dans les secteurs du service client, de l&rsquo;h\u00f4tellerie et du voyage depuis plus de trois d\u00e9cennies. Brandon a commenc\u00e9 \u00e0 se produire dans le drag \u00e0 Hawa\u00ef en 1993 sous le nom de sc\u00e8ne Diva DelaFuente.  <\/span><span class=\"xs1\">Il a d\u00e9m\u00e9nag\u00e9 \u00e0 Las Vegas en septembre 2001, o\u00f9 sa carri\u00e8re de drag s&rsquo;est poursuivie dans l&rsquo;industrie des bo\u00eetes de nuit gay. Pendant cette p\u00e9riode, il est \u00e9galement dipl\u00f4m\u00e9 d\u2019une \u00e9cole de cosm\u00e9tologie. Brandon<\/span><span class=\"xs1\">  a r\u00e9sid\u00e9 \u00e0 Sin City pendant 15 ans. \u00c0 Las Vegas, Brandon<\/span> <span class=\"xs1\">a \u00e9t\u00e9 couronn\u00e9e Miss Las Vegas Pride 2010, mais a pris sa retraite de l&rsquo;art du drag en 2014.<\/span> <span class=\"xapple-converted-space\">Brandon a<\/span> <span class=\"xs1\">ensuite produit, dirig\u00e9, g\u00e9r\u00e9 la sc\u00e8ne et jug\u00e9 les pr\u00e9liminaires pour les syst\u00e8mes Miss Continental, USofA, America et America&rsquo;s Bearded Queen, ainsi que divers concours de redevances de fiert\u00e9.<\/span> <span class=\"xs1\">Il a continu\u00e9 \u00e0 animer des spectacles, des d\u00e9fil\u00e9s et des \u00e9v\u00e9nements au fil des ans. Brandon  <\/span><span class=\"xs1\">a d\u00e9m\u00e9nag\u00e9 \u00e0 Austin, au Texas, fin 2016 par amour et lui et son mari ont \u00e9lu domicile \u00e0 Dallas depuis 2020.<\/span><span class=\"xapple-converted-space\"> <\/span><span class=\"xs1\">Brandon a v\u00e9cu toute sa vie une histoire d&rsquo;amour avec les voyages et l&rsquo;aviation commerciale.  <\/span><span class=\"xs1\">Actuellement, il exerce le m\u00e9tier de ses r\u00eaves en tant qu&rsquo;agent de bord&nbsp;! Dans ses temps libres, il est  <\/span><span class=\"xs1\">\u00e9galement le cr\u00e9ateur de costumes de la Dallas Purple Party. Brandon<\/span><span class=\"xs1\">  est extr\u00eamement fid\u00e8le \u00e0 son groupe d&rsquo;amis et appr\u00e9cie le temps qu&rsquo;il passe avec eux.  <\/span>Sa devise est \u00ab\u00a0Connaissez votre valeur et ajoutez des taxes !!\u00a0\u00bb Suivez Brandon sur Instagram <strong><a href=\"https:\/\/www.instagram.com\/txgymdaddy\/\" target=\"_blank\" rel=\"noopener\">@txgymdaddy<\/a><\/strong> .<\/p>\n<p>[\/et_pb_text][dmpro_masonry_gallery images=\u00a0\u00bb142270,142258,142236,142224,142196,142173&Prime; columns=\u00a0\u00bb6&Prime; columns_tablet=\u00a0\u00bb6&Prime; columns_phone=\u00a0\u00bb3&Prime; columns_last_edited=\u00a0\u00bbon|desktop\u00a0\u00bb _builder_version=\u00a0\u00bb4.17.6&Prime; _module_preset=\u00a0\u00bbdefault\u00a0\u00bb global_colors_info=\u00a0\u00bb{}\u00a0\u00bb][\/dmpro_masonry_gallery][\/et_pb_column][\/et_pb_row][\/et_pb_section][et_pb_section fb_built=\u00a0\u00bb1&Prime; admin_label=\u00a0\u00bbChase McCall\u00a0\u00bb _builder_version=\u00a0\u00bb4.17.6&Prime; _module_preset=\u00a0\u00bbdefault\u00a0\u00bb custom_padding=\u00a0\u00bb0%||||false|false\u00a0\u00bb collapsed=\u00a0\u00bbon\u00a0\u00bb global_colors_info=\u00a0\u00bb{}\u00a0\u00bb][et_pb_row _builder_version=\u00a0\u00bb4.17.6&Prime; _module_preset=\u00a0\u00bbdefault\u00a0\u00bb custom_padding=\u00a0\u00bb0%||||false|false\u00a0\u00bb global_colors_info=\u00a0\u00bb{}\u00a0\u00bb][et_pb_column type=\u00a0\u00bb4_4&Prime; _builder_version=\u00a0\u00bb4.17.6&Prime; _module_preset=\u00a0\u00bbdefault\u00a0\u00bb global_colors_info=\u00a0\u00bb{}\u00a0\u00bb][et_pb_text admin_label=\u00a0\u00bbSection Title &#8211; H3&Prime; _builder_version=\u00a0\u00bb4.17.6&Prime; _module_preset=\u00a0\u00bbdefault\u00a0\u00bb header_3_font=\u00a0\u00bbFutura Bold|||on|||||\u00a0\u00bb header_3_text_align=\u00a0\u00bbleft\u00a0\u00bb header_3_text_color=\u00a0\u00bb#000000&Prime; header_3_font_size=\u00a0\u00bb18px\u00a0\u00bb header_3_letter_spacing=\u00a0\u00bb1.8px\u00a0\u00bb header_3_line_height=\u00a0\u00bb24px\u00a0\u00bb custom_margin=\u00a0\u00bb||2%||false|false\u00a0\u00bb custom_margin_tablet=\u00a0\u00bb||||false|false\u00a0\u00bb custom_margin_phone=\u00a0\u00bb||||false|false\u00a0\u00bb custom_margin_last_edited=\u00a0\u00bbon|desktop\u00a0\u00bb custom_padding=\u00a0\u00bb||||false|false\u00a0\u00bb global_colors_info=\u00a0\u00bb{}\u00a0\u00bb]<\/p>\n<h3>Chase McCall (il\/lui) &#8211; Membre de l&rsquo;\u00e9quipe \u00e9v\u00e9nementielle<\/h3>\n<p>[\/et_pb_text][et_pb_text _builder_version=\u00a0\u00bb4.17.6&Prime; _module_preset=\u00a0\u00bbdefault\u00a0\u00bb custom_padding=\u00a0\u00bb||||false|false\u00a0\u00bb custom_padding_tablet=\u00a0\u00bb||||false|false\u00a0\u00bb custom_padding_phone=\u00a0\u00bb||||false|false\u00a0\u00bb custom_padding_last_edited=\u00a0\u00bbon|phone\u00a0\u00bb global_colors_info=\u00a0\u00bb{}\u00a0\u00bb]<\/p>\n<p>Chase est tellement excit\u00e9e de faire partie de VACAYA&nbsp;! Il a la chance d&rsquo;avoir choisi une carri\u00e8re qui lui a permis de voyager assez largement dans le monde entier. R\u00e9sidant actuellement \u00e0 New York, il vient de terminer la production en tourn\u00e9e internationale du 20e anniversaire de <em><strong>RENT<\/strong><\/em> . L&rsquo;\u00e9t\u00e9 dernier, le spectacle l&rsquo;a emmen\u00e9 en Extr\u00eame-Orient o\u00f9 il a pass\u00e9 beaucoup de temps en Chine, \u00e0 Tokyo et en Tha\u00eflande. La meilleure semaine de sa vie a \u00e9t\u00e9 un programme de volontariat d&rsquo;une semaine dans un sanctuaire d&rsquo;\u00e9l\u00e9phants \u00e0 Chiang Mai. Chase a \u00e9galement travaill\u00e9 quelques ann\u00e9es sur des bateaux de croisi\u00e8re en tant que chanteur effectuant des itin\u00e9raires dans les Cara\u00efbes, la M\u00e9diterran\u00e9e, la Nouvelle-Angleterre et l&rsquo;Alaska. Chase est tellement pr\u00eat \u00e0 se faire de nouveaux amis et \u00e0 cr\u00e9er des souvenirs qui dureront toute une vie avec VACAYA&nbsp;! Suivez Chase sur Insta @ <strong><a href=\"https:\/\/www.instagram.com\/chase.mccall\/\" target=\"_blank\" rel=\"noopener\">chase.mccall<\/a><\/strong> .<\/p>\n<p>[\/et_pb_text][dmpro_masonry_gallery images=\u00a0\u00bb34796,29059,29058,29057,34797,29055&Prime; columns=\u00a0\u00bb6&Prime; columns_tablet=\u00a0\u00bb6&Prime; columns_phone=\u00a0\u00bb3&Prime; columns_last_edited=\u00a0\u00bbon|desktop\u00a0\u00bb _builder_version=\u00a0\u00bb4.17.6&Prime; _module_preset=\u00a0\u00bbdefault\u00a0\u00bb global_colors_info=\u00a0\u00bb{}\u00a0\u00bb][\/dmpro_masonry_gallery][\/et_pb_column][\/et_pb_row][\/et_pb_section][et_pb_section fb_built=\u00a0\u00bb1&Prime; admin_label=\u00a0\u00bbCullen Balinski\u00a0\u00bb _builder_version=\u00a0\u00bb4.27.4&Prime; _module_preset=\u00a0\u00bbdefault\u00a0\u00bb custom_padding=\u00a0\u00bb0%||||false|false\u00a0\u00bb collapsed=\u00a0\u00bbon\u00a0\u00bb global_colors_info=\u00a0\u00bb{}\u00a0\u00bb][et_pb_row _builder_version=\u00a0\u00bb4.17.6&Prime; _module_preset=\u00a0\u00bbdefault\u00a0\u00bb custom_padding=\u00a0\u00bb0%||||false|false\u00a0\u00bb global_colors_info=\u00a0\u00bb{}\u00a0\u00bb][et_pb_column type=\u00a0\u00bb4_4&Prime; _builder_version=\u00a0\u00bb4.17.6&Prime; _module_preset=\u00a0\u00bbdefault\u00a0\u00bb global_colors_info=\u00a0\u00bb{}\u00a0\u00bb][et_pb_text admin_label=\u00a0\u00bbSection Title &#8211; H3&Prime; _builder_version=\u00a0\u00bb4.27.4&Prime; _module_preset=\u00a0\u00bbdefault\u00a0\u00bb header_3_font=\u00a0\u00bbFutura Bold|||on|||||\u00a0\u00bb header_3_text_align=\u00a0\u00bbleft\u00a0\u00bb header_3_text_color=\u00a0\u00bb#000000&Prime; header_3_font_size=\u00a0\u00bb18px\u00a0\u00bb header_3_letter_spacing=\u00a0\u00bb1.8px\u00a0\u00bb header_3_line_height=\u00a0\u00bb24px\u00a0\u00bb custom_margin=\u00a0\u00bb||2%||false|false\u00a0\u00bb custom_margin_tablet=\u00a0\u00bb||||false|false\u00a0\u00bb custom_margin_phone=\u00a0\u00bb||||false|false\u00a0\u00bb custom_margin_last_edited=\u00a0\u00bbon|desktop\u00a0\u00bb custom_padding=\u00a0\u00bb||||false|false\u00a0\u00bb global_colors_info=\u00a0\u00bb{}\u00a0\u00bb]<\/p>\n<h3>Cullen Balinski (il\/lui) &#8211; Directeur des finances et de l&amp;#39;innovation commerciale<\/h3>\n<p>[\/et_pb_text][et_pb_text _builder_version=\u00a0\u00bb4.27.4&Prime; _module_preset=\u00a0\u00bbdefault\u00a0\u00bb custom_padding=\u00a0\u00bb||||false|false\u00a0\u00bb custom_padding_tablet=\u00a0\u00bb||||false|false\u00a0\u00bb custom_padding_phone=\u00a0\u00bb||||false|false\u00a0\u00bb custom_padding_last_edited=\u00a0\u00bbon|phone\u00a0\u00bb global_colors_info=\u00a0\u00bb{}\u00a0\u00bb]<\/p>\n<p>Si vous croisez Cullen, saluez-le vite fait, car il est probablement en route pour une nouvelle destination. Explorateur dans l&rsquo;\u00e2me, Cullen passe sa vie \u00e0 la recherche d&rsquo;aventures&nbsp;: skier \u00e0 travers les continents, visiter tous les \u00c9tats am\u00e9ricains ou d\u00e9nicher un s\u00e9jour inoubliable et abordable pr\u00e8s de chez vous. Apr\u00e8s plus de dix ans pass\u00e9s \u00e0 promouvoir l&rsquo;esprit d&rsquo;exploration gr\u00e2ce aux vols spatiaux habit\u00e9s \u00e0 la NASA, il a mis cette m\u00eame \u00e9nergie au service de VACAYA pour cr\u00e9er une communaut\u00e9 d&rsquo;explorateurs passionn\u00e9s comme vous. Qu&rsquo;il s&rsquo;agisse de vaisseaux spatiaux ou de paquebots de croisi\u00e8re, Cullen sait que les meilleurs vaisseaux sont les amiti\u00e9s. \ud83d\ude09 Alors, n&rsquo;h\u00e9sitez pas \u00e0 entrer en contact avec Cullen, \u00e0 partager un moment avec lui et \u00e0 l&rsquo;aider \u00e0 r\u00e9pandre un peu de joie. Suivez Cullen sur Instagram&nbsp;: @ <a href=\"https:\/\/www.instagram.com\/Culley.Wulley\/\" target=\"_blank\" rel=\"noopener\">Culley.Wulley<\/a> .     <\/p>\n<p>[\/et_pb_text][dmpro_masonry_gallery images=\u00a0\u00bb192964,192955,192946,192937,192928,192919&Prime; columns=\u00a0\u00bb6&Prime; columns_tablet=\u00a0\u00bb6&Prime; columns_phone=\u00a0\u00bb3&Prime; columns_last_edited=\u00a0\u00bbon|desktop\u00a0\u00bb _builder_version=\u00a0\u00bb4.27.4&Prime; _module_preset=\u00a0\u00bbdefault\u00a0\u00bb global_colors_info=\u00a0\u00bb{}\u00a0\u00bb][\/dmpro_masonry_gallery][\/et_pb_column][\/et_pb_row][\/et_pb_section][et_pb_section fb_built=\u00a0\u00bb1&Prime; admin_label=\u00a0\u00bbDanny Lee Cabrera\u00a0\u00bb _builder_version=\u00a0\u00bb4.17.6&Prime; _module_preset=\u00a0\u00bbdefault\u00a0\u00bb custom_padding=\u00a0\u00bb0%||||false|false\u00a0\u00bb collapsed=\u00a0\u00bbon\u00a0\u00bb global_colors_info=\u00a0\u00bb{}\u00a0\u00bb][et_pb_row _builder_version=\u00a0\u00bb4.17.6&Prime; _module_preset=\u00a0\u00bbdefault\u00a0\u00bb custom_padding=\u00a0\u00bb0%||||false|false\u00a0\u00bb global_colors_info=\u00a0\u00bb{}\u00a0\u00bb][et_pb_column type=\u00a0\u00bb4_4&Prime; _builder_version=\u00a0\u00bb4.17.6&Prime; _module_preset=\u00a0\u00bbdefault\u00a0\u00bb global_colors_info=\u00a0\u00bb{}\u00a0\u00bb][et_pb_text admin_label=\u00a0\u00bbSection Title &#8211; H3&Prime; _builder_version=\u00a0\u00bb4.23.4&Prime; _module_preset=\u00a0\u00bbdefault\u00a0\u00bb header_3_font=\u00a0\u00bbFutura Bold|||on|||||\u00a0\u00bb header_3_text_align=\u00a0\u00bbleft\u00a0\u00bb header_3_text_color=\u00a0\u00bb#000000&Prime; header_3_font_size=\u00a0\u00bb18px\u00a0\u00bb header_3_letter_spacing=\u00a0\u00bb1.8px\u00a0\u00bb header_3_line_height=\u00a0\u00bb24px\u00a0\u00bb custom_margin=\u00a0\u00bb||2%||false|false\u00a0\u00bb custom_margin_tablet=\u00a0\u00bb||||false|false\u00a0\u00bb custom_margin_phone=\u00a0\u00bb||||false|false\u00a0\u00bb custom_margin_last_edited=\u00a0\u00bbon|desktop\u00a0\u00bb custom_padding=\u00a0\u00bb||||false|false\u00a0\u00bb global_colors_info=\u00a0\u00bb{}\u00a0\u00bb]<\/p>\n<h3>Danny Lee Cabrera (il\/lui ou elle\/la lorsqu&amp;#39;il est en drag) &#8211; Membre de l&amp;#39;\u00e9quipe \u00e9v\u00e9nementielle et directeur des complexes et circuits VACAYA<\/h3>\n<p>[\/et_pb_text][et_pb_text _builder_version=\u00a0\u00bb4.17.6&Prime; _module_preset=\u00a0\u00bbdefault\u00a0\u00bb custom_padding=\u00a0\u00bb||||false|false\u00a0\u00bb custom_padding_tablet=\u00a0\u00bb||||false|false\u00a0\u00bb custom_padding_phone=\u00a0\u00bb||||false|false\u00a0\u00bb custom_padding_last_edited=\u00a0\u00bbon|phone\u00a0\u00bb global_colors_info=\u00a0\u00bb{}\u00a0\u00bb]<\/p>\n<p>Danny Lee Cabrera, alias \u00ab\u00a0Liquor Mini\u00a0\u00bb, est l&rsquo;un des artistes les plus en vogue du monde du drag. Originaire de Galesburg, dans l&rsquo;Illinois, Danny a grandi dans le th\u00e9\u00e2tre et se produit en tant qu&rsquo;artiste drag depuis plus de 20 ans. Il r\u00e9side actuellement \u00e0 Dallas, au Texas, o\u00f9 il est agent de bord pour American Airlines. Ayant fait le tour du monde et revenu, Danny a beaucoup voyag\u00e9. Il est actif dans la communaut\u00e9 LGBTQ \u00e0 Dallas, o\u00f9 il a eu l&rsquo;honneur d&rsquo;\u00eatre grand mar\u00e9chal de la Dallas Pride 2020\/2021. Il a repr\u00e9sent\u00e9 American Airlines \u00e0 Capital Pride DC, Dallas Gay Pride 2018 et 2019, World Pride NYC 2019, et a travaill\u00e9 sur le Pride Flight in Drag pour le lancement de World Pride en juin 2019. Danny est \u00e9galement le Lead Drag Flight Crew de FabStayz (une soci\u00e9t\u00e9 de location de vacances LGBTQ). Danny a fait des apparitions en cam\u00e9e Drag dans <em><strong>Winter&rsquo;s Tale de Dallas Summer Musical ;<\/strong><\/em> \u00e9t\u00e9 membre du casting d&rsquo; <em><strong>ICON the Show<\/strong><\/em> ; l&rsquo;animateur de la soir\u00e9e de cl\u00f4ture de la Pride 2 ann\u00e9es de suite \u00e0 Sainte-Croix USVI&nbsp;; et ma\u00eetre de c\u00e9r\u00e9monie des Weezy Awards de Sainte-Croix en 2019 et 2020. Danny est l&rsquo;une des personnes les plus dr\u00f4les, les plus amicales et les plus gentilles que vous puissiez rencontrer &#8211; un artiste naturel qui aime faire rire les gens. Il a r\u00e9cemment re\u00e7u le prix Readers Voice Awards 2023 pour la \u00ab Meilleure Drag Queen de Dallas \u00bb. Il a \u00e9galement assum\u00e9 le r\u00f4le de directeur du spectacle et de directeur des op\u00e9rations au Hamburger Mary&rsquo;s Dallas. Alors, si vous \u00eates dans Big D, passez nous voir&nbsp;! Vous pouvez suivre Danny sur Insta <strong><a href=\"https:\/\/www.instagram.com\/theliquormini\/\" target=\"_blank\" rel=\"noopener\">@theliquormini<\/a><\/strong> .<\/p>\n<p>[\/et_pb_text][dmpro_masonry_gallery images=\u00a0\u00bb142737,142728,142719,142709,142700,142691&Prime; columns=\u00a0\u00bb6&Prime; columns_tablet=\u00a0\u00bb6&Prime; columns_phone=\u00a0\u00bb3&Prime; columns_last_edited=\u00a0\u00bbon|desktop\u00a0\u00bb _builder_version=\u00a0\u00bb4.17.6&Prime; _module_preset=\u00a0\u00bbdefault\u00a0\u00bb global_colors_info=\u00a0\u00bb{}\u00a0\u00bb][\/dmpro_masonry_gallery][\/et_pb_column][\/et_pb_row][\/et_pb_section][et_pb_section fb_built=\u00a0\u00bb1&Prime; admin_label=\u00a0\u00bbDavid Plunkett\u00a0\u00bb _builder_version=\u00a0\u00bb4.23.4&Prime; _module_preset=\u00a0\u00bbdefault\u00a0\u00bb custom_padding=\u00a0\u00bb0%||||false|false\u00a0\u00bb collapsed=\u00a0\u00bbon\u00a0\u00bb global_colors_info=\u00a0\u00bb{}\u00a0\u00bb][et_pb_row _builder_version=\u00a0\u00bb4.17.6&Prime; _module_preset=\u00a0\u00bbdefault\u00a0\u00bb custom_padding=\u00a0\u00bb0%||||false|false\u00a0\u00bb global_colors_info=\u00a0\u00bb{}\u00a0\u00bb][et_pb_column type=\u00a0\u00bb4_4&Prime; _builder_version=\u00a0\u00bb4.17.6&Prime; _module_preset=\u00a0\u00bbdefault\u00a0\u00bb global_colors_info=\u00a0\u00bb{}\u00a0\u00bb][et_pb_text admin_label=\u00a0\u00bbSection Title &#8211; H3&Prime; _builder_version=\u00a0\u00bb4.23.4&Prime; _module_preset=\u00a0\u00bbdefault\u00a0\u00bb header_3_font=\u00a0\u00bbFutura Bold|||on|||||\u00a0\u00bb header_3_text_align=\u00a0\u00bbleft\u00a0\u00bb header_3_text_color=\u00a0\u00bb#000000&Prime; header_3_font_size=\u00a0\u00bb18px\u00a0\u00bb header_3_letter_spacing=\u00a0\u00bb1.8px\u00a0\u00bb header_3_line_height=\u00a0\u00bb24px\u00a0\u00bb custom_margin=\u00a0\u00bb||2%||false|false\u00a0\u00bb custom_margin_tablet=\u00a0\u00bb||||false|false\u00a0\u00bb custom_margin_phone=\u00a0\u00bb||||false|false\u00a0\u00bb custom_margin_last_edited=\u00a0\u00bbon|desktop\u00a0\u00bb custom_padding=\u00a0\u00bb||||false|false\u00a0\u00bb global_colors_info=\u00a0\u00bb{}\u00a0\u00bb]<\/p>\n<h3>David Plunkett (il\/lui) &#8211; Producteur associ\u00e9<\/h3>\n<p>[\/et_pb_text][et_pb_text _builder_version=\u00a0\u00bb4.23.4&Prime; _module_preset=\u00a0\u00bbdefault\u00a0\u00bb custom_padding=\u00a0\u00bb||||false|false\u00a0\u00bb custom_padding_tablet=\u00a0\u00bb||||false|false\u00a0\u00bb custom_padding_phone=\u00a0\u00bb||||false|false\u00a0\u00bb custom_padding_last_edited=\u00a0\u00bbon|phone\u00a0\u00bb global_colors_info=\u00a0\u00bb{}\u00a0\u00bb]<\/p>\n<p style=\"font-weight: 400;\">David fait remonter son amour du voyage au grand break bleu que sa famille (m\u00e8re, p\u00e8re, trois fr\u00e8res a\u00een\u00e9s, une s\u0153ur cadette) utilisait pour se rendre \u00e0 Chicago chaque \u00e9t\u00e9. Bien qu&rsquo;il pr\u00e9f\u00e8re aujourd&rsquo;hui d&rsquo;autres modes de transport, il aime toujours voyager dans des endroits dont il ne sait pas prononcer les noms. (H\u00e9, il avait sept ans&nbsp;!) David est reconnaissant \u00e0 son ami de longue date Randle d&rsquo;avoir attis\u00e9 les flammes du d\u00e9sir de voyager en l&rsquo;invitant \u00e0 rejoindre les \u00e9quipes d&rsquo;Atlantis, de RSVP et maintenant de VACAYA. David est un acteur occasionnel et ancien danseur professionnel, et vous l&rsquo;avez peut-\u00eatre vu dans un petit r\u00f4le dans le film <em><strong>The Best of Enemies<\/strong><\/em> , avec Taraji P. Henson et Sam Rockwell. Lorsqu&rsquo;il ne voyage pas avec VACAYA, David aime la bonne cuisine et le vin avec des amis, va au th\u00e9\u00e2tre, lit et \u00e9coute des livres et voyage avec son mari, Michael. Suivez David sur Insta @ <strong><a href=\"https:\/\/www.instagram.com\/dbillyp\/\" target=\"_blank\" rel=\"noopener\">DBillyP<\/a><\/strong> (un surnom du coll\u00e8ge, que vous \u00eates invit\u00e9s \u00e0 l&rsquo;appeler&nbsp;!)<\/p>\n<p>[\/et_pb_text][dmpro_masonry_gallery images=\u00a0\u00bb29003,29002,29001,29000,28999,28998&Prime; columns=\u00a0\u00bb6&Prime; columns_tablet=\u00a0\u00bb6&Prime; columns_phone=\u00a0\u00bb3&Prime; columns_last_edited=\u00a0\u00bbon|desktop\u00a0\u00bb _builder_version=\u00a0\u00bb4.17.6&Prime; _module_preset=\u00a0\u00bbdefault\u00a0\u00bb global_colors_info=\u00a0\u00bb{}\u00a0\u00bb][\/dmpro_masonry_gallery][\/et_pb_column][\/et_pb_row][\/et_pb_section][et_pb_section fb_built=\u00a0\u00bb1&Prime; admin_label=\u00a0\u00bbDavid Sexton\u00a0\u00bb _builder_version=\u00a0\u00bb4.23.4&Prime; _module_preset=\u00a0\u00bbdefault\u00a0\u00bb custom_padding=\u00a0\u00bb0%||||false|false\u00a0\u00bb collapsed=\u00a0\u00bbon\u00a0\u00bb global_colors_info=\u00a0\u00bb{}\u00a0\u00bb][et_pb_row _builder_version=\u00a0\u00bb4.17.6&Prime; _module_preset=\u00a0\u00bbdefault\u00a0\u00bb custom_padding=\u00a0\u00bb0%||||false|false\u00a0\u00bb global_colors_info=\u00a0\u00bb{}\u00a0\u00bb][et_pb_column type=\u00a0\u00bb4_4&Prime; _builder_version=\u00a0\u00bb4.17.6&Prime; _module_preset=\u00a0\u00bbdefault\u00a0\u00bb global_colors_info=\u00a0\u00bb{}\u00a0\u00bb][et_pb_text admin_label=\u00a0\u00bbSection Title &#8211; H3&Prime; _builder_version=\u00a0\u00bb4.23.4&Prime; _module_preset=\u00a0\u00bbdefault\u00a0\u00bb header_3_font=\u00a0\u00bbFutura Bold|||on|||||\u00a0\u00bb header_3_text_align=\u00a0\u00bbleft\u00a0\u00bb header_3_text_color=\u00a0\u00bb#000000&Prime; header_3_font_size=\u00a0\u00bb18px\u00a0\u00bb header_3_letter_spacing=\u00a0\u00bb1.8px\u00a0\u00bb header_3_line_height=\u00a0\u00bb24px\u00a0\u00bb custom_margin=\u00a0\u00bb||2%||false|false\u00a0\u00bb custom_margin_tablet=\u00a0\u00bb||||false|false\u00a0\u00bb custom_margin_phone=\u00a0\u00bb||||false|false\u00a0\u00bb custom_margin_last_edited=\u00a0\u00bbon|desktop\u00a0\u00bb custom_padding=\u00a0\u00bb||||false|false\u00a0\u00bb global_colors_info=\u00a0\u00bb{}\u00a0\u00bb]<\/p>\n<h3>David Sexton (il\/lui) &#8211; Membre de l&rsquo;\u00e9quipe \u00e9v\u00e9nementielle<\/h3>\n<p>[\/et_pb_text][et_pb_text _builder_version=\u00a0\u00bb4.23.4&Prime; _module_preset=\u00a0\u00bbdefault\u00a0\u00bb custom_padding=\u00a0\u00bb||||false|false\u00a0\u00bb custom_padding_tablet=\u00a0\u00bb||||false|false\u00a0\u00bb custom_padding_phone=\u00a0\u00bb||||false|false\u00a0\u00bb custom_padding_last_edited=\u00a0\u00bbon|phone\u00a0\u00bb global_colors_info=\u00a0\u00bb{}\u00a0\u00bb]<\/p>\n<p style=\"font-weight: 400;\">David vit \u00e0 Miami Beach o\u00f9 il organise des \u00e9v\u00e9nements pour des organisations et des causes qui lui tiennent \u00e0 c\u0153ur. Fervent d\u00e9fenseur de l&rsquo;art, de la culture et de la vie communautaire, il a ouvert en 2024 son propre cabaret, La Poubelle. Ce charmant cabaret-piano-bar intimiste, situ\u00e9 \u00e0 North Beach, est nich\u00e9 derri\u00e8re le Silver Lake Bistro, accessible par une entr\u00e9e discr\u00e8te dans une ruelle (d&rsquo;o\u00f9 son nom, qui signifie \u00ab poubelle \u00bb en fran\u00e7ais). Tous les jeudis soirs, il propose des spectacles anim\u00e9s avec chanteurs, humoristes et musique live. Suivez David sur Instagram&nbsp;: <strong><a href=\"https:\/\/www.instagram.com\/davidleesexton\" target=\"_blank\" rel=\"noopener\">@DavidLeeSexton<\/a><\/strong> et La Poubelle&nbsp;: <strong><a href=\"https:\/\/www.instagram.com\/LaPoubelle_Theater\" target=\"_blank\" rel=\"noopener\">@LaPoubelle_Theater<\/a><\/strong> .    <\/p>\n<p>[\/et_pb_text][dmpro_masonry_gallery images=\u00a0\u00bb182104,182113,182122,182131,182140,182149&Prime; columns=\u00a0\u00bb6&Prime; columns_tablet=\u00a0\u00bb6&Prime; columns_phone=\u00a0\u00bb3&Prime; columns_last_edited=\u00a0\u00bbon|desktop\u00a0\u00bb _builder_version=\u00a0\u00bb4.23.4&Prime; _module_preset=\u00a0\u00bbdefault\u00a0\u00bb global_colors_info=\u00a0\u00bb{}\u00a0\u00bb][\/dmpro_masonry_gallery][\/et_pb_column][\/et_pb_row][\/et_pb_section][et_pb_section fb_built=\u00a0\u00bb1&Prime; admin_label=\u00a0\u00bbDavid Wright\u00a0\u00bb _builder_version=\u00a0\u00bb4.23.4&Prime; _module_preset=\u00a0\u00bbdefault\u00a0\u00bb custom_padding=\u00a0\u00bb0%||||false|false\u00a0\u00bb collapsed=\u00a0\u00bbon\u00a0\u00bb global_colors_info=\u00a0\u00bb{}\u00a0\u00bb][et_pb_row _builder_version=\u00a0\u00bb4.17.6&Prime; _module_preset=\u00a0\u00bbdefault\u00a0\u00bb custom_padding=\u00a0\u00bb0%||||false|false\u00a0\u00bb global_colors_info=\u00a0\u00bb{}\u00a0\u00bb][et_pb_column type=\u00a0\u00bb4_4&Prime; _builder_version=\u00a0\u00bb4.17.6&Prime; _module_preset=\u00a0\u00bbdefault\u00a0\u00bb global_colors_info=\u00a0\u00bb{}\u00a0\u00bb][et_pb_text admin_label=\u00a0\u00bbSection Title &#8211; H3&Prime; _builder_version=\u00a0\u00bb4.23.4&Prime; _module_preset=\u00a0\u00bbdefault\u00a0\u00bb header_3_font=\u00a0\u00bbFutura Bold|||on|||||\u00a0\u00bb header_3_text_align=\u00a0\u00bbleft\u00a0\u00bb header_3_text_color=\u00a0\u00bb#000000&Prime; header_3_font_size=\u00a0\u00bb18px\u00a0\u00bb header_3_letter_spacing=\u00a0\u00bb1.8px\u00a0\u00bb header_3_line_height=\u00a0\u00bb24px\u00a0\u00bb custom_margin=\u00a0\u00bb||2%||false|false\u00a0\u00bb custom_margin_tablet=\u00a0\u00bb||||false|false\u00a0\u00bb custom_margin_phone=\u00a0\u00bb||||false|false\u00a0\u00bb custom_margin_last_edited=\u00a0\u00bbon|desktop\u00a0\u00bb custom_padding=\u00a0\u00bb||||false|false\u00a0\u00bb global_colors_info=\u00a0\u00bb{}\u00a0\u00bb]<\/p>\n<h3>David Wright (il\/lui) &#8211; Directeur technique<\/h3>\n<p>[\/et_pb_text][et_pb_text _builder_version=\u00a0\u00bb4.23.4&Prime; _module_preset=\u00a0\u00bbdefault\u00a0\u00bb custom_padding=\u00a0\u00bb||||false|false\u00a0\u00bb custom_padding_tablet=\u00a0\u00bb||||false|false\u00a0\u00bb custom_padding_phone=\u00a0\u00bb||||false|false\u00a0\u00bb custom_padding_last_edited=\u00a0\u00bbon|phone\u00a0\u00bb global_colors_info=\u00a0\u00bb{}\u00a0\u00bb]<\/p>\n<p style=\"font-weight: 400;\"><span class=\"outlook-search-highlight\" data-markjs=\"true\">David<\/span> est \u00e0 bord en tant que directeur technique. Concr\u00e8tement, cela signifie qu&rsquo;il est responsable de la mise en \u0153uvre de toutes les op\u00e9rations audio, vid\u00e9o et d&rsquo;\u00e9clairage \u00e0 bord, garantissant ainsi le bon d\u00e9roulement des animations et \u00e9v\u00e9nements VACAYA. Dipl\u00f4m\u00e9 en th\u00e9\u00e2tre de l&rsquo;Universit\u00e9 de Floride, <span class=\"outlook-search-highlight\" data-markjs=\"true\">David<\/span> vit et travaille \u00e0 New York depuis 25 ans. Il adore profiter de la vie nocturne tr\u00e9pidante, de la musique, du th\u00e9\u00e2tre et de la sc\u00e8ne artistique new-yorkaise. Fier ma\u00eetre de Scruffles, son chien, il est aussi un grand voyageur. Plongeur sauveteur PADI, il ne manque jamais une occasion de plonger ! Il est ravi de rejoindre l&rsquo;\u00e9quipe VACAYA et de contribuer \u00e0 rendre vos vacances inoubliables. Suivez David sur Instagram&nbsp;: <strong><a href=\"https:\/\/www.instagram.com\/scrufflesdad\" target=\"_blank\" rel=\"noopener\">@scruffesdad<\/a><\/strong> .       <\/p>\n<p>[\/et_pb_text][dmpro_masonry_gallery images=\u00a0\u00bb182328,182319,182310,182301,182292,182283&Prime; columns=\u00a0\u00bb6&Prime; columns_tablet=\u00a0\u00bb6&Prime; columns_phone=\u00a0\u00bb3&Prime; columns_last_edited=\u00a0\u00bbon|desktop\u00a0\u00bb _builder_version=\u00a0\u00bb4.23.4&Prime; _module_preset=\u00a0\u00bbdefault\u00a0\u00bb global_colors_info=\u00a0\u00bb{}\u00a0\u00bb][\/dmpro_masonry_gallery][\/et_pb_column][\/et_pb_row][\/et_pb_section][et_pb_section fb_built=\u00a0\u00bb1&Prime; admin_label=\u00a0\u00bbDawn Vago\u00a0\u00bb _builder_version=\u00a0\u00bb4.17.6&Prime; _module_preset=\u00a0\u00bbdefault\u00a0\u00bb custom_padding=\u00a0\u00bb0%||||false|false\u00a0\u00bb collapsed=\u00a0\u00bbon\u00a0\u00bb global_colors_info=\u00a0\u00bb{}\u00a0\u00bb][et_pb_row _builder_version=\u00a0\u00bb4.17.6&Prime; _module_preset=\u00a0\u00bbdefault\u00a0\u00bb custom_padding=\u00a0\u00bb0%||||false|false\u00a0\u00bb global_colors_info=\u00a0\u00bb{}\u00a0\u00bb][et_pb_column type=\u00a0\u00bb4_4&Prime; _builder_version=\u00a0\u00bb4.17.6&Prime; _module_preset=\u00a0\u00bbdefault\u00a0\u00bb global_colors_info=\u00a0\u00bb{}\u00a0\u00bb][et_pb_text admin_label=\u00a0\u00bbSection Title &#8211; H3&Prime; _builder_version=\u00a0\u00bb4.17.6&Prime; _module_preset=\u00a0\u00bbdefault\u00a0\u00bb header_3_font=\u00a0\u00bbFutura Bold|||on|||||\u00a0\u00bb header_3_text_align=\u00a0\u00bbleft\u00a0\u00bb header_3_text_color=\u00a0\u00bb#000000&Prime; header_3_font_size=\u00a0\u00bb18px\u00a0\u00bb header_3_letter_spacing=\u00a0\u00bb1.8px\u00a0\u00bb header_3_line_height=\u00a0\u00bb24px\u00a0\u00bb custom_margin=\u00a0\u00bb||2%||false|false\u00a0\u00bb custom_margin_tablet=\u00a0\u00bb||||false|false\u00a0\u00bb custom_margin_phone=\u00a0\u00bb||||false|false\u00a0\u00bb custom_margin_last_edited=\u00a0\u00bbon|desktop\u00a0\u00bb custom_padding=\u00a0\u00bb||||false|false\u00a0\u00bb global_colors_info=\u00a0\u00bb{}\u00a0\u00bb]<\/p>\n<h3>Dawn Vago (elle\/elle) &#8211; Membre de l&rsquo;\u00e9quipe \u00e9v\u00e9nementielle<\/h3>\n<p>[\/et_pb_text][et_pb_text _builder_version=\u00a0\u00bb4.23.4&Prime; _module_preset=\u00a0\u00bbdefault\u00a0\u00bb custom_padding=\u00a0\u00bb||||false|false\u00a0\u00bb custom_padding_tablet=\u00a0\u00bb||||false|false\u00a0\u00bb custom_padding_phone=\u00a0\u00bb||||false|false\u00a0\u00bb custom_padding_last_edited=\u00a0\u00bbon|phone\u00a0\u00bb global_colors_info=\u00a0\u00bb{}\u00a0\u00bb]<\/p>\n<p>Dawn est obs\u00e9d\u00e9e par les voyages et la musique. Elle a commenc\u00e9 sa carri\u00e8re en tant que chanteuse en tourn\u00e9e au Royaume-Uni pendant pr\u00e8s d&rsquo;une d\u00e9cennie. Il y a 20 ans, elle est pass\u00e9e des th\u00e9\u00e2tres terrestres aux th\u00e9\u00e2tres maritimes en tant que chanteuse principale de spectacles de style Broadway sur des navires. C&rsquo;est l\u00e0 que Dawn a d\u00e9velopp\u00e9 sa passion pour les voyages et les rencontres. Elle est ensuite devenue directrice de croisi\u00e8re, dont la meilleure partie, selon elle, \u00ab\u00a0est de voir l&rsquo;\u00e9merveillement dans les yeux des autres lorsqu&rsquo;ils vivent quelque chose de magique. Faire partie de cela rend la vie tr\u00e8s sp\u00e9ciale\u00a0\u00bb. Dawn vit au Royaume-Uni et est fi\u00e8rement intersexu\u00e9e. Elle a \u00e9t\u00e9 porte-parole de la communaut\u00e9 intersexu\u00e9e au Royaume-Uni et est plus que ravie d&rsquo;\u00eatre le premier membre intersexu\u00e9 de la V Team. Allez les \u00ab\u00a0I\u00a0\u00bb !!!! Suivez Dawn sur Insta @ <strong><a href=\"https:\/\/www.instagram.com\/dawnvago\/\" target=\"_blank\" rel=\"noopener\">dawnvago<\/a><\/strong> .<\/p>\n<p>[\/et_pb_text][dmpro_masonry_gallery images=\u00a0\u00bb142411,142402,142393,142384,142375,142366&Prime; columns=\u00a0\u00bb6&Prime; columns_tablet=\u00a0\u00bb6&Prime; columns_phone=\u00a0\u00bb3&Prime; columns_last_edited=\u00a0\u00bbon|desktop\u00a0\u00bb _builder_version=\u00a0\u00bb4.17.6&Prime; _module_preset=\u00a0\u00bbdefault\u00a0\u00bb global_colors_info=\u00a0\u00bb{}\u00a0\u00bb][\/dmpro_masonry_gallery][\/et_pb_column][\/et_pb_row][\/et_pb_section][et_pb_section fb_built=\u00a0\u00bb1&Prime; admin_label=\u00a0\u00bbDrew Reed\u00a0\u00bb _builder_version=\u00a0\u00bb4.23.4&Prime; _module_preset=\u00a0\u00bbdefault\u00a0\u00bb custom_padding=\u00a0\u00bb0%||||false|false\u00a0\u00bb collapsed=\u00a0\u00bbon\u00a0\u00bb global_colors_info=\u00a0\u00bb{}\u00a0\u00bb][et_pb_row _builder_version=\u00a0\u00bb4.17.6&Prime; _module_preset=\u00a0\u00bbdefault\u00a0\u00bb custom_padding=\u00a0\u00bb0%||||false|false\u00a0\u00bb global_colors_info=\u00a0\u00bb{}\u00a0\u00bb][et_pb_column type=\u00a0\u00bb4_4&Prime; _builder_version=\u00a0\u00bb4.17.6&Prime; _module_preset=\u00a0\u00bbdefault\u00a0\u00bb global_colors_info=\u00a0\u00bb{}\u00a0\u00bb][et_pb_text admin_label=\u00a0\u00bbSection Title &#8211; H3&Prime; _builder_version=\u00a0\u00bb4.23.4&Prime; _module_preset=\u00a0\u00bbdefault\u00a0\u00bb header_3_font=\u00a0\u00bbFutura Bold|||on|||||\u00a0\u00bb header_3_text_align=\u00a0\u00bbleft\u00a0\u00bb header_3_text_color=\u00a0\u00bb#000000&Prime; header_3_font_size=\u00a0\u00bb18px\u00a0\u00bb header_3_letter_spacing=\u00a0\u00bb1.8px\u00a0\u00bb header_3_line_height=\u00a0\u00bb24px\u00a0\u00bb custom_margin=\u00a0\u00bb||2%||false|false\u00a0\u00bb custom_margin_tablet=\u00a0\u00bb||||false|false\u00a0\u00bb custom_margin_phone=\u00a0\u00bb||||false|false\u00a0\u00bb custom_margin_last_edited=\u00a0\u00bbon|desktop\u00a0\u00bb custom_padding=\u00a0\u00bb||||false|false\u00a0\u00bb global_colors_info=\u00a0\u00bb{}\u00a0\u00bb]<\/p>\n<h3>Drew Reed (il\/lui) &#8211; Membre de l&rsquo;\u00e9quipe \u00e9v\u00e9nementielle<\/h3>\n<p>[\/et_pb_text][et_pb_text _builder_version=\u00a0\u00bb4.23.4&Prime; _module_preset=\u00a0\u00bbdefault\u00a0\u00bb custom_padding=\u00a0\u00bb||||false|false\u00a0\u00bb custom_padding_tablet=\u00a0\u00bb||||false|false\u00a0\u00bb custom_padding_phone=\u00a0\u00bb||||false|false\u00a0\u00bb custom_padding_last_edited=\u00a0\u00bbon|phone\u00a0\u00bb global_colors_info=\u00a0\u00bb{}\u00a0\u00bb]<\/p>\n<p>Drew a grandi dans une petite ville de l&rsquo;est du Texas, mais vit d\u00e9sormais \u00e0 Chicago avec son mari, qu&rsquo;il a \u00e9pous\u00e9 en 2023. H\u00f4te de l&rsquo;air pour la plus grande compagnie a\u00e9rienne du monde, il voyage sans cesse pour le sport et les loisirs&nbsp;; c&rsquo;est un grand voyageur. Il pratique le pickleball et le volley-ball (en groupe), et fait partie d&rsquo;une \u00e9quipe de softball depuis 2019. Vous le croiserez probablement dans une ville au hasard, en train de rencontrer un maximum de nouvelles personnes. Vu son emploi du temps charg\u00e9, on le voit rarement chez lui. C&rsquo;est aussi un peu geek, passionn\u00e9 de science-fiction et d&rsquo;anime. Alors, si vous voulez parler boulot, Drew est intarissable. Il a regard\u00e9 plus de 72 titres diff\u00e9rents l&rsquo;ann\u00e9e derni\u00e8re&nbsp;! Suivez Drew sur Instagram&nbsp;: <strong><a href=\"https:\/\/www.instagram.com\/drewskireed\" target=\"_blank\" rel=\"noopener\">@drewskireed<\/a><\/strong> .        <\/p>\n<p>[\/et_pb_text][dmpro_masonry_gallery images=\u00a0\u00bb182203,182194,182185,182176,182167,182158&Prime; columns=\u00a0\u00bb6&Prime; columns_tablet=\u00a0\u00bb6&Prime; columns_phone=\u00a0\u00bb3&Prime; columns_last_edited=\u00a0\u00bbon|desktop\u00a0\u00bb _builder_version=\u00a0\u00bb4.23.4&Prime; _module_preset=\u00a0\u00bbdefault\u00a0\u00bb global_colors_info=\u00a0\u00bb{}\u00a0\u00bb][\/dmpro_masonry_gallery][\/et_pb_column][\/et_pb_row][\/et_pb_section][et_pb_section fb_built=\u00a0\u00bb1&Prime; admin_label=\u00a0\u00bbDylan Smith\u00a0\u00bb _builder_version=\u00a0\u00bb4.27.4&Prime; _module_preset=\u00a0\u00bbdefault\u00a0\u00bb custom_padding=\u00a0\u00bb0%||||false|false\u00a0\u00bb collapsed=\u00a0\u00bboff\u00a0\u00bb global_colors_info=\u00a0\u00bb{}\u00a0\u00bb][et_pb_row _builder_version=\u00a0\u00bb4.17.6&Prime; _module_preset=\u00a0\u00bbdefault\u00a0\u00bb custom_padding=\u00a0\u00bb0%||||false|false\u00a0\u00bb global_colors_info=\u00a0\u00bb{}\u00a0\u00bb][et_pb_column type=\u00a0\u00bb4_4&Prime; _builder_version=\u00a0\u00bb4.17.6&Prime; _module_preset=\u00a0\u00bbdefault\u00a0\u00bb global_colors_info=\u00a0\u00bb{}\u00a0\u00bb][et_pb_text admin_label=\u00a0\u00bbSection Title &#8211; H3&Prime; _builder_version=\u00a0\u00bb4.27.4&Prime; _module_preset=\u00a0\u00bbdefault\u00a0\u00bb header_3_font=\u00a0\u00bbFutura Bold|||on|||||\u00a0\u00bb header_3_text_align=\u00a0\u00bbleft\u00a0\u00bb header_3_text_color=\u00a0\u00bb#000000&Prime; header_3_font_size=\u00a0\u00bb18px\u00a0\u00bb header_3_letter_spacing=\u00a0\u00bb1.8px\u00a0\u00bb header_3_line_height=\u00a0\u00bb24px\u00a0\u00bb custom_margin=\u00a0\u00bb||2%||false|false\u00a0\u00bb custom_margin_tablet=\u00a0\u00bb||||false|false\u00a0\u00bb custom_margin_phone=\u00a0\u00bb||||false|false\u00a0\u00bb custom_margin_last_edited=\u00a0\u00bbon|desktop\u00a0\u00bb custom_padding=\u00a0\u00bb||||false|false\u00a0\u00bb global_colors_info=\u00a0\u00bb{}\u00a0\u00bb]<\/p>\n<h3>Dylan Smith (il\/lui) &#8211; Membre de l&rsquo;\u00e9quipe \u00e9v\u00e9nementielle<\/h3>\n<p>[\/et_pb_text][et_pb_text _builder_version=\u00a0\u00bb4.27.4&Prime; _module_preset=\u00a0\u00bbdefault\u00a0\u00bb custom_padding=\u00a0\u00bb||||false|false\u00a0\u00bb custom_padding_tablet=\u00a0\u00bb||||false|false\u00a0\u00bb custom_padding_phone=\u00a0\u00bb||||false|false\u00a0\u00bb custom_padding_last_edited=\u00a0\u00bbon|phone\u00a0\u00bb hover_enabled=\u00a0\u00bb0&Prime; global_colors_info=\u00a0\u00bb{}\u00a0\u00bb sticky_enabled=\u00a0\u00bb0&Prime;]<\/p>\n<p style=\"font-weight: 400;\">Dylan est originaire d&rsquo;East Lansing, dans le Michigan, ville des Spartans de l&rsquo;Universit\u00e9 d&rsquo;\u00c9tat du Michigan (Allez les Verts !), o\u00f9 il vit avec ses trois merveilleux enfants. Dylan apporte une \u00e9nergie d\u00e9bordante et une joie de vivre contagieuse \u00e0 la croisi\u00e8re. Le jour, il est consultant en organisation d&rsquo;entreprise, aidant les soci\u00e9t\u00e9s \u00e0 optimiser leurs op\u00e9rations, et il est fier de pr\u00e9sider le conseil d&rsquo;administration de l&rsquo;association \u00e0 but non lucratif The MARK Advocacy Group. Le soir ? Aventurier dans l&rsquo;\u00e2me, il est toujours en qu\u00eate d&rsquo;histoires passionnantes et de compagnie des plus agr\u00e9ables. Lorsqu&rsquo;il n&rsquo;est pas en mer, vous le trouverez en plein air, en train de courir, de faire du VTT, du ski, du snowboard, du kayak ou de jouer au football. En bref, s&rsquo;il y a de l&rsquo;air frais et un peu d&rsquo;adr\u00e9naline, il est partant. Passionn\u00e9 de musique live, il aime d\u00e9couvrir de nouveaux artistes et, \u00e0 ses heures perdues, il est un v\u00e9ritable as du bricolage : menuiserie, carrelage, cloisons s\u00e8ches et tricot. Le tricot, c&rsquo;est du bricolage, non ? Avec entre 2 et 15 projets en cours simultan\u00e9ment, impossible de s&rsquo;ennuyer. Vous croiserez sans doute Dylan sur le pont, un caf\u00e9 \u00e0 la main et une id\u00e9e farfelue pour son prochain projet dans l&rsquo;autre. Des points bonus si vous apportez une bonne playlist et quelques pas de danse ! Suivez Dylan sur Insta @ <a href=\"https:\/\/www.instagram.com\/dylansmith5805\/\" target=\"_blank\" rel=\"noopener\">dylansmith5805<\/a> .            <\/p>\n<p>[\/et_pb_text][dmpro_masonry_gallery images=\u00a0\u00bb192910,192901,192892,192883,192874,192865&Prime; columns=\u00a0\u00bb6&Prime; columns_tablet=\u00a0\u00bb6&Prime; columns_phone=\u00a0\u00bb3&Prime; columns_last_edited=\u00a0\u00bbon|desktop\u00a0\u00bb _builder_version=\u00a0\u00bb4.27.4&Prime; _module_preset=\u00a0\u00bbdefault\u00a0\u00bb global_colors_info=\u00a0\u00bb{}\u00a0\u00bb][\/dmpro_masonry_gallery][\/et_pb_column][\/et_pb_row][\/et_pb_section][et_pb_section fb_built=\u00a0\u00bb1&Prime; admin_label=\u00a0\u00bbEvan Lewis\u00a0\u00bb _builder_version=\u00a0\u00bb4.17.6&Prime; _module_preset=\u00a0\u00bbdefault\u00a0\u00bb custom_padding=\u00a0\u00bb0%||||false|false\u00a0\u00bb collapsed=\u00a0\u00bbon\u00a0\u00bb global_colors_info=\u00a0\u00bb{}\u00a0\u00bb][et_pb_row _builder_version=\u00a0\u00bb4.17.6&Prime; _module_preset=\u00a0\u00bbdefault\u00a0\u00bb custom_padding=\u00a0\u00bb0%||||false|false\u00a0\u00bb global_colors_info=\u00a0\u00bb{}\u00a0\u00bb][et_pb_column type=\u00a0\u00bb4_4&Prime; _builder_version=\u00a0\u00bb4.17.6&Prime; _module_preset=\u00a0\u00bbdefault\u00a0\u00bb global_colors_info=\u00a0\u00bb{}\u00a0\u00bb][et_pb_text admin_label=\u00a0\u00bbSection Title &#8211; H3&Prime; _builder_version=\u00a0\u00bb4.17.6&Prime; _module_preset=\u00a0\u00bbdefault\u00a0\u00bb header_3_font=\u00a0\u00bbFutura Bold|||on|||||\u00a0\u00bb header_3_text_align=\u00a0\u00bbleft\u00a0\u00bb header_3_text_color=\u00a0\u00bb#000000&Prime; header_3_font_size=\u00a0\u00bb18px\u00a0\u00bb header_3_letter_spacing=\u00a0\u00bb1.8px\u00a0\u00bb header_3_line_height=\u00a0\u00bb24px\u00a0\u00bb custom_margin=\u00a0\u00bb||2%||false|false\u00a0\u00bb custom_margin_tablet=\u00a0\u00bb||||false|false\u00a0\u00bb custom_margin_phone=\u00a0\u00bb||||false|false\u00a0\u00bb custom_margin_last_edited=\u00a0\u00bbon|desktop\u00a0\u00bb custom_padding=\u00a0\u00bb||||false|false\u00a0\u00bb global_colors_info=\u00a0\u00bb{}\u00a0\u00bb]<\/p>\n<h3>Evan Lewis (il\/lui) &#8211; Membre de l&rsquo;\u00e9quipe \u00e9v\u00e9nementielle<\/h3>\n<p>[\/et_pb_text][et_pb_text admin_label=\u00a0\u00bbText\u00a0\u00bb _builder_version=\u00a0\u00bb4.23.4&Prime; _module_preset=\u00a0\u00bbdefault\u00a0\u00bb custom_padding=\u00a0\u00bb||||false|false\u00a0\u00bb custom_padding_tablet=\u00a0\u00bb||||false|false\u00a0\u00bb custom_padding_phone=\u00a0\u00bb||||false|false\u00a0\u00bb custom_padding_last_edited=\u00a0\u00bbon|phone\u00a0\u00bb global_colors_info=\u00a0\u00bb{}\u00a0\u00bb]<\/p>\n<p>Evan est un musicien qui aime se connecter avec la communaut\u00e9 LGBTQIA + et est super excit\u00e9 de voyager avec VACAYA. Evan a r\u00e9cemment pris sa retraite de sa carri\u00e8re d&rsquo;enseignant, o\u00f9 il a \u00e9t\u00e9 le premier enseignant d&rsquo;une \u00e9cole publique du Michigan \u00e0 faire ouvertement la transition entre les sexes au travail. Lui et sa femme Annette se consacrent \u00e0 servir la communaut\u00e9 transgenre et non conforme et \u00e0 cr\u00e9er des environnements inclusifs pour tous. Evan est souvent appel\u00e9 \u00e0 parler \u00e0 des organisations, des groupes et des familles individuelles des probl\u00e8mes uniques auxquels cette communaut\u00e9 est confront\u00e9e. Il est \u00e9galement membre de son \u00e9quipe de relations pastorales\/paroisses et a \u00e9t\u00e9 le chef de l&rsquo;\u00e9quipe d&rsquo;ouverture et d&rsquo;affirmation. Il a la passion de soutenir des exp\u00e9riences enrichissantes pour les autres par le biais des voyages, de la musique et de la communaut\u00e9. Evan et sa femme Annette ont \u00e9lev\u00e9 ensemble cinq enfants formidables et sont impatients de devenir bient\u00f4t grands-parents !<\/p>\n<p>[\/et_pb_text][dmpro_masonry_gallery images=\u00a0\u00bb35541,35542,35543,35544,35545,35546&Prime; columns=\u00a0\u00bb6&Prime; columns_tablet=\u00a0\u00bb6&Prime; columns_phone=\u00a0\u00bb3&Prime; columns_last_edited=\u00a0\u00bbon|desktop\u00a0\u00bb _builder_version=\u00a0\u00bb4.17.6&Prime; _module_preset=\u00a0\u00bbdefault\u00a0\u00bb global_colors_info=\u00a0\u00bb{}\u00a0\u00bb][\/dmpro_masonry_gallery][\/et_pb_column][\/et_pb_row][\/et_pb_section][et_pb_section fb_built=\u00a0\u00bb1&Prime; admin_label=\u00a0\u00bbEvan Stenger\u00a0\u00bb _builder_version=\u00a0\u00bb4.17.6&Prime; _module_preset=\u00a0\u00bbdefault\u00a0\u00bb custom_padding=\u00a0\u00bb0%||||false|false\u00a0\u00bb collapsed=\u00a0\u00bbon\u00a0\u00bb global_colors_info=\u00a0\u00bb{}\u00a0\u00bb][et_pb_row _builder_version=\u00a0\u00bb4.17.6&Prime; _module_preset=\u00a0\u00bbdefault\u00a0\u00bb custom_padding=\u00a0\u00bb0%||||false|false\u00a0\u00bb global_colors_info=\u00a0\u00bb{}\u00a0\u00bb][et_pb_column type=\u00a0\u00bb4_4&Prime; _builder_version=\u00a0\u00bb4.17.6&Prime; _module_preset=\u00a0\u00bbdefault\u00a0\u00bb global_colors_info=\u00a0\u00bb{}\u00a0\u00bb][et_pb_text admin_label=\u00a0\u00bbSection Title &#8211; H3&Prime; _builder_version=\u00a0\u00bb4.17.6&Prime; _module_preset=\u00a0\u00bbdefault\u00a0\u00bb header_3_font=\u00a0\u00bbFutura Bold|||on|||||\u00a0\u00bb header_3_text_align=\u00a0\u00bbleft\u00a0\u00bb header_3_text_color=\u00a0\u00bb#000000&Prime; header_3_font_size=\u00a0\u00bb18px\u00a0\u00bb header_3_letter_spacing=\u00a0\u00bb1.8px\u00a0\u00bb header_3_line_height=\u00a0\u00bb24px\u00a0\u00bb custom_margin=\u00a0\u00bb||2%||false|false\u00a0\u00bb custom_margin_tablet=\u00a0\u00bb||||false|false\u00a0\u00bb custom_margin_phone=\u00a0\u00bb||||false|false\u00a0\u00bb custom_margin_last_edited=\u00a0\u00bbon|desktop\u00a0\u00bb custom_padding=\u00a0\u00bb||||false|false\u00a0\u00bb global_colors_info=\u00a0\u00bb{}\u00a0\u00bb]<\/p>\n<h3>Evan Stenger (il\/lui) &#8211; Membre de l&rsquo;\u00e9quipe \u00e9v\u00e9nementielle<\/h3>\n<p>[\/et_pb_text][et_pb_text admin_label=\u00a0\u00bbText\u00a0\u00bb _builder_version=\u00a0\u00bb4.23.4&Prime; _module_preset=\u00a0\u00bbdefault\u00a0\u00bb custom_padding=\u00a0\u00bb||||false|false\u00a0\u00bb custom_padding_tablet=\u00a0\u00bb||||false|false\u00a0\u00bb custom_padding_phone=\u00a0\u00bb||||false|false\u00a0\u00bb custom_padding_last_edited=\u00a0\u00bbon|phone\u00a0\u00bb global_colors_info=\u00a0\u00bb{}\u00a0\u00bb]<\/p>\n<p>Originaire d&rsquo;Austin, au Texas, sous le soleil, Evan passe la plupart de ses journ\u00e9es \u00e0 faire de la p\u00e2tisserie, du jardinage, des ligues de ballon chasseur gay, de la randonn\u00e9e, du paddle board et \u00e0 se perdre dans divers projets artistiques. Il aime aussi voyager et visiter de nouveaux endroits. Sa soif de voyages a commenc\u00e9 apr\u00e8s l&rsquo;universit\u00e9 lorsqu&rsquo;il a pass\u00e9 un \u00e9t\u00e9 \u00e0 Barcelone, en Espagne, en tant que fille au pair dans une merveilleuse famille, avec laquelle il garde toujours contact \u00e0 ce jour. Parmi les exp\u00e9riences les plus m\u00e9morables d&rsquo;Evan, citons la randonn\u00e9e autour de la M\u00e9diterran\u00e9e avec un budget \u00e9tudiant m\u00e9diocre, un week-end dans un sanctuaire d&rsquo;\u00e9l\u00e9phants en Tha\u00eflande et une guerre alimentaire dans un train au Vietnam ! Quand Evan ne fait pas le tour du monde, il aime se d\u00e9tendre \u00e0 la maison avec ses b\u00e9b\u00e9s \u00e0 fourrure : deux chiens nomm\u00e9s Pudgers et Talia, un chat nomm\u00e9 Rocky et un renard fennec nomm\u00e9 Milo ! Suivez Evan sur Insta @ <strong><a href=\"https:\/\/www.instagram.com\/lakeside_fox\/\" target=\"_blank\" rel=\"noopener\">lakeside_fox<\/a><\/strong> .<\/p>\n<p>[\/et_pb_text][dmpro_masonry_gallery images=\u00a0\u00bb35529,35530,35531,35532,35533,35534&Prime; columns=\u00a0\u00bb6&Prime; columns_tablet=\u00a0\u00bb6&Prime; columns_phone=\u00a0\u00bb3&Prime; columns_last_edited=\u00a0\u00bbon|desktop\u00a0\u00bb _builder_version=\u00a0\u00bb4.17.6&Prime; _module_preset=\u00a0\u00bbdefault\u00a0\u00bb global_colors_info=\u00a0\u00bb{}\u00a0\u00bb][\/dmpro_masonry_gallery][\/et_pb_column][\/et_pb_row][\/et_pb_section][et_pb_section fb_built=\u00a0\u00bb1&Prime; admin_label=\u00a0\u00bbGabriel Goldberg\u00a0\u00bb _builder_version=\u00a0\u00bb4.17.6&Prime; _module_preset=\u00a0\u00bbdefault\u00a0\u00bb custom_padding=\u00a0\u00bb0%||||false|false\u00a0\u00bb collapsed=\u00a0\u00bbon\u00a0\u00bb global_colors_info=\u00a0\u00bb{}\u00a0\u00bb][et_pb_row _builder_version=\u00a0\u00bb4.17.6&Prime; _module_preset=\u00a0\u00bbdefault\u00a0\u00bb custom_padding=\u00a0\u00bb0%||||false|false\u00a0\u00bb global_colors_info=\u00a0\u00bb{}\u00a0\u00bb][et_pb_column type=\u00a0\u00bb4_4&Prime; _builder_version=\u00a0\u00bb4.17.6&Prime; _module_preset=\u00a0\u00bbdefault\u00a0\u00bb global_colors_info=\u00a0\u00bb{}\u00a0\u00bb][et_pb_text admin_label=\u00a0\u00bbSection Title &#8211; H3&Prime; _builder_version=\u00a0\u00bb4.17.6&Prime; _module_preset=\u00a0\u00bbdefault\u00a0\u00bb header_3_font=\u00a0\u00bbFutura Bold|||on|||||\u00a0\u00bb header_3_text_align=\u00a0\u00bbleft\u00a0\u00bb header_3_text_color=\u00a0\u00bb#000000&Prime; header_3_font_size=\u00a0\u00bb18px\u00a0\u00bb header_3_letter_spacing=\u00a0\u00bb1.8px\u00a0\u00bb header_3_line_height=\u00a0\u00bb24px\u00a0\u00bb custom_margin=\u00a0\u00bb||2%||false|false\u00a0\u00bb custom_margin_tablet=\u00a0\u00bb||||false|false\u00a0\u00bb custom_margin_phone=\u00a0\u00bb||||false|false\u00a0\u00bb custom_margin_last_edited=\u00a0\u00bbon|desktop\u00a0\u00bb custom_padding=\u00a0\u00bb||||false|false\u00a0\u00bb global_colors_info=\u00a0\u00bb{}\u00a0\u00bb]<\/p>\n<h3>Gabriel Goldberg (il\/lui) &#8211; Photographe<\/h3>\n<p>[\/et_pb_text][et_pb_text _builder_version=\u00a0\u00bb4.17.6&Prime; _module_preset=\u00a0\u00bbdefault\u00a0\u00bb custom_padding=\u00a0\u00bb||||false|false\u00a0\u00bb custom_padding_tablet=\u00a0\u00bb||||false|false\u00a0\u00bb custom_padding_phone=\u00a0\u00bb||||false|false\u00a0\u00bb custom_padding_last_edited=\u00a0\u00bbon|phone\u00a0\u00bb global_colors_info=\u00a0\u00bb{}\u00a0\u00bb]<\/p>\n<p>Gabriel est un photographe ind\u00e9pendant bas\u00e9 \u00e0 Los Angeles. Il photographie des publicit\u00e9s, des \u00e9ditoriaux et des c\u00e9l\u00e9brit\u00e9s et dit constamment \u00e0 ses sujets \u00ab\u00a0Juste un de plus!\u00a0\u00bb avant de prendre au moins dix autres images. Avant de se lancer dans la photographie, Gabriel \u00e9tait le r\u00e9dacteur en chef fondateur du magazine Instinct (vous vous souvenez des magazines ?!), mais il ne corrigera votre grammaire que si vous le lui demandez gentiment. Tourner pour VACAYA est un r\u00eave car il m\u00e9lange son amour du voyage avec la rencontre de nouvelles personnes fantastiques du monde entier, et la cam\u00e9ra lui donne une excuse pour rencontrer et interagir avec chaque invit\u00e9 \u00e0 bord du navire ou au complexe. Il aime l&rsquo;inclusivit\u00e9 de la communaut\u00e9 que repr\u00e9sente VACAYA et a h\u00e2te de vous mettre son objectif en pleine figure lors du prochain voyage. Si vous souhaitez voir son travail, visitez son site Web \u00e0 <strong><a href=\"http:\/\/www.GabrielGoldberg.com\">www.GabrielGoldberg.com<\/a><\/strong> ou suivez-le sur Insta \u00e0 @ <strong><a href=\"https:\/\/www.instagram.com\/g2fotog\/\" target=\"_blank\" rel=\"noopener\">g2fotog<\/a><\/strong> (familial) ou @ <strong><a href=\"https:\/\/www.instagram.com\/hollywood_bruisers\/\" target=\"_blank\" rel=\"noopener\">hollywood_bruisers<\/a><\/strong> (les choses que vous <em>voulez<\/em> probablement regarder).<\/p>\n<p>[\/et_pb_text][dmpro_masonry_gallery images=\u00a0\u00bb28893,28891,28894,28890,28892,28889&Prime; columns=\u00a0\u00bb6&Prime; columns_tablet=\u00a0\u00bb6&Prime; columns_phone=\u00a0\u00bb3&Prime; columns_last_edited=\u00a0\u00bbon|desktop\u00a0\u00bb _builder_version=\u00a0\u00bb4.17.6&Prime; _module_preset=\u00a0\u00bbdefault\u00a0\u00bb global_colors_info=\u00a0\u00bb{}\u00a0\u00bb][\/dmpro_masonry_gallery][\/et_pb_column][\/et_pb_row][\/et_pb_section][et_pb_section fb_built=\u00a0\u00bb1&Prime; admin_label=\u00a0\u00bbGabrielle Dorsey\u00a0\u00bb _builder_version=\u00a0\u00bb4.17.6&Prime; _module_preset=\u00a0\u00bbdefault\u00a0\u00bb custom_padding=\u00a0\u00bb0%||||false|false\u00a0\u00bb collapsed=\u00a0\u00bbon\u00a0\u00bb global_colors_info=\u00a0\u00bb{}\u00a0\u00bb][et_pb_row _builder_version=\u00a0\u00bb4.17.6&Prime; _module_preset=\u00a0\u00bbdefault\u00a0\u00bb custom_padding=\u00a0\u00bb0%||||false|false\u00a0\u00bb global_colors_info=\u00a0\u00bb{}\u00a0\u00bb][et_pb_column type=\u00a0\u00bb4_4&Prime; _builder_version=\u00a0\u00bb4.17.6&Prime; _module_preset=\u00a0\u00bbdefault\u00a0\u00bb global_colors_info=\u00a0\u00bb{}\u00a0\u00bb][et_pb_text admin_label=\u00a0\u00bbSection Title &#8211; H3&Prime; _builder_version=\u00a0\u00bb4.17.6&Prime; _module_preset=\u00a0\u00bbdefault\u00a0\u00bb header_3_font=\u00a0\u00bbFutura Bold|||on|||||\u00a0\u00bb header_3_text_align=\u00a0\u00bbleft\u00a0\u00bb header_3_text_color=\u00a0\u00bb#000000&Prime; header_3_font_size=\u00a0\u00bb18px\u00a0\u00bb header_3_letter_spacing=\u00a0\u00bb1.8px\u00a0\u00bb header_3_line_height=\u00a0\u00bb24px\u00a0\u00bb custom_margin=\u00a0\u00bb||2%||false|false\u00a0\u00bb custom_margin_tablet=\u00a0\u00bb||||false|false\u00a0\u00bb custom_margin_phone=\u00a0\u00bb||||false|false\u00a0\u00bb custom_margin_last_edited=\u00a0\u00bbon|desktop\u00a0\u00bb custom_padding=\u00a0\u00bb||||false|false\u00a0\u00bb global_colors_info=\u00a0\u00bb{}\u00a0\u00bb]<\/p>\n<h3>Gabrielle Dorsey (elle\/ils) &#8211; Membre de l&rsquo;\u00e9quipe \u00e9v\u00e9nementielle<\/h3>\n<p>[\/et_pb_text][et_pb_text _builder_version=\u00a0\u00bb4.17.6&Prime; _module_preset=\u00a0\u00bbdefault\u00a0\u00bb custom_padding=\u00a0\u00bb||||false|false\u00a0\u00bb custom_padding_tablet=\u00a0\u00bb||||false|false\u00a0\u00bb custom_padding_phone=\u00a0\u00bb||||false|false\u00a0\u00bb custom_padding_last_edited=\u00a0\u00bbon|phone\u00a0\u00bb global_colors_info=\u00a0\u00bb{}\u00a0\u00bb]<\/p>\n<p>Connu \u00e0 la fois par Gabrielle Dorsey et \u00ab\u00a0Mercury Rising-Cox\u00a0\u00bb, les pronoms de Gabby sont elle\/ils. C&rsquo;est une femme trans sobre aux nombreux talents : h\u00f4tesse de l&rsquo;air, joueuse de softball passionn\u00e9e et artiste de drag FIERCE. Travailler pour une compagnie a\u00e9rienne a donn\u00e9 \u00e0 Gabby l&rsquo;incroyable opportunit\u00e9 de visiter de nombreux endroits \u00e0 travers le monde. Sa destination internationale pr\u00e9f\u00e9r\u00e9e est l&rsquo;Irlande, et son endroit pr\u00e9f\u00e9r\u00e9 aux \u00c9tats-Unis est Portland. Gabby a commenc\u00e9 \u00e0 jouer au softball \u00e0 l&rsquo;\u00e2ge de 22 ans et son \u00e9quipe a r\u00e9cemment jou\u00e9 dans les Gay Softball World Series \u00e0 Dallas, TX ! Le softball et le drag la gardent active et en forme. Elle est membre de la distribution hebdomadaire de <em><strong>The Stilettos Show<\/strong><\/em> au Pub on the Drive \u00e0 Wilton Manors. Elle a commenc\u00e9 \u00e0 draguer il y a plus de dix ans et a r\u00e9cemment travaill\u00e9 \u00e0 l&rsquo;Imperial Sun Court de Floride, une organisation \u00e0 but non lucratif 501(c)3 qui collecte des fonds pour divers organismes de bienfaisance\/\u00e0 but non lucratif de la communaut\u00e9 LGBTQIA. Suivez les Instas de Gabby @ <strong><a href=\"https:\/\/www.instagram.com\/mercuryrisingcox\" target=\"_blank\" rel=\"noopener\">mercuryrisingcox<\/a><\/strong> et <strong><a href=\"https:\/\/www.instagram.com\/enby_queer\">enby_queer<\/a><\/strong> .<\/p>\n<p>[\/et_pb_text][dmpro_masonry_gallery images=\u00a0\u00bb35475,35476,35477,35478,35479,35480&Prime; columns=\u00a0\u00bb6&Prime; columns_tablet=\u00a0\u00bb6&Prime; columns_phone=\u00a0\u00bb3&Prime; columns_last_edited=\u00a0\u00bbon|desktop\u00a0\u00bb _builder_version=\u00a0\u00bb4.17.6&Prime; _module_preset=\u00a0\u00bbdefault\u00a0\u00bb global_colors_info=\u00a0\u00bb{}\u00a0\u00bb][\/dmpro_masonry_gallery][\/et_pb_column][\/et_pb_row][\/et_pb_section][et_pb_section fb_built=\u00a0\u00bb1&Prime; admin_label=\u00a0\u00bbHector Stephenson\u00a0\u00bb _builder_version=\u00a0\u00bb4.23.4&Prime; _module_preset=\u00a0\u00bbdefault\u00a0\u00bb custom_padding=\u00a0\u00bb0%||||false|false\u00a0\u00bb collapsed=\u00a0\u00bbon\u00a0\u00bb global_colors_info=\u00a0\u00bb{}\u00a0\u00bb][et_pb_row _builder_version=\u00a0\u00bb4.17.6&Prime; _module_preset=\u00a0\u00bbdefault\u00a0\u00bb custom_padding=\u00a0\u00bb0%||||false|false\u00a0\u00bb global_colors_info=\u00a0\u00bb{}\u00a0\u00bb][et_pb_column type=\u00a0\u00bb4_4&Prime; _builder_version=\u00a0\u00bb4.17.6&Prime; _module_preset=\u00a0\u00bbdefault\u00a0\u00bb global_colors_info=\u00a0\u00bb{}\u00a0\u00bb][et_pb_text admin_label=\u00a0\u00bbSection Title &#8211; H3&Prime; _builder_version=\u00a0\u00bb4.23.4&Prime; _module_preset=\u00a0\u00bbdefault\u00a0\u00bb header_3_font=\u00a0\u00bbFutura Bold|||on|||||\u00a0\u00bb header_3_text_align=\u00a0\u00bbleft\u00a0\u00bb header_3_text_color=\u00a0\u00bb#000000&Prime; header_3_font_size=\u00a0\u00bb18px\u00a0\u00bb header_3_letter_spacing=\u00a0\u00bb1.8px\u00a0\u00bb header_3_line_height=\u00a0\u00bb24px\u00a0\u00bb custom_margin=\u00a0\u00bb||2%||false|false\u00a0\u00bb custom_margin_tablet=\u00a0\u00bb||||false|false\u00a0\u00bb custom_margin_phone=\u00a0\u00bb||||false|false\u00a0\u00bb custom_margin_last_edited=\u00a0\u00bbon|desktop\u00a0\u00bb custom_padding=\u00a0\u00bb||||false|false\u00a0\u00bb global_colors_info=\u00a0\u00bb{}\u00a0\u00bb]<\/p>\n<h3>Hector Stephenson (il\/lui) &#8211; Membre de l&rsquo;\u00e9quipe \u00e9v\u00e9nementielle<\/h3>\n<p>[\/et_pb_text][et_pb_text _builder_version=\u00a0\u00bb4.23.4&Prime; _module_preset=\u00a0\u00bbdefault\u00a0\u00bb custom_padding=\u00a0\u00bb||||false|false\u00a0\u00bb custom_padding_tablet=\u00a0\u00bb||||false|false\u00a0\u00bb custom_padding_phone=\u00a0\u00bb||||false|false\u00a0\u00bb custom_padding_last_edited=\u00a0\u00bbon|phone\u00a0\u00bb global_colors_info=\u00a0\u00bb{}\u00a0\u00bb]<\/p>\n<p style=\"font-weight: 400;\">Hector adore voyager et saisit toutes les occasions de le faire. D\u00e8s sa rencontre avec l&rsquo;\u00e9quipe VACAYA, il a su qu&rsquo;il voyagerait avec nous aussi longtemps que possible. Il appr\u00e9cie l&rsquo;esprit de famille qui r\u00e8gne lors de chaque aventure VACAYA, le plaisir de revoir d&rsquo;anciens amis rencontr\u00e9s lors de voyages pr\u00e9c\u00e9dents, de se faire de nouveaux amis pendant le voyage en cours et de se projeter dans de futures retrouvailles. Lorsqu&rsquo;il ne voyage pas, Hector consacre son temps \u00e0 accompagner des personnes atteintes de cancer, les aidant \u00e0 faire face aux difficult\u00e9s du diagnostic et des options de traitement, ainsi qu&rsquo;aux d\u00e9fis de la vie apr\u00e8s la maladie. Il aime passer du temps de qualit\u00e9 avec ses amis et sa famille, issus de tous les horizons. Sa foi lui permet de vivre une vie pleine d&rsquo;amour et de joie, qu&rsquo;il partage avec son entourage.     <\/p>\n<p>[\/et_pb_text][dmpro_masonry_gallery images=\u00a0\u00bb172973,172964,172955,172946,172937,172928,173083,173074,173065,173056,173047,173038&Prime; columns=\u00a0\u00bb6&Prime; columns_tablet=\u00a0\u00bb6&Prime; columns_phone=\u00a0\u00bb3&Prime; columns_last_edited=\u00a0\u00bbon|desktop\u00a0\u00bb _builder_version=\u00a0\u00bb4.23.4&Prime; _module_preset=\u00a0\u00bbdefault\u00a0\u00bb global_colors_info=\u00a0\u00bb{}\u00a0\u00bb][\/dmpro_masonry_gallery][\/et_pb_column][\/et_pb_row][\/et_pb_section][et_pb_section fb_built=\u00a0\u00bb1&Prime; admin_label=\u00a0\u00bbIan Alejandro\u00a0\u00bb _builder_version=\u00a0\u00bb4.17.6&Prime; _module_preset=\u00a0\u00bbdefault\u00a0\u00bb custom_padding=\u00a0\u00bb0%||||false|false\u00a0\u00bb collapsed=\u00a0\u00bbon\u00a0\u00bb global_colors_info=\u00a0\u00bb{}\u00a0\u00bb][et_pb_row _builder_version=\u00a0\u00bb4.17.6&Prime; _module_preset=\u00a0\u00bbdefault\u00a0\u00bb custom_padding=\u00a0\u00bb0%||||false|false\u00a0\u00bb global_colors_info=\u00a0\u00bb{}\u00a0\u00bb][et_pb_column type=\u00a0\u00bb4_4&Prime; _builder_version=\u00a0\u00bb4.17.6&Prime; _module_preset=\u00a0\u00bbdefault\u00a0\u00bb global_colors_info=\u00a0\u00bb{}\u00a0\u00bb][et_pb_text admin_label=\u00a0\u00bbSection Title &#8211; H3&Prime; _builder_version=\u00a0\u00bb4.17.6&Prime; _module_preset=\u00a0\u00bbdefault\u00a0\u00bb header_3_font=\u00a0\u00bbFutura Bold|||on|||||\u00a0\u00bb header_3_text_align=\u00a0\u00bbleft\u00a0\u00bb header_3_text_color=\u00a0\u00bb#000000&Prime; header_3_font_size=\u00a0\u00bb18px\u00a0\u00bb header_3_letter_spacing=\u00a0\u00bb1.8px\u00a0\u00bb header_3_line_height=\u00a0\u00bb24px\u00a0\u00bb custom_margin=\u00a0\u00bb||2%||false|false\u00a0\u00bb custom_margin_tablet=\u00a0\u00bb||||false|false\u00a0\u00bb custom_margin_phone=\u00a0\u00bb||||false|false\u00a0\u00bb custom_margin_last_edited=\u00a0\u00bbon|desktop\u00a0\u00bb custom_padding=\u00a0\u00bb||||false|false\u00a0\u00bb global_colors_info=\u00a0\u00bb{}\u00a0\u00bb]<\/p>\n<h3>Ian Alejandro (il\/lui) &#8211; Membre de l&rsquo;\u00e9quipe \u00e9v\u00e9nementielle<\/h3>\n<p>[\/et_pb_text][et_pb_text _builder_version=\u00a0\u00bb4.23.4&Prime; _module_preset=\u00a0\u00bbdefault\u00a0\u00bb custom_padding=\u00a0\u00bb||||false|false\u00a0\u00bb custom_padding_tablet=\u00a0\u00bb||||false|false\u00a0\u00bb custom_padding_phone=\u00a0\u00bb||||false|false\u00a0\u00bb custom_padding_last_edited=\u00a0\u00bbon|phone\u00a0\u00bb global_colors_info=\u00a0\u00bb{}\u00a0\u00bb]<\/p>\n<p>Ian est originaire de la magnifique \u00eele de Porto Rico, mais a grandi dans une petite ville du Texas &#8211; Boricua avec une touche de cow-boy ! Peu de temps apr\u00e8s son d\u00e9m\u00e9nagement aux \u00c9tats-Unis, Ian a re\u00e7u un diagnostic de diab\u00e8te de type 1. Mais malgr\u00e9 les d\u00e9fis quotidiens de la maladie chronique, Ian n&rsquo;a jamais laiss\u00e9 cela l&#8217;emp\u00eacher de poursuivre ses passions et ses r\u00eaves. Il vous dirait que cela lui fait juste appr\u00e9cier chaque instant plus profond\u00e9ment. C&rsquo;est le premier vol qu&rsquo;il a pris en tant que mineur non accompagn\u00e9 qui lui a ouvert les yeux sur le voyage. Il a r\u00e9alis\u00e9 \u00e0 quel point le monde \u00e9tait vaste en dehors de son \u00eele bien-aim\u00e9e et m\u00eame du Texas plus grand que nature. Ce moment conduira \u00e0 sa d\u00e9cision de devenir agent de bord pr\u00e8s de 24 ans plus tard. Ian vole r\u00e9guli\u00e8rement \u00e0 travers le monde. Avec DFW comme plaque tournante, il a vu une grande partie du monde. Il vit pour entendre les histoires des gens et trouve sa satisfaction en offrant de petits actes de gentillesse \u00e0 ses passagers en cours de route. Ian adore la nourriture, surtout les sucreries (avec la dose d&rsquo;insuline appropri\u00e9e !). Ian a un Chaweenie nomm\u00e9 Dragon et une conure nomm\u00e9e Wizard.  La devise de la vie de Ian a toujours \u00e9t\u00e9 \u00ab Vous n&rsquo;avez qu&rsquo;une vie. Vivez-le d&rsquo;une mani\u00e8re qui inspire les autres. Ian aime partager des rires et des exp\u00e9riences m\u00e9morables avec les amis qu&rsquo;il rencontre \u00e0 chaque voyage&nbsp;! Suivez Ian sur Insta @ <strong><a href=\"https:\/\/www.instagram.com\/ianmalj\/\" target=\"_blank\" rel=\"noopener\">iamlamj<\/a><\/strong> .<\/p>\n<p>[\/et_pb_text][dmpro_masonry_gallery images=\u00a0\u00bb28932,28935,28936,28931,28934,172446&Prime; columns=\u00a0\u00bb6&Prime; columns_tablet=\u00a0\u00bb6&Prime; columns_phone=\u00a0\u00bb3&Prime; columns_last_edited=\u00a0\u00bbon|desktop\u00a0\u00bb _builder_version=\u00a0\u00bb4.23.4&Prime; _module_preset=\u00a0\u00bbdefault\u00a0\u00bb global_colors_info=\u00a0\u00bb{}\u00a0\u00bb][\/dmpro_masonry_gallery][\/et_pb_column][\/et_pb_row][\/et_pb_section][et_pb_section fb_built=\u00a0\u00bb1&Prime; admin_label=\u00a0\u00bbJared Young\u00a0\u00bb _builder_version=\u00a0\u00bb4.23.4&Prime; _module_preset=\u00a0\u00bbdefault\u00a0\u00bb custom_padding=\u00a0\u00bb0%||||false|false\u00a0\u00bb collapsed=\u00a0\u00bbon\u00a0\u00bb global_colors_info=\u00a0\u00bb{}\u00a0\u00bb][et_pb_row _builder_version=\u00a0\u00bb4.17.6&Prime; _module_preset=\u00a0\u00bbdefault\u00a0\u00bb custom_padding=\u00a0\u00bb0%||||false|false\u00a0\u00bb global_colors_info=\u00a0\u00bb{}\u00a0\u00bb][et_pb_column type=\u00a0\u00bb4_4&Prime; _builder_version=\u00a0\u00bb4.17.6&Prime; _module_preset=\u00a0\u00bbdefault\u00a0\u00bb global_colors_info=\u00a0\u00bb{}\u00a0\u00bb][et_pb_text admin_label=\u00a0\u00bbSection Title &#8211; H3&Prime; _builder_version=\u00a0\u00bb4.23.4&Prime; _module_preset=\u00a0\u00bbdefault\u00a0\u00bb header_3_font=\u00a0\u00bbFutura Bold|||on|||||\u00a0\u00bb header_3_text_align=\u00a0\u00bbleft\u00a0\u00bb header_3_text_color=\u00a0\u00bb#000000&Prime; header_3_font_size=\u00a0\u00bb18px\u00a0\u00bb header_3_letter_spacing=\u00a0\u00bb1.8px\u00a0\u00bb header_3_line_height=\u00a0\u00bb24px\u00a0\u00bb custom_margin=\u00a0\u00bb||2%||false|false\u00a0\u00bb custom_margin_tablet=\u00a0\u00bb||||false|false\u00a0\u00bb custom_margin_phone=\u00a0\u00bb||||false|false\u00a0\u00bb custom_margin_last_edited=\u00a0\u00bbon|desktop\u00a0\u00bb custom_padding=\u00a0\u00bb||||false|false\u00a0\u00bb global_colors_info=\u00a0\u00bb{}\u00a0\u00bb]<\/p>\n<h3>Jared Young (il\/iel) &#8211; Membre de l&rsquo;\u00e9quipe \u00e9v\u00e9nementielle<\/h3>\n<p>[\/et_pb_text][et_pb_text _builder_version=\u00a0\u00bb4.23.4&Prime; _module_preset=\u00a0\u00bbdefault\u00a0\u00bb custom_padding=\u00a0\u00bb||||false|false\u00a0\u00bb custom_padding_tablet=\u00a0\u00bb||||false|false\u00a0\u00bb custom_padding_phone=\u00a0\u00bb||||false|false\u00a0\u00bb custom_padding_last_edited=\u00a0\u00bbon|phone\u00a0\u00bb global_colors_info=\u00a0\u00bb{}\u00a0\u00bb]<\/p>\n<p>Jared est passionn\u00e9 de voyages et de d\u00e9couvertes. \u00c9cossais install\u00e9 en Californie, il a eu la chance de s&rsquo;immerger dans de nombreuses cultures. Son m\u00e9tier de scientifique lui permet \u00e9galement de voyager \u00e0 travers le monde, de visiter des universit\u00e9s et de prendre la parole lors de conf\u00e9rences. C&rsquo;est pourquoi Jared compte de nombreux amis aux quatre coins du globe et prend plaisir \u00e0 garder le contact avec eux. Il a organis\u00e9 plusieurs rencontres LGBTQIA2S+ lors de diff\u00e9rents congr\u00e8s et aime rassembler des communaut\u00e9s diverses. Quand Jared n&rsquo;est pas en voyage, il adore d\u00eener \u00e0 Hillcrest avec sa compagne Sophie et ses amis, et promener ses deux chiens, Azzy et Coco, ou faire la tourn\u00e9e des bars. Suivez Jared sur BlueSky&nbsp;: <strong><a href=\"https:\/\/bsky.app\/profile\/jaredwyoung.bsky.social\" target=\"_blank\" rel=\"noopener\">@jaredwyoung.bsky.social<\/a><\/strong> .      <\/p>\n<p>[\/et_pb_text][dmpro_masonry_gallery images=\u00a0\u00bb173227,173218,173209,173200,173191,173182&Prime; columns=\u00a0\u00bb6&Prime; columns_tablet=\u00a0\u00bb6&Prime; columns_phone=\u00a0\u00bb3&Prime; columns_last_edited=\u00a0\u00bbon|desktop\u00a0\u00bb _builder_version=\u00a0\u00bb4.23.4&Prime; _module_preset=\u00a0\u00bbdefault\u00a0\u00bb global_colors_info=\u00a0\u00bb{}\u00a0\u00bb][\/dmpro_masonry_gallery][\/et_pb_column][\/et_pb_row][\/et_pb_section][et_pb_section fb_built=\u00a0\u00bb1&Prime; admin_label=\u00a0\u00bbJeff Drewno\u00a0\u00bb _builder_version=\u00a0\u00bb4.17.6&Prime; _module_preset=\u00a0\u00bbdefault\u00a0\u00bb custom_padding=\u00a0\u00bb0%||||false|false\u00a0\u00bb collapsed=\u00a0\u00bbon\u00a0\u00bb global_colors_info=\u00a0\u00bb{}\u00a0\u00bb][et_pb_row _builder_version=\u00a0\u00bb4.17.6&Prime; _module_preset=\u00a0\u00bbdefault\u00a0\u00bb custom_padding=\u00a0\u00bb0%||||false|false\u00a0\u00bb global_colors_info=\u00a0\u00bb{}\u00a0\u00bb][et_pb_column type=\u00a0\u00bb4_4&Prime; _builder_version=\u00a0\u00bb4.17.6&Prime; _module_preset=\u00a0\u00bbdefault\u00a0\u00bb global_colors_info=\u00a0\u00bb{}\u00a0\u00bb][et_pb_text admin_label=\u00a0\u00bbSection Title &#8211; H3&Prime; _builder_version=\u00a0\u00bb4.17.6&Prime; _module_preset=\u00a0\u00bbdefault\u00a0\u00bb header_3_font=\u00a0\u00bbFutura Bold|||on|||||\u00a0\u00bb header_3_text_align=\u00a0\u00bbleft\u00a0\u00bb header_3_text_color=\u00a0\u00bb#000000&Prime; header_3_font_size=\u00a0\u00bb18px\u00a0\u00bb header_3_letter_spacing=\u00a0\u00bb1.8px\u00a0\u00bb header_3_line_height=\u00a0\u00bb24px\u00a0\u00bb custom_margin=\u00a0\u00bb||2%||false|false\u00a0\u00bb custom_margin_tablet=\u00a0\u00bb||||false|false\u00a0\u00bb custom_margin_phone=\u00a0\u00bb||||false|false\u00a0\u00bb custom_margin_last_edited=\u00a0\u00bbon|desktop\u00a0\u00bb custom_padding=\u00a0\u00bb||||false|false\u00a0\u00bb global_colors_info=\u00a0\u00bb{}\u00a0\u00bb]<\/p>\n<h3>Jeff Drewno (il\/lui) &#8211; Membre de l&rsquo;\u00e9quipe \u00e9v\u00e9nementielle<\/h3>\n<p>[\/et_pb_text][et_pb_text _builder_version=\u00a0\u00bb4.17.6&Prime; _module_preset=\u00a0\u00bbdefault\u00a0\u00bb custom_padding=\u00a0\u00bb||||false|false\u00a0\u00bb custom_padding_tablet=\u00a0\u00bb||||false|false\u00a0\u00bb custom_padding_phone=\u00a0\u00bb||||false|false\u00a0\u00bb custom_padding_last_edited=\u00a0\u00bbon|phone\u00a0\u00bb global_colors_info=\u00a0\u00bb{}\u00a0\u00bb]<\/p>\n<p>Jeff est un enseignant d&rsquo;\u00e9cole \u00e9l\u00e9mentaire r\u00e9cemment retrait\u00e9 et directeur depuis plus de 33 ans et habite le Michigan. C&rsquo;est la passion de Jeff pour les voyages qui l&rsquo;a amen\u00e9 \u00e0 VACAYA. Il est PR\u00caT pour les nouvelles aventures \u00e0 venir&nbsp;! Certaines de ses destinations pr\u00e9f\u00e9r\u00e9es incluent Palm Springs, Toronto, la R\u00e9publique dominicaine, l&rsquo;Italie, Sedona, Las Vegas et Puerto Vallarta. En tant que chanteur, il s&rsquo;est produit dans des productions de cabaret et de sc\u00e8ne au Michigan, \u00e0 Chicago et \u00e0 New York et est connu pour chanter un air de spectacle de Broadway en un clin d&rsquo;\u0153il&nbsp;! Jeff est un coureur passionn\u00e9 et aime passer du temps au gymnase et avec la ligue de volley-ball des hommes gais du Michigan. Les voyages, le chant et le volley-ball sont super, bien s\u00fbr, mais rien ne vaut son amour pour son b\u00e9b\u00e9 \u00e0 fourrure Murphy ! Suivez Jeff sur Facebook \u00e0 @ <strong><a href=\"https:\/\/www.facebook.com\/profile.php?id=100018395923772\" target=\"_blank\" rel=\"noopener\">jeffreydrewno<\/a><\/strong> .<\/p>\n<p>[\/et_pb_text][dmpro_masonry_gallery images=\u00a0\u00bb28866,28862,28861,28864,28865,28863&Prime; columns=\u00a0\u00bb6&Prime; columns_tablet=\u00a0\u00bb6&Prime; columns_phone=\u00a0\u00bb3&Prime; columns_last_edited=\u00a0\u00bbon|phone\u00a0\u00bb _builder_version=\u00a0\u00bb4.17.6&Prime; _module_preset=\u00a0\u00bbdefault\u00a0\u00bb global_colors_info=\u00a0\u00bb{}\u00a0\u00bb][\/dmpro_masonry_gallery][\/et_pb_column][\/et_pb_row][\/et_pb_section][et_pb_section fb_built=\u00a0\u00bb1&Prime; admin_label=\u00a0\u00bbJelani Remy\u00a0\u00bb _builder_version=\u00a0\u00bb4.23.4&Prime; _module_preset=\u00a0\u00bbdefault\u00a0\u00bb custom_padding=\u00a0\u00bb0%||||false|false\u00a0\u00bb collapsed=\u00a0\u00bbon\u00a0\u00bb global_colors_info=\u00a0\u00bb{}\u00a0\u00bb][et_pb_row _builder_version=\u00a0\u00bb4.17.6&Prime; _module_preset=\u00a0\u00bbdefault\u00a0\u00bb custom_padding=\u00a0\u00bb0%||||false|false\u00a0\u00bb global_colors_info=\u00a0\u00bb{}\u00a0\u00bb][et_pb_column type=\u00a0\u00bb4_4&Prime; _builder_version=\u00a0\u00bb4.17.6&Prime; _module_preset=\u00a0\u00bbdefault\u00a0\u00bb global_colors_info=\u00a0\u00bb{}\u00a0\u00bb][et_pb_text admin_label=\u00a0\u00bbSection Title &#8211; H3&Prime; _builder_version=\u00a0\u00bb4.23.4&Prime; _module_preset=\u00a0\u00bbdefault\u00a0\u00bb header_3_font=\u00a0\u00bbFutura Bold|||on|||||\u00a0\u00bb header_3_text_align=\u00a0\u00bbleft\u00a0\u00bb header_3_text_color=\u00a0\u00bb#000000&Prime; header_3_font_size=\u00a0\u00bb18px\u00a0\u00bb header_3_letter_spacing=\u00a0\u00bb1.8px\u00a0\u00bb header_3_line_height=\u00a0\u00bb24px\u00a0\u00bb custom_margin=\u00a0\u00bb||2%||false|false\u00a0\u00bb custom_margin_tablet=\u00a0\u00bb||||false|false\u00a0\u00bb custom_margin_phone=\u00a0\u00bb||||false|false\u00a0\u00bb custom_margin_last_edited=\u00a0\u00bbon|desktop\u00a0\u00bb custom_padding=\u00a0\u00bb||||false|false\u00a0\u00bb global_colors_info=\u00a0\u00bb{}\u00a0\u00bb]<\/p>\n<h3>Jelani Remy (il\/lui) &#8211; Directeur de croisi\u00e8re VACAYA Big-Ship<\/h3>\n<p>[\/et_pb_text][et_pb_text _builder_version=\u00a0\u00bb4.23.4&Prime; _module_preset=\u00a0\u00bbdefault\u00a0\u00bb custom_padding=\u00a0\u00bb||||false|false\u00a0\u00bb custom_padding_tablet=\u00a0\u00bb||||false|false\u00a0\u00bb custom_padding_phone=\u00a0\u00bb||||false|false\u00a0\u00bb custom_padding_last_edited=\u00a0\u00bbon|desktop\u00a0\u00bb global_colors_info=\u00a0\u00bb{}\u00a0\u00bb]<\/p>\n<p style=\"font-weight: 400;\">De retour et pr\u00eate \u00e0 prendre le service ! C&rsquo;est Jelani Remy, votre directrice de croisi\u00e8re, et j&rsquo;ai h\u00e2te de cr\u00e9er des souvenirs inoubliables avec vous ! Venue tout droit des feux de la rampe de Broadway ( <em><strong>Retour vers le futur : La com\u00e9die musicale<\/strong><\/em> , <em><strong>Le Roi Lion<\/strong><\/em> , <em><strong>Ain&rsquo;t Too Proud<\/strong><\/em> , <em><strong>Smokey Joe&rsquo;s Caf\u00e9<\/strong><\/em> ), je m\u00e8nerai votre fabuleuse \u00e9quipe V avec panache, humour et surtout, beaucoup d&rsquo;amour ! \ud83d\ude0a On se retrouve \u00e0 bord ! Suivez Jelani sur Instagram <strong><a href=\"https:\/\/www.instagram.com\/itsjelaniremy\/\" target=\"_blank\" rel=\"noopener\" data-outlook-id=\"15bdd7c3-3781-4cec-b7df-3fecd4ba7e48\">@itsjelaniremy<\/a><\/strong> .    <\/p>\n<p>[\/et_pb_text][dmpro_masonry_gallery images=\u00a0\u00bb177616,177625,177634,177643,177652,177661&Prime; columns=\u00a0\u00bb6&Prime; columns_tablet=\u00a0\u00bb6&Prime; columns_phone=\u00a0\u00bb3&Prime; columns_last_edited=\u00a0\u00bbon|desktop\u00a0\u00bb _builder_version=\u00a0\u00bb4.23.4&Prime; _module_preset=\u00a0\u00bbdefault\u00a0\u00bb global_colors_info=\u00a0\u00bb{}\u00a0\u00bb][\/dmpro_masonry_gallery][\/et_pb_column][\/et_pb_row][\/et_pb_section][et_pb_section fb_built=\u00a0\u00bb1&Prime; admin_label=\u00a0\u00bbJennifer Eaglin\u00a0\u00bb _builder_version=\u00a0\u00bb4.17.6&Prime; _module_preset=\u00a0\u00bbdefault\u00a0\u00bb custom_padding=\u00a0\u00bb0%||||false|false\u00a0\u00bb collapsed=\u00a0\u00bbon\u00a0\u00bb global_colors_info=\u00a0\u00bb{}\u00a0\u00bb][et_pb_row _builder_version=\u00a0\u00bb4.17.6&Prime; _module_preset=\u00a0\u00bbdefault\u00a0\u00bb custom_padding=\u00a0\u00bb0%||||false|false\u00a0\u00bb global_colors_info=\u00a0\u00bb{}\u00a0\u00bb][et_pb_column type=\u00a0\u00bb4_4&Prime; _builder_version=\u00a0\u00bb4.17.6&Prime; _module_preset=\u00a0\u00bbdefault\u00a0\u00bb global_colors_info=\u00a0\u00bb{}\u00a0\u00bb][et_pb_text admin_label=\u00a0\u00bbSection Title &#8211; H3&Prime; _builder_version=\u00a0\u00bb4.23.4&Prime; _module_preset=\u00a0\u00bbdefault\u00a0\u00bb header_3_font=\u00a0\u00bbFutura Bold|||on|||||\u00a0\u00bb header_3_text_align=\u00a0\u00bbleft\u00a0\u00bb header_3_text_color=\u00a0\u00bb#000000&Prime; header_3_font_size=\u00a0\u00bb18px\u00a0\u00bb header_3_letter_spacing=\u00a0\u00bb1.8px\u00a0\u00bb header_3_line_height=\u00a0\u00bb24px\u00a0\u00bb custom_margin=\u00a0\u00bb||2%||false|false\u00a0\u00bb custom_margin_tablet=\u00a0\u00bb||||false|false\u00a0\u00bb custom_margin_phone=\u00a0\u00bb||||false|false\u00a0\u00bb custom_margin_last_edited=\u00a0\u00bbon|desktop\u00a0\u00bb custom_padding=\u00a0\u00bb||||false|false\u00a0\u00bb global_colors_info=\u00a0\u00bb{}\u00a0\u00bb]<\/p>\n<h3>Jennifer Eaglin (elle) &#8211; Sp\u00e9cialiste de l&rsquo;exp\u00e9rience client<\/h3>\n<p>[\/et_pb_text][et_pb_text _builder_version=\u00a0\u00bb4.23.4&Prime; _module_preset=\u00a0\u00bbdefault\u00a0\u00bb custom_padding=\u00a0\u00bb||||false|false\u00a0\u00bb custom_padding_tablet=\u00a0\u00bb||||false|false\u00a0\u00bb custom_padding_phone=\u00a0\u00bb||||false|false\u00a0\u00bb custom_padding_last_edited=\u00a0\u00bbon|desktop\u00a0\u00bb global_colors_info=\u00a0\u00bb{}\u00a0\u00bb]<\/p>\n<p style=\"font-weight: 400;\">Jennifer est n\u00e9e et a grandi dans le Michigan. Passionn\u00e9e depuis toujours par la nature et le monde qui l&amp;#39;entoure, elle a d&amp;#39;abord \u00e9t\u00e9 inspir\u00e9e par des \u00e9missions comme <em><strong>La Croisi\u00e8re s&amp;#39;amuse<\/strong><\/em> et <em><strong>Vie de riches et c\u00e9l\u00e8bres<\/strong><\/em> . Pour r\u00e9aliser son r\u00eave de voyage, \u00e0 18 ans, elle a contract\u00e9 un petit pr\u00eat pour s&amp;#39;offrir sa premi\u00e8re aventure : une croisi\u00e8re de sept nuits dans les Cara\u00efbes. Cette exp\u00e9rience lui a donn\u00e9 envie de voyager davantage, mais il lui faudra des d\u00e9cennies avant de quitter \u00e0 nouveau le pays. Pendant ce temps, elle a \u00e9pous\u00e9 un homme charmant et a eu une magnifique fille. Elle a obtenu sa ma\u00eetrise, a enseign\u00e9 aux \u00e9l\u00e8ves du primaire et aux adultes pendant plus de 30 ans, a divorc\u00e9, a rencontr\u00e9 l&amp;#39;amour de sa vie, Johanna, et a alors d\u00e9couvert le tourisme LGBT+ ! Une v\u00e9ritable r\u00e9v\u00e9lation !       <\/p>\n<p style=\"font-weight: 400;\">Jen fait partie de l&rsquo;\u00e9quipe V depuis la croisi\u00e8re inaugurale et a parcouru les sept continents avec VACAYA. Si vous ne la connaissez pas encore, vous d\u00e9couvrirez vite qu&rsquo;elle apporte \u00e0 chaque aventure sa positivit\u00e9, son \u00e9nergie et un amour immense pour toute la famille VACAYA. <\/p>\n<p style=\"font-weight: 400;\">Cette G\u00e9meaux coquette, amusante et spontan\u00e9e a h\u00e2te de vous rencontrer et, esp\u00e9rons-le, de danser avec vous jusqu&rsquo;aux petites heures du matin ! Suivez Jennifer sur Facebook @ <strong><a href=\"https:\/\/www.facebook.com\/jennifereaglin\" target=\"_blank\" rel=\"noopener\" data-outlook-id=\"15bdd7c3-3781-4cec-b7df-3fecd4ba7e48\" data-wplink-edit=\"true\">jennifereaglin<\/a><\/strong> .<\/p>\n<p>[\/et_pb_text][dmpro_masonry_gallery images=\u00a0\u00bb28899,28897,28900,28898,28901,28902&Prime; columns=\u00a0\u00bb6&Prime; columns_tablet=\u00a0\u00bb6&Prime; columns_phone=\u00a0\u00bb3&Prime; columns_last_edited=\u00a0\u00bbon|desktop\u00a0\u00bb _builder_version=\u00a0\u00bb4.17.6&Prime; _module_preset=\u00a0\u00bbdefault\u00a0\u00bb global_colors_info=\u00a0\u00bb{}\u00a0\u00bb][\/dmpro_masonry_gallery][\/et_pb_column][\/et_pb_row][\/et_pb_section][et_pb_section fb_built=\u00a0\u00bb1&Prime; admin_label=\u00a0\u00bbJessa Heroux-Croy\u00a0\u00bb _builder_version=\u00a0\u00bb4.23.4&Prime; _module_preset=\u00a0\u00bbdefault\u00a0\u00bb custom_padding=\u00a0\u00bb0%||||false|false\u00a0\u00bb collapsed=\u00a0\u00bbon\u00a0\u00bb global_colors_info=\u00a0\u00bb{}\u00a0\u00bb][et_pb_row _builder_version=\u00a0\u00bb4.17.6&Prime; _module_preset=\u00a0\u00bbdefault\u00a0\u00bb custom_padding=\u00a0\u00bb0%||||false|false\u00a0\u00bb global_colors_info=\u00a0\u00bb{}\u00a0\u00bb][et_pb_column type=\u00a0\u00bb4_4&Prime; _builder_version=\u00a0\u00bb4.17.6&Prime; _module_preset=\u00a0\u00bbdefault\u00a0\u00bb global_colors_info=\u00a0\u00bb{}\u00a0\u00bb][et_pb_text admin_label=\u00a0\u00bbSection Title &#8211; H3&Prime; _builder_version=\u00a0\u00bb4.23.4&Prime; _module_preset=\u00a0\u00bbdefault\u00a0\u00bb header_3_font=\u00a0\u00bbFutura Bold|||on|||||\u00a0\u00bb header_3_text_align=\u00a0\u00bbleft\u00a0\u00bb header_3_text_color=\u00a0\u00bb#000000&Prime; header_3_font_size=\u00a0\u00bb18px\u00a0\u00bb header_3_letter_spacing=\u00a0\u00bb1.8px\u00a0\u00bb header_3_line_height=\u00a0\u00bb24px\u00a0\u00bb custom_margin=\u00a0\u00bb||2%||false|false\u00a0\u00bb custom_margin_tablet=\u00a0\u00bb||||false|false\u00a0\u00bb custom_margin_phone=\u00a0\u00bb||||false|false\u00a0\u00bb custom_margin_last_edited=\u00a0\u00bbon|desktop\u00a0\u00bb custom_padding=\u00a0\u00bb||||false|false\u00a0\u00bb global_colors_info=\u00a0\u00bb{}\u00a0\u00bb]<\/p>\n<h3>Jessa Heroux-Croy (elle) &#8211; Membre de l&rsquo;\u00e9quipe \u00e9v\u00e9nementielle<\/h3>\n<p>[\/et_pb_text][et_pb_text _builder_version=\u00a0\u00bb4.23.4&Prime; _module_preset=\u00a0\u00bbdefault\u00a0\u00bb custom_padding=\u00a0\u00bb||||false|false\u00a0\u00bb custom_padding_tablet=\u00a0\u00bb||||false|false\u00a0\u00bb custom_padding_phone=\u00a0\u00bb||||false|false\u00a0\u00bb custom_padding_last_edited=\u00a0\u00bbon|desktop\u00a0\u00bb global_colors_info=\u00a0\u00bb{}\u00a0\u00bb]<\/p>\n<p>Jessa est une Michiganaise queer, un latte au lait d&rsquo;avoine \u00e0 la main et un livre ou un programme de Broadway dans l&rsquo;autre ! Militante engag\u00e9e pour l&rsquo;inclusion des personnes handicap\u00e9es, elle est passionn\u00e9e par la construction d&rsquo;un monde o\u00f9 l&rsquo;accessibilit\u00e9 est une \u00e9vidence et non une option. Jessa est une \u00e9ternelle \u00e9tudiante et appr\u00e9cie particuli\u00e8rement son travail dans l&rsquo;enseignement sup\u00e9rieur. Quand elle n&rsquo;est pas plong\u00e9e dans un livre ou en train de chanter les derniers tubes de Taylor Swift, Jessa pr\u00e9pare sa prochaine aventure \u2013 de pr\u00e9f\u00e9rence dans un endroit o\u00f9 la musique live, la culture et le shopping sont au rendez-vous ! De ses \u00e9tudes en Afrique du Sud \u00e0 son s\u00e9jour \u00e0 Londres, son passeport est toujours pr\u00eat pour de nouvelles aventures. Pour Jessa, la vie est faite d&rsquo;apprentissage, de moments partag\u00e9s avec ses amis et ses deux mamans, d&rsquo;amour et de moments de d\u00e9tente autour d&rsquo;un bon caf\u00e9 en compagnie de son chat, Cleo. Suivez Jessa sur Instagram&nbsp;: @ <strong><a href=\"https:\/\/www.instagram.com\/jessa.pauline\/\" target=\"_blank\" rel=\"noopener\">jessa.pauline<\/a><\/strong> .      <\/p>\n<p>[\/et_pb_text][dmpro_masonry_gallery images=\u00a0\u00bb172772,172763,172754,172745,172736,172727&Prime; columns=\u00a0\u00bb6&Prime; columns_tablet=\u00a0\u00bb6&Prime; columns_phone=\u00a0\u00bb3&Prime; columns_last_edited=\u00a0\u00bbon|desktop\u00a0\u00bb _builder_version=\u00a0\u00bb4.23.4&Prime; _module_preset=\u00a0\u00bbdefault\u00a0\u00bb global_colors_info=\u00a0\u00bb{}\u00a0\u00bb][\/dmpro_masonry_gallery][\/et_pb_column][\/et_pb_row][\/et_pb_section][et_pb_section fb_built=\u00a0\u00bb1&Prime; admin_label=\u00a0\u00bbJoey Yawn\u00a0\u00bb _builder_version=\u00a0\u00bb4.17.6&Prime; _module_preset=\u00a0\u00bbdefault\u00a0\u00bb custom_padding=\u00a0\u00bb0%||||false|false\u00a0\u00bb collapsed=\u00a0\u00bbon\u00a0\u00bb global_colors_info=\u00a0\u00bb{}\u00a0\u00bb][et_pb_row _builder_version=\u00a0\u00bb4.17.6&Prime; _module_preset=\u00a0\u00bbdefault\u00a0\u00bb custom_padding=\u00a0\u00bb0%||||false|false\u00a0\u00bb global_colors_info=\u00a0\u00bb{}\u00a0\u00bb][et_pb_column type=\u00a0\u00bb4_4&Prime; _builder_version=\u00a0\u00bb4.17.6&Prime; _module_preset=\u00a0\u00bbdefault\u00a0\u00bb global_colors_info=\u00a0\u00bb{}\u00a0\u00bb][et_pb_text admin_label=\u00a0\u00bbSection Title &#8211; H3&Prime; _builder_version=\u00a0\u00bb4.17.6&Prime; _module_preset=\u00a0\u00bbdefault\u00a0\u00bb header_3_font=\u00a0\u00bbFutura Bold|||on|||||\u00a0\u00bb header_3_text_align=\u00a0\u00bbleft\u00a0\u00bb header_3_text_color=\u00a0\u00bb#000000&Prime; header_3_font_size=\u00a0\u00bb18px\u00a0\u00bb header_3_letter_spacing=\u00a0\u00bb1.8px\u00a0\u00bb header_3_line_height=\u00a0\u00bb24px\u00a0\u00bb custom_margin=\u00a0\u00bb||2%||false|false\u00a0\u00bb custom_margin_tablet=\u00a0\u00bb||||false|false\u00a0\u00bb custom_margin_phone=\u00a0\u00bb||||false|false\u00a0\u00bb custom_margin_last_edited=\u00a0\u00bbon|desktop\u00a0\u00bb custom_padding=\u00a0\u00bb||||false|false\u00a0\u00bb global_colors_info=\u00a0\u00bb{}\u00a0\u00bb]<\/p>\n<h3>Joey Yawn (il\/lui) &#8211; Membre de l&rsquo;\u00e9quipe \u00e9v\u00e9nementielle<\/h3>\n<p>[\/et_pb_text][et_pb_text _builder_version=\u00a0\u00bb4.17.6&Prime; _module_preset=\u00a0\u00bbdefault\u00a0\u00bb custom_padding=\u00a0\u00bb||||false|false\u00a0\u00bb custom_padding_tablet=\u00a0\u00bb||||false|false\u00a0\u00bb custom_padding_phone=\u00a0\u00bb||||false|false\u00a0\u00bb custom_padding_last_edited=\u00a0\u00bbon|desktop\u00a0\u00bb global_colors_info=\u00a0\u00bb{}\u00a0\u00bb]<\/p>\n<p>Plein de vie et passionn\u00e9 par le plaisir, Joey est \u00e0 la fois humble et ravi de se joindre \u00e0 l&rsquo;\u00e9quipe VACAYA. Ayant grandi dans une petite ville de Floride o\u00f9 la plupart de ses habitants se contentent d&rsquo;un style de vie au rythme lent, le d\u00e9sir de Joey d&rsquo;explorer le monde a toujours \u00e9t\u00e9 au premier plan de son esprit. Il s&rsquo;est finalement install\u00e9 dans une carri\u00e8re dans la gestion de la vente au d\u00e9tail, qu&rsquo;il aimait, mais cela ne lui a pas laiss\u00e9 le temps de marquer de nombreuses destinations sur sa liste de choses \u00e0 faire. Travaillant actuellement comme agent immobilier, Joey peut maintenant se concentrer sur sa passion pour les voyages. Ses endroits pr\u00e9f\u00e9r\u00e9s vont de NYC \u00e0 Vegas, de Boston \u00e0 Savannah et de Ptown \u00e0 n&rsquo;importe quel bateau de croisi\u00e8re \u00e0 destination de destinations exotiques. Joey apporte sa personnalit\u00e9 dynamique et son amour de la vie \u00e0 chaque invit\u00e9 VACAYA&nbsp;; sa douceur et son charme m\u00e9ridional vous laisseront toujours le sourire aux l\u00e8vres et le rire aux l\u00e8vres. Suivez Joey sur Insta @ <a href=\"https:\/\/www.instagram.com\/jyawn76\/\" target=\"_blank\" rel=\"noopener\"><strong>jyawn76<\/strong><\/a> .<\/p>\n<p>[\/et_pb_text][dmpro_masonry_gallery images=\u00a0\u00bb28989,28988,28987,28986,28985,28984&Prime; columns=\u00a0\u00bb6&Prime; columns_tablet=\u00a0\u00bb6&Prime; columns_phone=\u00a0\u00bb3&Prime; columns_last_edited=\u00a0\u00bbon|desktop\u00a0\u00bb _builder_version=\u00a0\u00bb4.17.6&Prime; _module_preset=\u00a0\u00bbdefault\u00a0\u00bb global_colors_info=\u00a0\u00bb{}\u00a0\u00bb][\/dmpro_masonry_gallery][\/et_pb_column][\/et_pb_row][\/et_pb_section][et_pb_section fb_built=\u00a0\u00bb1&Prime; admin_label=\u00a0\u00bbJohanna Pscodna\u00a0\u00bb _builder_version=\u00a0\u00bb4.17.6&Prime; _module_preset=\u00a0\u00bbdefault\u00a0\u00bb custom_padding=\u00a0\u00bb0%||||false|false\u00a0\u00bb collapsed=\u00a0\u00bbon\u00a0\u00bb global_colors_info=\u00a0\u00bb{}\u00a0\u00bb][et_pb_row _builder_version=\u00a0\u00bb4.17.6&Prime; _module_preset=\u00a0\u00bbdefault\u00a0\u00bb custom_padding=\u00a0\u00bb0%||||false|false\u00a0\u00bb global_colors_info=\u00a0\u00bb{}\u00a0\u00bb][et_pb_column type=\u00a0\u00bb4_4&Prime; _builder_version=\u00a0\u00bb4.17.6&Prime; _module_preset=\u00a0\u00bbdefault\u00a0\u00bb global_colors_info=\u00a0\u00bb{}\u00a0\u00bb][et_pb_text admin_label=\u00a0\u00bbSection Title &#8211; H3&Prime; _builder_version=\u00a0\u00bb4.23.4&Prime; _module_preset=\u00a0\u00bbdefault\u00a0\u00bb header_3_font=\u00a0\u00bbFutura Bold|||on|||||\u00a0\u00bb header_3_text_align=\u00a0\u00bbleft\u00a0\u00bb header_3_text_color=\u00a0\u00bb#000000&Prime; header_3_font_size=\u00a0\u00bb18px\u00a0\u00bb header_3_letter_spacing=\u00a0\u00bb1.8px\u00a0\u00bb header_3_line_height=\u00a0\u00bb24px\u00a0\u00bb custom_margin=\u00a0\u00bb||2%||false|false\u00a0\u00bb custom_margin_tablet=\u00a0\u00bb||||false|false\u00a0\u00bb custom_margin_phone=\u00a0\u00bb||||false|false\u00a0\u00bb custom_margin_last_edited=\u00a0\u00bbon|desktop\u00a0\u00bb custom_padding=\u00a0\u00bb||||false|false\u00a0\u00bb global_colors_info=\u00a0\u00bb{}\u00a0\u00bb]<\/p>\n<h3>Johanna Pscodna (elle) &#8211; Sp\u00e9cialiste de l&rsquo;exp\u00e9rience client<\/h3>\n<p>[\/et_pb_text][et_pb_text _builder_version=\u00a0\u00bb4.17.6&Prime; _module_preset=\u00a0\u00bbdefault\u00a0\u00bb custom_padding=\u00a0\u00bb||||false|false\u00a0\u00bb custom_padding_tablet=\u00a0\u00bb||||false|false\u00a0\u00bb custom_padding_phone=\u00a0\u00bb||||false|false\u00a0\u00bb custom_padding_last_edited=\u00a0\u00bbon|phone\u00a0\u00bb global_colors_info=\u00a0\u00bb{}\u00a0\u00bb]<\/p>\n<p style=\"font-weight: 400;\">\u00ab\u00a0Voyagez\u2026 soyez aventureux et vivez TOUT !!\u00a0\u00bb est le mantra de Johanna qui aborde la prochaine phase de sa vie en tant que directrice d&rsquo;\u00e9cole primaire \u00e0 la retraite. Elle a grandi dans le Michigan avec une famille sportive et aventureuse voyageant \u00e0 travers les \u00c9tats-Unis pour divers tournois, \u00e9v\u00e9nements sportifs et vacances en famille dans leur camping-car Cruise Air de 32 pieds. Elle a voyag\u00e9 dans 25 pays diff\u00e9rents et en ajoute chaque mois. Les voyages VACAYA en Antarctique et un safari en Afrique sont des voyages qui figureront sur sa liste de voyages pr\u00e9f\u00e9r\u00e9s de TOUS LES TEMPS. Johanna aime particuli\u00e8rement voyager avec sa famille et ses amis et prendre les devants en tant que \u00ab guide touristique \u00bb non officiel. Maintenant qu&rsquo;elle est \u00e0 la retraite, ils ont h\u00e2te de voyager encore plus\u2026 que ce soit en kayak, en motomarine, en bateau de croisi\u00e8re, en avion ou dans leur futur VR.<\/p>\n<p style=\"font-weight: 400;\">Jo aime divertir les autres gr\u00e2ce \u00e0 sa personnalit\u00e9 vive, charismatique et amusante. Elle se moque souvent d&rsquo;elle-m\u00eame et r\u00eave d&rsquo;\u00eatre sous les projecteurs en tant qu&rsquo;artiste professionnelle. Cependant, le manque de talent vocal en fait un d\u00e9fi, mais vous devrez en juger par vous-m\u00eame lors de notre karaok\u00e9. Jo a un sourire contagieux qui vous attirera et une personnalit\u00e9 qui illumine chaque pi\u00e8ce. Elle \u00e9gayera \u00e0 coup s\u00fbr votre journ\u00e9e ! Suivez Jo sur Facebook @ <a href=\"https:\/\/www.facebook.com\/johanna.pscodna\"><strong>johanna.pscodna<\/strong><\/a> .<\/p>\n<p>[\/et_pb_text][dmpro_masonry_gallery images=\u00a0\u00bb28858,28856,28855,28857,28853,28854&Prime; columns=\u00a0\u00bb6&Prime; columns_tablet=\u00a0\u00bb6&Prime; columns_phone=\u00a0\u00bb3&Prime; columns_last_edited=\u00a0\u00bbon|desktop\u00a0\u00bb _builder_version=\u00a0\u00bb4.17.6&Prime; _module_preset=\u00a0\u00bbdefault\u00a0\u00bb global_colors_info=\u00a0\u00bb{}\u00a0\u00bb][\/dmpro_masonry_gallery][\/et_pb_column][\/et_pb_row][\/et_pb_section][et_pb_section fb_built=\u00a0\u00bb1&Prime; admin_label=\u00a0\u00bbJoseph Love\u00a0\u00bb _builder_version=\u00a0\u00bb4.17.6&Prime; _module_preset=\u00a0\u00bbdefault\u00a0\u00bb custom_padding=\u00a0\u00bb0%||||false|false\u00a0\u00bb collapsed=\u00a0\u00bbon\u00a0\u00bb global_colors_info=\u00a0\u00bb{}\u00a0\u00bb][et_pb_row _builder_version=\u00a0\u00bb4.17.6&Prime; _module_preset=\u00a0\u00bbdefault\u00a0\u00bb custom_padding=\u00a0\u00bb0%||||false|false\u00a0\u00bb global_colors_info=\u00a0\u00bb{}\u00a0\u00bb][et_pb_column type=\u00a0\u00bb4_4&Prime; _builder_version=\u00a0\u00bb4.17.6&Prime; _module_preset=\u00a0\u00bbdefault\u00a0\u00bb global_colors_info=\u00a0\u00bb{}\u00a0\u00bb][et_pb_text admin_label=\u00a0\u00bbSection Title &#8211; H3&Prime; _builder_version=\u00a0\u00bb4.17.6&Prime; _module_preset=\u00a0\u00bbdefault\u00a0\u00bb header_3_font=\u00a0\u00bbFutura Bold|||on|||||\u00a0\u00bb header_3_text_align=\u00a0\u00bbleft\u00a0\u00bb header_3_text_color=\u00a0\u00bb#000000&Prime; header_3_font_size=\u00a0\u00bb18px\u00a0\u00bb header_3_letter_spacing=\u00a0\u00bb1.8px\u00a0\u00bb header_3_line_height=\u00a0\u00bb24px\u00a0\u00bb custom_margin=\u00a0\u00bb||2%||false|false\u00a0\u00bb custom_margin_tablet=\u00a0\u00bb||||false|false\u00a0\u00bb custom_margin_phone=\u00a0\u00bb||||false|false\u00a0\u00bb custom_margin_last_edited=\u00a0\u00bbon|desktop\u00a0\u00bb custom_padding=\u00a0\u00bb||||false|false\u00a0\u00bb global_colors_info=\u00a0\u00bb{}\u00a0\u00bb]<\/p>\n<h3>Joseph Love (il\/lui) &#8211; Membre de l&rsquo;\u00e9quipe \u00e9v\u00e9nementielle<\/h3>\n<p>[\/et_pb_text][et_pb_text _builder_version=\u00a0\u00bb4.23.4&Prime; _module_preset=\u00a0\u00bbdefault\u00a0\u00bb custom_padding=\u00a0\u00bb||||false|false\u00a0\u00bb custom_padding_tablet=\u00a0\u00bb||||false|false\u00a0\u00bb custom_padding_phone=\u00a0\u00bb||||false|false\u00a0\u00bb custom_padding_last_edited=\u00a0\u00bbon|desktop\u00a0\u00bb global_colors_info=\u00a0\u00bb{}\u00a0\u00bb]<\/p>\n<p>Joseph est plus heureux que jamais lorsqu&rsquo;il fait ce qu&rsquo;il aime le plus : DANSER ! Gr\u00e2ce \u00e0 son travail sur sc\u00e8ne, derri\u00e8re la cam\u00e9ra et dans la r\u00e9alisation de clips musicaux, il est tomb\u00e9 amoureux des arts de la sc\u00e8ne. Danseur depuis son plus jeune \u00e2ge, il a foul\u00e9 les sc\u00e8nes d&rsquo;America&rsquo;s Best Dance Crew, a remport\u00e9 sept fois cons\u00e9cutivement le concours Showtime \u00e0 l&rsquo;Apollo Theatre de New York et a assur\u00e9 les premi\u00e8res parties de nombreux artistes. Parmi ses passions artistiques, on retrouve la d\u00e9coration d&rsquo;int\u00e9rieur, le mannequinat, la mode et, bien s\u00fbr\u2026 les voyages autour du monde. La joie pure et surr\u00e9aliste qu&rsquo;il a ressentie lors de son premier voyage avec VACAYA \u00e9tait indescriptible.     \u00ab\u00a0Euphoric\u00a0\u00bb est le seul mot auquel il peut penser pour d\u00e9crire son exp\u00e9rience \u00e9poustouflante et magnifique. Et nous sommes ravis de l&rsquo;avoir maintenant avec nous r\u00e9guli\u00e8rement pour nos \u00e9v\u00e9nements. Joseph vit \u00e0 Dallas, au Texas, o\u00f9 il est chef cuisinier \u00e0 temps plein et membre du conseil d&rsquo;administration de l&rsquo;association LGBTQ+ \u00ab Legacy Cares \u00bb. Dans ses rares moments de loisir, il est un cr\u00e9ateur de chaussures prometteur avec sa propre marque. <span class=\"apple-converted-space\"> <\/span><a title=\"https:\/\/www.aliveshoes.com\/lux-w-luv-4\" href=\"https:\/\/www.aliveshoes.com\/lux-w-luv-4\" target=\"_blank\" rel=\"noopener\" data-outlook-id=\"e1c3ac1e-9166-44f2-b5cb-33d4bb8b55f4\"><b>Lux avec amour<\/b><\/a> . Suivez Joseph sur Instagram @<span class=\"apple-converted-space\"> <\/span><a title=\"https:\/\/www.instagram.com\/the_josephlove\/\" href=\"https:\/\/www.instagram.com\/the_josephlove\/\" target=\"_blank\" rel=\"noopener\" data-outlook-id=\"a84e0f21-2db8-40de-9a52-ccd17b91515c\"><b>le_josephlove<\/b><\/a> .<\/p>\n<p>[\/et_pb_text][dmpro_masonry_gallery images=\u00a0\u00bb172664,172655,172646,172637,172628,28993&Prime; columns=\u00a0\u00bb6&Prime; columns_tablet=\u00a0\u00bb6&Prime; columns_phone=\u00a0\u00bb3&Prime; columns_last_edited=\u00a0\u00bbon|desktop\u00a0\u00bb _builder_version=\u00a0\u00bb4.23.4&Prime; _module_preset=\u00a0\u00bbdefault\u00a0\u00bb global_colors_info=\u00a0\u00bb{}\u00a0\u00bb][\/dmpro_masonry_gallery][\/et_pb_column][\/et_pb_row][\/et_pb_section][et_pb_section fb_built=\u00a0\u00bb1&Prime; admin_label=\u00a0\u00bbJulie Croy\u00a0\u00bb _builder_version=\u00a0\u00bb4.17.6&Prime; _module_preset=\u00a0\u00bbdefault\u00a0\u00bb custom_padding=\u00a0\u00bb0%||||false|false\u00a0\u00bb collapsed=\u00a0\u00bbon\u00a0\u00bb global_colors_info=\u00a0\u00bb{}\u00a0\u00bb][et_pb_row _builder_version=\u00a0\u00bb4.17.6&Prime; _module_preset=\u00a0\u00bbdefault\u00a0\u00bb custom_padding=\u00a0\u00bb0%||||false|false\u00a0\u00bb global_colors_info=\u00a0\u00bb{}\u00a0\u00bb][et_pb_column type=\u00a0\u00bb4_4&Prime; _builder_version=\u00a0\u00bb4.17.6&Prime; _module_preset=\u00a0\u00bbdefault\u00a0\u00bb global_colors_info=\u00a0\u00bb{}\u00a0\u00bb][et_pb_text admin_label=\u00a0\u00bbSection Title &#8211; H3&Prime; _builder_version=\u00a0\u00bb4.17.6&Prime; _module_preset=\u00a0\u00bbdefault\u00a0\u00bb header_3_font=\u00a0\u00bbFutura Bold|||on|||||\u00a0\u00bb header_3_text_align=\u00a0\u00bbleft\u00a0\u00bb header_3_text_color=\u00a0\u00bb#000000&Prime; header_3_font_size=\u00a0\u00bb18px\u00a0\u00bb header_3_letter_spacing=\u00a0\u00bb1.8px\u00a0\u00bb header_3_line_height=\u00a0\u00bb24px\u00a0\u00bb custom_margin=\u00a0\u00bb||2%||false|false\u00a0\u00bb custom_margin_tablet=\u00a0\u00bb||||false|false\u00a0\u00bb custom_margin_phone=\u00a0\u00bb||||false|false\u00a0\u00bb custom_margin_last_edited=\u00a0\u00bbon|desktop\u00a0\u00bb custom_padding=\u00a0\u00bb||||false|false\u00a0\u00bb global_colors_info=\u00a0\u00bb{}\u00a0\u00bb]<\/p>\n<h3>Julie Croy (elle\/elle) &#8211; Membre de l&rsquo;\u00e9quipe \u00e9v\u00e9nementielle<\/h3>\n<p>[\/et_pb_text][et_pb_text _builder_version=\u00a0\u00bb4.17.6&Prime; _module_preset=\u00a0\u00bbdefault\u00a0\u00bb custom_padding=\u00a0\u00bb||||false|false\u00a0\u00bb custom_padding_tablet=\u00a0\u00bb||||false|false\u00a0\u00bb custom_padding_phone=\u00a0\u00bb||||false|false\u00a0\u00bb custom_padding_last_edited=\u00a0\u00bbon|desktop\u00a0\u00bb global_colors_info=\u00a0\u00bb{}\u00a0\u00bb]<\/p>\n<p>Julie a pass\u00e9 la majeure partie de sa vie d&rsquo;adulte en tant qu&rsquo;\u00e9ducatrice, coach et mentor. Ayant pris sa retraite il y a seulement trois ans, elle continue de se consacrer \u00e0 l&rsquo;enseignement, au coaching et au mentorat. C&rsquo;est peut-\u00eatre vrai que si vous aimez ce que vous faites, vous ne travaillez jamais un seul jour de votre vie. Julie apporte de l&rsquo;\u00e9nergie et du rire dans tout ce qu&rsquo;elle fait et aime saupoudrer de joie partout o\u00f9 elle va. Lorsqu&rsquo;on lui demande o\u00f9 se trouve son lieu de vacances pr\u00e9f\u00e9r\u00e9, elle r\u00e9pond n&rsquo;importe o\u00f9 \u00ab&nbsp;sur, dans ou pr\u00e8s de l&rsquo;eau&nbsp;\u00bb (la neige compte aussi&nbsp;!). En tant que Michigander \u00e0 vie, son c\u0153ur appartient aux Grands Lacs. Certains de ses souvenirs pr\u00e9f\u00e9r\u00e9s concernent le camping, la randonn\u00e9e, le ski, la navigation de plaisance, les couchers de soleil sur le lac Michigan et l&rsquo;observation des aurores bor\u00e9ales sur le lac Sup\u00e9rieur. Alors que son univers tourne autour de son quadrup\u00e8de, de sa femme et de sa fille, elle remuera ciel et terre pour passer du temps de qualit\u00e9 avec son ch\u00e9ri ador\u00e9 ! Vous pouvez \u00eatre s\u00fbr de trouver Julie partout o\u00f9 il y a du soleil, de l&rsquo;eau, de la bonne musique et de bons amis.<\/p>\n<p>[\/et_pb_text][dmpro_masonry_gallery images=\u00a0\u00bb28959,28955,28954,28957,28958,28956&Prime; columns=\u00a0\u00bb6&Prime; columns_tablet=\u00a0\u00bb6&Prime; columns_phone=\u00a0\u00bb3&Prime; columns_last_edited=\u00a0\u00bbon|desktop\u00a0\u00bb _builder_version=\u00a0\u00bb4.17.6&Prime; _module_preset=\u00a0\u00bbdefault\u00a0\u00bb global_colors_info=\u00a0\u00bb{}\u00a0\u00bb][\/dmpro_masonry_gallery][\/et_pb_column][\/et_pb_row][\/et_pb_section][et_pb_section fb_built=\u00a0\u00bb1&Prime; admin_label=\u00a0\u00bbJustice Simmons\u00a0\u00bb _builder_version=\u00a0\u00bb4.17.6&Prime; _module_preset=\u00a0\u00bbdefault\u00a0\u00bb custom_padding=\u00a0\u00bb0%||||false|false\u00a0\u00bb collapsed=\u00a0\u00bbon\u00a0\u00bb global_colors_info=\u00a0\u00bb{}\u00a0\u00bb][et_pb_row _builder_version=\u00a0\u00bb4.17.6&Prime; _module_preset=\u00a0\u00bbdefault\u00a0\u00bb custom_padding=\u00a0\u00bb0%||||false|false\u00a0\u00bb global_colors_info=\u00a0\u00bb{}\u00a0\u00bb][et_pb_column type=\u00a0\u00bb4_4&Prime; _builder_version=\u00a0\u00bb4.17.6&Prime; _module_preset=\u00a0\u00bbdefault\u00a0\u00bb global_colors_info=\u00a0\u00bb{}\u00a0\u00bb][et_pb_text admin_label=\u00a0\u00bbSection Title &#8211; H3&Prime; _builder_version=\u00a0\u00bb4.17.6&Prime; _module_preset=\u00a0\u00bbdefault\u00a0\u00bb header_3_font=\u00a0\u00bbFutura Bold|||on|||||\u00a0\u00bb header_3_text_align=\u00a0\u00bbleft\u00a0\u00bb header_3_text_color=\u00a0\u00bb#000000&Prime; header_3_font_size=\u00a0\u00bb18px\u00a0\u00bb header_3_letter_spacing=\u00a0\u00bb1.8px\u00a0\u00bb header_3_line_height=\u00a0\u00bb24px\u00a0\u00bb custom_margin=\u00a0\u00bb||2%||false|false\u00a0\u00bb custom_margin_tablet=\u00a0\u00bb||||false|false\u00a0\u00bb custom_margin_phone=\u00a0\u00bb||||false|false\u00a0\u00bb custom_margin_last_edited=\u00a0\u00bbon|desktop\u00a0\u00bb custom_padding=\u00a0\u00bb||||false|false\u00a0\u00bb global_colors_info=\u00a0\u00bb{}\u00a0\u00bb]<\/p>\n<h3>Juge Simmons (il\/elle\/ils) &#8211; Membre de l&rsquo;\u00e9quipe de l&rsquo;\u00e9v\u00e9nement<\/h3>\n<p>[\/et_pb_text][et_pb_text _builder_version=\u00a0\u00bb4.23.4&Prime; _module_preset=\u00a0\u00bbdefault\u00a0\u00bb custom_padding=\u00a0\u00bb||||false|false\u00a0\u00bb custom_padding_tablet=\u00a0\u00bb||||false|false\u00a0\u00bb custom_padding_phone=\u00a0\u00bb||||false|false\u00a0\u00bb custom_padding_last_edited=\u00a0\u00bbon|desktop\u00a0\u00bb global_colors_info=\u00a0\u00bb{}\u00a0\u00bb]<\/p>\n<p>Depuis 2021, Justice est un membre dynamique de la famille VACAYA, apportant passion, d\u00e9vouement et un profond sens du devoir \u00e0 chaque projet. Professionnelle et militante chevronn\u00e9e du r\u00e9tablissement, Justice s&rsquo;engage \u00e0 guider les personnes vers la gu\u00e9rison et l&rsquo;\u00e9panouissement, tout en sensibilisant le public aux questions de sant\u00e9 mentale. Son r\u00f4le d&rsquo;artiste drag met en valeur sa cr\u00e9ativit\u00e9 et inspire son entourage. Au-del\u00e0 de son travail avec VACAYA, Justice si\u00e8ge au conseil d&rsquo;administration de la Fondation San Antonio contre le sida, o\u00f9 son leadership et sa compassion contribuent \u00e0 impulser un changement significatif au sein de la communaut\u00e9. \u00c0 travers toutes ses initiatives, Justice t\u00e9moigne d&rsquo;un engagement profond \u00e0 soutenir les autres et \u00e0 avoir un impact positif. Suivez Justice sur Twitter&nbsp;: @ <strong><a href=\"https:\/\/www.instagram.com\/justice.simmons.507\/\" target=\"_blank\" rel=\"noopener\">Justice.Simmons.507<\/a><\/strong> et <strong><a href=\"https:\/\/www.instagram.com\/jazminediamondfillups\/\" target=\"_blank\" rel=\"noopener\">@jazminediamondfillups<\/a><\/strong> .     <\/p>\n<p>[\/et_pb_text][dmpro_masonry_gallery images=\u00a0\u00bb172554,172545,172536,172527,172518,172509&Prime; columns=\u00a0\u00bb6&Prime; columns_tablet=\u00a0\u00bb6&Prime; columns_phone=\u00a0\u00bb3&Prime; columns_last_edited=\u00a0\u00bbon|desktop\u00a0\u00bb _builder_version=\u00a0\u00bb4.23.4&Prime; _module_preset=\u00a0\u00bbdefault\u00a0\u00bb global_colors_info=\u00a0\u00bb{}\u00a0\u00bb][\/dmpro_masonry_gallery][\/et_pb_column][\/et_pb_row][\/et_pb_section][et_pb_section fb_built=\u00a0\u00bb1&Prime; admin_label=\u00a0\u00bbJustin Derry\u00a0\u00bb _builder_version=\u00a0\u00bb4.17.6&Prime; _module_preset=\u00a0\u00bbdefault\u00a0\u00bb custom_padding=\u00a0\u00bb0%||||false|false\u00a0\u00bb collapsed=\u00a0\u00bbon\u00a0\u00bb global_colors_info=\u00a0\u00bb{}\u00a0\u00bb][et_pb_row _builder_version=\u00a0\u00bb4.17.6&Prime; _module_preset=\u00a0\u00bbdefault\u00a0\u00bb custom_padding=\u00a0\u00bb0%||||false|false\u00a0\u00bb global_colors_info=\u00a0\u00bb{}\u00a0\u00bb][et_pb_column type=\u00a0\u00bb4_4&Prime; _builder_version=\u00a0\u00bb4.17.6&Prime; _module_preset=\u00a0\u00bbdefault\u00a0\u00bb global_colors_info=\u00a0\u00bb{}\u00a0\u00bb][et_pb_text admin_label=\u00a0\u00bbSection Title &#8211; H3&Prime; _builder_version=\u00a0\u00bb4.17.6&Prime; _module_preset=\u00a0\u00bbdefault\u00a0\u00bb header_3_font=\u00a0\u00bbFutura Bold|||on|||||\u00a0\u00bb header_3_text_align=\u00a0\u00bbleft\u00a0\u00bb header_3_text_color=\u00a0\u00bb#000000&Prime; header_3_font_size=\u00a0\u00bb18px\u00a0\u00bb header_3_letter_spacing=\u00a0\u00bb1.8px\u00a0\u00bb header_3_line_height=\u00a0\u00bb24px\u00a0\u00bb custom_margin=\u00a0\u00bb||2%||false|false\u00a0\u00bb custom_margin_tablet=\u00a0\u00bb||||false|false\u00a0\u00bb custom_margin_phone=\u00a0\u00bb||||false|false\u00a0\u00bb custom_margin_last_edited=\u00a0\u00bbon|desktop\u00a0\u00bb custom_padding=\u00a0\u00bb||||false|false\u00a0\u00bb global_colors_info=\u00a0\u00bb{}\u00a0\u00bb]<\/p>\n<h3>Justin Derry (il\/lui) &#8211; Membre de l&rsquo;\u00e9quipe \u00e9v\u00e9nementielle<\/h3>\n<p>[\/et_pb_text][et_pb_text _builder_version=\u00a0\u00bb4.23.4&Prime; _module_preset=\u00a0\u00bbdefault\u00a0\u00bb custom_padding=\u00a0\u00bb||||false|false\u00a0\u00bb custom_padding_tablet=\u00a0\u00bb||||false|false\u00a0\u00bb custom_padding_phone=\u00a0\u00bb||||false|false\u00a0\u00bb custom_padding_last_edited=\u00a0\u00bbon|desktop\u00a0\u00bb global_colors_info=\u00a0\u00bb{}\u00a0\u00bb]<\/p>\n<p class=\"x_x_MsoNormal\">Justin Derry est un artiste, chanteur et infirmier du comt\u00e9 de Bucks, en Pennsylvanie. Il a travaill\u00e9 dans l&rsquo;industrie de la sant\u00e9 pendant plus d&rsquo;une d\u00e9cennie, se sp\u00e9cialisant dans la perfusion ambulatoire d&rsquo;h\u00e9matologie\/oncologie. Lorsqu&rsquo;il s&rsquo;agit de servir ses patients, Justin s&rsquo;attache \u00e0 comprendre leurs besoins, \u00e0 faire preuve d&#8217;empathie envers eux et \u00e0 leur faire sourire \u00e0 chaque occasion. Pendant son temps libre, Justin se produit avec un certain nombre de compagnies de th\u00e9\u00e2tre dans la banlieue de Philadelphie et est membre r\u00e9sident de la troupe du Music Mountain Theatre de Lambertville, New Jersey. Il aime passer du temps \u00e0 Walt Disney World chaque fois qu&rsquo;il en a l&rsquo;occasion, et il a h\u00e2te de poursuivre ses voyages avec VACAYA apr\u00e8s avoir \u00e9t\u00e9 l&rsquo;invit\u00e9 de 4 voyages dans un complexe. L&rsquo;objectif de Justin est de parcourir le monde, afin qu&rsquo;il puisse d\u00e9couvrir diff\u00e9rentes cultures, go\u00fbter diff\u00e9rentes cuisines\u2026 et visiter tous les parcs Disney ! Suivez Justin sur Insta @ <strong><a href=\"https:\/\/www.instagram.com\/jd_rn\/\" target=\"_blank\" rel=\"noopener\">jd_rn<\/a><\/strong> .<\/p>\n<p>[\/et_pb_text][dmpro_masonry_gallery images=\u00a0\u00bb35522,35523,35524,35526,35527,35528&Prime; columns=\u00a0\u00bb6&Prime; columns_tablet=\u00a0\u00bb6&Prime; columns_phone=\u00a0\u00bb3&Prime; columns_last_edited=\u00a0\u00bbon|desktop\u00a0\u00bb _builder_version=\u00a0\u00bb4.17.6&Prime; _module_preset=\u00a0\u00bbdefault\u00a0\u00bb global_colors_info=\u00a0\u00bb{}\u00a0\u00bb][\/dmpro_masonry_gallery][\/et_pb_column][\/et_pb_row][\/et_pb_section][et_pb_section fb_built=\u00a0\u00bb1&Prime; admin_label=\u00a0\u00bbJustin Gagaring\u00a0\u00bb _builder_version=\u00a0\u00bb4.17.6&Prime; _module_preset=\u00a0\u00bbdefault\u00a0\u00bb custom_padding=\u00a0\u00bb0%||||false|false\u00a0\u00bb collapsed=\u00a0\u00bbon\u00a0\u00bb global_colors_info=\u00a0\u00bb{}\u00a0\u00bb][et_pb_row _builder_version=\u00a0\u00bb4.17.6&Prime; _module_preset=\u00a0\u00bbdefault\u00a0\u00bb custom_padding=\u00a0\u00bb0%||||false|false\u00a0\u00bb global_colors_info=\u00a0\u00bb{}\u00a0\u00bb][et_pb_column type=\u00a0\u00bb4_4&Prime; _builder_version=\u00a0\u00bb4.17.6&Prime; _module_preset=\u00a0\u00bbdefault\u00a0\u00bb global_colors_info=\u00a0\u00bb{}\u00a0\u00bb][et_pb_text admin_label=\u00a0\u00bbSection Title &#8211; H3&Prime; _builder_version=\u00a0\u00bb4.17.6&Prime; _module_preset=\u00a0\u00bbdefault\u00a0\u00bb header_3_font=\u00a0\u00bbFutura Bold|||on|||||\u00a0\u00bb header_3_text_align=\u00a0\u00bbleft\u00a0\u00bb header_3_text_color=\u00a0\u00bb#000000&Prime; header_3_font_size=\u00a0\u00bb18px\u00a0\u00bb header_3_letter_spacing=\u00a0\u00bb1.8px\u00a0\u00bb header_3_line_height=\u00a0\u00bb24px\u00a0\u00bb custom_margin=\u00a0\u00bb||2%||false|false\u00a0\u00bb custom_margin_tablet=\u00a0\u00bb||||false|false\u00a0\u00bb custom_margin_phone=\u00a0\u00bb||||false|false\u00a0\u00bb custom_margin_last_edited=\u00a0\u00bbon|desktop\u00a0\u00bb custom_padding=\u00a0\u00bb||||false|false\u00a0\u00bb global_colors_info=\u00a0\u00bb{}\u00a0\u00bb]<\/p>\n<h3>Justin Gagaring (il\/lui) &#8211; Membre de l&rsquo;\u00e9quipe \u00e9v\u00e9nementielle<\/h3>\n<p>[\/et_pb_text][et_pb_text _builder_version=\u00a0\u00bb4.23.4&Prime; _module_preset=\u00a0\u00bbdefault\u00a0\u00bb custom_padding=\u00a0\u00bb||||false|false\u00a0\u00bb custom_padding_tablet=\u00a0\u00bb||||false|false\u00a0\u00bb custom_padding_phone=\u00a0\u00bb||||false|false\u00a0\u00bb custom_padding_last_edited=\u00a0\u00bbon|desktop\u00a0\u00bb global_colors_info=\u00a0\u00bb{}\u00a0\u00bb]<\/p>\n<p class=\"x_x_MsoNormal\">Justin a un amour particulier pour les voyages et c&rsquo;est pourquoi il a choisi de devenir agent de bord. Il adore essayer de nouveaux aliments, d\u00e9couvrir diff\u00e9rentes cultures et voir \u00e0 quel point nous sommes diff\u00e9rents ou vraiment semblables \u00e0 bien des \u00e9gards. Justin adore danser, et l&rsquo;utiliser comme l&rsquo;un de ses entra\u00eenements est la meilleure sensation possible. Il est un passionn\u00e9 de plantes et aime vivre dans sa propre jungle. Justin poss\u00e8de une \u00e9norme collection de plantes et fait partie d&rsquo;une communaut\u00e9 v\u00e9g\u00e9tale dans la r\u00e9gion de DFW. Il dirige avec amour et compassion dans tout ce qu&rsquo;il fait chaque jour, ce qui a permis \u00e0 Justin de rencontrer les autres dans une lumi\u00e8re sans fin de positivit\u00e9. H a un partenaire incroyable qui le soutient et est toujours l\u00e0 pour rappeler \u00e0 Justin ses \u00abpourquoi\u00bb et \u00e0 quel point il est aim\u00e9. La famille de Justin est au c\u0153ur de son \u00eatre et elle est avec lui dans tout ce qu&rsquo;il fait, motivant Justin d&rsquo;une mani\u00e8re \u00e0 laquelle il ne s&rsquo;attendait pas en tant que plus grande pom-pom girl de sa vie. La sp\u00e9cialit\u00e9 de Justin, c&rsquo;est de se d\u00e9cha\u00eener et de passer un bon moment. Au cours de ses voyages, il recherche des espaces s\u00fbrs o\u00f9 il peut \u00eatre lui-m\u00eame, sans aucune excuse. La promesse de Justin aux Vacayans est que si vous vous retrouvez avec lui, vous aurez \u00e0 la fois un ami, un nouveau membre de la famille et un partenaire de f\u00eate ! Vous pouvez retrouver Justin sur Instagram @ <strong><a href=\"https:\/\/www.instagram.com\/justiinlovve\/\" target=\"_blank\" rel=\"noopener\">justiinlovve<\/a><\/strong> .<\/p>\n<p>[\/et_pb_text][dmpro_masonry_gallery images=\u00a0\u00bb142504,142485,142461,142444,142431,142422&Prime; columns=\u00a0\u00bb6&Prime; columns_tablet=\u00a0\u00bb6&Prime; columns_phone=\u00a0\u00bb3&Prime; columns_last_edited=\u00a0\u00bbon|desktop\u00a0\u00bb _builder_version=\u00a0\u00bb4.17.6&Prime; _module_preset=\u00a0\u00bbdefault\u00a0\u00bb global_colors_info=\u00a0\u00bb{}\u00a0\u00bb][\/dmpro_masonry_gallery][\/et_pb_column][\/et_pb_row][\/et_pb_section][et_pb_section fb_built=\u00a0\u00bb1&Prime; admin_label=\u00a0\u00bbJustin Haisma\u00a0\u00bb _builder_version=\u00a0\u00bb4.23.4&Prime; _module_preset=\u00a0\u00bbdefault\u00a0\u00bb custom_padding=\u00a0\u00bb0%||||false|false\u00a0\u00bb collapsed=\u00a0\u00bbon\u00a0\u00bb global_colors_info=\u00a0\u00bb{}\u00a0\u00bb][et_pb_row _builder_version=\u00a0\u00bb4.17.6&Prime; _module_preset=\u00a0\u00bbdefault\u00a0\u00bb custom_padding=\u00a0\u00bb0%||||false|false\u00a0\u00bb global_colors_info=\u00a0\u00bb{}\u00a0\u00bb][et_pb_column type=\u00a0\u00bb4_4&Prime; _builder_version=\u00a0\u00bb4.17.6&Prime; _module_preset=\u00a0\u00bbdefault\u00a0\u00bb global_colors_info=\u00a0\u00bb{}\u00a0\u00bb][et_pb_text admin_label=\u00a0\u00bbSection Title &#8211; H3&Prime; _builder_version=\u00a0\u00bb4.23.4&Prime; _module_preset=\u00a0\u00bbdefault\u00a0\u00bb header_3_font=\u00a0\u00bbFutura Bold|||on|||||\u00a0\u00bb header_3_text_align=\u00a0\u00bbleft\u00a0\u00bb header_3_text_color=\u00a0\u00bb#000000&Prime; header_3_font_size=\u00a0\u00bb18px\u00a0\u00bb header_3_letter_spacing=\u00a0\u00bb1.8px\u00a0\u00bb header_3_line_height=\u00a0\u00bb24px\u00a0\u00bb custom_margin=\u00a0\u00bb||2%||false|false\u00a0\u00bb custom_margin_tablet=\u00a0\u00bb||||false|false\u00a0\u00bb custom_margin_phone=\u00a0\u00bb||||false|false\u00a0\u00bb custom_margin_last_edited=\u00a0\u00bbon|desktop\u00a0\u00bb custom_padding=\u00a0\u00bb||||false|false\u00a0\u00bb global_colors_info=\u00a0\u00bb{}\u00a0\u00bb]<\/p>\n<h3>Justin Haisma (il\/lui) &#8211; Membre de l&rsquo;\u00e9quipe \u00e9v\u00e9nementielle<\/h3>\n<p>[\/et_pb_text][et_pb_text _builder_version=\u00a0\u00bb4.23.4&Prime; _module_preset=\u00a0\u00bbdefault\u00a0\u00bb custom_padding=\u00a0\u00bb||||false|false\u00a0\u00bb custom_padding_tablet=\u00a0\u00bb||||false|false\u00a0\u00bb custom_padding_phone=\u00a0\u00bb||||false|false\u00a0\u00bb custom_padding_last_edited=\u00a0\u00bbon|desktop\u00a0\u00bb global_colors_info=\u00a0\u00bb{}\u00a0\u00bb]<\/p>\n<p style=\"font-weight: 400;\">Justin est n\u00e9 et a grandi \u00e0 Grand Rapids, dans le Michigan. Sa passion pour le service et les voyages a d\u00e9but\u00e9 lors d&rsquo;un s\u00e9jour en Australie en 1998, dans le cadre d&rsquo;un programme d&rsquo;\u00e9change de villes jumel\u00e9es. Une fois piqu\u00e9 par le virus du voyage, il n&rsquo;a plus jamais regard\u00e9 en arri\u00e8re et, apr\u00e8s ses \u00e9tudes, il s&rsquo;est engag\u00e9 dans le Corps des Marines. Depuis, Justin a v\u00e9cu et voyag\u00e9 aux quatre coins des \u00c9tats-Unis et du monde. Il r\u00e9side aujourd&rsquo;hui \u00e0 Phoenix, en Arizona. Aussi vaste et magnifique que soit notre monde, et aussi passionn\u00e9 que soit Justin par les voyages, il l&rsquo;est encore plus par les relations humaines et la cr\u00e9ation de souvenirs. Que ce soit en famille ou entre amis \u2013 tous se valent \u00e0 ses yeux \u2013 rien ne le rend plus heureux que de voir des liens se tisser, des exp\u00e9riences v\u00e9cues, des rires et des souvenirs partag\u00e9s. Toujours pr\u00eat \u00e0 s&rsquo;impliquer, Justin aime entra\u00eener les autres dans l&rsquo;aventure (il suffit de dire \u00ab Oui, papa ! \u00bb). Lorsqu&rsquo;il n&rsquo;est pas en train d&rsquo;assouvir son insatiable soif de voyages, Justin travaille comme d\u00e9corateur d&rsquo;int\u00e9rieur et coach en bien-\u00eatre holistique. Il chante et danse \u00e9galement avec des troupes de th\u00e9\u00e2tre locales, parcourt les collines de Phoenix et de Sedona avec son fid\u00e8le compagnon Juno, et d\u00e9vore les documentaires de PBS et de la BBC sur la science, l&rsquo;histoire, la nature et, bien s\u00fbr, les voyages. Suivez Justin sur Instagram&nbsp;: <strong><a href=\"https:\/\/www.instagram.com\/onefurrydaddy\/\" target=\"_blank\" rel=\"noopener\">@onefurrydaddy<\/a><\/strong> .          <\/p>\n<p>[\/et_pb_text][dmpro_masonry_gallery images=\u00a0\u00bb184990,184985,184982,184969,184966,185012&Prime; columns=\u00a0\u00bb6&Prime; columns_tablet=\u00a0\u00bb6&Prime; columns_phone=\u00a0\u00bb3&Prime; columns_last_edited=\u00a0\u00bbon|desktop\u00a0\u00bb _builder_version=\u00a0\u00bb4.23.4&Prime; _module_preset=\u00a0\u00bbdefault\u00a0\u00bb global_colors_info=\u00a0\u00bb{}\u00a0\u00bb][\/dmpro_masonry_gallery][\/et_pb_column][\/et_pb_row][\/et_pb_section][et_pb_section fb_built=\u00a0\u00bb1&Prime; admin_label=\u00a0\u00bbKen Nice\u00a0\u00bb _builder_version=\u00a0\u00bb4.23.4&Prime; _module_preset=\u00a0\u00bbdefault\u00a0\u00bb custom_padding=\u00a0\u00bb0%||||false|false\u00a0\u00bb collapsed=\u00a0\u00bbon\u00a0\u00bb global_colors_info=\u00a0\u00bb{}\u00a0\u00bb][et_pb_row _builder_version=\u00a0\u00bb4.17.6&Prime; _module_preset=\u00a0\u00bbdefault\u00a0\u00bb custom_padding=\u00a0\u00bb0%||||false|false\u00a0\u00bb global_colors_info=\u00a0\u00bb{}\u00a0\u00bb][et_pb_column type=\u00a0\u00bb4_4&Prime; _builder_version=\u00a0\u00bb4.17.6&Prime; _module_preset=\u00a0\u00bbdefault\u00a0\u00bb global_colors_info=\u00a0\u00bb{}\u00a0\u00bb][et_pb_text admin_label=\u00a0\u00bbSection Title &#8211; H3&Prime; _builder_version=\u00a0\u00bb4.23.4&Prime; _module_preset=\u00a0\u00bbdefault\u00a0\u00bb header_3_font=\u00a0\u00bbFutura Bold|||on|||||\u00a0\u00bb header_3_text_align=\u00a0\u00bbleft\u00a0\u00bb header_3_text_color=\u00a0\u00bb#000000&Prime; header_3_font_size=\u00a0\u00bb18px\u00a0\u00bb header_3_letter_spacing=\u00a0\u00bb1.8px\u00a0\u00bb header_3_line_height=\u00a0\u00bb24px\u00a0\u00bb custom_margin=\u00a0\u00bb||2%||false|false\u00a0\u00bb custom_margin_tablet=\u00a0\u00bb||||false|false\u00a0\u00bb custom_margin_phone=\u00a0\u00bb||||false|false\u00a0\u00bb custom_margin_last_edited=\u00a0\u00bbon|desktop\u00a0\u00bb custom_padding=\u00a0\u00bb||||false|false\u00a0\u00bb global_colors_info=\u00a0\u00bb{}\u00a0\u00bb]<\/p>\n<h3>Ken Nice (il\/lui) &#8211; Membre de l&rsquo;\u00e9quipe \u00e9v\u00e9nementielle<\/h3>\n<p>[\/et_pb_text][et_pb_text _builder_version=\u00a0\u00bb4.23.4&Prime; _module_preset=\u00a0\u00bbdefault\u00a0\u00bb custom_padding=\u00a0\u00bb||||false|false\u00a0\u00bb custom_padding_tablet=\u00a0\u00bb||||false|false\u00a0\u00bb custom_padding_phone=\u00a0\u00bb||||false|false\u00a0\u00bb custom_padding_last_edited=\u00a0\u00bbon|phone\u00a0\u00bb global_colors_info=\u00a0\u00bb{}\u00a0\u00bb]<\/p>\n<p>N\u00e9 et \u00e9lev\u00e9 \u00e0 Buffalo, dans l&rsquo;\u00c9tat de New York, Ken est ravi de faire partie de la V Team. Au sein de l&rsquo;\u00e9quipe, il partage son sourire chaleureux, son amour des voyages et sa passion pour l&rsquo;aventure avec les autres voyageurs. Il a quitt\u00e9 Buffalo pour \u00e9tudier \u00e0 l&rsquo;Universit\u00e9 du Maryland et a pass\u00e9 la majeure partie de sa vie adulte \u00e0 Washington, D.C. (avec un court s\u00e9jour \u00e0 Los Angeles). Ken a r\u00e9cemment pris sa retraite apr\u00e8s une carri\u00e8re \u00e0 temps plein dans le recrutement pour les m\u00e9dias, o\u00f9 il a eu l&rsquo;opportunit\u00e9 de travailler avec des clients tels que NBC, Discovery et National Geographic. Depuis, il assouvit sa passion du voyage en effectuant de nombreux p\u00e9riples, dont une croisi\u00e8re de 28 jours entre Singapour et Le Cap. Lorsqu&rsquo;il ne voyage pas, Ken aime se prendre pour un photographe (\u00ab&nbsp;ce qui a attir\u00e9 mon attention&nbsp;\u00bb), passer du temps avec sa famille et ses amis, et suivre le tennis. Ken est retourn\u00e9 vivre \u00e0 Buffalo en 2022 (et Washington, D.C. lui manque \u00e9norm\u00e9ment) pour changer d&rsquo;air et se rapprocher de sa famille. Suivez Ken sur Instagram&nbsp;: @ <strong><a href=\"https:\/\/www.instagram.com\/niceken10\/\" target=\"_blank\" rel=\"noopener\">niceken10<\/a><\/strong> . Bon voyage \u00e0 tous&nbsp;!        <\/p>\n<p>[\/et_pb_text][dmpro_masonry_gallery images=\u00a0\u00bb172718,172709,172700,172691,172682,172673&Prime; columns=\u00a0\u00bb6&Prime; columns_tablet=\u00a0\u00bb6&Prime; columns_phone=\u00a0\u00bb3&Prime; columns_last_edited=\u00a0\u00bbon|desktop\u00a0\u00bb _builder_version=\u00a0\u00bb4.23.4&Prime; _module_preset=\u00a0\u00bbdefault\u00a0\u00bb global_colors_info=\u00a0\u00bb{}\u00a0\u00bb][\/dmpro_masonry_gallery][\/et_pb_column][\/et_pb_row][\/et_pb_section][et_pb_section fb_built=\u00a0\u00bb1&Prime; admin_label=\u00a0\u00bbKevin Dekimpe\u00a0\u00bb _builder_version=\u00a0\u00bb4.17.6&Prime; _module_preset=\u00a0\u00bbdefault\u00a0\u00bb custom_padding=\u00a0\u00bb0%||||false|false\u00a0\u00bb collapsed=\u00a0\u00bbon\u00a0\u00bb global_colors_info=\u00a0\u00bb{}\u00a0\u00bb][et_pb_row _builder_version=\u00a0\u00bb4.17.6&Prime; _module_preset=\u00a0\u00bbdefault\u00a0\u00bb custom_padding=\u00a0\u00bb0%||||false|false\u00a0\u00bb global_colors_info=\u00a0\u00bb{}\u00a0\u00bb][et_pb_column type=\u00a0\u00bb4_4&Prime; _builder_version=\u00a0\u00bb4.17.6&Prime; _module_preset=\u00a0\u00bbdefault\u00a0\u00bb global_colors_info=\u00a0\u00bb{}\u00a0\u00bb][et_pb_text admin_label=\u00a0\u00bbSection Title &#8211; H3&Prime; _builder_version=\u00a0\u00bb4.17.6&Prime; _module_preset=\u00a0\u00bbdefault\u00a0\u00bb header_3_font=\u00a0\u00bbFutura Bold|||on|||||\u00a0\u00bb header_3_text_align=\u00a0\u00bbleft\u00a0\u00bb header_3_text_color=\u00a0\u00bb#000000&Prime; header_3_font_size=\u00a0\u00bb18px\u00a0\u00bb header_3_letter_spacing=\u00a0\u00bb1.8px\u00a0\u00bb header_3_line_height=\u00a0\u00bb24px\u00a0\u00bb custom_margin=\u00a0\u00bb||2%||false|false\u00a0\u00bb custom_margin_tablet=\u00a0\u00bb||||false|false\u00a0\u00bb custom_margin_phone=\u00a0\u00bb||||false|false\u00a0\u00bb custom_margin_last_edited=\u00a0\u00bbon|desktop\u00a0\u00bb custom_padding=\u00a0\u00bb||||false|false\u00a0\u00bb global_colors_info=\u00a0\u00bb{}\u00a0\u00bb]<\/p>\n<h3>Kevin DeKimpe (il\/lui) &#8211; Vid\u00e9aste<\/h3>\n<p>[\/et_pb_text][et_pb_text _builder_version=\u00a0\u00bb4.17.6&Prime; _module_preset=\u00a0\u00bbdefault\u00a0\u00bb custom_padding=\u00a0\u00bb||||false|false\u00a0\u00bb custom_padding_tablet=\u00a0\u00bb||||false|false\u00a0\u00bb custom_padding_phone=\u00a0\u00bb||||false|false\u00a0\u00bb custom_padding_last_edited=\u00a0\u00bbon|phone\u00a0\u00bb global_colors_info=\u00a0\u00bb{}\u00a0\u00bb]<\/p>\n<p>Kevin est un interpr\u00e8te, compositeur et artiste visuel dans divers m\u00e9diums. Il aime dire qu&rsquo;il \u00ab\u00a0a r\u00e9cup\u00e9r\u00e9 le flambeau de la vid\u00e9ographie VACAYA de Matt Palazzolo et esp\u00e8re le rendre fier au sein de l&rsquo;\u00e9quipe vid\u00e9o VACAYA\u00a0\u00bb. \u00e0 D\u00e9troit, dans le Michigan, puis a couru vers l&rsquo;est de Los Angeles (qu&rsquo;il consid\u00e8re maintenant comme sa maison) pour s&rsquo;immerger dans la sc\u00e8ne artistique de LA. En Californie, lui et son joyeux groupe d&rsquo;amis ont organis\u00e9 des expositions d&rsquo;art interactives queer autour de Los Angeles. \u00e0 propos de Kevin, visitez son site Web \u00e0  <strong><a href=\"http:\/\/www.kevindekimpe.com\">www.kevindekimpe.com<\/a><\/strong> et suivez-le sur Insta @ <strong><a href=\"https:\/\/www.instagram.com\/fatrubberducky\/\" target=\"_blank\" rel=\"noopener\">fatrubberducky<\/a><\/strong> .<\/p>\n<p>[\/et_pb_text][dmpro_masonry_gallery images=\u00a0\u00bb193072,193054,193045,193036,193027,193095&Prime; columns=\u00a0\u00bb6&Prime; columns_tablet=\u00a0\u00bb6&Prime; columns_phone=\u00a0\u00bb3&Prime; columns_last_edited=\u00a0\u00bbon|desktop\u00a0\u00bb _builder_version=\u00a0\u00bb4.27.4&Prime; _module_preset=\u00a0\u00bbdefault\u00a0\u00bb hover_enabled=\u00a0\u00bb0&Prime; global_colors_info=\u00a0\u00bb{}\u00a0\u00bb sticky_enabled=\u00a0\u00bb0&Prime;][\/dmpro_masonry_gallery][\/et_pb_column][\/et_pb_row][\/et_pb_section][et_pb_section fb_built=\u00a0\u00bb1&Prime; admin_label=\u00a0\u00bbKevin Kuehnert\u00a0\u00bb _builder_version=\u00a0\u00bb4.17.6&Prime; _module_preset=\u00a0\u00bbdefault\u00a0\u00bb custom_padding=\u00a0\u00bb0%||||false|false\u00a0\u00bb collapsed=\u00a0\u00bbon\u00a0\u00bb global_colors_info=\u00a0\u00bb{}\u00a0\u00bb][et_pb_row _builder_version=\u00a0\u00bb4.17.6&Prime; _module_preset=\u00a0\u00bbdefault\u00a0\u00bb custom_padding=\u00a0\u00bb0%||||false|false\u00a0\u00bb global_colors_info=\u00a0\u00bb{}\u00a0\u00bb][et_pb_column type=\u00a0\u00bb4_4&Prime; _builder_version=\u00a0\u00bb4.17.6&Prime; _module_preset=\u00a0\u00bbdefault\u00a0\u00bb global_colors_info=\u00a0\u00bb{}\u00a0\u00bb][et_pb_text admin_label=\u00a0\u00bbSection Title &#8211; H3&Prime; _builder_version=\u00a0\u00bb4.17.6&Prime; _module_preset=\u00a0\u00bbdefault\u00a0\u00bb header_3_font=\u00a0\u00bbFutura Bold|||on|||||\u00a0\u00bb header_3_text_align=\u00a0\u00bbleft\u00a0\u00bb header_3_text_color=\u00a0\u00bb#000000&Prime; header_3_font_size=\u00a0\u00bb18px\u00a0\u00bb header_3_letter_spacing=\u00a0\u00bb1.8px\u00a0\u00bb header_3_line_height=\u00a0\u00bb24px\u00a0\u00bb custom_margin=\u00a0\u00bb||2%||false|false\u00a0\u00bb custom_margin_tablet=\u00a0\u00bb||||false|false\u00a0\u00bb custom_margin_phone=\u00a0\u00bb||||false|false\u00a0\u00bb custom_margin_last_edited=\u00a0\u00bbon|desktop\u00a0\u00bb custom_padding=\u00a0\u00bb||||false|false\u00a0\u00bb global_colors_info=\u00a0\u00bb{}\u00a0\u00bb]<\/p>\n<h3>Kevin Kuehnert (il\/lui) &#8211; Membre de l&rsquo;\u00e9quipe \u00e9v\u00e9nementielle<\/h3>\n<p>[\/et_pb_text][et_pb_text _builder_version=\u00a0\u00bb4.23.4&Prime; _module_preset=\u00a0\u00bbdefault\u00a0\u00bb custom_padding=\u00a0\u00bb||||false|false\u00a0\u00bb custom_padding_tablet=\u00a0\u00bb||||false|false\u00a0\u00bb custom_padding_phone=\u00a0\u00bb||||false|false\u00a0\u00bb custom_padding_last_edited=\u00a0\u00bbon|phone\u00a0\u00bb global_colors_info=\u00a0\u00bb{}\u00a0\u00bb]<\/p>\n<p>Kevin est un jeune et brillant professionnel de l&rsquo;aviation qui, avec son regard envo\u00fbtant, fait sensation dans le monde des affaires am\u00e9ricain. Grand voyageur, il est sans doute votre G\u00e9meaux pr\u00e9f\u00e9r\u00e9. Son mari, Aaron, avec qui il est mari\u00e9 depuis pr\u00e8s de dix ans, est lui aussi un membre v\u00e9t\u00e9ran de notre \u00e9quipe V. Ensemble, Kevin et Aaron ont explor\u00e9 de nombreux coins du monde et v\u00e9cu de nombreuses aventures. Aujourd&rsquo;hui, ils se lancent \u00e9galement dans l&rsquo;aventure d&rsquo;accueillir deux petits bouts de chou dans leur famille. Bient\u00f4t, vous pourrez m\u00eame les appeler Papa !     Suivez Kevin sur Insta @ <strong><a href=\"https:\/\/www.instagram.com\/thekuehnerts\/\" target=\"_blank\" rel=\"noopener\">thekuehnerts<\/a><\/strong> .<\/p>\n<p>[\/et_pb_text][dmpro_masonry_gallery images=\u00a0\u00bb172609,172600,172582,172591,172573,172564&Prime; columns=\u00a0\u00bb6&Prime; columns_tablet=\u00a0\u00bb6&Prime; columns_phone=\u00a0\u00bb3&Prime; columns_last_edited=\u00a0\u00bbon|desktop\u00a0\u00bb _builder_version=\u00a0\u00bb4.23.4&Prime; _module_preset=\u00a0\u00bbdefault\u00a0\u00bb global_colors_info=\u00a0\u00bb{}\u00a0\u00bb][\/dmpro_masonry_gallery][\/et_pb_column][\/et_pb_row][\/et_pb_section][et_pb_section fb_built=\u00a0\u00bb1&Prime; admin_label=\u00a0\u00bbKim Wilson\u00a0\u00bb _builder_version=\u00a0\u00bb4.23.4&Prime; _module_preset=\u00a0\u00bbdefault\u00a0\u00bb custom_padding=\u00a0\u00bb0%||||false|false\u00a0\u00bb collapsed=\u00a0\u00bbon\u00a0\u00bb global_colors_info=\u00a0\u00bb{}\u00a0\u00bb][et_pb_row _builder_version=\u00a0\u00bb4.17.6&Prime; _module_preset=\u00a0\u00bbdefault\u00a0\u00bb custom_padding=\u00a0\u00bb0%||||false|false\u00a0\u00bb global_colors_info=\u00a0\u00bb{}\u00a0\u00bb][et_pb_column type=\u00a0\u00bb4_4&Prime; _builder_version=\u00a0\u00bb4.17.6&Prime; _module_preset=\u00a0\u00bbdefault\u00a0\u00bb global_colors_info=\u00a0\u00bb{}\u00a0\u00bb][et_pb_text admin_label=\u00a0\u00bbSection Title &#8211; H3&Prime; _builder_version=\u00a0\u00bb4.23.4&Prime; _module_preset=\u00a0\u00bbdefault\u00a0\u00bb header_3_font=\u00a0\u00bbFutura Bold|||on|||||\u00a0\u00bb header_3_text_align=\u00a0\u00bbleft\u00a0\u00bb header_3_text_color=\u00a0\u00bb#000000&Prime; header_3_font_size=\u00a0\u00bb18px\u00a0\u00bb header_3_letter_spacing=\u00a0\u00bb1.8px\u00a0\u00bb header_3_line_height=\u00a0\u00bb24px\u00a0\u00bb custom_margin=\u00a0\u00bb||2%||false|false\u00a0\u00bb custom_margin_tablet=\u00a0\u00bb||||false|false\u00a0\u00bb custom_margin_phone=\u00a0\u00bb||||false|false\u00a0\u00bb custom_margin_last_edited=\u00a0\u00bbon|desktop\u00a0\u00bb custom_padding=\u00a0\u00bb||||false|false\u00a0\u00bb global_colors_info=\u00a0\u00bb{}\u00a0\u00bb]<\/p>\n<h3>Kim Wilson (elle) &#8211; Productrice ex\u00e9cutive<\/h3>\n<p>[\/et_pb_text][et_pb_text _builder_version=\u00a0\u00bb4.23.4&Prime; _module_preset=\u00a0\u00bbdefault\u00a0\u00bb custom_padding=\u00a0\u00bb||||false|false\u00a0\u00bb custom_padding_tablet=\u00a0\u00bb||||false|false\u00a0\u00bb custom_padding_phone=\u00a0\u00bb||||false|false\u00a0\u00bb custom_padding_last_edited=\u00a0\u00bbon|phone\u00a0\u00bb global_colors_info=\u00a0\u00bb{}\u00a0\u00bb]<\/p>\n<p style=\"font-weight: 400;\">Originaire de Californie, Kim a d\u00e9velopp\u00e9 tr\u00e8s jeune sa passion pour les voyages en explorant les paysages vari\u00e9s de son \u00c9tat natal avec sa famille. Forte d&rsquo;une exp\u00e9rience de plus de 30 ans dans l&rsquo;organisation de festivals et la conception de voyages pour la communaut\u00e9 LGBTQ+, Kim apporte une expertise pr\u00e9cieuse \u00e0 l&rsquo;\u00e9quipe de VACAYA. Ayant pass\u00e9 16 ans chez Olivia Travel \u00e0 diff\u00e9rents postes, elle a collabor\u00e9 \u00e0 plus de 65 voyages charters, insufflant \u00e0 chacun d&rsquo;eux son engagement \u00e0 cr\u00e9er des vacances uniques, joyeuses, diversifi\u00e9es et inoubliables pour la communaut\u00e9 LGBTQ+.  <\/p>\n<p>V\u00e9ritable experte en organisation et en planification m\u00e9ticuleuse, Kim affectionne particuli\u00e8rement les tableurs et met un point d&rsquo;honneur \u00e0 ce que chaque d\u00e9tail soit pris en compte pour offrir aux clients une exp\u00e9rience fluide, relaxante et agr\u00e9able. Lorsqu&rsquo;elle n&rsquo;organise pas de voyages d&rsquo;aventure ou ne rend pas visite \u00e0 sa famille \u00e0 Morro Bay, en Californie, Kim r\u00e9side \u00e0 Provincetown, dans le Massachusetts, et passe la plupart de son temps libre entre le club de tennis de Provincetown et le parc national de Cape Cod. <\/p>\n<p>Avec sa compagne, l&rsquo;ing\u00e9nieure du son de talent Myrna Johnston, Kim partage la garde de deux chiens et r\u00eave d&rsquo;en adopter d&rsquo;autres. Titulaire d&rsquo;une licence en sciences sociales de l&rsquo;Universit\u00e9 de Californie \u00e0 Berkeley et d&rsquo;un master en tourisme durable de l&rsquo;Universit\u00e9 d&rsquo;\u00c9tat de l&rsquo;Arizona, elle est une joueuse de tennis passionn\u00e9e et une adepte du v\u00e9lo d&rsquo;appartement Peloton. Elle r\u00eave d&rsquo;explorer le monde entier. Suivez Kim sur Instagram&nbsp;: <strong><a href=\"https:\/\/www.instagram.com\/kimbawils\/\" target=\"_blank\" rel=\"noopener\">@kimbawlis<\/a><\/strong> .  <\/p>\n<p>[\/et_pb_text][dmpro_masonry_gallery images=\u00a0\u00bb153867,153858,153849,153840,153831,153822&Prime; columns=\u00a0\u00bb6&Prime; columns_tablet=\u00a0\u00bb6&Prime; columns_phone=\u00a0\u00bb3&Prime; columns_last_edited=\u00a0\u00bbon|desktop\u00a0\u00bb _builder_version=\u00a0\u00bb4.23.4&Prime; _module_preset=\u00a0\u00bbdefault\u00a0\u00bb global_colors_info=\u00a0\u00bb{}\u00a0\u00bb][\/dmpro_masonry_gallery][\/et_pb_column][\/et_pb_row][\/et_pb_section][et_pb_section fb_built=\u00a0\u00bb1&Prime; admin_label=\u00a0\u00bbKyle Hertaus\u00a0\u00bb _builder_version=\u00a0\u00bb4.17.6&Prime; _module_preset=\u00a0\u00bbdefault\u00a0\u00bb custom_padding=\u00a0\u00bb0%||||false|false\u00a0\u00bb collapsed=\u00a0\u00bbon\u00a0\u00bb global_colors_info=\u00a0\u00bb{}\u00a0\u00bb][et_pb_row _builder_version=\u00a0\u00bb4.17.6&Prime; _module_preset=\u00a0\u00bbdefault\u00a0\u00bb custom_padding=\u00a0\u00bb0%||||false|false\u00a0\u00bb global_colors_info=\u00a0\u00bb{}\u00a0\u00bb][et_pb_column type=\u00a0\u00bb4_4&Prime; _builder_version=\u00a0\u00bb4.17.6&Prime; _module_preset=\u00a0\u00bbdefault\u00a0\u00bb global_colors_info=\u00a0\u00bb{}\u00a0\u00bb][et_pb_text admin_label=\u00a0\u00bbSection Title &#8211; H3&Prime; _builder_version=\u00a0\u00bb4.17.6&Prime; _module_preset=\u00a0\u00bbdefault\u00a0\u00bb header_3_font=\u00a0\u00bbFutura Bold|||on|||||\u00a0\u00bb header_3_text_align=\u00a0\u00bbleft\u00a0\u00bb header_3_text_color=\u00a0\u00bb#000000&Prime; header_3_font_size=\u00a0\u00bb18px\u00a0\u00bb header_3_letter_spacing=\u00a0\u00bb1.8px\u00a0\u00bb header_3_line_height=\u00a0\u00bb24px\u00a0\u00bb custom_margin=\u00a0\u00bb||2%||false|false\u00a0\u00bb custom_margin_tablet=\u00a0\u00bb||||false|false\u00a0\u00bb custom_margin_phone=\u00a0\u00bb||||false|false\u00a0\u00bb custom_margin_last_edited=\u00a0\u00bbon|desktop\u00a0\u00bb custom_padding=\u00a0\u00bb||||false|false\u00a0\u00bb global_colors_info=\u00a0\u00bb{}\u00a0\u00bb]<\/p>\n<h3>Kyle Hertaus (il\/lui) &#8211; Membre de l&rsquo;\u00e9quipe \u00e9v\u00e9nementielle<\/h3>\n<p>[\/et_pb_text][et_pb_text _builder_version=\u00a0\u00bb4.23.4&Prime; _module_preset=\u00a0\u00bbdefault\u00a0\u00bb custom_padding=\u00a0\u00bb||||false|false\u00a0\u00bb custom_padding_tablet=\u00a0\u00bb||||false|false\u00a0\u00bb custom_padding_phone=\u00a0\u00bb||||false|false\u00a0\u00bb custom_padding_last_edited=\u00a0\u00bbon|phone\u00a0\u00bb global_colors_info=\u00a0\u00bb{}\u00a0\u00bb]<\/p>\n<p>Kyle dit un grand bonjour \u00e0 tous les Vacayans&nbsp;! Kyle a eu l&rsquo;opportunit\u00e9 de chanter et de danser \u00e0 travers le monde pendant six ans, au cours de ses \u00e9tudes intercoll\u00e9giales, assurant ainsi un rayonnement musical dans plus de 12 pays. Il a ensuite rejoint l&rsquo;industrie des croisi\u00e8res o\u00f9 il a crois\u00e9 la route de VACAYA alors qu&rsquo;il travaillait \u00e0 bord du Celebrity Millennium. Sur plus de 100 voyages au cours de sa carri\u00e8re de croisi\u00e9riste, celui-l\u00e0 figurait en t\u00eate de sa liste. Dans son c\u0153ur, Kyle croit que VACAYA n&rsquo;est pas simplement une destination, mais aussi des amis et une famille pour toujours que vous pourrez embrasser et avec lesquels vous vous connecterez tout au long du voyage de la vie. Si vous passez un jour dans le Minnesota, vous pourrez croiser Kyle en train de faire du l\u00e8che-vitrines au Mall of America, de skier pendant les hivers minn\u00e9sotiens, de passer une soir\u00e9e en ville \u00e0 Minneapolis, de profiter d&rsquo;un dimanche en chantant \u00e0 tue-t\u00eate des chansons de com\u00e9dies musicales, ou m\u00eame de passer une agr\u00e9able soir\u00e9e \u00e0 regarder <i><strong>Red, White, and Royal Blue<\/strong> ,<\/i> ou encore de divertir ses deux neveux et sa ni\u00e8ce dans leur ferme rurale du Minnesota. Il est honor\u00e9 de faire partie de l&rsquo;\u00e9quipe V et a h\u00e2te de rencontrer chacun d&rsquo;entre vous&nbsp;! Suivez Kyle sur Instagram @ <strong><a href=\"https:\/\/www.instagram.com\/Kyle_onland\/\" target=\"_blank\" rel=\"noopener\">Kyle_onland<\/a><\/strong> .<\/p>\n<p>[\/et_pb_text][dmpro_masonry_gallery images=\u00a0\u00bb142945,142933,142924,142915,142906,142897&Prime; columns=\u00a0\u00bb6&Prime; columns_tablet=\u00a0\u00bb6&Prime; columns_phone=\u00a0\u00bb3&Prime; columns_last_edited=\u00a0\u00bbon|desktop\u00a0\u00bb _builder_version=\u00a0\u00bb4.17.6&Prime; _module_preset=\u00a0\u00bbdefault\u00a0\u00bb global_colors_info=\u00a0\u00bb{}\u00a0\u00bb][\/dmpro_masonry_gallery][\/et_pb_column][\/et_pb_row][\/et_pb_section][et_pb_section fb_built=\u00a0\u00bb1&Prime; admin_label=\u00a0\u00bbLauren Benson\u00a0\u00bb _builder_version=\u00a0\u00bb4.17.6&Prime; _module_preset=\u00a0\u00bbdefault\u00a0\u00bb custom_padding=\u00a0\u00bb0%||||false|false\u00a0\u00bb collapsed=\u00a0\u00bbon\u00a0\u00bb global_colors_info=\u00a0\u00bb{}\u00a0\u00bb][et_pb_row _builder_version=\u00a0\u00bb4.17.6&Prime; _module_preset=\u00a0\u00bbdefault\u00a0\u00bb custom_padding=\u00a0\u00bb0%||||false|false\u00a0\u00bb global_colors_info=\u00a0\u00bb{}\u00a0\u00bb][et_pb_column type=\u00a0\u00bb4_4&Prime; _builder_version=\u00a0\u00bb4.17.6&Prime; _module_preset=\u00a0\u00bbdefault\u00a0\u00bb global_colors_info=\u00a0\u00bb{}\u00a0\u00bb][et_pb_text admin_label=\u00a0\u00bbSection Title &#8211; H3&Prime; _builder_version=\u00a0\u00bb4.17.6&Prime; _module_preset=\u00a0\u00bbdefault\u00a0\u00bb header_3_font=\u00a0\u00bbFutura Bold|||on|||||\u00a0\u00bb header_3_text_align=\u00a0\u00bbleft\u00a0\u00bb header_3_text_color=\u00a0\u00bb#000000&Prime; header_3_font_size=\u00a0\u00bb18px\u00a0\u00bb header_3_letter_spacing=\u00a0\u00bb1.8px\u00a0\u00bb header_3_line_height=\u00a0\u00bb24px\u00a0\u00bb custom_margin=\u00a0\u00bb||2%||false|false\u00a0\u00bb custom_margin_tablet=\u00a0\u00bb||||false|false\u00a0\u00bb custom_margin_phone=\u00a0\u00bb||||false|false\u00a0\u00bb custom_margin_last_edited=\u00a0\u00bbon|desktop\u00a0\u00bb custom_padding=\u00a0\u00bb||||false|false\u00a0\u00bb global_colors_info=\u00a0\u00bb{}\u00a0\u00bb]<\/p>\n<h3>Lauren Benson (elle\/elle) &#8211; Membre de l&rsquo;\u00e9quipe financi\u00e8re<\/h3>\n<p>[\/et_pb_text][et_pb_text _builder_version=\u00a0\u00bb4.17.6&Prime; _module_preset=\u00a0\u00bbdefault\u00a0\u00bb custom_padding=\u00a0\u00bb||||false|false\u00a0\u00bb custom_padding_tablet=\u00a0\u00bb||||false|false\u00a0\u00bb custom_padding_phone=\u00a0\u00bb||||false|false\u00a0\u00bb custom_padding_last_edited=\u00a0\u00bbon|desktop\u00a0\u00bb global_colors_info=\u00a0\u00bb{}\u00a0\u00bb]<\/p>\n<p>Avec plus de deux d\u00e9cennies d&rsquo;exp\u00e9rience dans son domaine, Lauren est une professionnelle financi\u00e8re chevronn\u00e9e. Elle exploite actuellement une entreprise de pr\u00e9paration de d\u00e9clarations de revenus et de services financiers \u00e0 Warwick, Rhode Island et g\u00e8re tout ce qui concerne l&rsquo;argent avec VACAYA. Le voyage, cependant, est sa <em>v\u00e9ritable<\/em> passion. Poss\u00e9der sa propre entreprise lui permet de voler du temps pour les nombreuses aventures pour lesquelles elle est bien connue parmi ses amis et sa famille. Au fil des ans, elle a coch\u00e9 49 \u00c9tats (en vous regardant, l&rsquo;Alaska&nbsp;!) Et une gamme impressionnante de pays et de destinations aux quatre coins du monde. Lauren est ravie de faire partie de l&rsquo;\u00e9quipe VACAYA et a h\u00e2te de continuer \u00e0 explorer et \u00e0 d\u00e9couvrir le monde dans les ann\u00e9es \u00e0 venir. Suivez Lauren sur Insta @ <a href=\"https:\/\/www.instagram.com\/lpetrarca1\/\" target=\"_blank\" rel=\"noopener\"><strong>lpetrarca1<\/strong><\/a> .<\/p>\n<p>[\/et_pb_text][dmpro_masonry_gallery images=\u00a0\u00bb28872,28869,28874,28870,28871,28873&Prime; columns=\u00a0\u00bb6&Prime; columns_tablet=\u00a0\u00bb6&Prime; columns_phone=\u00a0\u00bb3&Prime; columns_last_edited=\u00a0\u00bbon|phone\u00a0\u00bb _builder_version=\u00a0\u00bb4.17.6&Prime; _module_preset=\u00a0\u00bbdefault\u00a0\u00bb global_colors_info=\u00a0\u00bb{}\u00a0\u00bb][\/dmpro_masonry_gallery][\/et_pb_column][\/et_pb_row][\/et_pb_section][et_pb_section fb_built=\u00a0\u00bb1&Prime; admin_label=\u00a0\u00bbMark Simon\u00a0\u00bb _builder_version=\u00a0\u00bb4.27.4&Prime; _module_preset=\u00a0\u00bbdefault\u00a0\u00bb custom_padding=\u00a0\u00bb0%||||false|false\u00a0\u00bb collapsed=\u00a0\u00bbon\u00a0\u00bb global_colors_info=\u00a0\u00bb{}\u00a0\u00bb][et_pb_row _builder_version=\u00a0\u00bb4.17.6&Prime; _module_preset=\u00a0\u00bbdefault\u00a0\u00bb custom_padding=\u00a0\u00bb0%||||false|false\u00a0\u00bb global_colors_info=\u00a0\u00bb{}\u00a0\u00bb][et_pb_column type=\u00a0\u00bb4_4&Prime; _builder_version=\u00a0\u00bb4.17.6&Prime; _module_preset=\u00a0\u00bbdefault\u00a0\u00bb global_colors_info=\u00a0\u00bb{}\u00a0\u00bb][et_pb_text admin_label=\u00a0\u00bbSection Title &#8211; H3&Prime; _builder_version=\u00a0\u00bb4.27.4&Prime; _module_preset=\u00a0\u00bbdefault\u00a0\u00bb header_3_font=\u00a0\u00bbFutura Bold|||on|||||\u00a0\u00bb header_3_text_align=\u00a0\u00bbleft\u00a0\u00bb header_3_text_color=\u00a0\u00bb#000000&Prime; header_3_font_size=\u00a0\u00bb18px\u00a0\u00bb header_3_letter_spacing=\u00a0\u00bb1.8px\u00a0\u00bb header_3_line_height=\u00a0\u00bb24px\u00a0\u00bb custom_margin=\u00a0\u00bb||2%||false|false\u00a0\u00bb custom_margin_tablet=\u00a0\u00bb||||false|false\u00a0\u00bb custom_margin_phone=\u00a0\u00bb||||false|false\u00a0\u00bb custom_margin_last_edited=\u00a0\u00bbon|desktop\u00a0\u00bb custom_padding=\u00a0\u00bb||||false|false\u00a0\u00bb global_colors_info=\u00a0\u00bb{}\u00a0\u00bb]<\/p>\n<h3>Mark Simon (il\/lui) &#8211; Membre de l&rsquo;\u00e9quipe \u00e9v\u00e9nementielle<\/h3>\n<p>[\/et_pb_text][et_pb_text _builder_version=\u00a0\u00bb4.27.4&Prime; _module_preset=\u00a0\u00bbdefault\u00a0\u00bb custom_padding=\u00a0\u00bb||||false|false\u00a0\u00bb custom_padding_tablet=\u00a0\u00bb||||false|false\u00a0\u00bb custom_padding_phone=\u00a0\u00bb||||false|false\u00a0\u00bb custom_padding_last_edited=\u00a0\u00bbon|desktop\u00a0\u00bb global_colors_info=\u00a0\u00bb{}\u00a0\u00bb]<\/p>\n<p>Mark a grandi dans l&rsquo;ouest du Texas et est dipl\u00f4m\u00e9 de Texas Tech en kin\u00e9siologie. Professeur des \u00e9coles depuis 29 ans (bient\u00f4t \u00e0 la retraite), il vit actuellement dans le nord du Texas avec son mari Nic et leur dogue allemand de deux ans, Sawyer. Ancien entra\u00eeneur de fitness pour concours de beaut\u00e9, il a aid\u00e9 plusieurs laur\u00e9ates locales et nationales \u00e0 concourir au niveau sup\u00e9rieur. \u00c0 ses heures perdues, Mark travaille pour plusieurs grandes ligues sportives dans le domaine de la r\u00e9vision vid\u00e9o et des technologies de communication pour les arbitres. Amateur de sport (football, soccer, etc.), il est l&rsquo;homme qu&rsquo;il vous faut ! Passionn\u00e9 de croisi\u00e8res, il partage son temps entre amis et en famille et poss\u00e8de une collection impressionnante de t-shirts de croisi\u00e8res familiales. Suivez Mark sur Instagram&nbsp;: @ <a href=\"https:\/\/www.instagram.com\/markjs71\/\" target=\"_blank\" rel=\"noopener\">markjs71<\/a> <b>.<\/b>       <\/p>\n<p>[\/et_pb_text][dmpro_masonry_gallery images=\u00a0\u00bb192802,192793,192784,192775,192766,192757&Prime; columns=\u00a0\u00bb6&Prime; columns_tablet=\u00a0\u00bb6&Prime; columns_phone=\u00a0\u00bb3&Prime; columns_last_edited=\u00a0\u00bbon|phone\u00a0\u00bb _builder_version=\u00a0\u00bb4.27.4&Prime; _module_preset=\u00a0\u00bbdefault\u00a0\u00bb global_colors_info=\u00a0\u00bb{}\u00a0\u00bb][\/dmpro_masonry_gallery][\/et_pb_column][\/et_pb_row][\/et_pb_section][et_pb_section fb_built=\u00a0\u00bb1&Prime; admin_label=\u00a0\u00bbMarti Cummings\u00a0\u00bb _builder_version=\u00a0\u00bb4.23.4&Prime; _module_preset=\u00a0\u00bbdefault\u00a0\u00bb custom_padding=\u00a0\u00bb0%||||false|false\u00a0\u00bb collapsed=\u00a0\u00bbon\u00a0\u00bb global_colors_info=\u00a0\u00bb{}\u00a0\u00bb][et_pb_row _builder_version=\u00a0\u00bb4.17.6&Prime; _module_preset=\u00a0\u00bbdefault\u00a0\u00bb custom_padding=\u00a0\u00bb0%||||false|false\u00a0\u00bb global_colors_info=\u00a0\u00bb{}\u00a0\u00bb][et_pb_column type=\u00a0\u00bb4_4&Prime; _builder_version=\u00a0\u00bb4.17.6&Prime; _module_preset=\u00a0\u00bbdefault\u00a0\u00bb global_colors_info=\u00a0\u00bb{}\u00a0\u00bb][et_pb_text admin_label=\u00a0\u00bbSection Title &#8211; H3&Prime; _builder_version=\u00a0\u00bb4.23.4&Prime; _module_preset=\u00a0\u00bbdefault\u00a0\u00bb header_3_font=\u00a0\u00bbFutura Bold|||on|||||\u00a0\u00bb header_3_text_align=\u00a0\u00bbleft\u00a0\u00bb header_3_text_color=\u00a0\u00bb#000000&Prime; header_3_font_size=\u00a0\u00bb18px\u00a0\u00bb header_3_letter_spacing=\u00a0\u00bb1.8px\u00a0\u00bb header_3_line_height=\u00a0\u00bb24px\u00a0\u00bb custom_margin=\u00a0\u00bb||2%||false|false\u00a0\u00bb custom_margin_tablet=\u00a0\u00bb||||false|false\u00a0\u00bb custom_margin_phone=\u00a0\u00bb||||false|false\u00a0\u00bb custom_margin_last_edited=\u00a0\u00bbon|desktop\u00a0\u00bb custom_padding=\u00a0\u00bb||||false|false\u00a0\u00bb global_colors_info=\u00a0\u00bb{}\u00a0\u00bb]<\/p>\n<h3>Marti Cummings (iel) &#8211; Directrice de croisi\u00e8res VACAYA sur petits navires<\/h3>\n<p>[\/et_pb_text][et_pb_text _builder_version=\u00a0\u00bb4.23.4&Prime; _module_preset=\u00a0\u00bbdefault\u00a0\u00bb custom_padding=\u00a0\u00bb||||false|false\u00a0\u00bb custom_padding_tablet=\u00a0\u00bb||||false|false\u00a0\u00bb custom_padding_phone=\u00a0\u00bb||||false|false\u00a0\u00bb custom_padding_last_edited=\u00a0\u00bbon|desktop\u00a0\u00bb global_colors_info=\u00a0\u00bb{}\u00a0\u00bb]<\/p>\n<p><span class=\"outlook-search-highlight\" data-markjs=\"true\">Mart<\/span> i <span class=\"outlook-search-highlight\" data-markjs=\"true\">Cummings<\/span> est le directeur des croisi\u00e8res en petits navires de VACAYA, ayant emmen\u00e9 des clients de VACAYA sur les sept continents ! Marti est \u00e9galement une artiste drag de renomm\u00e9e mondiale. Elles sont apparues dans certaines de vos \u00e9missions de t\u00e9l\u00e9vision pr\u00e9f\u00e9r\u00e9es (la s\u00e9rie documentaire <em><strong>Shade Queens of NYC<\/strong><\/em> , leur propre talk-show, <em><strong>The Marti Report<\/strong><\/em> sur Logo, <em><strong>Worst Cooks in America<\/strong><\/em> , <em><strong>Drag Me to Dinner<\/strong><\/em> sur Hulu, <em><strong>The X Change Rate<\/strong><\/em> et <em><strong>Dragged<\/strong><\/em> ), ont affich\u00e9 complet dans le monde entier et sont activement engag\u00e9es en politique. Marti est entr\u00e9 dans l&rsquo;histoire en devenant le premier candidat ouvertement non binaire \u00e0 se pr\u00e9senter \u00e0 une \u00e9lection \u00e0 New York, lorsqu&rsquo;il s&rsquo;est pr\u00e9sent\u00e9 au conseil municipal en 2021 pour repr\u00e9senter le 7e district. Leur parcours \u00e9lectoral est retrac\u00e9 dans le documentaire <em><strong>Queen of New York<\/strong><\/em> , actuellement disponible sur The Advocate Channel. Suivez Marti sur Instagram&nbsp;: <a href=\"https:\/\/www.instagram.com\/martigcummings\/\" target=\"_blank\" rel=\"noopener\"><strong>@martigcummings<\/strong><\/a> . <\/p>\n<p>[\/et_pb_text][dmpro_masonry_gallery images=\u00a0\u00bb177562,177580,177571,177607,177598,177589&Prime; columns=\u00a0\u00bb6&Prime; columns_tablet=\u00a0\u00bb6&Prime; columns_phone=\u00a0\u00bb3&Prime; columns_last_edited=\u00a0\u00bbon|phone\u00a0\u00bb _builder_version=\u00a0\u00bb4.23.4&Prime; _module_preset=\u00a0\u00bbdefault\u00a0\u00bb global_colors_info=\u00a0\u00bb{}\u00a0\u00bb][\/dmpro_masonry_gallery][\/et_pb_column][\/et_pb_row][\/et_pb_section][et_pb_section fb_built=\u00a0\u00bb1&Prime; disabled_on=\u00a0\u00bbon|on|on\u00a0\u00bb admin_label=\u00a0\u00bbMarie Johnson\u00a0\u00bb _builder_version=\u00a0\u00bb4.17.6&Prime; _module_preset=\u00a0\u00bbdefault\u00a0\u00bb custom_padding=\u00a0\u00bb0%||||false|false\u00a0\u00bb disabled=\u00a0\u00bbon\u00a0\u00bb collapsed=\u00a0\u00bbon\u00a0\u00bb global_colors_info=\u00a0\u00bb{}\u00a0\u00bb][et_pb_row _builder_version=\u00a0\u00bb4.17.6&Prime; _module_preset=\u00a0\u00bbdefault\u00a0\u00bb custom_padding=\u00a0\u00bb0%||||false|false\u00a0\u00bb global_colors_info=\u00a0\u00bb{}\u00a0\u00bb][et_pb_column type=\u00a0\u00bb4_4&Prime; _builder_version=\u00a0\u00bb4.17.6&Prime; _module_preset=\u00a0\u00bbdefault\u00a0\u00bb global_colors_info=\u00a0\u00bb{}\u00a0\u00bb][et_pb_text admin_label=\u00a0\u00bbSection Title &#8211; H3&Prime; _builder_version=\u00a0\u00bb4.17.6&Prime; _module_preset=\u00a0\u00bbdefault\u00a0\u00bb header_3_font=\u00a0\u00bbFutura Bold|||on|||||\u00a0\u00bb header_3_text_align=\u00a0\u00bbleft\u00a0\u00bb header_3_text_color=\u00a0\u00bb#000000&Prime; header_3_font_size=\u00a0\u00bb18px\u00a0\u00bb header_3_letter_spacing=\u00a0\u00bb1.8px\u00a0\u00bb header_3_line_height=\u00a0\u00bb24px\u00a0\u00bb custom_margin=\u00a0\u00bb||2%||false|false\u00a0\u00bb custom_margin_tablet=\u00a0\u00bb||||false|false\u00a0\u00bb custom_margin_phone=\u00a0\u00bb||||false|false\u00a0\u00bb custom_margin_last_edited=\u00a0\u00bbon|desktop\u00a0\u00bb custom_padding=\u00a0\u00bb||||false|false\u00a0\u00bb global_colors_info=\u00a0\u00bb{}\u00a0\u00bb]<\/p>\n<h3>Marie Johnson (elle\/elle) &#8211; Membre de l&rsquo;\u00e9quipe \u00e9v\u00e9nementielle<\/h3>\n<p>[\/et_pb_text][et_pb_text _builder_version=\u00a0\u00bb4.17.6&Prime; _module_preset=\u00a0\u00bbdefault\u00a0\u00bb custom_padding=\u00a0\u00bb||||false|false\u00a0\u00bb custom_padding_tablet=\u00a0\u00bb||||false|false\u00a0\u00bb custom_padding_phone=\u00a0\u00bb||||false|false\u00a0\u00bb custom_padding_last_edited=\u00a0\u00bbon|desktop\u00a0\u00bb global_colors_info=\u00a0\u00bb{}\u00a0\u00bb]<\/p>\n<p>Esprit libre depuis l&rsquo;enfance, Marie est extr\u00eamement excit\u00e9e de faire partie de la V Team. Apr\u00e8s avoir surv\u00e9cu \u00e0 l&rsquo;\u00e9cole de m\u00e9decine en tant que parent c\u00e9libataire, Marie a termin\u00e9 sa r\u00e9sidence, a re\u00e7u une bourse de recherche pour travailler au sein du House Armed Services Committee et a servi dans l&rsquo;arm\u00e9e de l&rsquo;air am\u00e9ricaine. Vivant cette vie \u00e9clair, Marie a v\u00e9cu dans 8 villes diff\u00e9rentes sur 2 continents au cours des 15 derni\u00e8res ann\u00e9es. Elle ma\u00eetrise les voyages vers de nouveaux endroits et s&rsquo;installe comme chez elle. Pas \u00e9tonnant qu&rsquo;elle d\u00e9tient le titre de c\u00e9l\u00e9brit\u00e9 d&rsquo;\u00eatre la premi\u00e8re femme cis \u00e0 jouer dans le tristement c\u00e9l\u00e8bre quartier rouge de VACAYA&nbsp;! Lorsqu&rsquo;elle ne parcourt pas les pistes de danse, elle aide \u00e0 diriger DC After Dark, un club social queer et pervers dans la capitale nationale qui organise des soir\u00e9es LGBTQ sexuellement positives centr\u00e9es sur les membres BIPOC et trans de la communaut\u00e9 queer. Pour tous les nerds queer, elle est toujours pr\u00eate \u00e0 parler de science-fiction, d&rsquo;anime\/manga, de bandes dessin\u00e9es et de tout ce qui concerne l&rsquo;espace. Vous pouvez la trouver \u00e0<span class=\"apple-converted-space\"> <\/span><a title=\"https:\/\/dcadhh.wordpress.com\/\" href=\"https:\/\/dcadhh.wordpress.com\/\" target=\"_blank\" rel=\"noopener\">https:\/\/dcadhh.wordpress.com\/<\/a><span class=\"apple-converted-space\"> <\/span>ou suivez-la insta @ <a href=\"https:\/\/www.instagram.com\/marie.the.aviatrix\/\" target=\"_blank\" rel=\"noopener\">marie.the.aviatrix<\/a> .<\/p>\n<p>[\/et_pb_text][dmpro_masonry_gallery images=\u00a0\u00bb142144,142135,142126,142117,142108,142099&Prime; columns=\u00a0\u00bb6&Prime; columns_tablet=\u00a0\u00bb6&Prime; columns_phone=\u00a0\u00bb3&Prime; columns_last_edited=\u00a0\u00bbon|phone\u00a0\u00bb _builder_version=\u00a0\u00bb4.17.6&Prime; _module_preset=\u00a0\u00bbdefault\u00a0\u00bb global_colors_info=\u00a0\u00bb{}\u00a0\u00bb][\/dmpro_masonry_gallery][\/et_pb_column][\/et_pb_row][\/et_pb_section][et_pb_section fb_built=\u00a0\u00bb1&Prime; admin_label=\u00a0\u00bbMason Fitzpatrick\u00a0\u00bb _builder_version=\u00a0\u00bb4.23.4&Prime; _module_preset=\u00a0\u00bbdefault\u00a0\u00bb custom_padding=\u00a0\u00bb0%||||false|false\u00a0\u00bb collapsed=\u00a0\u00bbon\u00a0\u00bb global_colors_info=\u00a0\u00bb{}\u00a0\u00bb][et_pb_row _builder_version=\u00a0\u00bb4.17.6&Prime; _module_preset=\u00a0\u00bbdefault\u00a0\u00bb custom_padding=\u00a0\u00bb0%||||false|false\u00a0\u00bb global_colors_info=\u00a0\u00bb{}\u00a0\u00bb][et_pb_column type=\u00a0\u00bb4_4&Prime; _builder_version=\u00a0\u00bb4.17.6&Prime; _module_preset=\u00a0\u00bbdefault\u00a0\u00bb global_colors_info=\u00a0\u00bb{}\u00a0\u00bb][et_pb_text admin_label=\u00a0\u00bbSection Title &#8211; H3&Prime; _builder_version=\u00a0\u00bb4.23.4&Prime; _module_preset=\u00a0\u00bbdefault\u00a0\u00bb header_3_font=\u00a0\u00bbFutura Bold|||on|||||\u00a0\u00bb header_3_text_align=\u00a0\u00bbleft\u00a0\u00bb header_3_text_color=\u00a0\u00bb#000000&Prime; header_3_font_size=\u00a0\u00bb18px\u00a0\u00bb header_3_letter_spacing=\u00a0\u00bb1.8px\u00a0\u00bb header_3_line_height=\u00a0\u00bb24px\u00a0\u00bb custom_margin=\u00a0\u00bb||2%||false|false\u00a0\u00bb custom_margin_tablet=\u00a0\u00bb||||false|false\u00a0\u00bb custom_margin_phone=\u00a0\u00bb||||false|false\u00a0\u00bb custom_margin_last_edited=\u00a0\u00bbon|desktop\u00a0\u00bb custom_padding=\u00a0\u00bb||||false|false\u00a0\u00bb global_colors_info=\u00a0\u00bb{}\u00a0\u00bb]<\/p>\n<h3>Mason Fitzpatrick (il\/lui) &#8211; Membre de l&rsquo;\u00e9quipe \u00e9v\u00e9nementielle<\/h3>\n<p>[\/et_pb_text][et_pb_text _builder_version=\u00a0\u00bb4.23.4&Prime; _module_preset=\u00a0\u00bbdefault\u00a0\u00bb custom_padding=\u00a0\u00bb||||false|false\u00a0\u00bb custom_padding_tablet=\u00a0\u00bb||||false|false\u00a0\u00bb custom_padding_phone=\u00a0\u00bb||||false|false\u00a0\u00bb custom_padding_last_edited=\u00a0\u00bbon|desktop\u00a0\u00bb global_colors_info=\u00a0\u00bb{}\u00a0\u00bb]<\/p>\n<p style=\"font-weight: 400;\">Mason vit actuellement \u00e0 Cincinnati, dans l&rsquo;Ohio. Issu d&rsquo;une famille militaire, il est n\u00e9 \u00e0 San Antonio, au Texas, et a d\u00e9m\u00e9nag\u00e9 en Floride \u00e0 l&rsquo;\u00e2ge de deux ans, o\u00f9 il a pass\u00e9 les 25 ann\u00e9es suivantes. Tr\u00e8s jeune, Mason a pris conscience que son corps et son \u00e2me ne faisaient qu&rsquo;un. Cette qu\u00eate identitaire l&rsquo;a conduit vers des personnes et des lieux qu&rsquo;il n&rsquo;aurait jamais pu c\u00f4toyer autrement. \u00c0 25 ans, Mason a d\u00e9cid\u00e9 d&rsquo;entamer sa transition afin que son corps refl\u00e8te autant son apparence ext\u00e9rieure que son identit\u00e9 int\u00e9rieure. Bien que ce parcours ait \u00e9t\u00e9 sem\u00e9 d&#8217;emb\u00fbches, il lui a permis de rencontrer des personnes et de d\u00e9couvrir des endroits extraordinaires. En se d\u00e9couvrant lui-m\u00eame, il a trouv\u00e9 sa communaut\u00e9 et a voyag\u00e9 \u00e0 travers les \u00c9tats-Unis, tissant des liens avec d&rsquo;autres personnes LGBTQIA+. Pendant la pand\u00e9mie de COVID-19, Mason s&rsquo;est plong\u00e9 dans sa passion pour la photographie et n&rsquo;a cess\u00e9 de s&rsquo;y adonner depuis. D\u00e9couvrir le monde a toujours \u00e9t\u00e9 un r\u00eave pour Mason, et m\u00eame s&rsquo;il est novice en mati\u00e8re de voyages internationaux, il a h\u00e2te de voir chaque recoin de notre plan\u00e8te et de nouer des liens durables aussi souvent que possible. Retrouvez Mason sur <a href=\"https:\/\/www.tiktok.com\/@fitzpattymac21?_t=ZT-8tUxWiHljBq&amp;_r=1\" target=\"_blank\" rel=\"noopener\">TikTok<\/a> et <a href=\"https:\/\/www.instagram.com\/fitzpatty-mac21\" target=\"_blank\" rel=\"noopener\">Instagram<\/a> .         <\/p>\n<p>[\/et_pb_text][dmpro_masonry_gallery images=\u00a0\u00bb173543,173534,173525,173516,173507,173498&Prime; columns=\u00a0\u00bb6&Prime; columns_tablet=\u00a0\u00bb6&Prime; columns_phone=\u00a0\u00bb3&Prime; columns_last_edited=\u00a0\u00bbon|desktop\u00a0\u00bb _builder_version=\u00a0\u00bb4.23.4&Prime; _module_preset=\u00a0\u00bbdefault\u00a0\u00bb global_colors_info=\u00a0\u00bb{}\u00a0\u00bb][\/dmpro_masonry_gallery][\/et_pb_column][\/et_pb_row][\/et_pb_section][et_pb_section fb_built=\u00a0\u00bb1&Prime; admin_label=\u00a0\u00bbMatthew Krumpe\u00a0\u00bb _builder_version=\u00a0\u00bb4.23.4&Prime; _module_preset=\u00a0\u00bbdefault\u00a0\u00bb custom_padding=\u00a0\u00bb0%||||false|false\u00a0\u00bb collapsed=\u00a0\u00bbon\u00a0\u00bb global_colors_info=\u00a0\u00bb{}\u00a0\u00bb][et_pb_row _builder_version=\u00a0\u00bb4.17.6&Prime; _module_preset=\u00a0\u00bbdefault\u00a0\u00bb custom_padding=\u00a0\u00bb0%||||false|false\u00a0\u00bb global_colors_info=\u00a0\u00bb{}\u00a0\u00bb][et_pb_column type=\u00a0\u00bb4_4&Prime; _builder_version=\u00a0\u00bb4.17.6&Prime; _module_preset=\u00a0\u00bbdefault\u00a0\u00bb global_colors_info=\u00a0\u00bb{}\u00a0\u00bb][et_pb_text admin_label=\u00a0\u00bbSection Title &#8211; H3&Prime; _builder_version=\u00a0\u00bb4.23.4&Prime; _module_preset=\u00a0\u00bbdefault\u00a0\u00bb header_3_font=\u00a0\u00bbFutura Bold|||on|||||\u00a0\u00bb header_3_text_align=\u00a0\u00bbleft\u00a0\u00bb header_3_text_color=\u00a0\u00bb#000000&Prime; header_3_font_size=\u00a0\u00bb18px\u00a0\u00bb header_3_letter_spacing=\u00a0\u00bb1.8px\u00a0\u00bb header_3_line_height=\u00a0\u00bb24px\u00a0\u00bb custom_margin=\u00a0\u00bb||2%||false|false\u00a0\u00bb custom_margin_tablet=\u00a0\u00bb||||false|false\u00a0\u00bb custom_margin_phone=\u00a0\u00bb||||false|false\u00a0\u00bb custom_margin_last_edited=\u00a0\u00bbon|desktop\u00a0\u00bb custom_padding=\u00a0\u00bb||||false|false\u00a0\u00bb global_colors_info=\u00a0\u00bb{}\u00a0\u00bb]<\/p>\n<h3>Matthew Krumpe (il\/lui et elle\/elle en drag) &#8211; Membre de l&rsquo;\u00e9quipe des m\u00e9dias sociaux\/de l&rsquo;\u00e9quipe \u00e9v\u00e9nementielle<\/h3>\n<p>[\/et_pb_text][et_pb_text _builder_version=\u00a0\u00bb4.23.4&Prime; _module_preset=\u00a0\u00bbdefault\u00a0\u00bb custom_padding=\u00a0\u00bb||||false|false\u00a0\u00bb custom_padding_tablet=\u00a0\u00bb||||false|false\u00a0\u00bb custom_padding_phone=\u00a0\u00bb||||false|false\u00a0\u00bb custom_padding_last_edited=\u00a0\u00bbon|desktop\u00a0\u00bb global_colors_info=\u00a0\u00bb{}\u00a0\u00bb]<\/p>\n<p style=\"font-weight: 400;\">Matthew (alias Linda Recessionista) est un artiste bas\u00e9 \u00e0 Los Angeles&nbsp;: interpr\u00e8te, chor\u00e9graphe, drag queen et producteur d\u2019\u00e9v\u00e9nements, il pratique la danse depuis plus de 30&nbsp;ans. Dipl\u00f4m\u00e9 d\u2019un master en danse et chor\u00e9graphie de l\u2019UCLA et trois fois nomin\u00e9 aux Ovation Awards, il a r\u00e9cemment renou\u00e9 avec sa passion pour la sc\u00e8ne apr\u00e8s des ann\u00e9es d\u2019enseignement. Il a \u00e9galement men\u00e9 une brillante carri\u00e8re dans la mode, occupant des postes \u00e0 responsabilit\u00e9 au sein de grandes marques d\u2019accessoires. Son parcours cr\u00e9atif l\u2019a conduit aux quatre coins du monde, S\u00e3o Paulo restant l\u2019une de ses villes pr\u00e9f\u00e9r\u00e9es. Sous le nom de Linda, il est une figure incontournable de la vie nocturne queer de Los Angeles, notamment gr\u00e2ce \u00e0 ses brunchs drag, ses bingos et ses \u00e9v\u00e9nements embl\u00e9matiques qui c\u00e9l\u00e8brent la joie et l\u2019inclusion. Fier d\u2019\u00eatre s\u00e9ropositif (avec une charge virale ind\u00e9tectable), Matthew est un fervent d\u00e9fenseur du principe \u00ab&nbsp;I=I&nbsp;\u00bb. Son int\u00e9gration \u00e0 l\u2019\u00e9quipe m\u00e9dia de VACAYA repr\u00e9sente une \u00e9tape profond\u00e9ment marquante de sa vie, une exp\u00e9rience empreinte de fiert\u00e9, de sens et d\u2019appartenance \u00e0 une famille choisie. Suivez Matthew sur <a href=\"https:\/\/www.tiktok.com\/@krumpmasterkrump\" target=\"_blank\" rel=\"noopener\">TikTok<\/a> et <a href=\"https:\/\/www.instagram.com\/krumpmasterkrump\/\" target=\"_blank\" rel=\"noopener\">Instagram<\/a> .       <\/p>\n<p>[\/et_pb_text][dmpro_masonry_gallery images=\u00a0\u00bb181526,181517,181508,181499,181490,181481&Prime; columns=\u00a0\u00bb6&Prime; columns_tablet=\u00a0\u00bb6&Prime; columns_phone=\u00a0\u00bb3&Prime; columns_last_edited=\u00a0\u00bbon|desktop\u00a0\u00bb _builder_version=\u00a0\u00bb4.23.4&Prime; _module_preset=\u00a0\u00bbdefault\u00a0\u00bb global_colors_info=\u00a0\u00bb{}\u00a0\u00bb][\/dmpro_masonry_gallery][\/et_pb_column][\/et_pb_row][\/et_pb_section][et_pb_section fb_built=\u00a0\u00bb1&Prime; admin_label=\u00a0\u00bbMelvin Avila\u00a0\u00bb _builder_version=\u00a0\u00bb4.23.4&Prime; _module_preset=\u00a0\u00bbdefault\u00a0\u00bb custom_padding=\u00a0\u00bb0%||||false|false\u00a0\u00bb collapsed=\u00a0\u00bbon\u00a0\u00bb global_colors_info=\u00a0\u00bb{}\u00a0\u00bb][et_pb_row _builder_version=\u00a0\u00bb4.17.6&Prime; _module_preset=\u00a0\u00bbdefault\u00a0\u00bb custom_padding=\u00a0\u00bb0%||||false|false\u00a0\u00bb global_colors_info=\u00a0\u00bb{}\u00a0\u00bb][et_pb_column type=\u00a0\u00bb4_4&Prime; _builder_version=\u00a0\u00bb4.17.6&Prime; _module_preset=\u00a0\u00bbdefault\u00a0\u00bb global_colors_info=\u00a0\u00bb{}\u00a0\u00bb][et_pb_text admin_label=\u00a0\u00bbSection Title &#8211; H3&Prime; _builder_version=\u00a0\u00bb4.23.4&Prime; _module_preset=\u00a0\u00bbdefault\u00a0\u00bb header_3_font=\u00a0\u00bbFutura Bold|||on|||||\u00a0\u00bb header_3_text_align=\u00a0\u00bbleft\u00a0\u00bb header_3_text_color=\u00a0\u00bb#000000&Prime; header_3_font_size=\u00a0\u00bb18px\u00a0\u00bb header_3_letter_spacing=\u00a0\u00bb1.8px\u00a0\u00bb header_3_line_height=\u00a0\u00bb24px\u00a0\u00bb custom_margin=\u00a0\u00bb||2%||false|false\u00a0\u00bb custom_margin_tablet=\u00a0\u00bb||||false|false\u00a0\u00bb custom_margin_phone=\u00a0\u00bb||||false|false\u00a0\u00bb custom_margin_last_edited=\u00a0\u00bbon|desktop\u00a0\u00bb custom_padding=\u00a0\u00bb||||false|false\u00a0\u00bb global_colors_info=\u00a0\u00bb{}\u00a0\u00bb]<\/p>\n<h3>Melvin Avila (il\/lui) &#8211; Membre de l&rsquo;\u00e9quipe \u00e9v\u00e9nementielle<\/h3>\n<p>[\/et_pb_text][et_pb_text _builder_version=\u00a0\u00bb4.23.4&Prime; _module_preset=\u00a0\u00bbdefault\u00a0\u00bb custom_padding=\u00a0\u00bb||||false|false\u00a0\u00bb custom_padding_tablet=\u00a0\u00bb||||false|false\u00a0\u00bb custom_padding_phone=\u00a0\u00bb||||false|false\u00a0\u00bb custom_padding_last_edited=\u00a0\u00bbon|desktop\u00a0\u00bb global_colors_info=\u00a0\u00bb{}\u00a0\u00bb]<\/p>\n<p style=\"font-weight: 400;\">Melvin est originaire du Salvador, le plus petit pays d&rsquo;Am\u00e9rique centrale, et d&rsquo;ascendance perse et espagnole. Fils de militaire, il a pass\u00e9 son enfance en Europe de l&rsquo;Est, mais depuis l&rsquo;\u00e2ge de 15 ans, il vit au Texas. C&rsquo;est dans cet \u00c9tat, surnomm\u00e9 \u00ab&nbsp;Lone Star State&nbsp;\u00bb, que Melvin a pass\u00e9 sa vie d&rsquo;adulte et sa carri\u00e8re dans l&rsquo;industrie a\u00e9ronautique, occupant divers postes, d&rsquo;agent de bord \u00e0 cadre sup\u00e9rieur. Melvin est le ma\u00eetre d&rsquo;Orville et Wilbur, deux chats nomm\u00e9s en hommage aux fr\u00e8res Wright, en r\u00e9f\u00e9rence \u00e0 sa passion pour les voyages. Membre de la V Team depuis 2021, Melvin se r\u00e9jouit de vivre encore de nombreuses aventures VACAYA&nbsp;! Si vous croisez Melvin lors d&rsquo;un de nos voyages, n&rsquo;h\u00e9sitez pas \u00e0 lui demander quelles sont ses destinations pr\u00e9f\u00e9r\u00e9es. Il est impatient de vous faire partager sa passion et de faire de vos vacances VACAYA un souvenir inoubliable&nbsp;!       Vous pouvez suivre Melvin sur Insta @ <strong><a href=\"https:\/\/www.instagram.com\/persolantinboy\/\" target=\"_blank\" rel=\"noopener\">Persolatinboi<\/a><\/strong> et sur Facebook @ <strong><a href=\"https:\/\/www.facebook.com\/mlvnpnd\/\" target=\"_blank\" rel=\"noopener\">Mlvnpnd<\/a><\/strong> .<\/p>\n<p>[\/et_pb_text][dmpro_masonry_gallery images=\u00a0\u00bb29025,29024,173116,173107,173125,173134&Prime; columns=\u00a0\u00bb6&Prime; columns_tablet=\u00a0\u00bb6&Prime; columns_phone=\u00a0\u00bb3&Prime; columns_last_edited=\u00a0\u00bbon|desktop\u00a0\u00bb _builder_version=\u00a0\u00bb4.23.4&Prime; _module_preset=\u00a0\u00bbdefault\u00a0\u00bb global_colors_info=\u00a0\u00bb{}\u00a0\u00bb][\/dmpro_masonry_gallery][\/et_pb_column][\/et_pb_row][\/et_pb_section][et_pb_section fb_built=\u00a0\u00bb1&Prime; admin_label=\u00a0\u00bbMichael Reilly\u00a0\u00bb _builder_version=\u00a0\u00bb4.17.6&Prime; _module_preset=\u00a0\u00bbdefault\u00a0\u00bb custom_padding=\u00a0\u00bb0%||||false|false\u00a0\u00bb collapsed=\u00a0\u00bbon\u00a0\u00bb global_colors_info=\u00a0\u00bb{}\u00a0\u00bb][et_pb_row _builder_version=\u00a0\u00bb4.17.6&Prime; _module_preset=\u00a0\u00bbdefault\u00a0\u00bb custom_padding=\u00a0\u00bb0%||||false|false\u00a0\u00bb global_colors_info=\u00a0\u00bb{}\u00a0\u00bb][et_pb_column type=\u00a0\u00bb4_4&Prime; _builder_version=\u00a0\u00bb4.17.6&Prime; _module_preset=\u00a0\u00bbdefault\u00a0\u00bb global_colors_info=\u00a0\u00bb{}\u00a0\u00bb][et_pb_text admin_label=\u00a0\u00bbSection Title &#8211; H3&Prime; _builder_version=\u00a0\u00bb4.17.6&Prime; _module_preset=\u00a0\u00bbdefault\u00a0\u00bb header_3_font=\u00a0\u00bbFutura Bold|||on|||||\u00a0\u00bb header_3_text_align=\u00a0\u00bbleft\u00a0\u00bb header_3_text_color=\u00a0\u00bb#000000&Prime; header_3_font_size=\u00a0\u00bb18px\u00a0\u00bb header_3_letter_spacing=\u00a0\u00bb1.8px\u00a0\u00bb header_3_line_height=\u00a0\u00bb24px\u00a0\u00bb custom_margin=\u00a0\u00bb||2%||false|false\u00a0\u00bb custom_margin_tablet=\u00a0\u00bb||||false|false\u00a0\u00bb custom_margin_phone=\u00a0\u00bb||||false|false\u00a0\u00bb custom_margin_last_edited=\u00a0\u00bbon|desktop\u00a0\u00bb custom_padding=\u00a0\u00bb||||false|false\u00a0\u00bb global_colors_info=\u00a0\u00bb{}\u00a0\u00bb]<\/p>\n<h3>Michael Reilly (il\/lui) &#8211; Directeur des ventes<\/h3>\n<p>[\/et_pb_text][et_pb_text _builder_version=\u00a0\u00bb4.17.6&Prime; _module_preset=\u00a0\u00bbdefault\u00a0\u00bb custom_padding=\u00a0\u00bb||||false|false\u00a0\u00bb custom_padding_tablet=\u00a0\u00bb||||false|false\u00a0\u00bb custom_padding_phone=\u00a0\u00bb||||false|false\u00a0\u00bb custom_padding_last_edited=\u00a0\u00bbon|phone\u00a0\u00bb global_colors_info=\u00a0\u00bb{}\u00a0\u00bb]<\/p>\n<p>Michael a \u00e9t\u00e9 pris pour la premi\u00e8re fois par le virus du voyage \u00e0 l&rsquo;\u00e2ge de 6 ans lors de vacances en famille \u00e0 Walt Disney World, mais ce n&rsquo;est que lorsqu&rsquo;il a particip\u00e9 \u00e0 un safari de camping \u00e9tudiant en Afrique de l&rsquo;Est \u00e0 l&rsquo;\u00e2ge de 17 ans que sa passion pour les voyages a grandi. au plus haut niveau.<span class=\"apple-converted-space\"> <\/span>Au cours de cette aventure d&rsquo;une vie, il s&rsquo;est lanc\u00e9 un d\u00e9fi en sortant de sa zone de confort et il a acquis une appr\u00e9ciation et une perspective sur diff\u00e9rentes cultures et modes de vie tout en vivant pendant une courte p\u00e9riode avec une tribu Masai.<span class=\"apple-converted-space\"> <\/span>Au cours des deux d\u00e9cennies suivantes, de nombreux voyages de Michael ont \u00e9t\u00e9 aliment\u00e9s par son obsession pour les sports \u00e0 la recherche de sensations fortes.<span class=\"apple-converted-space\">  <\/span>Du parachutisme en Arizona, du saut \u00e0 l&rsquo;\u00e9lastique en Nouvelle-Z\u00e9lande, de la plong\u00e9e avec les requins au Costa Rica et du surf \u00e0 Hawa\u00ef, ses voyages l&rsquo;ont emmen\u00e9 \u00e0 travers le monde \u00e0 la recherche de la prochaine mont\u00e9e d&rsquo;adr\u00e9naline.<span class=\"apple-converted-space\"> <\/span>Ces jours-ci, vous \u00eates plus susceptible de le trouver en train de se faire dorloter dans un complexe 5 \u00e9toiles \u00e0 Bali ou de photographier les aurores bor\u00e9ales en Islande.<span class=\"apple-converted-space\"> <\/span>Beaucoup d&rsquo;entre vous ont peut-\u00eatre d\u00e9j\u00e0 rencontr\u00e9 Michael sur terre ou en mer au cours de ses plus de 25 ans de travail dans le secteur des voyages LGBTQ+.<span class=\"apple-converted-space\"> <\/span>Vous pouvez suivre Michael et d\u00e9couvrir ses photographies de voyage sur Insta @ <a href=\"https:\/\/www.instagram.com\/gmichaelreilly\/\" target=\"_blank\" rel=\"noopener\"><strong>gmichaelreilly<\/strong><\/a> .<\/p>\n<p>[\/et_pb_text][dmpro_masonry_gallery images=\u00a0\u00bb28846,28847,28845,28848,28849,28844&Prime; columns=\u00a0\u00bb6&Prime; columns_tablet=\u00a0\u00bb6&Prime; columns_phone=\u00a0\u00bb3&Prime; columns_last_edited=\u00a0\u00bbon|desktop\u00a0\u00bb _builder_version=\u00a0\u00bb4.17.6&Prime; _module_preset=\u00a0\u00bbdefault\u00a0\u00bb global_colors_info=\u00a0\u00bb{}\u00a0\u00bb][\/dmpro_masonry_gallery][\/et_pb_column][\/et_pb_row][\/et_pb_section][et_pb_section fb_built=\u00a0\u00bb1&Prime; admin_label=\u00a0\u00bbMy&rsquo;Linda Francis\u00a0\u00bb _builder_version=\u00a0\u00bb4.17.6&Prime; _module_preset=\u00a0\u00bbdefault\u00a0\u00bb custom_padding=\u00a0\u00bb0%||||false|false\u00a0\u00bb collapsed=\u00a0\u00bbon\u00a0\u00bb global_colors_info=\u00a0\u00bb{}\u00a0\u00bb][et_pb_row _builder_version=\u00a0\u00bb4.17.6&Prime; _module_preset=\u00a0\u00bbdefault\u00a0\u00bb custom_padding=\u00a0\u00bb0%||||false|false\u00a0\u00bb global_colors_info=\u00a0\u00bb{}\u00a0\u00bb][et_pb_column type=\u00a0\u00bb4_4&Prime; _builder_version=\u00a0\u00bb4.17.6&Prime; _module_preset=\u00a0\u00bbdefault\u00a0\u00bb global_colors_info=\u00a0\u00bb{}\u00a0\u00bb][et_pb_text admin_label=\u00a0\u00bbSection Title &#8211; H3&Prime; _builder_version=\u00a0\u00bb4.17.6&Prime; _module_preset=\u00a0\u00bbdefault\u00a0\u00bb header_3_font=\u00a0\u00bbFutura Bold|||on|||||\u00a0\u00bb header_3_text_align=\u00a0\u00bbleft\u00a0\u00bb header_3_text_color=\u00a0\u00bb#000000&Prime; header_3_font_size=\u00a0\u00bb18px\u00a0\u00bb header_3_letter_spacing=\u00a0\u00bb1.8px\u00a0\u00bb header_3_line_height=\u00a0\u00bb24px\u00a0\u00bb custom_margin=\u00a0\u00bb||2%||false|false\u00a0\u00bb custom_margin_tablet=\u00a0\u00bb||||false|false\u00a0\u00bb custom_margin_phone=\u00a0\u00bb||||false|false\u00a0\u00bb custom_margin_last_edited=\u00a0\u00bbon|desktop\u00a0\u00bb custom_padding=\u00a0\u00bb||||false|false\u00a0\u00bb global_colors_info=\u00a0\u00bb{}\u00a0\u00bb]<\/p>\n<h3>My&rsquo;Linda Francis (elle\/elle) &#8211; Sp\u00e9cialiste du service \u00e0 la client\u00e8le et des ventes<\/h3>\n<p>[\/et_pb_text][et_pb_text _builder_version=\u00a0\u00bb4.17.6&Prime; _module_preset=\u00a0\u00bbdefault\u00a0\u00bb custom_padding=\u00a0\u00bb||||false|false\u00a0\u00bb custom_padding_tablet=\u00a0\u00bb||||false|false\u00a0\u00bb custom_padding_phone=\u00a0\u00bb||||false|false\u00a0\u00bb custom_padding_last_edited=\u00a0\u00bbon|phone\u00a0\u00bb global_colors_info=\u00a0\u00bb{}\u00a0\u00bb]<\/p>\n<p>My&rsquo;Linda Francis (ou \u00ab\u00a0My\u00a0\u00bb en abr\u00e9g\u00e9) est une fille Cajun dans l&rsquo;\u00e2me. Les racines de My sont profondes entre Houma, en Louisiane (son lieu d&rsquo;origine ch\u00e9ri) et sa maison actuelle \u00e0 Austin, au Texas. Infus\u00e9e de cr\u00e9ativit\u00e9, elle trouve du r\u00e9confort dans l&rsquo;art de fabriquer des bijoux en perles, perfectionnant constamment ses comp\u00e9tences et d\u00e9couvrant de nouvelles techniques. Elle croit fermement que l&rsquo;art impr\u00e8gne notre environnement et consid\u00e8re les voyages comme la forme ultime d&rsquo;\u00e9ducation, une porte d&rsquo;entr\u00e9e pour \u00e9largir nos horizons. L&rsquo;attrait du voyage est irr\u00e9sistible pour My : la fusion de la nourriture, de la culture, des exp\u00e9riences, de la diversit\u00e9, des connaissances et bien plus est si belle. Son app\u00e9tit pour de nouvelles exp\u00e9riences ne conna\u00eet pas de limites. Depuis sa premi\u00e8re croisi\u00e8re en 2016, elle part avec impatience au moins une fois par an, explorant des destinations \u00e0 couper le souffle telles que le Honduras, le Belize, la Jama\u00efque, les Bahamas, Toronto (pas une croisi\u00e8re), le Mexique et Grand Cayman. Cependant, le seul endroit qui occupe une place sp\u00e9ciale dans son c\u0153ur est la ville anim\u00e9e de la Nouvelle-Orl\u00e9ans. Son \u00e9nergie bat dans ses veines, et la riche histoire et la tapisserie culturelle de la ville r\u00e9sonnent avec My sur le plan spirituel. La Nouvelle-Orl\u00e9ans est plus qu&rsquo;une simple destination ; on se sent comme chez soi pour tout le monde ! Vous pouvez suivre My sur Insta @ <strong><a href=\"https:\/\/www.instagram.com\/MylindaVibez\/\" target=\"_blank\" rel=\"noopener\">MylindaVibez<\/a><\/strong> .<\/p>\n<p>[\/et_pb_text][dmpro_masonry_gallery images=\u00a0\u00bb36815,36816,36817,36818,36819,177158&Prime; columns=\u00a0\u00bb6&Prime; columns_tablet=\u00a0\u00bb6&Prime; columns_phone=\u00a0\u00bb3&Prime; columns_last_edited=\u00a0\u00bbon|desktop\u00a0\u00bb _builder_version=\u00a0\u00bb4.23.4&Prime; _module_preset=\u00a0\u00bbdefault\u00a0\u00bb global_colors_info=\u00a0\u00bb{}\u00a0\u00bb][\/dmpro_masonry_gallery][\/et_pb_column][\/et_pb_row][\/et_pb_section][et_pb_section fb_built=\u00a0\u00bb1&Prime; disabled_on=\u00a0\u00bbon|on|on\u00a0\u00bb admin_label=\u00a0\u00bbNomi Ahmed\u00a0\u00bb _builder_version=\u00a0\u00bb4.17.6&Prime; _module_preset=\u00a0\u00bbdefault\u00a0\u00bb custom_padding=\u00a0\u00bb0%||||false|false\u00a0\u00bb disabled=\u00a0\u00bbon\u00a0\u00bb collapsed=\u00a0\u00bbon\u00a0\u00bb global_colors_info=\u00a0\u00bb{}\u00a0\u00bb][et_pb_row _builder_version=\u00a0\u00bb4.17.6&Prime; _module_preset=\u00a0\u00bbdefault\u00a0\u00bb custom_padding=\u00a0\u00bb0%||||false|false\u00a0\u00bb global_colors_info=\u00a0\u00bb{}\u00a0\u00bb][et_pb_column type=\u00a0\u00bb4_4&Prime; _builder_version=\u00a0\u00bb4.17.6&Prime; _module_preset=\u00a0\u00bbdefault\u00a0\u00bb global_colors_info=\u00a0\u00bb{}\u00a0\u00bb][et_pb_text admin_label=\u00a0\u00bbSection Title &#8211; H3&Prime; _builder_version=\u00a0\u00bb4.17.6&Prime; _module_preset=\u00a0\u00bbdefault\u00a0\u00bb header_3_font=\u00a0\u00bbFutura Bold|||on|||||\u00a0\u00bb header_3_text_align=\u00a0\u00bbleft\u00a0\u00bb header_3_text_color=\u00a0\u00bb#000000&Prime; header_3_font_size=\u00a0\u00bb18px\u00a0\u00bb header_3_letter_spacing=\u00a0\u00bb1.8px\u00a0\u00bb header_3_line_height=\u00a0\u00bb24px\u00a0\u00bb custom_margin=\u00a0\u00bb||2%||false|false\u00a0\u00bb custom_margin_tablet=\u00a0\u00bb||||false|false\u00a0\u00bb custom_margin_phone=\u00a0\u00bb||||false|false\u00a0\u00bb custom_margin_last_edited=\u00a0\u00bbon|desktop\u00a0\u00bb custom_padding=\u00a0\u00bb||||false|false\u00a0\u00bb global_colors_info=\u00a0\u00bb{}\u00a0\u00bb]<\/p>\n<h3>Nomi Ahmed (il\/lui) &#8211; Membre de l&rsquo;\u00e9quipe \u00e9v\u00e9nementielle<\/h3>\n<p>[\/et_pb_text][et_pb_text _builder_version=\u00a0\u00bb4.17.6&Prime; _module_preset=\u00a0\u00bbdefault\u00a0\u00bb custom_padding=\u00a0\u00bb||||false|false\u00a0\u00bb custom_padding_tablet=\u00a0\u00bb||||false|false\u00a0\u00bb custom_padding_phone=\u00a0\u00bb||||false|false\u00a0\u00bb custom_padding_last_edited=\u00a0\u00bbon|phone\u00a0\u00bb global_colors_info=\u00a0\u00bb{}\u00a0\u00bb]<\/p>\n<p>Nomi est n\u00e9 et a grandi en Arabie saoudite dans une famille pakistanaise. Lors d&rsquo;un voyage familial aux \u00c9tats-Unis lorsqu&rsquo;il \u00e9tait enfant, il a tout de suite su qu&rsquo;il voulait vivre en Am\u00e9rique. Il a d\u00e9m\u00e9nag\u00e9 aux \u00c9tats-Unis \u00e0 18 ans et a v\u00e9cu \u00e0 Chicago pendant 10 ans, mais vit maintenant \u00e0 Des Moines, Iowa avec son mari. Il adore voyager, rencontrer de nouvelles personnes et d\u00e9couvrir leur culture \u00e0 travers la nourriture et les boissons &#8211; en particulier les boissons&nbsp;! L&rsquo;un de ses endroits pr\u00e9f\u00e9r\u00e9s est Saint-Martin, o\u00f9 il a pass\u00e9 sa lune de miel et est tomb\u00e9 amoureux des plages et de la fantastique cuisine fran\u00e7aise. Nomi a une passion pour le design et a travaill\u00e9 avec son bon ami \u00e0 Chicago sur de nombreux projets &#8211; et consulte encore occasionnellement. Depuis qu&rsquo;il a d\u00e9m\u00e9nag\u00e9 dans l&rsquo;Iowa, sa passion pour le design s&rsquo;est r\u00e9v\u00e9l\u00e9e utile lorsqu&rsquo;il a r\u00e9nov\u00e9 et repens\u00e9 son condo. Au d\u00e9but de la pand\u00e9mie, lui et son mari ont vendu leur condo et maintenant Nomi ach\u00e8ve la refonte de leur nouvelle maison. Il se concentre sur le design moderne et contemporain. Avec Nomi, il y a toujours un nouveau projet au coin de la rue ! Sa nourriture pr\u00e9f\u00e9r\u00e9e est le shawarma et dans chaque ville o\u00f9 il se rend, il recherche le meilleur shawarma &#8211; le trouvant parfois dans des food trucks. Suivez certaines des aventures de Nomi sur Insta @ <strong><a href=\"https:\/\/www.instagram.com\/nomibomi\/\" target=\"_blank\" rel=\"noopener\">Nomibomi<\/a><\/strong> .<\/p>\n<p>[\/et_pb_text][dmpro_masonry_gallery images=\u00a0\u00bb28923,28924,28925,28928,28926,28927&Prime; columns=\u00a0\u00bb6&Prime; columns_tablet=\u00a0\u00bb6&Prime; columns_phone=\u00a0\u00bb3&Prime; columns_last_edited=\u00a0\u00bbon|desktop\u00a0\u00bb _builder_version=\u00a0\u00bb4.17.6&Prime; _module_preset=\u00a0\u00bbdefault\u00a0\u00bb global_colors_info=\u00a0\u00bb{}\u00a0\u00bb][\/dmpro_masonry_gallery][\/et_pb_column][\/et_pb_row][\/et_pb_section][et_pb_section fb_built=\u00a0\u00bb1&Prime; admin_label=\u00a0\u00bbOkechi Chigewe\u00a0\u00bb _builder_version=\u00a0\u00bb4.17.6&Prime; _module_preset=\u00a0\u00bbdefault\u00a0\u00bb custom_padding=\u00a0\u00bb0%||||false|false\u00a0\u00bb collapsed=\u00a0\u00bbon\u00a0\u00bb global_colors_info=\u00a0\u00bb{}\u00a0\u00bb][et_pb_row _builder_version=\u00a0\u00bb4.17.6&Prime; _module_preset=\u00a0\u00bbdefault\u00a0\u00bb custom_padding=\u00a0\u00bb0%||||false|false\u00a0\u00bb global_colors_info=\u00a0\u00bb{}\u00a0\u00bb][et_pb_column type=\u00a0\u00bb4_4&Prime; _builder_version=\u00a0\u00bb4.17.6&Prime; _module_preset=\u00a0\u00bbdefault\u00a0\u00bb global_colors_info=\u00a0\u00bb{}\u00a0\u00bb][et_pb_text admin_label=\u00a0\u00bbSection Title &#8211; H3&Prime; _builder_version=\u00a0\u00bb4.17.6&Prime; _module_preset=\u00a0\u00bbdefault\u00a0\u00bb header_3_font=\u00a0\u00bbFutura Bold|||on|||||\u00a0\u00bb header_3_text_align=\u00a0\u00bbleft\u00a0\u00bb header_3_text_color=\u00a0\u00bb#000000&Prime; header_3_font_size=\u00a0\u00bb18px\u00a0\u00bb header_3_letter_spacing=\u00a0\u00bb1.8px\u00a0\u00bb header_3_line_height=\u00a0\u00bb24px\u00a0\u00bb custom_margin=\u00a0\u00bb||2%||false|false\u00a0\u00bb custom_margin_tablet=\u00a0\u00bb||||false|false\u00a0\u00bb custom_margin_phone=\u00a0\u00bb||||false|false\u00a0\u00bb custom_margin_last_edited=\u00a0\u00bbon|desktop\u00a0\u00bb custom_padding=\u00a0\u00bb||||false|false\u00a0\u00bb global_colors_info=\u00a0\u00bb{}\u00a0\u00bb]<\/p>\n<h3>Okechi Chigewe (il\/lui) &#8211; Membre de l&rsquo;\u00e9quipe \u00e9v\u00e9nementielle<\/h3>\n<p>[\/et_pb_text][et_pb_text _builder_version=\u00a0\u00bb4.17.6&Prime; _module_preset=\u00a0\u00bbdefault\u00a0\u00bb custom_padding=\u00a0\u00bb||||false|false\u00a0\u00bb custom_padding_tablet=\u00a0\u00bb||||false|false\u00a0\u00bb custom_padding_phone=\u00a0\u00bb||||false|false\u00a0\u00bb custom_padding_last_edited=\u00a0\u00bbon|phone\u00a0\u00bb global_colors_info=\u00a0\u00bb{}\u00a0\u00bb]<\/p>\n<p>Okechi est tr\u00e8s heureux de faire partie de la V Team ! Il a grandi dans cinq pays et parle 5 langues. Okechi aime toujours voyager et voir le monde. Il aime aussi les films, la musique et beaucoup de danse ! Okechi aime les gens et croit que m\u00eame si nous venons d&rsquo;horizons et d&rsquo;exp\u00e9riences vari\u00e9s, c&rsquo;est la diversit\u00e9 de nos exp\u00e9riences qui nous unifie dans la beaut\u00e9 collective de l&rsquo;amour. Suivez Okechi sur Insta @ <strong><a href=\"https:\/\/www.instagram.com\/okechichig\/\" target=\"_blank\" rel=\"noopener\">okechichig<\/a><\/strong> .<\/p>\n<p>[\/et_pb_text][dmpro_masonry_gallery images=\u00a0\u00bb35514,35515,35516,35517,35518,35519&Prime; columns=\u00a0\u00bb6&Prime; columns_tablet=\u00a0\u00bb6&Prime; columns_phone=\u00a0\u00bb3&Prime; columns_last_edited=\u00a0\u00bbon|desktop\u00a0\u00bb _builder_version=\u00a0\u00bb4.17.6&Prime; _module_preset=\u00a0\u00bbdefault\u00a0\u00bb global_colors_info=\u00a0\u00bb{}\u00a0\u00bb][\/dmpro_masonry_gallery][\/et_pb_column][\/et_pb_row][\/et_pb_section][et_pb_section fb_built=\u00a0\u00bb1&Prime; custom_padding_last_edited=\u00a0\u00bbon|desktop\u00a0\u00bb admin_label=\u00a0\u00bbPatrick Gunn\u00a0\u00bb _builder_version=\u00a0\u00bb4.17.6&Prime; _module_preset=\u00a0\u00bbdefault\u00a0\u00bb custom_padding=\u00a0\u00bb0%||||false|false\u00a0\u00bb custom_padding_tablet=\u00a0\u00bb0%||||false|false\u00a0\u00bb custom_padding_phone=\u00a0\u00bb0%||||false|false\u00a0\u00bb collapsed=\u00a0\u00bbon\u00a0\u00bb global_colors_info=\u00a0\u00bb{}\u00a0\u00bb][et_pb_row _builder_version=\u00a0\u00bb4.17.6&Prime; _module_preset=\u00a0\u00bbdefault\u00a0\u00bb custom_padding=\u00a0\u00bb0%||||false|false\u00a0\u00bb global_colors_info=\u00a0\u00bb{}\u00a0\u00bb][et_pb_column type=\u00a0\u00bb4_4&Prime; _builder_version=\u00a0\u00bb4.17.6&Prime; _module_preset=\u00a0\u00bbdefault\u00a0\u00bb global_colors_info=\u00a0\u00bb{}\u00a0\u00bb][et_pb_text admin_label=\u00a0\u00bbSection Title &#8211; H3&Prime; _builder_version=\u00a0\u00bb4.23.4&Prime; _module_preset=\u00a0\u00bbdefault\u00a0\u00bb header_3_font=\u00a0\u00bbFutura Bold|||on|||||\u00a0\u00bb header_3_text_align=\u00a0\u00bbleft\u00a0\u00bb header_3_text_color=\u00a0\u00bb#000000&Prime; header_3_font_size=\u00a0\u00bb18px\u00a0\u00bb header_3_letter_spacing=\u00a0\u00bb1.8px\u00a0\u00bb header_3_line_height=\u00a0\u00bb24px\u00a0\u00bb custom_margin=\u00a0\u00bb||2%||false|false\u00a0\u00bb custom_margin_tablet=\u00a0\u00bb||||false|false\u00a0\u00bb custom_margin_phone=\u00a0\u00bb||||false|false\u00a0\u00bb custom_margin_last_edited=\u00a0\u00bbon|desktop\u00a0\u00bb custom_padding=\u00a0\u00bb||||false|false\u00a0\u00bb global_colors_info=\u00a0\u00bb{}\u00a0\u00bb]<\/p>\n<h3>Patrick Gunn (tous les pronoms sont accept\u00e9s avec respect) &#8211; Cofondateur et directeur marketing<\/h3>\n<p>[\/et_pb_text][et_pb_text _builder_version=\u00a0\u00bb4.17.6&Prime; _module_preset=\u00a0\u00bbdefault\u00a0\u00bb custom_padding=\u00a0\u00bb||||false|false\u00a0\u00bb custom_padding_tablet=\u00a0\u00bb||||false|false\u00a0\u00bb custom_padding_phone=\u00a0\u00bb||||false|false\u00a0\u00bb custom_padding_last_edited=\u00a0\u00bbon|phone\u00a0\u00bb global_colors_info=\u00a0\u00bb{}\u00a0\u00bb]<\/p>\n<p>Patrick a attrap\u00e9 le virus du voyage lors d&rsquo;une tourn\u00e9e europ\u00e9enne au lyc\u00e9e, ce qui l&rsquo;a amen\u00e9 \u00e0 participer \u00e0 un programme d&rsquo;\u00e9tudes coll\u00e9giales \u00e0 l&rsquo;\u00e9tranger appel\u00e9 Semester at Sea. Le semestre consistait en un voyage de 100 jours en bateau autour du globe, s&rsquo;arr\u00eatant dans 10 pays diff\u00e9rents en cours de route. Ayant les yeux ouverts lors de sa premi\u00e8re circumnavigation mondiale, il s&rsquo;est port\u00e9 volontaire pour travailler sur son deuxi\u00e8me semestre en mer quelques ann\u00e9es plus tard. Son travail sur le navire consistait \u00e0 aider les \u00e9tudiants \u00e0 planifier leur voyage \u00e0 l&rsquo;int\u00e9rieur du pays. Patrick attribue ses voyages pour avoir trouv\u00e9 le courage de faire son coming out aupr\u00e8s de ses amis et de sa famille, une \u00e9tape majeure dans la vie de tout homosexuel. Patrick a visit\u00e9 plus de 50 pays et a grandi de chaque exp\u00e9rience. Il a maintenant une passion pour voyager avec son mari, Michael, dans des endroits o\u00f9 \u00eatre gay est moins accept\u00e9. Son espoir est que vivre et \u00eatre fier m\u00e8nera \u00e0 l&rsquo;acceptation dans le monde entier. Patrick est titulaire d&rsquo;un baccalaur\u00e9at en administration des affaires de l&rsquo;Universit\u00e9 d&rsquo;\u00c9tat de San Diego et d&rsquo;un MBA de l&rsquo;Universit\u00e9 de San Francisco. Au d\u00e9but de sa carri\u00e8re, il a occup\u00e9 divers postes de direction marketing chez Procter &amp; Gamble, HP, EA, Disney, Yahoo!, puis chez Atlantis Events et RSVP Vacations. Patrick peut \u00eatre contact\u00e9 \u00e0 <a href=\"mailto:patrick@myvacaya.com\"><strong>patrick@myvacaya.com<\/strong><\/a> . Suivez Patrick sur Insta @ <strong><a href=\"https:\/\/www.instagram.com\/carpe_diem_47\/\" target=\"_blank\" rel=\"noopener\">carpe_diem_47<\/a><\/strong> .<\/p>\n<p>[\/et_pb_text][dmpro_masonry_gallery images=\u00a0\u00bb28817,28819,28821,28820,28818,28816&Prime; columns=\u00a0\u00bb6&Prime; columns_tablet=\u00a0\u00bb6&Prime; columns_phone=\u00a0\u00bb3&Prime; columns_last_edited=\u00a0\u00bbon|desktop\u00a0\u00bb _builder_version=\u00a0\u00bb4.17.6&Prime; _module_preset=\u00a0\u00bbdefault\u00a0\u00bb global_colors_info=\u00a0\u00bb{}\u00a0\u00bb][\/dmpro_masonry_gallery][\/et_pb_column][\/et_pb_row][\/et_pb_section][et_pb_section fb_built=\u00a0\u00bb1&Prime; custom_padding_last_edited=\u00a0\u00bbon|desktop\u00a0\u00bb admin_label=\u00a0\u00bbPaul Echegaray\u00a0\u00bb _builder_version=\u00a0\u00bb4.27.4&Prime; _module_preset=\u00a0\u00bbdefault\u00a0\u00bb custom_padding=\u00a0\u00bb0%||||false|false\u00a0\u00bb custom_padding_tablet=\u00a0\u00bb0%||||false|false\u00a0\u00bb custom_padding_phone=\u00a0\u00bb0%||||false|false\u00a0\u00bb collapsed=\u00a0\u00bbon\u00a0\u00bb global_colors_info=\u00a0\u00bb{}\u00a0\u00bb][et_pb_row _builder_version=\u00a0\u00bb4.17.6&Prime; _module_preset=\u00a0\u00bbdefault\u00a0\u00bb custom_padding=\u00a0\u00bb0%||||false|false\u00a0\u00bb global_colors_info=\u00a0\u00bb{}\u00a0\u00bb][et_pb_column type=\u00a0\u00bb4_4&Prime; _builder_version=\u00a0\u00bb4.17.6&Prime; _module_preset=\u00a0\u00bbdefault\u00a0\u00bb global_colors_info=\u00a0\u00bb{}\u00a0\u00bb][et_pb_text admin_label=\u00a0\u00bbSection Title &#8211; H3&Prime; _builder_version=\u00a0\u00bb4.27.4&Prime; _module_preset=\u00a0\u00bbdefault\u00a0\u00bb header_3_font=\u00a0\u00bbFutura Bold|||on|||||\u00a0\u00bb header_3_text_align=\u00a0\u00bbleft\u00a0\u00bb header_3_text_color=\u00a0\u00bb#000000&Prime; header_3_font_size=\u00a0\u00bb18px\u00a0\u00bb header_3_letter_spacing=\u00a0\u00bb1.8px\u00a0\u00bb header_3_line_height=\u00a0\u00bb24px\u00a0\u00bb custom_margin=\u00a0\u00bb||2%||false|false\u00a0\u00bb custom_margin_tablet=\u00a0\u00bb||||false|false\u00a0\u00bb custom_margin_phone=\u00a0\u00bb||||false|false\u00a0\u00bb custom_margin_last_edited=\u00a0\u00bbon|desktop\u00a0\u00bb custom_padding=\u00a0\u00bb||||false|false\u00a0\u00bb global_colors_info=\u00a0\u00bb{}\u00a0\u00bb]<\/p>\n<h3>Paul Echegaray (il\/lui) &#8211; Membre de l&rsquo;\u00e9quipe \u00e9v\u00e9nementielle<\/h3>\n<p>[\/et_pb_text][et_pb_text _builder_version=\u00a0\u00bb4.27.4&Prime; _module_preset=\u00a0\u00bbdefault\u00a0\u00bb custom_padding=\u00a0\u00bb||||false|false\u00a0\u00bb custom_padding_tablet=\u00a0\u00bb||||false|false\u00a0\u00bb custom_padding_phone=\u00a0\u00bb||||false|false\u00a0\u00bb custom_padding_last_edited=\u00a0\u00bbon|phone\u00a0\u00bb global_colors_info=\u00a0\u00bb{}\u00a0\u00bb]<\/p>\n<p>Californien de naissance au c\u0153ur de globe-trotteur, Paul a \u00e9lu domicile en Floride. Quand il n&rsquo;est pas en train de briller \u00e0 9&nbsp;000 m\u00e8tres d&rsquo;altitude, vous le trouverez probablement en train de se d\u00e9tendre sur la plage avec un cocktail ou de s&rsquo;entra\u00eener \u00e0 la salle de sport. Grand amateur d&rsquo;euro pop et de disco, il est toujours pr\u00eat \u00e0 enflammer la piste de danse et \u00e0 profiter du rythme de la vie. Accro \u00e0 l&rsquo;adr\u00e9naline, Paul adore les sports extr\u00eames&nbsp;: du parachutisme au parapente, il est toujours partant pour une dose d&rsquo;adr\u00e9naline. Si vous cherchez quelqu&rsquo;un qui aime les nouvelles aventures et croquer la vie \u00e0 pleines dents, ne cherchez plus&nbsp;! V\u00e9ritable amoureux de l&rsquo;oc\u00e9an et de l&rsquo;aventure, Paul apporte son \u00e9nergie et sa passion \u00e0 l&rsquo;\u00e9quipe VACAYA. Suivez Paul sur Instagram&nbsp;: <a href=\"https:\/\/www.instagram.com\/skyaray\/\" target=\"_blank\" rel=\"noopener\">@skyaray<\/a> .      <\/p>\n<p>[\/et_pb_text][dmpro_masonry_gallery images=\u00a0\u00bb192576,192567,192558,192549,192540,192531&Prime; columns=\u00a0\u00bb6&Prime; columns_tablet=\u00a0\u00bb6&Prime; columns_phone=\u00a0\u00bb3&Prime; columns_last_edited=\u00a0\u00bbon|desktop\u00a0\u00bb _builder_version=\u00a0\u00bb4.27.4&Prime; _module_preset=\u00a0\u00bbdefault\u00a0\u00bb global_colors_info=\u00a0\u00bb{}\u00a0\u00bb][\/dmpro_masonry_gallery][\/et_pb_column][\/et_pb_row][\/et_pb_section][et_pb_section fb_built=\u00a0\u00bb1&Prime; admin_label=\u00a0\u00bbRandle Roper\u00a0\u00bb _builder_version=\u00a0\u00bb4.17.6&Prime; _module_preset=\u00a0\u00bbdefault\u00a0\u00bb custom_padding=\u00a0\u00bb0%||||false|false\u00a0\u00bb collapsed=\u00a0\u00bbon\u00a0\u00bb global_colors_info=\u00a0\u00bb{}\u00a0\u00bb][et_pb_row _builder_version=\u00a0\u00bb4.17.6&Prime; _module_preset=\u00a0\u00bbdefault\u00a0\u00bb custom_padding=\u00a0\u00bb0%||||false|false\u00a0\u00bb global_colors_info=\u00a0\u00bb{}\u00a0\u00bb][et_pb_column type=\u00a0\u00bb4_4&Prime; _builder_version=\u00a0\u00bb4.17.6&Prime; _module_preset=\u00a0\u00bbdefault\u00a0\u00bb global_colors_info=\u00a0\u00bb{}\u00a0\u00bb][et_pb_text admin_label=\u00a0\u00bbSection Title &#8211; H3&Prime; _builder_version=\u00a0\u00bb4.23.4&Prime; _module_preset=\u00a0\u00bbdefault\u00a0\u00bb header_3_font=\u00a0\u00bbFutura Bold|||on|||||\u00a0\u00bb header_3_text_align=\u00a0\u00bbleft\u00a0\u00bb header_3_text_color=\u00a0\u00bb#000000&Prime; header_3_font_size=\u00a0\u00bb18px\u00a0\u00bb header_3_letter_spacing=\u00a0\u00bb1.8px\u00a0\u00bb header_3_line_height=\u00a0\u00bb24px\u00a0\u00bb custom_margin=\u00a0\u00bb||2%||false|false\u00a0\u00bb custom_margin_tablet=\u00a0\u00bb||||false|false\u00a0\u00bb custom_margin_phone=\u00a0\u00bb||||false|false\u00a0\u00bb custom_margin_last_edited=\u00a0\u00bbon|desktop\u00a0\u00bb custom_padding=\u00a0\u00bb||||false|false\u00a0\u00bb global_colors_info=\u00a0\u00bb{}\u00a0\u00bb]<\/p>\n<h3>RANDLE ROPER (il\/lui) &#8211; Cofondateur et directeur de l&amp;#39;exp\u00e9rience client<\/h3>\n<p>[\/et_pb_text][et_pb_text _builder_version=\u00a0\u00bb4.17.6&Prime; _module_preset=\u00a0\u00bbdefault\u00a0\u00bb custom_padding=\u00a0\u00bb||||false|false\u00a0\u00bb custom_padding_tablet=\u00a0\u00bb||||false|false\u00a0\u00bb custom_padding_phone=\u00a0\u00bb||||false|false\u00a0\u00bb custom_padding_last_edited=\u00a0\u00bbon|phone\u00a0\u00bb global_colors_info=\u00a0\u00bb{}\u00a0\u00bb]<\/p>\n<p>Depuis ses d\u00e9buts \u00e0 Universal Studios jusqu&rsquo;\u00e0 ses ann\u00e9es chez Atlantis Events, Starwood Hotels &amp; Resorts, et plus tard en tant que pr\u00e9sident de RSVP Vacations, Randle a plus de 30 ans d&rsquo;exp\u00e9rience dans le divertissement, l&rsquo;h\u00f4tellerie et les voyages LGBT+. Cependant, il \u00e9tait en fait un \u00e9panouissement tardif en ce qui concerne ses passions de voyage. Ayant grandi juste \u00e0 l&rsquo;ext\u00e9rieur de la Nouvelle-Orl\u00e9ans, l&rsquo;id\u00e9e d&rsquo;aventure de sa famille \u00e9tait le week-end occasionnel en Floride. Bien que Pensacola et Panama City soient certainement charmants, ils n&rsquo;ont pas exactement attis\u00e9 son feu pour voir plus du monde. Tout cela a chang\u00e9 \u00e0 l&rsquo;\u00e2ge de 27 ans un jour de juillet qui allait changer sa vie pour toujours. Il \u00e9tait difficile de comprendre exactement ce qui se passait \u00e0 ce moment qui a chang\u00e9 sa vie, mais la v\u00e9rit\u00e9 allait rapidement se r\u00e9v\u00e9ler : Randle souffrait d&rsquo;un grave accident vasculaire c\u00e9r\u00e9bral. Allong\u00e9 dans l&rsquo;unit\u00e9 de soins intensifs du centre m\u00e9dical St. Joseph de Burbank, il ne pouvait pas croire que ses exp\u00e9riences de voyage s&rsquo;\u00e9taient limit\u00e9es \u00e0 Fort Walton Beach et \u00e0 un voyage chanceux \u00e0 Walt Disney World il y a tant d&rsquo;ann\u00e9es. Alors les n\u00e9gociations de vie ont commenc\u00e9 ! Il s&rsquo;est fait la promesse que s&rsquo;il gu\u00e9rissait, il verrait le monde. L&rsquo;id\u00e9e de mourir sans avoir jamais rien vu de bien au-del\u00e0 de la Floride et du sud de la Californie, o\u00f9 il vivait actuellement, \u00e9tait tout simplement trop lourde \u00e0 supporter. Il s&rsquo;est donc fix\u00e9 deux objectifs tr\u00e8s pr\u00e9cis en ce jour fatidique : r\u00e9cup\u00e9rer compl\u00e8tement puis visiter 100 pays avant d&rsquo;avoir 40 ans. Ambitieux? Absolument. Mais le feu que ces objectifs ont mis en lui a br\u00fbl\u00e9 avec \u00e9clat, le propulsant \u00e0 travers l&rsquo;intense th\u00e9rapie physique et orthophonique. Apr\u00e8s un an de convalescence, ses aventures ont commenc\u00e9. Il a obtenu son passeport et est parti pour la Turquie ! Ce voyage \u00e0 Istanbul mystique a \u00e9t\u00e9 une r\u00e9v\u00e9lation &#8211; si \u00e9trang\u00e8re, si compl\u00e8tement nouvelle &#8211; et il a commenc\u00e9 sa vie sur son cours sauvage et merveilleux actuel. Il avait vaincu la mort. Et maintenant, il est devenu l&rsquo;une des personnes les plus voyag\u00e9es de la plan\u00e8te, ayant voyag\u00e9 sur les sept continents et 125 pays et comptant. Il a maintenant les yeux fix\u00e9s sur la visite de TOUS les pays du globe&nbsp;! Pour joindre Randle, envoyez simplement un e-mail \u00e0 <strong><a href=\"mailto:randle@myvacaya.com\">randle@myvacaya.com<\/a><\/strong> . Suivez Randle sur Insta @ <a href=\"https:\/\/www.instagram.com\/vacayarandle\/\" target=\"_blank\" rel=\"noopener\"><strong>vacayarandle<\/strong><\/a> .<\/p>\n<p>[\/et_pb_text][dmpro_masonry_gallery images=\u00a0\u00bb28806,28805,28804,28803,28802,28801&Prime; columns=\u00a0\u00bb6&Prime; columns_tablet=\u00a0\u00bb6&Prime; columns_phone=\u00a0\u00bb3&Prime; columns_last_edited=\u00a0\u00bbon|phone\u00a0\u00bb _builder_version=\u00a0\u00bb4.17.6&Prime; _module_preset=\u00a0\u00bbdefault\u00a0\u00bb global_colors_info=\u00a0\u00bb{}\u00a0\u00bb][\/dmpro_masonry_gallery][\/et_pb_column][\/et_pb_row][\/et_pb_section][et_pb_section fb_built=\u00a0\u00bb1&Prime; admin_label=\u00a0\u00bbRichard Duncan\u00a0\u00bb _builder_version=\u00a0\u00bb4.23.4&Prime; _module_preset=\u00a0\u00bbdefault\u00a0\u00bb custom_padding=\u00a0\u00bb0%||||false|false\u00a0\u00bb collapsed=\u00a0\u00bbon\u00a0\u00bb global_colors_info=\u00a0\u00bb{}\u00a0\u00bb][et_pb_row _builder_version=\u00a0\u00bb4.17.6&Prime; _module_preset=\u00a0\u00bbdefault\u00a0\u00bb custom_padding=\u00a0\u00bb0%||||false|false\u00a0\u00bb global_colors_info=\u00a0\u00bb{}\u00a0\u00bb][et_pb_column type=\u00a0\u00bb4_4&Prime; _builder_version=\u00a0\u00bb4.17.6&Prime; _module_preset=\u00a0\u00bbdefault\u00a0\u00bb global_colors_info=\u00a0\u00bb{}\u00a0\u00bb][et_pb_text admin_label=\u00a0\u00bbSection Title &#8211; H3&Prime; _builder_version=\u00a0\u00bb4.23.4&Prime; _module_preset=\u00a0\u00bbdefault\u00a0\u00bb header_3_font=\u00a0\u00bbFutura Bold|||on|||||\u00a0\u00bb header_3_text_align=\u00a0\u00bbleft\u00a0\u00bb header_3_text_color=\u00a0\u00bb#000000&Prime; header_3_font_size=\u00a0\u00bb18px\u00a0\u00bb header_3_letter_spacing=\u00a0\u00bb1.8px\u00a0\u00bb header_3_line_height=\u00a0\u00bb24px\u00a0\u00bb custom_margin=\u00a0\u00bb||2%||false|false\u00a0\u00bb custom_margin_tablet=\u00a0\u00bb||||false|false\u00a0\u00bb custom_margin_phone=\u00a0\u00bb||||false|false\u00a0\u00bb custom_margin_last_edited=\u00a0\u00bbon|desktop\u00a0\u00bb custom_padding=\u00a0\u00bb||||false|false\u00a0\u00bb global_colors_info=\u00a0\u00bb{}\u00a0\u00bb]<\/p>\n<h3>Richard Duncan (il\/iel) &#8211; Membre de l&rsquo;\u00e9quipe \u00e9v\u00e9nementielle<\/h3>\n<p>[\/et_pb_text][et_pb_text _builder_version=\u00a0\u00bb4.23.4&Prime; _module_preset=\u00a0\u00bbdefault\u00a0\u00bb custom_padding=\u00a0\u00bb||||false|false\u00a0\u00bb custom_padding_tablet=\u00a0\u00bb||||false|false\u00a0\u00bb custom_padding_phone=\u00a0\u00bb||||false|false\u00a0\u00bb custom_padding_last_edited=\u00a0\u00bbon|desktop\u00a0\u00bb global_colors_info=\u00a0\u00bb{}\u00a0\u00bb]<\/p>\n<p style=\"font-weight: 400;\">Rencontrez Richard! Il est membre de la V Team depuis le tout d\u00e9but et consid\u00e8re chaque voyage comme une nouvelle aventure. Il adore cr\u00e9er de nouveaux souvenirs avec sa famille VACAYA ! Richard a grandi dans une ville agricole rurale du nord de l&rsquo;\u00c9tat de Caroline du Sud, au pied des Blue Ridge Mountains. Durant son enfance, la famille de Richard s&rsquo;aventurait rarement \u00e0 plus de quelques heures de leur ville natale (il faut dire que <em>Dollywood<\/em> \u00e9tait toujours une exp\u00e9rience magique !), mais Richard r\u00eavait d&rsquo;explorer le monde et de d\u00e9couvrir de nouveaux horizons. Premier membre de sa famille \u00e0 faire des \u00e9tudes sup\u00e9rieures, il choisit de s&rsquo;installer sur la c\u00f4te. Loin de chez lui pour la premi\u00e8re fois, sa soif d&rsquo;apprendre et de d\u00e9couvrir d&rsquo;autres lieux, d&rsquo;autres personnes et d&rsquo;autres cultures s&rsquo;\u00e9panouit pleinement. Apr\u00e8s un voyage scolaire en Californie et une visite \u00e0 un ami \u00e0 New York, Richard commen\u00e7a \u00e0 multiplier les occasions de voyager \u00e0 travers les \u00c9tats-Unis, puis \u00e0 l&rsquo;\u00e9tranger. Aujourd&rsquo;hui, il a la chance de vivre \u00e0 San Francisco, haut lieu de la culture gay aux \u00c9tats-Unis et v\u00e9ritable carrefour des voyages nationaux et internationaux ! Suivez Richard sur Instagram&nbsp;: <a href=\"https:\/\/www.instagram.com\/instagraham_sfo\/\" target=\"_blank\" rel=\"noopener\" data-outlook-id=\"a0948cc4-0124-4231-804f-e7bc26beb162\"><strong>@instagraham_sfo<\/strong><\/a> .  <\/p>\n<p>[\/et_pb_text][dmpro_masonry_gallery images=\u00a0\u00bb173027,173018,173009,172991,173170,173161&Prime; columns=\u00a0\u00bb6&Prime; columns_tablet=\u00a0\u00bb6&Prime; columns_phone=\u00a0\u00bb3&Prime; columns_last_edited=\u00a0\u00bbon|desktop\u00a0\u00bb _builder_version=\u00a0\u00bb4.23.4&Prime; _module_preset=\u00a0\u00bbdefault\u00a0\u00bb global_colors_info=\u00a0\u00bb{}\u00a0\u00bb][\/dmpro_masonry_gallery][\/et_pb_column][\/et_pb_row][\/et_pb_section][et_pb_section fb_built=\u00a0\u00bb1&Prime; admin_label=\u00a0\u00bbRonnie Jones Jr.\u00a0\u00bb _builder_version=\u00a0\u00bb4.17.6&Prime; _module_preset=\u00a0\u00bbdefault\u00a0\u00bb custom_padding=\u00a0\u00bb0%||||false|false\u00a0\u00bb collapsed=\u00a0\u00bbon\u00a0\u00bb global_colors_info=\u00a0\u00bb{}\u00a0\u00bb][et_pb_row _builder_version=\u00a0\u00bb4.17.6&Prime; _module_preset=\u00a0\u00bbdefault\u00a0\u00bb custom_padding=\u00a0\u00bb0%||||false|false\u00a0\u00bb global_colors_info=\u00a0\u00bb{}\u00a0\u00bb][et_pb_column type=\u00a0\u00bb4_4&Prime; _builder_version=\u00a0\u00bb4.17.6&Prime; _module_preset=\u00a0\u00bbdefault\u00a0\u00bb global_colors_info=\u00a0\u00bb{}\u00a0\u00bb][et_pb_text admin_label=\u00a0\u00bbSection Title &#8211; H3&Prime; _builder_version=\u00a0\u00bb4.17.6&Prime; _module_preset=\u00a0\u00bbdefault\u00a0\u00bb header_3_font=\u00a0\u00bbFutura Bold|||on|||||\u00a0\u00bb header_3_text_align=\u00a0\u00bbleft\u00a0\u00bb header_3_text_color=\u00a0\u00bb#000000&Prime; header_3_font_size=\u00a0\u00bb18px\u00a0\u00bb header_3_letter_spacing=\u00a0\u00bb1.8px\u00a0\u00bb header_3_line_height=\u00a0\u00bb24px\u00a0\u00bb custom_margin=\u00a0\u00bb||2%||false|false\u00a0\u00bb custom_margin_tablet=\u00a0\u00bb||||false|false\u00a0\u00bb custom_margin_phone=\u00a0\u00bb||||false|false\u00a0\u00bb custom_margin_last_edited=\u00a0\u00bbon|desktop\u00a0\u00bb custom_padding=\u00a0\u00bb||||false|false\u00a0\u00bb global_colors_info=\u00a0\u00bb{}\u00a0\u00bb]<\/p>\n<h3>Ronnie Jones Jr. (il\/lui) &#8211; Membre de l&rsquo;\u00e9quipe de l&rsquo;\u00e9v\u00e9nement<\/h3>\n<p>[\/et_pb_text][et_pb_text _builder_version=\u00a0\u00bb4.17.6&Prime; _module_preset=\u00a0\u00bbdefault\u00a0\u00bb custom_padding=\u00a0\u00bb||||false|false\u00a0\u00bb custom_padding_tablet=\u00a0\u00bb||||false|false\u00a0\u00bb custom_padding_phone=\u00a0\u00bb||||false|false\u00a0\u00bb custom_padding_last_edited=\u00a0\u00bbon|phone\u00a0\u00bb global_colors_info=\u00a0\u00bb{}\u00a0\u00bb]<\/p>\n<p>Ronnie a parcouru le monde en tant qu&rsquo;h\u00f4tesse de l&rsquo;air. Et en tant que v\u00e9t\u00e9ran de plus de 20 croisi\u00e8res enti\u00e8rement gay, il est ravi d&rsquo;\u00eatre t\u00e9moin de l&rsquo;\u00e9volution de l&rsquo;inclusivit\u00e9 avec VACAYA. N\u00e9 et \u00e9lev\u00e9 dans l&rsquo;Ohio, Ronnie est entr\u00e9 dans l&rsquo;industrie du voyage d\u00e8s la sortie de l&rsquo;universit\u00e9 et est parti explorer le monde. Son premier voyage \u00e0 l&rsquo;\u00e9tranger a \u00e9t\u00e9 \u00e0 Berlin, en Allemagne, en 2004 pour c\u00e9l\u00e9brer son 30e anniversaire. Ce voyage m&rsquo;a d\u00e9finitivement ouvert les yeux sur de nouvelles exp\u00e9riences&nbsp;! Depuis lors, Ronnie a voyag\u00e9 tr\u00e8s loin, notamment en visitant l&rsquo;Op\u00e9ra de Sydney, les ruines mayas de Chichen Itza et a travers\u00e9 le canal de Panama&#8230; deux fois&nbsp;! Vivant \u00e0 Fort Lauderdale (centre des navires de croisi\u00e8re), Ronnie a d&rsquo;innombrables occasions de naviguer aussi souvent que possible, d&rsquo;explorer de nouveaux endroits, de rencontrer de nouvelles personnes et de naviguer sur tous les navires de croisi\u00e8re les plus r\u00e9cents et les plus grands de l&rsquo;industrie. Consid\u00e9r\u00e9 comme un \u00abfondateur\u00bb de JetBlue Airways (depuis 20 ans), Ronnie aime tout ce qui concerne l&rsquo;exp\u00e9rience du service client et aime \u00eatre entour\u00e9 de gens. Au travail, il se donne toujours pour objectif de se connecter avec autant de clients que possible, en s&rsquo;assurant qu&rsquo;ils vivent une exp\u00e9rience de voyage fantastique.<\/p>\n<p>Ronnie est un musicien accompli, jouant du violon et de la clarinette dans le South Florida Pride Wind Ensemble, et chantant avec le Gay Men&rsquo;s Chorus of South Florida. Dans ses temps libres, Ronnie aime faire des montagnes russes, du parachutisme, du th\u00e9\u00e2tre, de la musique, s&rsquo;essayer en tant que DJ amateur et se pr\u00e9lasser sous le chaud soleil du sud de la Floride. Pas un gars timide du tout, Ronnie vous approchera toujours avec un esprit ouvert, un c\u00e2lin chaleureux et un grand sourire, ce qui lui vient naturellement puisqu&rsquo;il aime faire rire et s&rsquo;amuser. Ronnie <i>est<\/i> VACAYA. Suivez-le sur Insta @ <strong><a href=\"https:\/\/www.instagram.com\/topdawgfll\/\" target=\"_blank\" rel=\"noopener\">TopDawgFLL<\/a><\/strong> .<\/p>\n<p>[\/et_pb_text][dmpro_masonry_gallery images=\u00a0\u00bb28944,28942,28939,28940,28941,28943&Prime; columns=\u00a0\u00bb6&Prime; columns_tablet=\u00a0\u00bb6&Prime; columns_phone=\u00a0\u00bb3&Prime; columns_last_edited=\u00a0\u00bbon|desktop\u00a0\u00bb _builder_version=\u00a0\u00bb4.17.6&Prime; _module_preset=\u00a0\u00bbdefault\u00a0\u00bb global_colors_info=\u00a0\u00bb{}\u00a0\u00bb][\/dmpro_masonry_gallery][\/et_pb_column][\/et_pb_row][\/et_pb_section][et_pb_section fb_built=\u00a0\u00bb1&Prime; admin_label=\u00a0\u00bbRyan Swisher\u00a0\u00bb _builder_version=\u00a0\u00bb4.17.6&Prime; _module_preset=\u00a0\u00bbdefault\u00a0\u00bb custom_padding=\u00a0\u00bb0%||||false|false\u00a0\u00bb collapsed=\u00a0\u00bbon\u00a0\u00bb global_colors_info=\u00a0\u00bb{}\u00a0\u00bb][et_pb_row _builder_version=\u00a0\u00bb4.17.6&Prime; _module_preset=\u00a0\u00bbdefault\u00a0\u00bb custom_padding=\u00a0\u00bb0%||||false|false\u00a0\u00bb global_colors_info=\u00a0\u00bb{}\u00a0\u00bb][et_pb_column type=\u00a0\u00bb4_4&Prime; _builder_version=\u00a0\u00bb4.17.6&Prime; _module_preset=\u00a0\u00bbdefault\u00a0\u00bb global_colors_info=\u00a0\u00bb{}\u00a0\u00bb][et_pb_text admin_label=\u00a0\u00bbSection Title &#8211; H3&Prime; _builder_version=\u00a0\u00bb4.17.6&Prime; _module_preset=\u00a0\u00bbdefault\u00a0\u00bb header_3_font=\u00a0\u00bbFutura Bold|||on|||||\u00a0\u00bb header_3_text_align=\u00a0\u00bbleft\u00a0\u00bb header_3_text_color=\u00a0\u00bb#000000&Prime; header_3_font_size=\u00a0\u00bb18px\u00a0\u00bb header_3_letter_spacing=\u00a0\u00bb1.8px\u00a0\u00bb header_3_line_height=\u00a0\u00bb24px\u00a0\u00bb custom_margin=\u00a0\u00bb||2%||false|false\u00a0\u00bb custom_margin_tablet=\u00a0\u00bb||||false|false\u00a0\u00bb custom_margin_phone=\u00a0\u00bb||||false|false\u00a0\u00bb custom_margin_last_edited=\u00a0\u00bbon|desktop\u00a0\u00bb custom_padding=\u00a0\u00bb||||false|false\u00a0\u00bb global_colors_info=\u00a0\u00bb{}\u00a0\u00bb]<\/p>\n<h3>Ryan Swisher (il\/elle\/elle lorsqu&rsquo;il est en drag) &#8211; Membre de l&rsquo;\u00e9quipe \u00e9v\u00e9nementielle<\/h3>\n<p>[\/et_pb_text][et_pb_text _builder_version=\u00a0\u00bb4.23.4&Prime; _module_preset=\u00a0\u00bbdefault\u00a0\u00bb custom_padding=\u00a0\u00bb||||false|false\u00a0\u00bb custom_padding_tablet=\u00a0\u00bb||||false|false\u00a0\u00bb custom_padding_phone=\u00a0\u00bb||||false|false\u00a0\u00bb custom_padding_last_edited=\u00a0\u00bbon|phone\u00a0\u00bb global_colors_info=\u00a0\u00bb{}\u00a0\u00bb]<\/p>\n<p>Ryan est n\u00e9 et a grandi en Virginie-Occidentale et vit actuellement \u00e0 Orlando, en Floride. D\u00e8s son plus jeune \u00e2ge, il a d\u00e9velopp\u00e9 une v\u00e9ritable passion pour les voyages. Fort de nombreuses aventures, Ryan est devenu un membre r\u00e9gulier de l&rsquo;\u00e9quipe V, apr\u00e8s sa premi\u00e8re mission lors de la croisi\u00e8re inaugurale de VACAYA.   Il est d\u00e9termin\u00e9 \u00e0 voyager partout dans le monde, d\u00e9couvrant toute la beaut\u00e9 qu&rsquo;il a \u00e0 offrir. Ryan vous dira qu&rsquo;il est beaucoup plus extraverti qu&rsquo;un \u00eatre humain normal et qu&rsquo;il adore parler, rencontrer de nouvelles personnes et n&rsquo;h\u00e9site pas \u00e0 partager son histoire. Ryan fait partie des iconiques VACAYA Vixens et est le fils spirituel de la l\u00e9gendaire Ginger Minj de <em><strong>RuPaul&amp;#39;s Drag Race<\/strong><\/em> . Il adore emmener sa moiti\u00e9, Daisy Dior, avec lui et parcourir le monde. Nous sommes certains que vous tomberez sous le charme de cette \u00e9toile montante et il est plus qu&amp;#39;enthousiaste \u00e0 l&amp;#39;id\u00e9e de continuer \u00e0 cr\u00e9er des souvenirs inoubliables avec chaque invit\u00e9 de VACAYA. Suivez Ryan et Daisy sur Instagram&nbsp;: <strong><a href=\"https:\/\/www.instagram.com\/ryan_e_s\/\" target=\"_blank\" rel=\"noopener\">ryan_e_s<\/a><\/strong> et <strong><a href=\"https:\/\/www.instagram.com\/thedaisydior\/\">thedaisydior<\/a><\/strong> .   <\/p>\n<p>[\/et_pb_text][dmpro_masonry_gallery images=\u00a0\u00bb172455,172464,172473,172482,172491,172500&Prime; columns=\u00a0\u00bb6&Prime; columns_tablet=\u00a0\u00bb6&Prime; columns_phone=\u00a0\u00bb3&Prime; columns_last_edited=\u00a0\u00bbon|desktop\u00a0\u00bb _builder_version=\u00a0\u00bb4.23.4&Prime; _module_preset=\u00a0\u00bbdefault\u00a0\u00bb global_colors_info=\u00a0\u00bb{}\u00a0\u00bb][\/dmpro_masonry_gallery][\/et_pb_column][\/et_pb_row][\/et_pb_section][et_pb_section fb_built=\u00a0\u00bb1&Prime; admin_label=\u00a0\u00bbSabrina Servance\u00a0\u00bb _builder_version=\u00a0\u00bb4.17.6&Prime; _module_preset=\u00a0\u00bbdefault\u00a0\u00bb custom_padding=\u00a0\u00bb0%||||false|false\u00a0\u00bb collapsed=\u00a0\u00bbon\u00a0\u00bb global_colors_info=\u00a0\u00bb{}\u00a0\u00bb][et_pb_row _builder_version=\u00a0\u00bb4.17.6&Prime; _module_preset=\u00a0\u00bbdefault\u00a0\u00bb custom_padding=\u00a0\u00bb0%||||false|false\u00a0\u00bb global_colors_info=\u00a0\u00bb{}\u00a0\u00bb][et_pb_column type=\u00a0\u00bb4_4&Prime; _builder_version=\u00a0\u00bb4.17.6&Prime; _module_preset=\u00a0\u00bbdefault\u00a0\u00bb global_colors_info=\u00a0\u00bb{}\u00a0\u00bb][et_pb_text admin_label=\u00a0\u00bbSection Title &#8211; H3&Prime; _builder_version=\u00a0\u00bb4.17.6&Prime; _module_preset=\u00a0\u00bbdefault\u00a0\u00bb header_3_font=\u00a0\u00bbFutura Bold|||on|||||\u00a0\u00bb header_3_text_align=\u00a0\u00bbleft\u00a0\u00bb header_3_text_color=\u00a0\u00bb#000000&Prime; header_3_font_size=\u00a0\u00bb18px\u00a0\u00bb header_3_letter_spacing=\u00a0\u00bb1.8px\u00a0\u00bb header_3_line_height=\u00a0\u00bb24px\u00a0\u00bb custom_margin=\u00a0\u00bb||2%||false|false\u00a0\u00bb custom_margin_tablet=\u00a0\u00bb||||false|false\u00a0\u00bb custom_margin_phone=\u00a0\u00bb||||false|false\u00a0\u00bb custom_margin_last_edited=\u00a0\u00bbon|desktop\u00a0\u00bb custom_padding=\u00a0\u00bb||||false|false\u00a0\u00bb global_colors_info=\u00a0\u00bb{}\u00a0\u00bb]<\/p>\n<h3>Sabrina Servance (elle\/elle) &#8211; Membre de l&rsquo;\u00e9quipe \u00e9v\u00e9nementielle<\/h3>\n<p>[\/et_pb_text][et_pb_text _builder_version=\u00a0\u00bb4.23.4&Prime; _module_preset=\u00a0\u00bbdefault\u00a0\u00bb custom_padding=\u00a0\u00bb||||false|false\u00a0\u00bb custom_padding_tablet=\u00a0\u00bb||||false|false\u00a0\u00bb custom_padding_phone=\u00a0\u00bb||||false|false\u00a0\u00bb custom_padding_last_edited=\u00a0\u00bbon|phone\u00a0\u00bb global_colors_info=\u00a0\u00bb{}\u00a0\u00bb]<\/p>\n<p><span class=\"outlook-search-highlight\" data-markjs=\"true\">Sabrina<\/span> est une mannequin queer de taille plus originaire de New York. Elle utilise sa plateforme <strong><a href=\"https:\/\/www.instagram.com\/sabrinastyled\/\" target=\"_blank\" rel=\"noopener\"><span class=\"outlook-search-highlight\" data-markjs=\"true\">@SabrinaStyled<\/span><\/a><\/strong> sur Instagram non seulement pour partager des inspirations mode, mais aussi pour contribuer \u00e0 d\u00e9stigmatiser les probl\u00e8mes de sant\u00e9 mentale. <em>Et<\/em> pour montrer qu&rsquo;on peut avoir la quarantaine et adorer Disney. <span class=\"outlook-search-highlight\" data-markjs=\"true\">Sabrina<\/span> a une forte personnalit\u00e9 et s&rsquo;investit pleinement dans tout ce qu&rsquo;elle entreprend. Elle adore voyager et est la m\u00e8re de son groupe d&rsquo;amis \u00e0 chaque voyage, toujours pr\u00eate avec un sourire, un c\u00e2lin et un pansement. Elle vit actuellement en Caroline du Nord avec son mari Addison et leur chien Biscuit.<\/p>\n<p>[\/et_pb_text][dmpro_masonry_gallery images=\u00a0\u00bb142626,142617,142608,142599,142590,142581&Prime; columns=\u00a0\u00bb6&Prime; columns_tablet=\u00a0\u00bb6&Prime; columns_phone=\u00a0\u00bb3&Prime; columns_last_edited=\u00a0\u00bbon|desktop\u00a0\u00bb _builder_version=\u00a0\u00bb4.17.6&Prime; _module_preset=\u00a0\u00bbdefault\u00a0\u00bb global_colors_info=\u00a0\u00bb{}\u00a0\u00bb][\/dmpro_masonry_gallery][\/et_pb_column][\/et_pb_row][\/et_pb_section][et_pb_section fb_built=\u00a0\u00bb1&Prime; admin_label=\u00a0\u00bbSania Hahn\u00a0\u00bb _builder_version=\u00a0\u00bb4.27.4&Prime; _module_preset=\u00a0\u00bbdefault\u00a0\u00bb custom_padding=\u00a0\u00bb0%||||false|false\u00a0\u00bb collapsed=\u00a0\u00bbon\u00a0\u00bb global_colors_info=\u00a0\u00bb{}\u00a0\u00bb][et_pb_row _builder_version=\u00a0\u00bb4.17.6&Prime; _module_preset=\u00a0\u00bbdefault\u00a0\u00bb custom_padding=\u00a0\u00bb0%||||false|false\u00a0\u00bb global_colors_info=\u00a0\u00bb{}\u00a0\u00bb][et_pb_column type=\u00a0\u00bb4_4&Prime; _builder_version=\u00a0\u00bb4.17.6&Prime; _module_preset=\u00a0\u00bbdefault\u00a0\u00bb global_colors_info=\u00a0\u00bb{}\u00a0\u00bb][et_pb_text admin_label=\u00a0\u00bbSection Title &#8211; H3&Prime; _builder_version=\u00a0\u00bb4.27.4&Prime; _module_preset=\u00a0\u00bbdefault\u00a0\u00bb header_3_font=\u00a0\u00bbFutura Bold|||on|||||\u00a0\u00bb header_3_text_align=\u00a0\u00bbleft\u00a0\u00bb header_3_text_color=\u00a0\u00bb#000000&Prime; header_3_font_size=\u00a0\u00bb18px\u00a0\u00bb header_3_letter_spacing=\u00a0\u00bb1.8px\u00a0\u00bb header_3_line_height=\u00a0\u00bb24px\u00a0\u00bb custom_margin=\u00a0\u00bb||2%||false|false\u00a0\u00bb custom_margin_tablet=\u00a0\u00bb||||false|false\u00a0\u00bb custom_margin_phone=\u00a0\u00bb||||false|false\u00a0\u00bb custom_margin_last_edited=\u00a0\u00bbon|desktop\u00a0\u00bb custom_padding=\u00a0\u00bb||||false|false\u00a0\u00bb global_colors_info=\u00a0\u00bb{}\u00a0\u00bb]<\/p>\n<h3>Sania Hahn (elle) &#8211; Membre de l&rsquo;\u00e9quipe \u00e9v\u00e9nementielle<\/h3>\n<p>[\/et_pb_text][et_pb_text _builder_version=\u00a0\u00bb4.27.4&Prime; _module_preset=\u00a0\u00bbdefault\u00a0\u00bb custom_padding=\u00a0\u00bb||||false|false\u00a0\u00bb custom_padding_tablet=\u00a0\u00bb||||false|false\u00a0\u00bb custom_padding_phone=\u00a0\u00bb||||false|false\u00a0\u00bb custom_padding_last_edited=\u00a0\u00bbon|phone\u00a0\u00bb global_colors_info=\u00a0\u00bb{}\u00a0\u00bb]<\/p>\n<p data-start=\"0\" data-end=\"185\">Sania Hahn, h\u00f4tesse de l&rsquo;air chez American Airlines et animatrice de croisi\u00e8res bas\u00e9e \u00e0 Phoenix, est r\u00e9put\u00e9e pour son \u00e9nergie d\u00e9bordante, son professionnalisme et son charisme, offrant \u00e0 chaque passager une exp\u00e9rience inoubliable. C\u00e9l\u00e8bre internationalement pour son imitation de P!nk, Sania propose une esth\u00e9tique audacieuse et une pr\u00e9sence sc\u00e9nique \u00e9lectrisante qui capturent \u00e0 merveille l&rsquo;attitude, le c\u00f4t\u00e9 rebelle et l&rsquo;esprit de la chanteuse. Inspir\u00e9e par P!nk elle-m\u00eame, elle est \u00e9galement une acrobate a\u00e9rienne accomplie, ajoutant des prouesses acrobatiques \u00e9poustouflantes qui rendent ses spectacles v\u00e9ritablement multidimensionnels. Dans la vie, Sania est une voyageuse passionn\u00e9e et une fine gastronome en qu\u00eate de sensations fortes. Elle explore le monde avec son mari, \u00e0 la recherche de nouvelles aventures, de montagnes russes et de saveurs inoubliables. Elle apprend actuellement le n\u00e9erlandais, inspir\u00e9e par son amour pour les Pays-Bas. Suivez Sania sur Instagram @  <a href=\"https:\/\/www.instagram.com\/theotherpink\/\" target=\"_blank\" rel=\"noopener\">theotherpink<\/a> .  <\/p>\n<p>[\/et_pb_text][dmpro_masonry_gallery images=\u00a0\u00bb192694,192685,192676,192667,192655,192646&Prime; columns=\u00a0\u00bb6&Prime; columns_tablet=\u00a0\u00bb6&Prime; columns_phone=\u00a0\u00bb3&Prime; columns_last_edited=\u00a0\u00bbon|desktop\u00a0\u00bb _builder_version=\u00a0\u00bb4.27.4&Prime; _module_preset=\u00a0\u00bbdefault\u00a0\u00bb global_colors_info=\u00a0\u00bb{}\u00a0\u00bb][\/dmpro_masonry_gallery][\/et_pb_column][\/et_pb_row][\/et_pb_section][et_pb_section fb_built=\u00a0\u00bb1&Prime; admin_label=\u00a0\u00bbSarah Penland\u00a0\u00bb _builder_version=\u00a0\u00bb4.23.4&Prime; _module_preset=\u00a0\u00bbdefault\u00a0\u00bb custom_padding=\u00a0\u00bb0%||||false|false\u00a0\u00bb collapsed=\u00a0\u00bbon\u00a0\u00bb global_colors_info=\u00a0\u00bb{}\u00a0\u00bb][et_pb_row _builder_version=\u00a0\u00bb4.17.6&Prime; _module_preset=\u00a0\u00bbdefault\u00a0\u00bb custom_padding=\u00a0\u00bb0%||||false|false\u00a0\u00bb global_colors_info=\u00a0\u00bb{}\u00a0\u00bb][et_pb_column type=\u00a0\u00bb4_4&Prime; _builder_version=\u00a0\u00bb4.17.6&Prime; _module_preset=\u00a0\u00bbdefault\u00a0\u00bb global_colors_info=\u00a0\u00bb{}\u00a0\u00bb][et_pb_text admin_label=\u00a0\u00bbSection Title &#8211; H3&Prime; _builder_version=\u00a0\u00bb4.23.4&Prime; _module_preset=\u00a0\u00bbdefault\u00a0\u00bb header_3_font=\u00a0\u00bbFutura Bold|||on|||||\u00a0\u00bb header_3_text_align=\u00a0\u00bbleft\u00a0\u00bb header_3_text_color=\u00a0\u00bb#000000&Prime; header_3_font_size=\u00a0\u00bb18px\u00a0\u00bb header_3_letter_spacing=\u00a0\u00bb1.8px\u00a0\u00bb header_3_line_height=\u00a0\u00bb24px\u00a0\u00bb custom_margin=\u00a0\u00bb||2%||false|false\u00a0\u00bb custom_margin_tablet=\u00a0\u00bb||||false|false\u00a0\u00bb custom_margin_phone=\u00a0\u00bb||||false|false\u00a0\u00bb custom_margin_last_edited=\u00a0\u00bbon|desktop\u00a0\u00bb custom_padding=\u00a0\u00bb||||false|false\u00a0\u00bb global_colors_info=\u00a0\u00bb{}\u00a0\u00bb]<\/p>\n<h3>Sarah Penland (elle) &#8211; Directrice de production<\/h3>\n<p>[\/et_pb_text][et_pb_text _builder_version=\u00a0\u00bb4.23.4&Prime; _module_preset=\u00a0\u00bbdefault\u00a0\u00bb custom_padding=\u00a0\u00bb||||false|false\u00a0\u00bb custom_padding_tablet=\u00a0\u00bb||||false|false\u00a0\u00bb custom_padding_phone=\u00a0\u00bb||||false|false\u00a0\u00bb custom_padding_last_edited=\u00a0\u00bbon|phone\u00a0\u00bb global_colors_info=\u00a0\u00bb{}\u00a0\u00bb]<\/p>\n<p style=\"font-weight: 400;\">Originaire de Neptune Beach, en Floride, Sarah a d\u00e9couvert sa passion pour les voyages d\u00e8s l&rsquo;\u00e9cole primaire, en passant ses \u00e9t\u00e9s au Costa Rica avec ses parents. Ces aventures formatrices ont fait na\u00eetre en elle une passion pour les voyages d&rsquo;exploration et l&rsquo;immersion culturelle. Forte de plus de 20 ans d&rsquo;exp\u00e9rience en production, mise en sc\u00e8ne et gestion d&rsquo;\u00e9v\u00e9nements, Sarah apporte une cr\u00e9ativit\u00e9, une pr\u00e9cision et une expertise consid\u00e9rables \u00e0 chaque projet qu&rsquo;elle dirige. Plus r\u00e9cemment, elle a travaill\u00e9 \u00e0 Broadway en tant que directrice de production pour <em><strong>\u00ab&nbsp;Certains l&rsquo;aiment chaud&nbsp;\u00bb<\/strong><\/em> , <em><strong>\u00ab&nbsp;Bad Cinderella&nbsp;\u00bb<\/strong><\/em> d&rsquo;Andrew Lloyd Webber, <em><strong>\u00ab&nbsp;The Sign in Window&nbsp;\u00bb de Sidney Brustein<\/strong><\/em> , ainsi que pour la premi\u00e8re tourn\u00e9e nord-am\u00e9ricaine de <em><strong>\u00ab&nbsp;MJ \u2013 the Musical&nbsp;\u00bb<\/strong><\/em> . Auparavant, Sarah a travaill\u00e9 pour Holland America Line comme r\u00e9gisseuse et directrice de production. Sarah est titulaire d&rsquo;une licence en arts de l&rsquo;Universit\u00e9 d&rsquo;\u00c9tat de New York \u00e0 Purchase et d&rsquo;un master en beaux-arts de l&rsquo;\u00c9cole des arts de l&rsquo;Universit\u00e9 de Caroline du Nord. Vous pouvez suivre Sarah sur Instagram&nbsp;: @ <strong><a href=\"https:\/\/www.instagram.com\/sarahmichele54\/\" target=\"_blank\" rel=\"noopener\">sarahmichele54<\/a><\/strong> .      <\/p>\n<p style=\"font-weight: 400;\">[\/et_pb_text][dmpro_masonry_gallery images=\u00a0\u00bb182274,182265,182256,182247,182238,182229&Prime; columns=\u00a0\u00bb6&Prime; columns_tablet=\u00a0\u00bb6&Prime; columns_phone=\u00a0\u00bb3&Prime; columns_last_edited=\u00a0\u00bbon|desktop\u00a0\u00bb _builder_version=\u00a0\u00bb4.23.4&Prime; _module_preset=\u00a0\u00bbdefault\u00a0\u00bb global_colors_info=\u00a0\u00bb{}\u00a0\u00bb][\/dmpro_masonry_gallery][\/et_pb_column][\/et_pb_row][\/et_pb_section][et_pb_section fb_built=\u00a0\u00bb1&Prime; admin_label=\u00a0\u00bbSteve V Rodriguez\u00a0\u00bb _builder_version=\u00a0\u00bb4.23.4&Prime; _module_preset=\u00a0\u00bbdefault\u00a0\u00bb custom_padding=\u00a0\u00bb0%||||false|false\u00a0\u00bb collapsed=\u00a0\u00bbon\u00a0\u00bb global_colors_info=\u00a0\u00bb{}\u00a0\u00bb][et_pb_row _builder_version=\u00a0\u00bb4.17.6&Prime; _module_preset=\u00a0\u00bbdefault\u00a0\u00bb custom_padding=\u00a0\u00bb0%||||false|false\u00a0\u00bb global_colors_info=\u00a0\u00bb{}\u00a0\u00bb][et_pb_column type=\u00a0\u00bb4_4&Prime; _builder_version=\u00a0\u00bb4.17.6&Prime; _module_preset=\u00a0\u00bbdefault\u00a0\u00bb global_colors_info=\u00a0\u00bb{}\u00a0\u00bb][et_pb_text admin_label=\u00a0\u00bbSection Title &#8211; H3&Prime; _builder_version=\u00a0\u00bb4.23.4&Prime; _module_preset=\u00a0\u00bbdefault\u00a0\u00bb header_3_font=\u00a0\u00bbFutura Bold|||on|||||\u00a0\u00bb header_3_text_align=\u00a0\u00bbleft\u00a0\u00bb header_3_text_color=\u00a0\u00bb#000000&Prime; header_3_font_size=\u00a0\u00bb18px\u00a0\u00bb header_3_letter_spacing=\u00a0\u00bb1.8px\u00a0\u00bb header_3_line_height=\u00a0\u00bb24px\u00a0\u00bb custom_margin=\u00a0\u00bb||2%||false|false\u00a0\u00bb custom_margin_tablet=\u00a0\u00bb||||false|false\u00a0\u00bb custom_margin_phone=\u00a0\u00bb||||false|false\u00a0\u00bb custom_margin_last_edited=\u00a0\u00bbon|desktop\u00a0\u00bb custom_padding=\u00a0\u00bb||||false|false\u00a0\u00bb global_colors_info=\u00a0\u00bb{}\u00a0\u00bb]<\/p>\n<h3>Steve V Rodriguez (il\/lui) &#8211; Membre de l&rsquo;\u00e9quipe \u00e9v\u00e9nementielle<\/h3>\n<p>[\/et_pb_text][et_pb_text _builder_version=\u00a0\u00bb4.23.4&Prime; _module_preset=\u00a0\u00bbdefault\u00a0\u00bb custom_padding=\u00a0\u00bb||||false|false\u00a0\u00bb custom_padding_tablet=\u00a0\u00bb||||false|false\u00a0\u00bb custom_padding_phone=\u00a0\u00bb||||false|false\u00a0\u00bb custom_padding_last_edited=\u00a0\u00bbon|phone\u00a0\u00bb global_colors_info=\u00a0\u00bb{}\u00a0\u00bb]<\/p>\n<p><span class=\"outlook-search-highlight\" data-markjs=\"true\">Steve V Rodriguez est originaire de la baie de San Francisco, mais vit \u00e0 New York depuis 16 ans. Ancien gymnaste et acteur, il est actuellement le cr\u00e9ateur et animateur de TAGSPODCAST (Talk About Gay Sex), un podcast progressiste sur la sexualit\u00e9. Passionn\u00e9 de musique, de cin\u00e9ma et de th\u00e9\u00e2tre, Steve V adore la randonn\u00e9e, voyager \u00e0 travers le monde et vivre \u00e0 son propre rythme&nbsp;! Instagram&nbsp;: <strong><a href=\"https:\/\/www.instagram.com\/iam_stevev\" target=\"_blank\" rel=\"noopener\">@iam_stevev<\/a><\/strong> Bluesky&nbsp;: <strong><a href=\"https:\/\/bsky.app\/profile\/tagspodcast.bsky.social\" target=\"_blank\" rel=\"noopener\">@tagspodcast<\/a><\/strong>   <\/span><\/p>\n<p>[\/et_pb_text][dmpro_masonry_gallery images=\u00a0\u00bb172826,172817,172799,172790,172781,173422&Prime; columns=\u00a0\u00bb6&Prime; columns_tablet=\u00a0\u00bb6&Prime; columns_phone=\u00a0\u00bb3&Prime; columns_last_edited=\u00a0\u00bbon|desktop\u00a0\u00bb _builder_version=\u00a0\u00bb4.23.4&Prime; _module_preset=\u00a0\u00bbdefault\u00a0\u00bb global_colors_info=\u00a0\u00bb{}\u00a0\u00bb][\/dmpro_masonry_gallery][\/et_pb_column][\/et_pb_row][\/et_pb_section][et_pb_section fb_built=\u00a0\u00bb1&Prime; admin_label=\u00a0\u00bbThomas Eng\u00a0\u00bb _builder_version=\u00a0\u00bb4.17.6&Prime; _module_preset=\u00a0\u00bbdefault\u00a0\u00bb custom_padding=\u00a0\u00bb0%||||false|false\u00a0\u00bb collapsed=\u00a0\u00bbon\u00a0\u00bb global_colors_info=\u00a0\u00bb{}\u00a0\u00bb][et_pb_row _builder_version=\u00a0\u00bb4.17.6&Prime; _module_preset=\u00a0\u00bbdefault\u00a0\u00bb custom_padding=\u00a0\u00bb0%||||false|false\u00a0\u00bb global_colors_info=\u00a0\u00bb{}\u00a0\u00bb][et_pb_column type=\u00a0\u00bb4_4&Prime; _builder_version=\u00a0\u00bb4.17.6&Prime; _module_preset=\u00a0\u00bbdefault\u00a0\u00bb global_colors_info=\u00a0\u00bb{}\u00a0\u00bb][et_pb_text admin_label=\u00a0\u00bbSection Title &#8211; H3&Prime; _builder_version=\u00a0\u00bb4.17.6&Prime; _module_preset=\u00a0\u00bbdefault\u00a0\u00bb header_3_font=\u00a0\u00bbFutura Bold|||on|||||\u00a0\u00bb header_3_text_align=\u00a0\u00bbleft\u00a0\u00bb header_3_text_color=\u00a0\u00bb#000000&Prime; header_3_font_size=\u00a0\u00bb18px\u00a0\u00bb header_3_letter_spacing=\u00a0\u00bb1.8px\u00a0\u00bb header_3_line_height=\u00a0\u00bb24px\u00a0\u00bb custom_margin=\u00a0\u00bb||2%||false|false\u00a0\u00bb custom_margin_tablet=\u00a0\u00bb||||false|false\u00a0\u00bb custom_margin_phone=\u00a0\u00bb||||false|false\u00a0\u00bb custom_margin_last_edited=\u00a0\u00bbon|desktop\u00a0\u00bb custom_padding=\u00a0\u00bb||||false|false\u00a0\u00bb global_colors_info=\u00a0\u00bb{}\u00a0\u00bb]<\/p>\n<h3>Thomas Eng (il\/lui) &#8211; Membre de l&rsquo;\u00e9quipe \u00e9v\u00e9nementielle<\/h3>\n<p>[\/et_pb_text][et_pb_text _builder_version=\u00a0\u00bb4.17.6&Prime; _module_preset=\u00a0\u00bbdefault\u00a0\u00bb custom_padding=\u00a0\u00bb||||false|false\u00a0\u00bb custom_padding_tablet=\u00a0\u00bb||||false|false\u00a0\u00bb custom_padding_phone=\u00a0\u00bb||||false|false\u00a0\u00bb custom_padding_last_edited=\u00a0\u00bbon|phone\u00a0\u00bb global_colors_info=\u00a0\u00bb{}\u00a0\u00bb]<\/p>\n<p><span class=\"xs1\">Thomas a toujours r\u00eav\u00e9 de voyager et de vivre dans un endroit plus dynamique, diversifi\u00e9 et excitant que la banlieue endormie du New Jersey, o\u00f9 il a grandi. Jusqu&rsquo;\u00e0 pr\u00e9sent, il a eu la chance de vivre et de travailler dans de nombreuses villes fantastiques, tant aux \u00c9tats-Unis (New York, Chicago et Boston) qu&rsquo;\u00e0 l&rsquo;\u00e9tranger (Paris, Londres et Berlin).<\/span><span class=\"xapple-converted-space\"> <\/span><span class=\"xs1\">En cours de route, Thomas a poursuivi son amour du chant &#8211; chantant dans les ch\u0153urs gays de New York et de Londres ainsi qu&rsquo;avec les M\u00e9lo&rsquo;Men de Paris. Lorsqu&rsquo;il vivait \u00e0 l&rsquo;\u00e9tranger, Thomas a travaill\u00e9 \u00e0 ma\u00eetriser les langues et \u00e0 embrasser les cultures, et il ch\u00e9rit les souvenirs de chaque exp\u00e9rience&nbsp;!  <\/span><span class=\"xs1\">Thomas fait actuellement la navette entre Buffalo et New York, travaillant dans la gestion de projets informatiques pour une banque fran\u00e7aise et profite de chaque occasion pour voyager avec son mari depuis 10 ans, Barrett. Ils aiment particuli\u00e8rement l&rsquo;Europe et les Cara\u00efbes. Thomas et Barrett sont de grands passionn\u00e9s de croisi\u00e8res et ont effectu\u00e9 des dizaines de voyages avec une myriade de compagnies de croisi\u00e8res &#8211; sur de grands navires, de petits navires, des p\u00e9niches, des bateaux fluviaux et des bateaux fluviaux. Thomas a h\u00e2te de visiter de nouveaux endroits, de rencontrer de nouvelles personnes et de cr\u00e9er de nouveaux souvenirs avec des amis \u00e0 VACAYA&nbsp;!  <\/span><\/p>\n<p>[\/et_pb_text][dmpro_masonry_gallery images=\u00a0\u00bb35487,35488,35489,35490,35491,35492&Prime; columns=\u00a0\u00bb6&Prime; columns_tablet=\u00a0\u00bb6&Prime; columns_phone=\u00a0\u00bb3&Prime; columns_last_edited=\u00a0\u00bbon|desktop\u00a0\u00bb _builder_version=\u00a0\u00bb4.17.6&Prime; _module_preset=\u00a0\u00bbdefault\u00a0\u00bb global_colors_info=\u00a0\u00bb{}\u00a0\u00bb][\/dmpro_masonry_gallery][\/et_pb_column][\/et_pb_row][\/et_pb_section][et_pb_section fb_built=\u00a0\u00bb1&Prime; admin_label=\u00a0\u00bbTimothy Pappalardo\u00a0\u00bb _builder_version=\u00a0\u00bb4.17.6&Prime; _module_preset=\u00a0\u00bbdefault\u00a0\u00bb custom_padding=\u00a0\u00bb0%||||false|false\u00a0\u00bb collapsed=\u00a0\u00bbon\u00a0\u00bb global_colors_info=\u00a0\u00bb{}\u00a0\u00bb][et_pb_row _builder_version=\u00a0\u00bb4.17.6&Prime; _module_preset=\u00a0\u00bbdefault\u00a0\u00bb custom_padding=\u00a0\u00bb0%||||false|false\u00a0\u00bb global_colors_info=\u00a0\u00bb{}\u00a0\u00bb][et_pb_column type=\u00a0\u00bb4_4&Prime; _builder_version=\u00a0\u00bb4.17.6&Prime; _module_preset=\u00a0\u00bbdefault\u00a0\u00bb global_colors_info=\u00a0\u00bb{}\u00a0\u00bb][et_pb_text admin_label=\u00a0\u00bbSection Title &#8211; H3&Prime; _builder_version=\u00a0\u00bb4.23.4&Prime; _module_preset=\u00a0\u00bbdefault\u00a0\u00bb header_3_font=\u00a0\u00bbFutura Bold|||on|||||\u00a0\u00bb header_3_text_align=\u00a0\u00bbleft\u00a0\u00bb header_3_text_color=\u00a0\u00bb#000000&Prime; header_3_font_size=\u00a0\u00bb18px\u00a0\u00bb header_3_letter_spacing=\u00a0\u00bb1.8px\u00a0\u00bb header_3_line_height=\u00a0\u00bb24px\u00a0\u00bb custom_margin=\u00a0\u00bb||2%||false|false\u00a0\u00bb custom_margin_tablet=\u00a0\u00bb||||false|false\u00a0\u00bb custom_margin_phone=\u00a0\u00bb||||false|false\u00a0\u00bb custom_margin_last_edited=\u00a0\u00bbon|desktop\u00a0\u00bb custom_padding=\u00a0\u00bb||||false|false\u00a0\u00bb global_colors_info=\u00a0\u00bb{}\u00a0\u00bb]<\/p>\n<h3>Timothy Pappalardo (il\/lui) &#8211; S\u00e9lection d&rsquo;h\u00f4tels\/complexes h\u00f4teliers<\/h3>\n<p>[\/et_pb_text][et_pb_text _builder_version=\u00a0\u00bb4.23.4&Prime; _module_preset=\u00a0\u00bbdefault\u00a0\u00bb custom_padding=\u00a0\u00bb||||false|false\u00a0\u00bb custom_padding_tablet=\u00a0\u00bb||||false|false\u00a0\u00bb custom_padding_phone=\u00a0\u00bb||||false|false\u00a0\u00bb custom_padding_last_edited=\u00a0\u00bbon|phone\u00a0\u00bb global_colors_info=\u00a0\u00bb{}\u00a0\u00bb]<\/p>\n<p>Tim rend un service inestimable \u00e0 VACAYA. Par le biais de sa soci\u00e9t\u00e9, <a href=\"https:\/\/locatedworldwide.com\/located\" target=\"_blank\" rel=\"noopener\">Located<\/a> , il aide VACAYA \u00e0 trouver des complexes h\u00f4teliers et des h\u00f4tels dans le monde entier. Ces \u00e9tablissements constituent un soutien essentiel pour chacune de nos croisi\u00e8res. De plus, Tim nous aide \u00e0 trouver les h\u00f4tels tout compris parfaits pour nos programmes annuels de s\u00e9jours de vacances. Originaire de New York, Tim a grandi pr\u00e8s du terminal du ferry de Port Jefferson, qui permet aux passagers de traverser le Long Island Sound jusqu&rsquo;\u00e0 Bridgeport, dans le Connecticut. Tim attribue \u00e0 ces premi\u00e8res travers\u00e9es en ferry son amour des voyages et de la mer. Avant 2001, il n&rsquo;avait jamais quitt\u00e9 le sol am\u00e9ricain, se contentant de voyager \u00e0 Green Valley, en Arizona, et \u00e0 Pompano Beach, en Floride, pour rendre visite \u00e0 ses grands-parents. Mais tout a chang\u00e9 en 2005. Tim est devenu responsable \u00e9v\u00e9nementiel pour une association \u00e0 but non lucratif appel\u00e9e GLSEN (qui \u0153uvre pour la s\u00e9curit\u00e9 scolaire et l&rsquo;engagement communautaire), a g\u00e9r\u00e9 25 \u00e9v\u00e9nements par an et a d\u00e9but\u00e9 sa carri\u00e8re de \u00ab&nbsp;voyageur professionnel&nbsp;\u00bb. Depuis, Tim a parcouru les \u00c9tats-Unis et visit\u00e9 35 \u00c9tats, le Canada, le Mexique, les \u00eeles Vierges am\u00e9ricaines et britanniques, Porto Rico, la R\u00e9publique dominicaine, la Jama\u00efque, le Costa Rica, le P\u00e9rou, le Royaume-Uni, le Portugal, Madrid, la France, la Belgique, les Pays-Bas, l&rsquo;Allemagne, l&rsquo;Italie, la Chine et Ta\u00efwan&nbsp;! Il aime jouer du piano et chanter, et est fier de se produire r\u00e9guli\u00e8rement avec le Metropolitan Opera (The MET) \u00e0 New York&nbsp;! Suivez Tim sur Instagram&nbsp;: @   <a href=\"https:\/\/www.instagram.com\/timothypappalardo\/\" target=\"_blank\" rel=\"noopener\"><b>Timothypappalardo<\/b><\/a><\/p>\n<p>[\/et_pb_text][dmpro_masonry_gallery images=\u00a0\u00bb28951,28953,28950,28949,28948,28952&Prime; columns=\u00a0\u00bb6&Prime; columns_tablet=\u00a0\u00bb6&Prime; columns_phone=\u00a0\u00bb3&Prime; columns_last_edited=\u00a0\u00bbon|desktop\u00a0\u00bb _builder_version=\u00a0\u00bb4.17.6&Prime; _module_preset=\u00a0\u00bbdefault\u00a0\u00bb global_colors_info=\u00a0\u00bb{}\u00a0\u00bb][\/dmpro_masonry_gallery][\/et_pb_column][\/et_pb_row][\/et_pb_section][et_pb_section fb_built=\u00a0\u00bb1&Prime; admin_label=\u00a0\u00bbTom Blake\u00a0\u00bb _builder_version=\u00a0\u00bb4.27.4&Prime; _module_preset=\u00a0\u00bbdefault\u00a0\u00bb custom_padding=\u00a0\u00bb0%||||false|false\u00a0\u00bb collapsed=\u00a0\u00bbon\u00a0\u00bb global_colors_info=\u00a0\u00bb{}\u00a0\u00bb][et_pb_row _builder_version=\u00a0\u00bb4.17.6&Prime; _module_preset=\u00a0\u00bbdefault\u00a0\u00bb custom_padding=\u00a0\u00bb0%||||false|false\u00a0\u00bb global_colors_info=\u00a0\u00bb{}\u00a0\u00bb][et_pb_column type=\u00a0\u00bb4_4&Prime; _builder_version=\u00a0\u00bb4.17.6&Prime; _module_preset=\u00a0\u00bbdefault\u00a0\u00bb global_colors_info=\u00a0\u00bb{}\u00a0\u00bb][et_pb_text admin_label=\u00a0\u00bbSection Title &#8211; H3&Prime; _builder_version=\u00a0\u00bb4.27.4&Prime; _module_preset=\u00a0\u00bbdefault\u00a0\u00bb header_3_font=\u00a0\u00bbFutura Bold|||on|||||\u00a0\u00bb header_3_text_align=\u00a0\u00bbleft\u00a0\u00bb header_3_text_color=\u00a0\u00bb#000000&Prime; header_3_font_size=\u00a0\u00bb18px\u00a0\u00bb header_3_letter_spacing=\u00a0\u00bb1.8px\u00a0\u00bb header_3_line_height=\u00a0\u00bb24px\u00a0\u00bb custom_margin=\u00a0\u00bb||2%||false|false\u00a0\u00bb custom_margin_tablet=\u00a0\u00bb||||false|false\u00a0\u00bb custom_margin_phone=\u00a0\u00bb||||false|false\u00a0\u00bb custom_margin_last_edited=\u00a0\u00bbon|desktop\u00a0\u00bb custom_padding=\u00a0\u00bb||||false|false\u00a0\u00bb global_colors_info=\u00a0\u00bb{}\u00a0\u00bb]<\/p>\n<h3>Tom Blake (il\/lui) &#8211; Membre de l&rsquo;\u00e9quipe \u00e9v\u00e9nementielle<\/h3>\n<p>[\/et_pb_text][et_pb_text _builder_version=\u00a0\u00bb4.27.4&Prime; _module_preset=\u00a0\u00bbdefault\u00a0\u00bb custom_padding=\u00a0\u00bb||||false|false\u00a0\u00bb custom_padding_tablet=\u00a0\u00bb||||false|false\u00a0\u00bb custom_padding_phone=\u00a0\u00bb||||false|false\u00a0\u00bb custom_padding_last_edited=\u00a0\u00bbon|phone\u00a0\u00bb global_colors_info=\u00a0\u00bb{}\u00a0\u00bb]<\/p>\n<p>Le parcours de Tom, dentiste depuis plus de quarante ans, ne laisse peut-\u00eatre pas pr\u00e9sager qu&rsquo;il ait le privil\u00e8ge de faire partie de l&rsquo;\u00e9quipe VACAYA. Pourtant, il est d&rsquo;un naturel extraverti et adore rencontrer des gens et tisser des liens avec eux, en s&rsquo;adaptant \u00e0 leur environnement. Un de ses mentors lui a dit un jour : <em>\u00ab Tom, tu pourrais te faire des amis avec un grain de poussi\u00e8re ! \u00bb<\/em> Originaire de l&rsquo;Indiana et dipl\u00f4m\u00e9 de l&rsquo;Universit\u00e9 de l&rsquo;Indiana, il est un fervent supporter des Huskies de Chicago. Grand amateur de sport, il assiste \u00e0 des matchs d\u00e8s qu&rsquo;il le peut. Il aime le sport, la plong\u00e9e sous-marine, les voyages et passer du temps avec ses amis. L&rsquo;une de ses plus grandes passions est l&rsquo;association humanitaire qu&rsquo;il a fond\u00e9e il y a vingt-cinq ans, Sonrisas Siempre. Chaque ann\u00e9e en janvier, pendant une semaine, ce groupe se rend au Honduras (parler espagnol est un atout) pour offrir des soins dentaires gratuits aux orphelins de la communaut\u00e9 locale et des environs. C&rsquo;est une exp\u00e9rience incroyablement enrichissante et un v\u00e9ritable ressourcement chaque ann\u00e9e. Tom est aussi le fier papa de deux fils adultes et grand-p\u00e8re de trois petites-filles qui vivent dans sa ville. Suivez Tom sur Instagram&nbsp;: @ <a href=\"https:\/\/www.instagram.com\/papat55\/\" target=\"_blank\" rel=\"noopener\">papat55<\/a> .        <\/p>\n<p>[\/et_pb_text][dmpro_masonry_gallery images=\u00a0\u00bb192522,192493,192487,192482,192478,192476&Prime; columns=\u00a0\u00bb6&Prime; columns_tablet=\u00a0\u00bb6&Prime; columns_phone=\u00a0\u00bb3&Prime; columns_last_edited=\u00a0\u00bbon|desktop\u00a0\u00bb _builder_version=\u00a0\u00bb4.27.4&Prime; _module_preset=\u00a0\u00bbdefault\u00a0\u00bb global_colors_info=\u00a0\u00bb{}\u00a0\u00bb][\/dmpro_masonry_gallery][\/et_pb_column][\/et_pb_row][\/et_pb_section][et_pb_section fb_built=\u00a0\u00bb1&Prime; admin_label=\u00a0\u00bbToni Aldridge\u00a0\u00bb _builder_version=\u00a0\u00bb4.17.6&Prime; _module_preset=\u00a0\u00bbdefault\u00a0\u00bb custom_padding=\u00a0\u00bb0%||||false|false\u00a0\u00bb collapsed=\u00a0\u00bbon\u00a0\u00bb global_colors_info=\u00a0\u00bb{}\u00a0\u00bb][et_pb_row _builder_version=\u00a0\u00bb4.17.6&Prime; _module_preset=\u00a0\u00bbdefault\u00a0\u00bb custom_padding=\u00a0\u00bb0%||||false|false\u00a0\u00bb global_colors_info=\u00a0\u00bb{}\u00a0\u00bb][et_pb_column type=\u00a0\u00bb4_4&Prime; _builder_version=\u00a0\u00bb4.17.6&Prime; _module_preset=\u00a0\u00bbdefault\u00a0\u00bb global_colors_info=\u00a0\u00bb{}\u00a0\u00bb][et_pb_text admin_label=\u00a0\u00bbSection Title &#8211; H3&Prime; _builder_version=\u00a0\u00bb4.17.6&Prime; _module_preset=\u00a0\u00bbdefault\u00a0\u00bb header_3_font=\u00a0\u00bbFutura Bold|||on|||||\u00a0\u00bb header_3_text_align=\u00a0\u00bbleft\u00a0\u00bb header_3_text_color=\u00a0\u00bb#000000&Prime; header_3_font_size=\u00a0\u00bb18px\u00a0\u00bb header_3_letter_spacing=\u00a0\u00bb1.8px\u00a0\u00bb header_3_line_height=\u00a0\u00bb24px\u00a0\u00bb custom_margin=\u00a0\u00bb||2%||false|false\u00a0\u00bb custom_margin_tablet=\u00a0\u00bb||||false|false\u00a0\u00bb custom_margin_phone=\u00a0\u00bb||||false|false\u00a0\u00bb custom_margin_last_edited=\u00a0\u00bbon|desktop\u00a0\u00bb custom_padding=\u00a0\u00bb||||false|false\u00a0\u00bb global_colors_info=\u00a0\u00bb{}\u00a0\u00bb]<\/p>\n<h3>Toni Aldridge (elle\/elle ou ils\/eux) &#8211; Membre de l&rsquo;\u00e9quipe de l&rsquo;\u00e9v\u00e9nement<\/h3>\n<p>[\/et_pb_text][et_pb_text _builder_version=\u00a0\u00bb4.17.6&Prime; _module_preset=\u00a0\u00bbdefault\u00a0\u00bb custom_padding=\u00a0\u00bb||||false|false\u00a0\u00bb custom_padding_tablet=\u00a0\u00bb||||false|false\u00a0\u00bb custom_padding_phone=\u00a0\u00bb||||false|false\u00a0\u00bb custom_padding_last_edited=\u00a0\u00bbon|desktop\u00a0\u00bb global_colors_info=\u00a0\u00bb{}\u00a0\u00bb]<\/p>\n<p>Toni est originaire de Violet, en Louisiane, \u00e0 environ quinze minutes de la Nouvelle-Orl\u00e9ans. Sa famille n&rsquo;a pas beaucoup voyag\u00e9 pendant son enfance \u2013 des voyages dans le Mississippi, le Colorado, le Maryland, la G\u00e9orgie, le Nevada et le Texas font partie de ses premiers souvenirs de voyage pr\u00e9f\u00e9r\u00e9s. Bien qu&rsquo;elle n&rsquo;ait pas beaucoup vu le monde, elle a toujours r\u00eav\u00e9 d&rsquo;explorer notre plan\u00e8te. Cependant, Toni n&rsquo;a m\u00eame pas eu l&rsquo;occasion de monter \u00e0 bord d&rsquo;un avion pour la premi\u00e8re fois avant l&rsquo;\u00e2ge de 22 ans. A 25 ans, elle r\u00e9alise enfin un r\u00eave : obtenir son passeport, qui lui permettrait de voyager hors des Etats-Unis ! Qui savait deux ans plus tard, lorsqu&rsquo;elle a embarqu\u00e9 pour son premier voyage avec VACAYA, o\u00f9 elle a pu explorer Cura\u00e7ao et Aruba, qu&rsquo;elle ferait un jour partie de l&rsquo;\u00e9quipe ?! Non seulement la croisi\u00e8re dans les Cara\u00efbes 2022 de VACAYA \u00e9tait sa premi\u00e8re exp\u00e9rience de croisi\u00e8re, mais c&rsquo;\u00e9tait aussi sa premi\u00e8re participation \u00e0 un \u00e9v\u00e9nement \u00e0 pr\u00e9dominance LGBT+. Son fabuleux voyage ne fait que commencer !<\/p>\n<p>[\/et_pb_text][dmpro_masonry_gallery images=\u00a0\u00bb28912,28917,28915,28916,28914,28913&Prime; columns=\u00a0\u00bb6&Prime; columns_tablet=\u00a0\u00bb6&Prime; columns_phone=\u00a0\u00bb3&Prime; columns_last_edited=\u00a0\u00bbon|phone\u00a0\u00bb _builder_version=\u00a0\u00bb4.17.6&Prime; _module_preset=\u00a0\u00bbdefault\u00a0\u00bb global_colors_info=\u00a0\u00bb{}\u00a0\u00bb][\/dmpro_masonry_gallery][\/et_pb_column][\/et_pb_row][\/et_pb_section][et_pb_section fb_built=\u00a0\u00bb1&Prime; admin_label=\u00a0\u00bbTracy Terrill\u00a0\u00bb _builder_version=\u00a0\u00bb4.17.6&Prime; _module_preset=\u00a0\u00bbdefault\u00a0\u00bb custom_padding=\u00a0\u00bb0%||||false|false\u00a0\u00bb collapsed=\u00a0\u00bbon\u00a0\u00bb global_colors_info=\u00a0\u00bb{}\u00a0\u00bb][et_pb_row _builder_version=\u00a0\u00bb4.17.6&Prime; _module_preset=\u00a0\u00bbdefault\u00a0\u00bb custom_padding=\u00a0\u00bb0%||||false|false\u00a0\u00bb global_colors_info=\u00a0\u00bb{}\u00a0\u00bb][et_pb_column type=\u00a0\u00bb4_4&Prime; _builder_version=\u00a0\u00bb4.17.6&Prime; _module_preset=\u00a0\u00bbdefault\u00a0\u00bb global_colors_info=\u00a0\u00bb{}\u00a0\u00bb][et_pb_text admin_label=\u00a0\u00bbSection Title &#8211; H3&Prime; _builder_version=\u00a0\u00bb4.17.6&Prime; _module_preset=\u00a0\u00bbdefault\u00a0\u00bb header_3_font=\u00a0\u00bbFutura Bold|||on|||||\u00a0\u00bb header_3_text_align=\u00a0\u00bbleft\u00a0\u00bb header_3_text_color=\u00a0\u00bb#000000&Prime; header_3_font_size=\u00a0\u00bb18px\u00a0\u00bb header_3_letter_spacing=\u00a0\u00bb1.8px\u00a0\u00bb header_3_line_height=\u00a0\u00bb24px\u00a0\u00bb custom_margin=\u00a0\u00bb||2%||false|false\u00a0\u00bb custom_margin_tablet=\u00a0\u00bb||||false|false\u00a0\u00bb custom_margin_phone=\u00a0\u00bb||||false|false\u00a0\u00bb custom_margin_last_edited=\u00a0\u00bbon|desktop\u00a0\u00bb custom_padding=\u00a0\u00bb||||false|false\u00a0\u00bb global_colors_info=\u00a0\u00bb{}\u00a0\u00bb]<\/p>\n<h3>Tracy Terrill (il\/lui) &#8211; Co-fondatrice<\/h3>\n<p>[\/et_pb_text][et_pb_text _builder_version=\u00a0\u00bb4.17.6&Prime; _module_preset=\u00a0\u00bbdefault\u00a0\u00bb custom_padding=\u00a0\u00bb||||false|false\u00a0\u00bb custom_padding_tablet=\u00a0\u00bb||||false|false\u00a0\u00bb custom_padding_phone=\u00a0\u00bb||||false|false\u00a0\u00bb custom_padding_last_edited=\u00a0\u00bbon|phone\u00a0\u00bb global_colors_info=\u00a0\u00bb{}\u00a0\u00bb]<\/p>\n<p>Pendant 18 ans, 3 mois et 20 jours, Tracy a r\u00eav\u00e9 d&rsquo;un monde plus grand que celui qu&rsquo;il connaissait. Tracy a grandi \u00e0 Boron, en Californie, une ville mini\u00e8re isol\u00e9e au milieu du d\u00e9sert de Mojave. Boron n&rsquo;a pas de feux de circulation, compte moins de 1 000 habitants et se trouve \u00e0 35 miles de l&rsquo;\u00e9picerie la plus proche. La m\u00e8re de Tracy soulignait souvent les guides de voyage AAA avec des voyages de r\u00eave. Apr\u00e8s des \u00e9conomies consid\u00e9rables, Tracy et sa m\u00e8re se sont lanc\u00e9s dans des vacances bouleversantes de trois semaines aux \u00c9tats-Unis pour f\u00eater son 14 <sup>e<\/sup> anniversaire. En tant que gar\u00e7on qui a toujours su qu&rsquo;il \u00e9tait \u00ab&nbsp;diff\u00e9rent&nbsp;\u00bb, ces vacances ont ouvert Tracy \u00e0 un tout nouveau monde de possibilit\u00e9s. La vie au-del\u00e0 de Boron \u00e9tait pleine de complexit\u00e9, de diversit\u00e9 et de beaut\u00e9. Il est revenu de ces vacances avec une pr\u00e9disposition \u00e0 demander \u00ab pourquoi pas ? et d&rsquo;aller plus loin qu&rsquo;il n&rsquo;aurait jamais imagin\u00e9 possible. Tracy ch\u00e9rit particuli\u00e8rement deux photos de ce voyage. Le premier est de lui-m\u00eame et de sa m\u00e8re au c\u0153ur du quartier fran\u00e7ais. La seconde est Tracy debout devant la cl\u00f4ture de la Maison Blanche. Tracy, 14 ans, n&rsquo;aurait jamais pu imaginer qu&rsquo;un jour il travaillerait de l&rsquo;autre c\u00f4t\u00e9 de cette cl\u00f4ture, pour le premier pr\u00e9sident afro-am\u00e9ricain des \u00c9tats-Unis, en tant qu&rsquo;homme ouvertement gay.<\/p>\n<p>Tracy est titulaire d&rsquo;un baccalaur\u00e9at en administration des affaires de l&rsquo;Universit\u00e9 d&rsquo;\u00c9tat de Sonoma et d&rsquo;un MBA de l&rsquo;Universit\u00e9 de Californie du Sud. Au d\u00e9but de sa carri\u00e8re, il a occup\u00e9 divers postes de direction dans le domaine du marketing et de la technologie chez Universal Music Group, Universal Studios et Warner Brothers. Tracy a pass\u00e9 pr\u00e8s d&rsquo;une d\u00e9cennie en tant que directeur de la technologie de LegalZoom et a r\u00e9cemment servi dans l&rsquo;administration Obama en tant que directeur du num\u00e9rique de la Small Business Administration. Suivez Tracy sur Insta @ <strong><a href=\"https:\/\/www.instagram.com\/tracy.terrill\/\" target=\"_blank\" rel=\"noopener\">tracy.terrill<\/a><\/strong> .<\/p>\n<p>[\/et_pb_text][dmpro_masonry_gallery images=\u00a0\u00bb28908,28906,28909,28911,28907,28910&Prime; columns=\u00a0\u00bb6&Prime; columns_tablet=\u00a0\u00bb6&Prime; columns_phone=\u00a0\u00bb3&Prime; columns_last_edited=\u00a0\u00bbon|desktop\u00a0\u00bb _builder_version=\u00a0\u00bb4.17.6&Prime; _module_preset=\u00a0\u00bbdefault\u00a0\u00bb global_colors_info=\u00a0\u00bb{}\u00a0\u00bb][\/dmpro_masonry_gallery][\/et_pb_column][\/et_pb_row][\/et_pb_section][et_pb_section fb_built=\u00a0\u00bb1&Prime; admin_label=\u00a0\u00bbTrevor Dow\u00a0\u00bb _builder_version=\u00a0\u00bb4.17.6&Prime; _module_preset=\u00a0\u00bbdefault\u00a0\u00bb custom_padding=\u00a0\u00bb0%||||false|false\u00a0\u00bb hover_enabled=\u00a0\u00bb0&Prime; collapsed=\u00a0\u00bbon\u00a0\u00bb global_colors_info=\u00a0\u00bb{}\u00a0\u00bb sticky_enabled=\u00a0\u00bb0&Prime;][et_pb_row _builder_version=\u00a0\u00bb4.17.6&Prime; _module_preset=\u00a0\u00bbdefault\u00a0\u00bb custom_padding=\u00a0\u00bb0%||||false|false\u00a0\u00bb global_colors_info=\u00a0\u00bb{}\u00a0\u00bb][et_pb_column type=\u00a0\u00bb4_4&Prime; _builder_version=\u00a0\u00bb4.17.6&Prime; _module_preset=\u00a0\u00bbdefault\u00a0\u00bb global_colors_info=\u00a0\u00bb{}\u00a0\u00bb][et_pb_text admin_label=\u00a0\u00bbSection Title &#8211; H3&Prime; _builder_version=\u00a0\u00bb4.27.4&Prime; _module_preset=\u00a0\u00bbdefault\u00a0\u00bb header_3_font=\u00a0\u00bbFutura Bold|||on|||||\u00a0\u00bb header_3_text_align=\u00a0\u00bbleft\u00a0\u00bb header_3_text_color=\u00a0\u00bb#000000&Prime; header_3_font_size=\u00a0\u00bb18px\u00a0\u00bb header_3_letter_spacing=\u00a0\u00bb1.8px\u00a0\u00bb header_3_line_height=\u00a0\u00bb24px\u00a0\u00bb custom_margin=\u00a0\u00bb||2%||false|false\u00a0\u00bb custom_margin_tablet=\u00a0\u00bb||||false|false\u00a0\u00bb custom_margin_phone=\u00a0\u00bb||||false|false\u00a0\u00bb custom_margin_last_edited=\u00a0\u00bbon|desktop\u00a0\u00bb custom_padding=\u00a0\u00bb||||false|false\u00a0\u00bb hover_enabled=\u00a0\u00bb0&Prime; global_colors_info=\u00a0\u00bb{}\u00a0\u00bb sticky_enabled=\u00a0\u00bb0&Prime;]<\/p>\n<h3>Trevor Dow (il\/lui) &#8211; Directeur de la cr\u00e9ation et responsable des m\u00e9dias sociaux  <\/h3>\n<p>[\/et_pb_text][et_pb_text _builder_version=\u00a0\u00bb4.17.6&Prime; _module_preset=\u00a0\u00bbdefault\u00a0\u00bb custom_padding=\u00a0\u00bb||||false|false\u00a0\u00bb custom_padding_tablet=\u00a0\u00bb||||false|false\u00a0\u00bb custom_padding_phone=\u00a0\u00bb||||false|false\u00a0\u00bb custom_padding_last_edited=\u00a0\u00bbon|phone\u00a0\u00bb global_colors_info=\u00a0\u00bb{}\u00a0\u00bb]<\/p>\n<p>Comme dirait la m\u00e8re de Trevor, \u00ab\u00a0il a toujours eu le go\u00fbt de vivre\u00a0\u00bb. Et les voyages ne font pas exception ! Bien qu&rsquo;il ait eu du mal \u00e0 voir le monde en grandissant dans une famille monoparentale \u00e0 faible revenu, gr\u00e2ce \u00e0 divers programmes d&rsquo;\u00e9t\u00e9, sa m\u00e8re a fait un travail incroyable en s&rsquo;assurant qu&rsquo;il pouvait voir de nombreuses r\u00e9gions du pays au cours de ses ann\u00e9es de formation. Double citoyen canado-am\u00e9ricain, Trevor a appris d\u00e8s son plus jeune \u00e2ge que voyager est extr\u00eamement amusant, mais aussi \u00e9ducatif et vital pour sa croissance. C&rsquo;est l&rsquo;une des nombreuses raisons pour lesquelles il est si fier de faire partie de la famille VACAYA. Bien que Trevor ait voyag\u00e9 pour le travail \u00e0 la fois derri\u00e8re et devant la cam\u00e9ra sur divers films\/\u00e9missions de t\u00e9l\u00e9vision, ainsi que mod\u00e9lis\u00e9 \u00e0 travers le monde, et m\u00eame tourn\u00e9 avec son petit groupe, il n&rsquo;a jamais \u00e9t\u00e9 plus fier de ses voyages de travail que ceux qu&rsquo;il a eus avec sa famille VACAYA. Travailler dans l&rsquo;\u00e9quipe des m\u00e9dias lui permet d&rsquo;apprendre et de voir le monde tout en \u00e9levant les voix queer et les communaut\u00e9s dans les endroits que nous visitons lors de nos voyages ensemble. S&rsquo;il vous pla\u00eet dites bonjour quand vous voyez Trevor d\u00e9filer dans ses fabuleuses tenues pendant votre voyage (il <em>est<\/em> apr\u00e8s tout un cr\u00e9ateur de costumes nomin\u00e9 aux EMMY) et si vous avez besoin d&#8217;emprunter une tenue pour une danse, ne soyez pas timide ! Tout comme nous, ces v\u00eatements n&rsquo;ont pas besoin de rester au placard ! Contactez Trevor via son site Web <strong><a href=\"https:\/\/trevordow.com\" target=\"_blank\" rel=\"noopener\">TrevorDow.com<\/a><\/strong> ou trouvez-le sur les r\u00e9seaux sociaux @ <strong><a href=\"https:\/\/www.instagram.com\/trevordow\/\" target=\"_blank\" rel=\"noopener\">trevordow<\/a><\/strong> ou via sa musique @ <strong><a href=\"https:\/\/www.instagram.com\/lymbzmusic\/\" target=\"_blank\" rel=\"noopener\">lymbzmusic<\/a><\/strong> .<\/p>\n<p>[\/et_pb_text][dmpro_masonry_gallery images=\u00a0\u00bb28888,28883,28887,28885,28886,28884&Prime; columns=\u00a0\u00bb6&Prime; columns_tablet=\u00a0\u00bb6&Prime; columns_phone=\u00a0\u00bb3&Prime; columns_last_edited=\u00a0\u00bbon|desktop\u00a0\u00bb _builder_version=\u00a0\u00bb4.17.6&Prime; _module_preset=\u00a0\u00bbdefault\u00a0\u00bb global_colors_info=\u00a0\u00bb{}\u00a0\u00bb][\/dmpro_masonry_gallery][\/et_pb_column][\/et_pb_row][\/et_pb_section][et_pb_section fb_built=\u00a0\u00bb1&Prime; admin_label=\u00a0\u00bbVeronica von Borstel\u00a0\u00bb _builder_version=\u00a0\u00bb4.23.4&Prime; _module_preset=\u00a0\u00bbdefault\u00a0\u00bb custom_padding=\u00a0\u00bb0%||||false|false\u00a0\u00bb collapsed=\u00a0\u00bbon\u00a0\u00bb global_colors_info=\u00a0\u00bb{}\u00a0\u00bb][et_pb_row _builder_version=\u00a0\u00bb4.17.6&Prime; _module_preset=\u00a0\u00bbdefault\u00a0\u00bb custom_padding=\u00a0\u00bb0%||||false|false\u00a0\u00bb global_colors_info=\u00a0\u00bb{}\u00a0\u00bb][et_pb_column type=\u00a0\u00bb4_4&Prime; _builder_version=\u00a0\u00bb4.17.6&Prime; _module_preset=\u00a0\u00bbdefault\u00a0\u00bb global_colors_info=\u00a0\u00bb{}\u00a0\u00bb][et_pb_text admin_label=\u00a0\u00bbSection Title &#8211; H3&Prime; _builder_version=\u00a0\u00bb4.23.4&Prime; _module_preset=\u00a0\u00bbdefault\u00a0\u00bb header_3_font=\u00a0\u00bbFutura Bold|||on|||||\u00a0\u00bb header_3_text_align=\u00a0\u00bbleft\u00a0\u00bb header_3_text_color=\u00a0\u00bb#000000&Prime; header_3_font_size=\u00a0\u00bb18px\u00a0\u00bb header_3_letter_spacing=\u00a0\u00bb1.8px\u00a0\u00bb header_3_line_height=\u00a0\u00bb24px\u00a0\u00bb custom_margin=\u00a0\u00bb||2%||false|false\u00a0\u00bb custom_margin_tablet=\u00a0\u00bb||||false|false\u00a0\u00bb custom_margin_phone=\u00a0\u00bb||||false|false\u00a0\u00bb custom_margin_last_edited=\u00a0\u00bbon|desktop\u00a0\u00bb custom_padding=\u00a0\u00bb||||false|false\u00a0\u00bb global_colors_info=\u00a0\u00bb{}\u00a0\u00bb]<\/p>\n<h3>Veronica von Borstel (elle\/elle) &#8211; Membre de l&rsquo;\u00e9quipe \u00e9v\u00e9nementielle  <\/h3>\n<p>[\/et_pb_text][et_pb_text _builder_version=\u00a0\u00bb4.23.4&Prime; _module_preset=\u00a0\u00bbdefault\u00a0\u00bb custom_padding=\u00a0\u00bb||||false|false\u00a0\u00bb custom_padding_tablet=\u00a0\u00bb||||false|false\u00a0\u00bb custom_padding_phone=\u00a0\u00bb||||false|false\u00a0\u00bb custom_padding_last_edited=\u00a0\u00bbon|phone\u00a0\u00bb global_colors_info=\u00a0\u00bb{}\u00a0\u00bb]<\/p>\n<p style=\"font-weight: 400;\">Veronica est originaire de Californie. Elle a v\u00e9cu plusieurs vies et poss\u00e8de un parcours multidisciplinaire. Professionnellement, Veronica a travaill\u00e9 pendant 17 ans dans la cr\u00e9ation de costumes pour le th\u00e9\u00e2tre et l&rsquo;op\u00e9ra, envoyant des spectacles \u00e0 Broadway. Forte de 20 ans d&rsquo;exp\u00e9rience culinaire, vous l&rsquo;avez peut-\u00eatre \u00e9galement vue finaliste de la saison 2 de l&rsquo; <em><strong>\u00e9mission \u00ab Halloween Baking Championship \u00bb<\/strong><\/em> sur Food Network. Titulaire d&rsquo;un MBA en commerce international et anthropologie culturelle latino-am\u00e9ricaine, ainsi que d&rsquo;une licence en art et design, Veronica a \u00e9t\u00e9 professeure d&rsquo;histoire et de design, passionn\u00e9e par l&rsquo;\u00e9ducation et la recherche. Cette Mexicaine-Latina au temp\u00e9rament de feu est une grande voyageuse&nbsp;: elle a visit\u00e9 les 50 \u00c9tats am\u00e9ricains, la quasi-totalit\u00e9 des grandes villes du pays et plus de 25 comt\u00e9s. Veronica est passionn\u00e9e par la culture, l&rsquo;histoire, les animaux, l&rsquo;art et le design, et bien s\u00fbr, par les tenues originales. Elle est convaincue que les exp\u00e9riences s&rsquo;enrichissent gr\u00e2ce aux \u00e9changes et au partage d&rsquo;histoires. Et pour les plus audacieux, cette Californienne du Sud est actuellement c\u00e9libataire et elle est ouverte aux candidatures&nbsp;!        <\/p>\n<p>[\/et_pb_text][dmpro_masonry_gallery images=\u00a0\u00bb173444,173453,173462,173471,173480,173489&Prime; columns=\u00a0\u00bb6&Prime; columns_tablet=\u00a0\u00bb6&Prime; columns_phone=\u00a0\u00bb3&Prime; columns_last_edited=\u00a0\u00bbon|desktop\u00a0\u00bb _builder_version=\u00a0\u00bb4.23.4&Prime; _module_preset=\u00a0\u00bbdefault\u00a0\u00bb global_colors_info=\u00a0\u00bb{}\u00a0\u00bb][\/dmpro_masonry_gallery][\/et_pb_column][\/et_pb_row][\/et_pb_section][et_pb_section fb_built=\u00a0\u00bb1&Prime; admin_label=\u00a0\u00bbYendor Reese\u00a0\u00bb _builder_version=\u00a0\u00bb4.17.6&Prime; _module_preset=\u00a0\u00bbdefault\u00a0\u00bb custom_padding=\u00a0\u00bb0%||||false|false\u00a0\u00bb collapsed=\u00a0\u00bbon\u00a0\u00bb global_colors_info=\u00a0\u00bb{}\u00a0\u00bb][et_pb_row _builder_version=\u00a0\u00bb4.17.6&Prime; _module_preset=\u00a0\u00bbdefault\u00a0\u00bb custom_padding=\u00a0\u00bb0%||||false|false\u00a0\u00bb global_colors_info=\u00a0\u00bb{}\u00a0\u00bb][et_pb_column type=\u00a0\u00bb4_4&Prime; _builder_version=\u00a0\u00bb4.17.6&Prime; _module_preset=\u00a0\u00bbdefault\u00a0\u00bb global_colors_info=\u00a0\u00bb{}\u00a0\u00bb][et_pb_text admin_label=\u00a0\u00bbSection Title &#8211; H3&Prime; _builder_version=\u00a0\u00bb4.17.6&Prime; _module_preset=\u00a0\u00bbdefault\u00a0\u00bb header_3_font=\u00a0\u00bbFutura Bold|||on|||||\u00a0\u00bb header_3_text_align=\u00a0\u00bbleft\u00a0\u00bb header_3_text_color=\u00a0\u00bb#000000&Prime; header_3_font_size=\u00a0\u00bb18px\u00a0\u00bb header_3_letter_spacing=\u00a0\u00bb1.8px\u00a0\u00bb header_3_line_height=\u00a0\u00bb24px\u00a0\u00bb custom_margin=\u00a0\u00bb||2%||false|false\u00a0\u00bb custom_margin_tablet=\u00a0\u00bb||||false|false\u00a0\u00bb custom_margin_phone=\u00a0\u00bb||||false|false\u00a0\u00bb custom_margin_last_edited=\u00a0\u00bbon|desktop\u00a0\u00bb custom_padding=\u00a0\u00bb||||false|false\u00a0\u00bb global_colors_info=\u00a0\u00bb{}\u00a0\u00bb]<\/p>\n<h3>Yendor Reese (il\/lui) &#8211; Membre de l&rsquo;\u00e9quipe \u00e9v\u00e9nementielle<\/h3>\n<p>[\/et_pb_text][et_pb_text _builder_version=\u00a0\u00bb4.27.4&Prime; _module_preset=\u00a0\u00bbdefault\u00a0\u00bb custom_padding=\u00a0\u00bb||||false|false\u00a0\u00bb custom_padding_tablet=\u00a0\u00bb||||false|false\u00a0\u00bb custom_padding_phone=\u00a0\u00bb||||false|false\u00a0\u00bb custom_padding_last_edited=\u00a0\u00bbon|phone\u00a0\u00bb global_colors_info=\u00a0\u00bb{}\u00a0\u00bb]<\/p>\n<p>\u00c0 8 ans, quand on a demand\u00e9 \u00e0 Yendor ce qu&rsquo;il voulait faire plus tard, il a r\u00e9pondu sans h\u00e9siter : \u00ab Vivre \u00e0 New York ! \u00bb Il n&rsquo;a jamais franchi le pas, mais ce moment a r\u00e9v\u00e9l\u00e9 tr\u00e8s t\u00f4t une v\u00e9rit\u00e9 essentielle sur sa personnalit\u00e9 : il \u00e9tait n\u00e9 pour explorer, bien avant m\u00eame de comprendre ce qu&rsquo;\u00e9tait un travail ou une carri\u00e8re. N\u00e9 et \u00e9lev\u00e9 \u00e0 Dallas, et aujourd&rsquo;hui install\u00e9 \u00e0 Los Angeles, Yendor a \u00e0 c\u0153ur de cr\u00e9er des espaces o\u00f9 chacun se sent vu, valoris\u00e9 et pleinement soi-m\u00eame. Lorsqu&rsquo;il n&rsquo;est pas \u00e0 son poste d&rsquo;assistant social en psychiatrie, il \u00e9crit des nouvelles, compose de la musique ou chante avec le Ch\u0153ur des Hommes Gays de Los Angeles. Cr\u00e9atif dans l&rsquo;\u00e2me, il cherche constamment de nouvelles fa\u00e7ons de rassembler les gens, que ce soit par l&rsquo;art, la conversation, le rire ou un moment partag\u00e9 sur le pont d&rsquo;un bateau. Yendor a voyag\u00e9 au Portugal, en Italie, en France, au Mexique et en Espagne, et il adore la fa\u00e7on dont les voyages transforment des inconnus en une v\u00e9ritable communaut\u00e9. Au sein de l&rsquo;\u00e9quipe VACAYA, il apporte joie, chaleur et une touche d&rsquo;\u00e9clat \u00e0 chaque voyage. Venez le saluer ! Il a h\u00e2te de vous rencontrer ! Suivez Yendor sur Instagram @ <a href=\"https:\/\/www.instagram.com\/yendorrivere1\/\" target=\"_blank\" rel=\"noopener\">yendorrivere1<\/a> .          <\/p>\n<p>[\/et_pb_text][dmpro_masonry_gallery images=\u00a0\u00bb193018,193009,193000,192991,192982,192973&Prime; columns=\u00a0\u00bb6&Prime; columns_tablet=\u00a0\u00bb6&Prime; columns_phone=\u00a0\u00bb3&Prime; columns_last_edited=\u00a0\u00bbon|desktop\u00a0\u00bb _builder_version=\u00a0\u00bb4.27.4&Prime; _module_preset=\u00a0\u00bbdefault\u00a0\u00bb global_colors_info=\u00a0\u00bb{}\u00a0\u00bb][\/dmpro_masonry_gallery][\/et_pb_column][\/et_pb_row][\/et_pb_section][et_pb_section fb_built=\u00a0\u00bb1&Prime; _builder_version=\u00a0\u00bb4.17.6&Prime; _module_preset=\u00a0\u00bbdefault\u00a0\u00bb collapsed=\u00a0\u00bbon\u00a0\u00bb global_colors_info=\u00a0\u00bb{}\u00a0\u00bb][et_pb_row _builder_version=\u00a0\u00bb4.17.6&Prime; _module_preset=\u00a0\u00bbdefault\u00a0\u00bb global_colors_info=\u00a0\u00bb{}\u00a0\u00bb][et_pb_column type=\u00a0\u00bb4_4&Prime; _builder_version=\u00a0\u00bb4.17.6&Prime; _module_preset=\u00a0\u00bbdefault\u00a0\u00bb global_colors_info=\u00a0\u00bb{}\u00a0\u00bb][et_pb_divider color=\u00a0\u00bb#000000&Prime; divider_position=\u00a0\u00bbcenter\u00a0\u00bb _builder_version=\u00a0\u00bb4.17.6&Prime; _module_preset=\u00a0\u00bbdefault\u00a0\u00bb global_colors_info=\u00a0\u00bb{}\u00a0\u00bb][\/et_pb_divider][\/et_pb_column][\/et_pb_row][\/et_pb_section][et_pb_section fb_built=\u00a0\u00bb1&Prime; _builder_version=\u00a0\u00bb4.17.6&Prime; _module_preset=\u00a0\u00bbdefault\u00a0\u00bb custom_padding=\u00a0\u00bb0%||||false|false\u00a0\u00bb collapsed=\u00a0\u00bbon\u00a0\u00bb global_colors_info=\u00a0\u00bb{}\u00a0\u00bb][et_pb_row _builder_version=\u00a0\u00bb4.17.6&Prime; _module_preset=\u00a0\u00bbdefault\u00a0\u00bb custom_padding=\u00a0\u00bb0%||||false|false\u00a0\u00bb global_colors_info=\u00a0\u00bb{}\u00a0\u00bb][et_pb_column type=\u00a0\u00bb4_4&Prime; _builder_version=\u00a0\u00bb4.17.6&Prime; _module_preset=\u00a0\u00bbdefault\u00a0\u00bb global_colors_info=\u00a0\u00bb{}\u00a0\u00bb][et_pb_text admin_label=\u00a0\u00bbSection Title &#8211; H3&Prime; _builder_version=\u00a0\u00bb4.17.6&Prime; _module_preset=\u00a0\u00bbdefault\u00a0\u00bb header_3_font=\u00a0\u00bbFutura Bold|||on|||||\u00a0\u00bb header_3_text_align=\u00a0\u00bbcenter\u00a0\u00bb header_3_text_color=\u00a0\u00bb#000000&Prime; header_3_font_size=\u00a0\u00bb18px\u00a0\u00bb header_3_letter_spacing=\u00a0\u00bb1.8px\u00a0\u00bb header_3_line_height=\u00a0\u00bb24px\u00a0\u00bb custom_margin=\u00a0\u00bb||||false|false\u00a0\u00bb custom_margin_tablet=\u00a0\u00bb||||false|false\u00a0\u00bb custom_margin_phone=\u00a0\u00bb||||false|false\u00a0\u00bb custom_margin_last_edited=\u00a0\u00bbon|phone\u00a0\u00bb custom_padding=\u00a0\u00bb||||false|false\u00a0\u00bb global_colors_info=\u00a0\u00bb{}\u00a0\u00bb]<\/p>\n<h3>EN M\u00c9MOIRE<\/h3>\n<p>[\/et_pb_text][\/et_pb_column][\/et_pb_row][\/et_pb_section][et_pb_section fb_built=\u00a0\u00bb1&Prime; admin_label=\u00a0\u00bbMatt Palazzolo\u00a0\u00bb _builder_version=\u00a0\u00bb4.17.6&Prime; _module_preset=\u00a0\u00bbdefault\u00a0\u00bb custom_padding=\u00a0\u00bb0%||||false|false\u00a0\u00bb collapsed=\u00a0\u00bbon\u00a0\u00bb global_colors_info=\u00a0\u00bb{}\u00a0\u00bb][et_pb_row _builder_version=\u00a0\u00bb4.17.6&Prime; _module_preset=\u00a0\u00bbdefault\u00a0\u00bb custom_padding=\u00a0\u00bb0%||||false|false\u00a0\u00bb global_colors_info=\u00a0\u00bb{}\u00a0\u00bb][et_pb_column type=\u00a0\u00bb4_4&Prime; _builder_version=\u00a0\u00bb4.17.6&Prime; _module_preset=\u00a0\u00bbdefault\u00a0\u00bb global_colors_info=\u00a0\u00bb{}\u00a0\u00bb][et_pb_text admin_label=\u00a0\u00bbSection Title &#8211; H3&Prime; _builder_version=\u00a0\u00bb4.17.6&Prime; _module_preset=\u00a0\u00bbdefault\u00a0\u00bb header_3_font=\u00a0\u00bbFutura Bold|||on|||||\u00a0\u00bb header_3_text_align=\u00a0\u00bbleft\u00a0\u00bb header_3_text_color=\u00a0\u00bb#000000&Prime; header_3_font_size=\u00a0\u00bb18px\u00a0\u00bb header_3_letter_spacing=\u00a0\u00bb1.8px\u00a0\u00bb header_3_line_height=\u00a0\u00bb24px\u00a0\u00bb custom_margin=\u00a0\u00bb||2%||false|false\u00a0\u00bb custom_margin_tablet=\u00a0\u00bb||||false|false\u00a0\u00bb custom_margin_phone=\u00a0\u00bb||||false|false\u00a0\u00bb custom_margin_last_edited=\u00a0\u00bbon|desktop\u00a0\u00bb custom_padding=\u00a0\u00bb||||false|false\u00a0\u00bb global_colors_info=\u00a0\u00bb{}\u00a0\u00bb]<\/p>\n<h3>Matt Palazzolo<\/h3>\n<p>[\/et_pb_text][et_pb_text _builder_version=\u00a0\u00bb4.17.6&Prime; _module_preset=\u00a0\u00bbdefault\u00a0\u00bb custom_padding=\u00a0\u00bb||||false|false\u00a0\u00bb custom_padding_tablet=\u00a0\u00bb||||false|false\u00a0\u00bb custom_padding_phone=\u00a0\u00bb||||false|false\u00a0\u00bb custom_padding_last_edited=\u00a0\u00bbon|phone\u00a0\u00bb global_colors_info=\u00a0\u00bb{}\u00a0\u00bb]<\/p>\n<p>\u00c0 nos d\u00e9buts, il y avait une personne qui a contribu\u00e9 \u00e0 donner \u00e0 VACAYA rugissant une vie vibrante et brillante. Il s&rsquo;appelait Matt Palazzolo. Matt \u00e9tait une lumi\u00e8re extraordinaire dans un monde qui a besoin de millions d&rsquo;autres comme lui. Type. Doux. Charismatique. Passionn\u00e9. Un avocat. Un artiste.<\/p>\n<p>Matt est d\u00e9c\u00e9d\u00e9 en janvier 2018 en faisant ce qu&rsquo;il aimait le plus : explorer cette incroyable plan\u00e8te qui est la n\u00f4tre. Il a v\u00e9cu et respir\u00e9 la d\u00e9couverte. Et il a rejoint l&rsquo;\u00e9quipe VACAYA avec joie car il sentait en nous cette m\u00eame soif d&rsquo;aventure.<\/p>\n<p>Les derniers travaux de la vie de Matt \u00e9taient <strong><a href=\"https:\/\/cdn.myvacaya.com\/wp-content\/uploads\/2018\/03\/vacaya-welcome.mp4\">la vid\u00e9o de marque<\/a><\/strong> de VACAYA et la vid\u00e9o soutenant notre programme <a href=\"https:\/\/cdn.myvacaya.com\/wp-content\/uploads\/2018\/03\/vacaya-outreach.mp4\"><strong>ReachOUT<\/strong><\/a> . Lorsque nous avons expliqu\u00e9 pour la premi\u00e8re fois la mission de VACAYA \u00e0 Matt, il nous a imm\u00e9diatement compris. Il a vu la vision et a compl\u00e8tement compris l&rsquo;histoire que nous essayions de raconter. Ses \u0153uvres ont \u00e9t\u00e9 essentielles \u00e0 notre succ\u00e8s initial et il nous manque tous les jours.<\/p>\n<p>Nous vous faisons cette promesse, Matt\u2026 vous ne serez jamais oubli\u00e9, et votre esprit vivra en chacun de nous alors que VACAYA s&rsquo;efforce de changer le monde un acte bienveillant \u00e0 la fois. Miaou.<\/p>\n<p>[\/et_pb_text][dmpro_masonry_gallery images=\u00a0\u00bb29080,29079,29078,29077,29076,29075&Prime; columns=\u00a0\u00bb6&Prime; columns_tablet=\u00a0\u00bb6&Prime; columns_phone=\u00a0\u00bb3&Prime; columns_last_edited=\u00a0\u00bbon|desktop\u00a0\u00bb _builder_version=\u00a0\u00bb4.17.6&Prime; _module_preset=\u00a0\u00bbdefault\u00a0\u00bb global_colors_info=\u00a0\u00bb{}\u00a0\u00bb][\/dmpro_masonry_gallery][\/et_pb_column][\/et_pb_row][\/et_pb_section][et_pb_section fb_built=\u00a0\u00bb1&Prime; admin_label=\u00a0\u00bbJohn Finen\u00a0\u00bb _builder_version=\u00a0\u00bb4.17.6&Prime; _module_preset=\u00a0\u00bbdefault\u00a0\u00bb custom_padding=\u00a0\u00bb0%||||false|false\u00a0\u00bb collapsed=\u00a0\u00bbon\u00a0\u00bb global_colors_info=\u00a0\u00bb{}\u00a0\u00bb][et_pb_row _builder_version=\u00a0\u00bb4.17.6&Prime; _module_preset=\u00a0\u00bbdefault\u00a0\u00bb custom_padding=\u00a0\u00bb0%||||false|false\u00a0\u00bb global_colors_info=\u00a0\u00bb{}\u00a0\u00bb][et_pb_column type=\u00a0\u00bb4_4&Prime; _builder_version=\u00a0\u00bb4.17.6&Prime; _module_preset=\u00a0\u00bbdefault\u00a0\u00bb global_colors_info=\u00a0\u00bb{}\u00a0\u00bb][et_pb_text admin_label=\u00a0\u00bbSection Title &#8211; H3&Prime; _builder_version=\u00a0\u00bb4.17.6&Prime; _module_preset=\u00a0\u00bbdefault\u00a0\u00bb header_3_font=\u00a0\u00bbFutura Bold|||on|||||\u00a0\u00bb header_3_text_align=\u00a0\u00bbleft\u00a0\u00bb header_3_text_color=\u00a0\u00bb#000000&Prime; header_3_font_size=\u00a0\u00bb18px\u00a0\u00bb header_3_letter_spacing=\u00a0\u00bb1.8px\u00a0\u00bb header_3_line_height=\u00a0\u00bb24px\u00a0\u00bb custom_margin=\u00a0\u00bb||2%||false|false\u00a0\u00bb custom_margin_tablet=\u00a0\u00bb||||false|false\u00a0\u00bb custom_margin_phone=\u00a0\u00bb||||false|false\u00a0\u00bb custom_margin_last_edited=\u00a0\u00bbon|desktop\u00a0\u00bb custom_padding=\u00a0\u00bb||||false|false\u00a0\u00bb global_colors_info=\u00a0\u00bb{}\u00a0\u00bb]<\/p>\n<h3>John Finen &#8211; Co-fondateur<\/h3>\n<p>[\/et_pb_text][et_pb_text _builder_version=\u00a0\u00bb4.17.6&Prime; _module_preset=\u00a0\u00bbdefault\u00a0\u00bb custom_padding=\u00a0\u00bb||||false|false\u00a0\u00bb custom_padding_tablet=\u00a0\u00bb||||false|false\u00a0\u00bb custom_padding_phone=\u00a0\u00bb||||false|false\u00a0\u00bb custom_padding_last_edited=\u00a0\u00bbon|phone\u00a0\u00bb global_colors_info=\u00a0\u00bb{}\u00a0\u00bb]<\/p>\n<p>Le co-fondateur de VACAYA, John Finen, est d\u00e9c\u00e9d\u00e9 \u00e0 son domicile de Brooklyn, NY, le 8 juin 2023 \u00e0 l&rsquo;\u00e2ge de 54 ans. Bien qu&rsquo;il ait quitt\u00e9 ce monde trop t\u00f4t, il a v\u00e9cu sa vie pleinement et \u00e9tait un grand ami pour ceux qui ont eu la chance de le conna\u00eetre. John \u00e9tait un aventurier, passionn\u00e9 et curieux de la musique, du th\u00e9\u00e2tre, des arts, des voyages et de tous les sites magnifiques que ce monde avait \u00e0 offrir.<\/p>\n<p>John est n\u00e9 et a grandi \u00e0 Brentwood, TN o\u00f9 il a d\u00e9velopp\u00e9 son amour de la musique et des arts en tant que membre du groupe \u00e0 Brentwood High School. Peu de temps apr\u00e8s avoir obtenu son dipl\u00f4me en informatique et en musique de l&rsquo;Universit\u00e9 Vanderbilt en 1992, John a approfondi sa passion pour les arts th\u00e9\u00e2traux et a d\u00e9m\u00e9nag\u00e9 \u00e0 New York. Sa carri\u00e8re a dur\u00e9 30 ans et a \u00e9t\u00e9 marqu\u00e9e par sa cr\u00e9ativit\u00e9, son engagement et sa volont\u00e9 d&rsquo;excellence. Ses r\u00f4les et responsabilit\u00e9s dans le th\u00e9\u00e2tre se sont d\u00e9velopp\u00e9s au fil des ans en travaillant avec des artistes et des productions bien connus dans des lieux \u00e9piques et des lieux embl\u00e9matiques de New York, notamment le Lincoln Center, le New York City Center, le Joyce Theatre, le World Science Festival, Dave Matthews \u00e0 Central Park, Alvin Ailey American Dance Theater, MOMIX, Lewis Black, Fela ! The Concert, Blackstar Symphony-The Music of David Bowie, et bien d&rsquo;autres.<\/p>\n<p>Sur le plan international, John s&rsquo;est senti chez lui dans presque tous les pays, avec des performances dans les principaux th\u00e9\u00e2tres du monde entier, ainsi qu&rsquo;une partie de Royal Caribbean et Atlantis Cruises et en tant que co-fondateur de VACAYA. Que ce soit dans la production, la r\u00e9gie, la direction technique, la conception sonore et vid\u00e9o, la conception d&rsquo;\u00e9clairage ou en tant que directeur de tourn\u00e9e, John affronterait les d\u00e9fis logistiques et les d\u00e9tails techniques les plus complexes avec innovation et consid\u00e9ration. Ses comp\u00e9tences \u00e9taient tr\u00e8s appr\u00e9ci\u00e9es par les artistes et les professionnels avec lesquels il collaborait.<\/p>\n<p>Le sens de l&rsquo;amusement de John et sa compassion pour les autres l&rsquo;ont fait aimer de ses amis et de sa famille. Il \u00e9tait un invit\u00e9 bienvenu \u00e0 chaque table et \u00e9tait un confident et un mentor recherch\u00e9. Int\u00e9ress\u00e9 par l&rsquo;offre de la vie et les cultures \u00e9trang\u00e8res, John ne manquait jamais une occasion de se faire des amis et de se lancer dans une aventure \u00ab hors livre \u00bb. John aimait particuli\u00e8rement l&rsquo;eau. Il \u00e9tait le plus heureux lorsqu&rsquo;il faisait de la voile, du canotage, du rafting ou de la croisi\u00e8re tout en se pr\u00e9lassant au soleil d&rsquo;un endroit incroyable.<\/p>\n<p>Veuillez envisager de faire un don au nom de John au <a href=\"https:\/\/www.cfmt.org\/giving-and-investing\/become-a-donor\/give-to-a-fund\/the-david-r-williams-music-fund\/\" target=\"_blank\" rel=\"noopener\">David R. Williams Music Fund<\/a> , qui aide les \u00e9tudiants de la fanfare de Brentwood High School avec des ressources financi\u00e8res limit\u00e9es, <a href=\"https:\/\/broadwaycares.org\" target=\"_blank\" rel=\"noopener\">Broadway Cares<\/a> , qui aide les personnes de l&rsquo;industrie du divertissement ayant des probl\u00e8mes de sant\u00e9 critiques, ou <a href=\"https:\/\/www.campbrooklyn.org\" target=\"_blank\" rel=\"noopener\">Camp Brooklyn Fund<\/a> , qui fournit des exp\u00e9riences de camp d&rsquo;\u00e9t\u00e9 pour les enfants \u00e0 faible revenu.<\/p>\n<p>Merci, John, pour tout ce que vous avez apport\u00e9 \u00e0 VACAYA \u00e0 nos d\u00e9buts. Votre gentillesse va certainement nous manquer. \u2764\ufe0f<\/p>\n<p>[\/et_pb_text][dmpro_masonry_gallery images=\u00a0\u00bb28826,28828,28825,28824,28829,28827&Prime; columns=\u00a0\u00bb6&Prime; columns_tablet=\u00a0\u00bb6&Prime; columns_phone=\u00a0\u00bb3&Prime; columns_last_edited=\u00a0\u00bbon|desktop\u00a0\u00bb _builder_version=\u00a0\u00bb4.17.6&Prime; _module_preset=\u00a0\u00bbdefault\u00a0\u00bb global_colors_info=\u00a0\u00bb{}\u00a0\u00bb][\/dmpro_masonry_gallery][\/et_pb_column][\/et_pb_row][\/et_pb_section][et_pb_section fb_built=\u00a0\u00bb1&Prime; admin_label=\u00a0\u00bbThe Vacaya Difference\u00a0\u00bb _builder_version=\u00a0\u00bb4.17.6&Prime; _module_preset=\u00a0\u00bbdefault\u00a0\u00bb background_color=\u00a0\u00bb#191919&Prime; custom_padding=\u00a0\u00bb||||false|false\u00a0\u00bb collapsed=\u00a0\u00bbon\u00a0\u00bb global_colors_info=\u00a0\u00bb{}\u00a0\u00bb][et_pb_row _builder_version=\u00a0\u00bb4.17.6&Prime; _module_preset=\u00a0\u00bbdefault\u00a0\u00bb global_colors_info=\u00a0\u00bb{}\u00a0\u00bb][et_pb_column type=\u00a0\u00bb4_4&Prime; _builder_version=\u00a0\u00bb4.17.4&Prime; _module_preset=\u00a0\u00bbdefault\u00a0\u00bb global_colors_info=\u00a0\u00bb{}\u00a0\u00bb][et_pb_text admin_label=\u00a0\u00bbSection Title &#8211; H3&Prime; _builder_version=\u00a0\u00bb4.17.6&Prime; _module_preset=\u00a0\u00bbdefault\u00a0\u00bb header_3_font=\u00a0\u00bbFutura Bold|||on|||||\u00a0\u00bb header_3_text_align=\u00a0\u00bbcenter\u00a0\u00bb header_3_text_color=\u00a0\u00bb#FFFFFF\u00a0\u00bb header_3_font_size=\u00a0\u00bb18px\u00a0\u00bb header_3_letter_spacing=\u00a0\u00bb1.8px\u00a0\u00bb header_3_line_height=\u00a0\u00bb24px\u00a0\u00bb custom_margin=\u00a0\u00bb||4%||false|false\u00a0\u00bb custom_margin_tablet=\u00a0\u00bb||4%||false|false\u00a0\u00bb custom_margin_phone=\u00a0\u00bb||40px||false|false\u00a0\u00bb custom_margin_last_edited=\u00a0\u00bbon|phone\u00a0\u00bb global_colors_info=\u00a0\u00bb{}\u00a0\u00bb]<\/p>\n<h3>La diff\u00e9rence Vacaya<\/h3>\n<p>[\/et_pb_text][dmpro_carousel columns=\u00a0\u00bb5&Prime; space_between=\u00a0\u00bb32&Prime; container_padding=\u00a0\u00bb0px|30px|0px|30px|false|false\u00a0\u00bb loop=\u00a0\u00bbon\u00a0\u00bb autoplay=\u00a0\u00bbon\u00a0\u00bb pause_on_hover=\u00a0\u00bboff\u00a0\u00bb autoplay_speed=\u00a0\u00bb3000&Prime; columns_tablet=\u00a0\u00bb5&Prime; columns_phone=\u00a0\u00bb2&Prime; columns_last_edited=\u00a0\u00bbon|phone\u00a0\u00bb _builder_version=\u00a0\u00bb4.17.6&Prime; _module_preset=\u00a0\u00bbdefault\u00a0\u00bb title_font=\u00a0\u00bbFutura Bold|||on|||||\u00a0\u00bb title_text_color=\u00a0\u00bb#FFFFFF\u00a0\u00bb title_font_size=\u00a0\u00bb18px\u00a0\u00bb title_letter_spacing=\u00a0\u00bb0.1em\u00a0\u00bb title_line_height=\u00a0\u00bb24px\u00a0\u00bb desc_font=\u00a0\u00bbHelvetica||||||||\u00a0\u00bb desc_text_color=\u00a0\u00bb#FFFFFF\u00a0\u00bb desc_font_size=\u00a0\u00bb16px\u00a0\u00bb desc_line_height=\u00a0\u00bb1.5em\u00a0\u00bb global_colors_info=\u00a0\u00bb{}\u00a0\u00bb][dmpro_carousel_child title=\u00a0\u00bbDevenez ambassadeur\u00a0\u00bb img_src=\u00a0\u00bbhttps:\/\/www.myvacaya.com\/wp-content\/uploads\/2022\/07\/ambassadors-1.jpg\u00a0\u00bb text_title=\u00a0\u00bbDevenez ambassadeur\u00a0\u00bb desc_text=\u00a0\u00bbEager to help spread the news about VACAYA? We have everything you need to get started!\u00a0\u00bb _builder_version=\u00a0\u00bb4.17.4&Prime; _module_preset=\u00a0\u00bbdefault\u00a0\u00bb global_colors_info=\u00a0\u00bb{}\u00a0\u00bb][\/dmpro_carousel_child][dmpro_carousel_child title=\u00a0\u00bbOffres in\u00e9gal\u00e9es\u00a0\u00bb img_src=\u00a0\u00bbhttps:\/\/www.myvacaya.com\/wp-content\/uploads\/2022\/07\/unparalled-offers.png\u00a0\u00bb text_title=\u00a0\u00bbOffres in\u00e9gal\u00e9es\u00a0\u00bb desc_text=\u00a0\u00bbAre you ready to dive into VACAYA headfirst? We\u2019ve got a special selection of offers just for you!\u00a0\u00bb _builder_version=\u00a0\u00bb4.17.4&Prime; _module_preset=\u00a0\u00bbdefault\u00a0\u00bb global_colors_info=\u00a0\u00bb{}\u00a0\u00bb][\/dmpro_carousel_child][dmpro_carousel_child title=\u00a0\u00bbAccessibilit\u00e9\u00a0\u00bb img_src=\u00a0\u00bbhttps:\/\/www.myvacaya.com\/wp-content\/uploads\/2022\/07\/accesibility.jpg\u00a0\u00bb text_title=\u00a0\u00bbAccessibilit\u00e9\u00a0\u00bb desc_text=\u00a0\u00bbVACAYA and our partners create a welcoming environment for travelers with special needs.\u00a0\u00bb _builder_version=\u00a0\u00bb4.17.4&Prime; _module_preset=\u00a0\u00bbdefault\u00a0\u00bb global_colors_info=\u00a0\u00bb{}\u00a0\u00bb][\/dmpro_carousel_child][dmpro_carousel_child title=\u00a0\u00bbRedonner\u00a0\u00bb img_src=\u00a0\u00bbhttps:\/\/www.myvacaya.com\/wp-content\/uploads\/2022\/07\/giving-back-2.jpg\u00a0\u00bb text_title=\u00a0\u00bbRedonner\u00a0\u00bb desc_text=\u00a0\u00bbOur efforts in the community reflect our commitment to the idea that we can all make a difference.\u00a0\u00bb _builder_version=\u00a0\u00bb4.17.4&Prime; _module_preset=\u00a0\u00bbdefault\u00a0\u00bb global_colors_info=\u00a0\u00bb{}\u00a0\u00bb][\/dmpro_carousel_child][dmpro_carousel_child title=\u00a0\u00bbTout le monde est bienvenu\u00a0\u00bb img_src=\u00a0\u00bbhttps:\/\/www.myvacaya.com\/wp-content\/uploads\/2022\/07\/all-are-welcome.png\u00a0\u00bb text_title=\u00a0\u00bbTout le monde est bienvenu\u00a0\u00bb desc_text=\u00a0\u00bbOpen your mind to the rainbow of fun that can be had in the world. <em>That\u2019s<\/em> the spirit of VACAYA!\u00a0\u00bb _builder_version=\u00a0\u00bb4.17.4&Prime; _module_preset=\u00a0\u00bbdefault\u00a0\u00bb global_colors_info=\u00a0\u00bb{}\u00a0\u00bb][\/dmpro_carousel_child][dmpro_carousel_child title=\u00a0\u00bbNos exp\u00e9riences\u00a0\u00bb img_src=\u00a0\u00bbhttps:\/\/www.myvacaya.com\/wp-content\/uploads\/2022\/07\/vacaya-experiences.jpg\u00a0\u00bb text_title=\u00a0\u00bbNos exp\u00e9riences\u00a0\u00bb desc_text=\u00a0\u00bbVACAYA delivers vacations tailored to the unique desires of our guests. How will <em>you<\/em> VACAYA?\u00a0\u00bb _builder_version=\u00a0\u00bb4.17.4&Prime; _module_preset=\u00a0\u00bbdefault\u00a0\u00bb global_colors_info=\u00a0\u00bb{}\u00a0\u00bb][\/dmpro_carousel_child][dmpro_carousel_child title=\u00a0\u00bbSoupe \u00e0 l&apos;alphabet\u00a0\u00bb img_src=\u00a0\u00bbhttps:\/\/www.myvacaya.com\/wp-content\/uploads\/2022\/07\/the-difference-alphabet-soup-290&#215;175-2.jpg\u00a0\u00bb text_title=\u00a0\u00bbSoupe \u00e0 l&apos;alphabet\u00a0\u00bb desc_text=\u00a0\u00bbLook no further\u2026 VACAYA\u2019s handy guide will help you navigate the entire LGBTQIAPK spectrum.\u00a0\u00bb _builder_version=\u00a0\u00bb4.17.4&Prime; _module_preset=\u00a0\u00bbdefault\u00a0\u00bb global_colors_info=\u00a0\u00bb{}\u00a0\u00bb][\/dmpro_carousel_child][dmpro_carousel_child title=\u00a0\u00bbVoyageurs seuls\u00a0\u00bb img_src=\u00a0\u00bbhttps:\/\/www.myvacaya.com\/wp-content\/uploads\/2022\/07\/step-by-step.jpg\u00a0\u00bb text_title=\u00a0\u00bbVoyageurs seuls\u00a0\u00bb desc_text=\u00a0\u00bb<\/p>\n<p>VACAYA\u2019s \u201cSolo Traveling with Ease Program\u201d is perfect for single travelers looking to join in the fun.<\/p>\n<p>\u00a0\u00bb _builder_version=\u00a0\u00bb4.17.4&Prime; _module_preset=\u00a0\u00bbdefault\u00a0\u00bb global_colors_info=\u00a0\u00bb{}\u00a0\u00bb][\/dmpro_carousel_child][\/dmpro_carousel][\/et_pb_column][\/et_pb_row][\/et_pb_section]<\/p>\n","protected":false},"excerpt":{"rendered":"<p><div class=\"trip-overlay\"><div class=\"trip-title\"><h1>Tuiles de voyage avec titre &#8211; Croisi\u00e8res uniquement<\/h1><\/div><\/div>Pour construire une entreprise v\u00e9ritablement transformatrice, il faut une \u00e9quipe unique et d\u00e9vou\u00e9e pr\u00eate \u00e0 r\u00e9\u00e9crire le livre de jeu plut\u00f4t que de simplement suivre les r\u00e8gles. Chaque membre de l&rsquo;\u00e9quipe V est fascin\u00e9 par la culture, l&rsquo;histoire et la cuisine, avec des listes de seaux de voyage motiv\u00e9es par la curiosit\u00e9, l&rsquo;espoir d&rsquo;un avenir [&hellip;]<\/p>\n","protected":false},"author":1,"featured_media":0,"parent":84421,"menu_order":0,"comment_status":"closed","ping_status":"closed","template":"","meta":{"_acf_changed":false,"_et_pb_use_builder":"on","_et_pb_old_content":"","_et_gb_content_width":"","_monsterinsights_skip_tracking":false,"_monsterinsights_sitenote_active":false,"_monsterinsights_sitenote_note":"","_monsterinsights_sitenote_category":0,"footnotes":""},"class_list":["post-84435","page","type-page","status-publish","hentry"],"acf":[],"_links":{"self":[{"href":"https:\/\/www.myvacaya.com\/fr\/wp-json\/wp\/v2\/pages\/84435","targetHints":{"allow":["GET"]}}],"collection":[{"href":"https:\/\/www.myvacaya.com\/fr\/wp-json\/wp\/v2\/pages"}],"about":[{"href":"https:\/\/www.myvacaya.com\/fr\/wp-json\/wp\/v2\/types\/page"}],"author":[{"embeddable":true,"href":"https:\/\/www.myvacaya.com\/fr\/wp-json\/wp\/v2\/users\/1"}],"replies":[{"embeddable":true,"href":"https:\/\/www.myvacaya.com\/fr\/wp-json\/wp\/v2\/comments?post=84435"}],"version-history":[{"count":160,"href":"https:\/\/www.myvacaya.com\/fr\/wp-json\/wp\/v2\/pages\/84435\/revisions"}],"predecessor-version":[{"id":193170,"href":"https:\/\/www.myvacaya.com\/fr\/wp-json\/wp\/v2\/pages\/84435\/revisions\/193170"}],"up":[{"embeddable":true,"href":"https:\/\/www.myvacaya.com\/fr\/wp-json\/wp\/v2\/pages\/84421"}],"wp:attachment":[{"href":"https:\/\/www.myvacaya.com\/fr\/wp-json\/wp\/v2\/media?parent=84435"}],"curies":[{"name":"wp","href":"https:\/\/api.w.org\/{rel}","templated":true}]}}